{"id":6198,"date":"2022-10-10T21:08:41","date_gmt":"2022-10-10T20:08:41","guid":{"rendered":"https:\/\/radio-aviva.com\/nimes\/blog\/membre\/xavier-nataf\/"},"modified":"2023-02-04T16:23:50","modified_gmt":"2023-02-04T15:23:50","slug":"xavier-nataf","status":"publish","type":"members","link":"https:\/\/radio-aviva.com\/nimes\/equipe\/xavier-nataf\/","title":{"rendered":"Xavier Nataf"},"content":{"rendered":"<p>Xavier Nataf est journaliste, chroniqueur cin\u00e9ma et BD, il est sp\u00e9cialiste des th\u00e9matiques juives et isra\u00e9liennes. Animateur radio depuis les ann\u00e9es 80, Xavier Nataf pr\u00eate sa voix \u00e0 de nombres livres audio.<\/p>\n","protected":false},"featured_media":6199,"menu_order":0,"template":"","class_list":["post-6198","members","type-members","status-publish","has-post-thumbnail","hentry","membertype-animateurs"],"_links":{"self":[{"href":"https:\/\/radio-aviva.com\/nimes\/wp-json\/wp\/v2\/members\/6198","targetHints":{"allow":["GET"]}}],"collection":[{"href":"https:\/\/radio-aviva.com\/nimes\/wp-json\/wp\/v2\/members"}],"about":[{"href":"https:\/\/radio-aviva.com\/nimes\/wp-json\/wp\/v2\/types\/members"}],"version-history":[{"count":0,"href":"https:\/\/radio-aviva.com\/nimes\/wp-json\/wp\/v2\/members\/6198\/revisions"}],"wp:featuredmedia":[{"embeddable":true,"href":"https:\/\/radio-aviva.com\/nimes\/wp-json\/wp\/v2\/media\/6199"}],"wp:attachment":[{"href":"https:\/\/radio-aviva.com\/nimes\/wp-json\/wp\/v2\/media?parent=6198"}],"curies":[{"name":"wp","href":"https:\/\/api.w.org\/{rel}","templated":true}]}}