{"id":4163,"date":"2020-05-25T20:03:21","date_gmt":"2020-05-25T20:03:21","guid":{"rendered":"https:\/\/demo.pro.radio\/wp1\/home-03\/"},"modified":"2025-10-15T16:49:36","modified_gmt":"2025-10-15T14:49:36","slug":"home-03","status":"publish","type":"page","link":"https:\/\/radio-aviva.com\/nimes\/","title":{"rendered":"Accueil"},"content":{"rendered":"\t\t<div data-elementor-type=\"wp-page\" data-elementor-id=\"4163\" class=\"elementor elementor-4163\">\n\t\t\t\t\t\t<section class=\"elementor-section elementor-top-section elementor-element elementor-element-5b3eae4 elementor-section-stretched elementor-section-boxed elementor-section-height-default elementor-section-height-default\" data-id=\"5b3eae4\" data-element_type=\"section\" data-e-type=\"section\" data-settings=\"{&quot;background_background&quot;:&quot;gradient&quot;,&quot;shape_divider_bottom&quot;:&quot;pyramids&quot;,&quot;shape_divider_bottom_negative&quot;:&quot;yes&quot;,&quot;stretch_section&quot;:&quot;section-stretched&quot;}\">\n\t\t\t\t\t<div class=\"elementor-shape elementor-shape-bottom\" aria-hidden=\"true\" data-negative=\"true\">\n\t\t\t<svg xmlns=\"http:\/\/www.w3.org\/2000\/svg\" viewBox=\"0 0 1000 100\" preserveAspectRatio=\"none\">\n\t<path class=\"elementor-shape-fill\" d=\"M761.9,40.6L643.1,24L333.9,93.8L0.1,1H0v99h1000V1\"\/>\n<\/svg>\t\t<\/div>\n\t\t\t\t\t<div class=\"elementor-container elementor-column-gap-wide\">\n\t\t\t\t\t<div class=\"elementor-column elementor-col-50 elementor-top-column elementor-element elementor-element-3e3809f\" data-id=\"3e3809f\" data-element_type=\"column\" data-e-type=\"column\">\n\t\t\t<div class=\"elementor-widget-wrap elementor-element-populated\">\n\t\t\t\t\t\t<div class=\"elementor-element elementor-element-9f107a5 elementor-widget elementor-widget-proradio-elementor-button\" data-id=\"9f107a5\" data-element_type=\"widget\" data-e-type=\"widget\" data-widget_type=\"proradio-elementor-button.default\">\n\t\t\t\t<div class=\"elementor-widget-container\">\n\t\t\t\t\t <p class=\"aligncenter\"><a href=\"\"   \t\t\t\t\t\t\t\tclass=\"proradio-btn proradio-btn-primary aligncenter  \">\t\t\t\t\t<i class=\" \"><\/i>\n\t\t\t\t\t<span>\u00c9mission en cours <\/span><\/a><\/p>\t\t\t\t<\/div>\n\t\t\t\t<\/div>\n\t\t\t\t<div class=\"elementor-element elementor-element-ce2440e elementor-widget elementor-widget-proradio-elementor-onair\" data-id=\"ce2440e\" data-element_type=\"widget\" data-e-type=\"widget\" data-widget_type=\"proradio-elementor-onair.default\">\n\t\t\t\t<div class=\"elementor-widget-container\">\n\t\t\t\t\t\t\t\t\t\t<div id=\"proradio-onair-4163-bea18bb84af48503bfe0858988eeb1f5\" class=\"active\" data-proradio-autorefresh>\n\t\t\t\t\t\t<div class=\"proradio-item\">\n\t\t\t\t\t\t\t<div class=\"proradio-itemcontainer\">\n\t\t\t\t\t\t\t\t<article id=\"proradio-slider-post-6269\" class=\"proradio-post proradio-slider__item proradio-negative\">\n\t<div class=\"proradio-slider__img proradio-bgimg proradio-bgimg--full proradio-duotone\">\n\t\t<img fetchpriority=\"high\" decoding=\"async\" width=\"2560\" height=\"1707\" src=\"https:\/\/radio-aviva.com\/nimes\/wp-content\/uploads\/sites\/5\/2023\/02\/laptop-1283368-scaled.jpg\" class=\"proradio-slider__i wp-post-image\" alt=\"Electromix\" srcset=\"https:\/\/radio-aviva.com\/nimes\/wp-content\/uploads\/sites\/5\/2023\/02\/laptop-1283368-scaled.jpg 2560w, https:\/\/radio-aviva.com\/nimes\/wp-content\/uploads\/sites\/5\/2023\/02\/laptop-1283368-scaled-770x513.jpg 770w, https:\/\/radio-aviva.com\/nimes\/wp-content\/uploads\/sites\/5\/2023\/02\/laptop-1283368-scaled-1170x780.jpg 1170w, https:\/\/radio-aviva.com\/nimes\/wp-content\/uploads\/sites\/5\/2023\/02\/laptop-1283368-scaled-768x512.jpg 768w, https:\/\/radio-aviva.com\/nimes\/wp-content\/uploads\/sites\/5\/2023\/02\/laptop-1283368-scaled-1536x1024.jpg 1536w, https:\/\/radio-aviva.com\/nimes\/wp-content\/uploads\/sites\/5\/2023\/02\/laptop-1283368-scaled-2048x1366.jpg 2048w\" sizes=\"(max-width: 2560px) 100vw, 2560px\" \/>\t<\/div>\n\t\n\t<div class=\"proradio-slider__c\">\n\t\t<a class=\"proradio-post__header__link\" href=\"https:\/\/radio-aviva.com\/nimes\/emission\/electromix\/\"><\/a>\n\t\t<div class=\"proradio-container\">\t\t\t\n\t\t\t<p class=\"proradio-cats\">\n\t\t\t\t\n\t\t\t\t<a href=\"https:\/\/radio-aviva.com\/nimes\/emission-genre\/playlists\/\" class=\"proradio-catid-142\">Playlists<\/a><span class=\"proradio-onair-tag\">Maintenant \u00e0 l\u2019antenne<\/span>\t\t\t<\/p>\n\n\t\t\t<h3 class=\"proradio-post__title proradio-cutme-t-3 proradio-bigtitle\" ><a href=\"https:\/\/radio-aviva.com\/nimes\/emission\/electromix\/\">Electromix<\/a><\/h3>\n\t\t\t\t\t\t\t\t\t\t<h6 class=\"proradio-itemmetas\">\n\t\t\t\t\t<i class='material-icons'>access_time<\/i>00:00 - 05:00\t\t\t\t<\/h6>\n\t\t\t\t\t<\/div>\n\t\t\t<\/div>\n\t\t\n<\/article>\n\t\t\t\t\t\t\t<\/div>\n\t\t\t\t\t\t<\/div>\n\t\t\t\t\t<\/div>\n\t\t\t\t\t\t\t\t\t<\/div>\n\t\t\t\t<\/div>\n\t\t\t\t\t<\/div>\n\t\t<\/div>\n\t\t\t\t<div class=\"elementor-column elementor-col-50 elementor-top-column elementor-element elementor-element-550cbfe\" data-id=\"550cbfe\" data-element_type=\"column\" data-e-type=\"column\">\n\t\t\t<div class=\"elementor-widget-wrap elementor-element-populated\">\n\t\t\t\t\t\t<div class=\"elementor-element elementor-element-a1172d8 elementor-widget elementor-widget-proradio-elementor-qt-caption\" data-id=\"a1172d8\" data-element_type=\"widget\" data-e-type=\"widget\" data-widget_type=\"proradio-elementor-qt-caption.default\">\n\t\t\t\t<div class=\"elementor-widget-container\">\n\t\t\t\t\t\t\t<div>\n\t\t\t<h3  class=\"proradio-element-caption proradio-caption  proradio-caption__s center proradio-center proradio-caption__c proradio-anim  \" data-qtwaypoints-offset=\"30\" data-qtwaypoints>\t\t\t\t<span>Vous \u00e9coutez le programme de :<\/span>\n\t\t\t\t<\/h3>\t\t<\/div>\n\t\t\t\t\t\t<\/div>\n\t\t\t\t<\/div>\n\t\t\t\t<div class=\"elementor-element elementor-element-caa1b27 elementor-widget elementor-widget-proradio-elementor-qt-caption\" data-id=\"caa1b27\" data-element_type=\"widget\" data-e-type=\"widget\" data-widget_type=\"proradio-elementor-qt-caption.default\">\n\t\t\t\t<div class=\"elementor-widget-container\">\n\t\t\t\t\t\t\t<div>\n\t\t\t<h3  class=\"proradio-element-caption proradio-caption  proradio-caption__s center proradio-center proradio-caption__c proradio-anim  \" data-qtwaypoints-offset=\"30\" data-qtwaypoints>\t\t\t\t<span>N\u00eemes<\/span>\n\t\t\t\t<\/h3>\t\t<\/div>\n\t\t\t\t\t\t<\/div>\n\t\t\t\t<\/div>\n\t\t\t\t<div class=\"elementor-element elementor-element-e1690f1 elementor-widget elementor-widget-proradio-elementor-qt-caption\" data-id=\"e1690f1\" data-element_type=\"widget\" data-e-type=\"widget\" data-widget_type=\"proradio-elementor-qt-caption.default\">\n\t\t\t\t<div class=\"elementor-widget-container\">\n\t\t\t\t\t\t\t<div>\n\t\t\t<h3  class=\"proradio-element-caption proradio-caption  proradio-caption__s center proradio-center proradio-caption__c proradio-anim  \" data-qtwaypoints-offset=\"30\" data-qtwaypoints>\t\t\t\t<span>Choisir une autre ville :<\/span>\n\t\t\t\t<\/h3>\t\t<\/div>\n\t\t\t\t\t\t<\/div>\n\t\t\t\t<\/div>\n\t\t\t\t<div class=\"elementor-element elementor-element-82b39b5 elementor-widget elementor-widget-proradio-elementor-button\" data-id=\"82b39b5\" data-element_type=\"widget\" data-e-type=\"widget\" data-widget_type=\"proradio-elementor-button.default\">\n\t\t\t\t<div class=\"elementor-widget-container\">\n\t\t\t\t\t <p class=\"aligncenter\"><a href=\"https:\/\/www.radio-aviva.com\"   \t\t\t\t\t\t\t\tclass=\"proradio-btn proradio-btn-primary aligncenter  \">\t\t\t\t\t<i class=\" \"><\/i>\n\t\t\t\t\t<span>Montpellier<\/span><\/a><\/p>\t\t\t\t<\/div>\n\t\t\t\t<\/div>\n\t\t\t\t<div class=\"elementor-element elementor-element-3798a2a elementor-widget elementor-widget-proradio-elementor-button\" data-id=\"3798a2a\" data-element_type=\"widget\" data-e-type=\"widget\" data-widget_type=\"proradio-elementor-button.default\">\n\t\t\t\t<div class=\"elementor-widget-container\">\n\t\t\t\t\t <p class=\"aligncenter\"><a href=\"https:\/\/www.radio-aviva.com\/perpignan\"   \t\t\t\t\t\t\t\tclass=\"proradio-btn proradio-btn-primary aligncenter  \">\t\t\t\t\t<i class=\" \"><\/i>\n\t\t\t\t\t<span>Perpignan<\/span><\/a><\/p>\t\t\t\t<\/div>\n\t\t\t\t<\/div>\n\t\t\t\t<div class=\"elementor-element elementor-element-4958731 elementor-widget elementor-widget-proradio-elementor-qt-caption\" data-id=\"4958731\" data-element_type=\"widget\" data-e-type=\"widget\" data-widget_type=\"proradio-elementor-qt-caption.default\">\n\t\t\t\t<div class=\"elementor-widget-container\">\n\t\t\t\t\t\t\t<div>\n\t\t\t<h3  class=\"proradio-element-caption proradio-caption  proradio-caption__m proradio-caption--neg center proradio-center proradio-caption__c proradio-anim  \" data-qtwaypoints-offset=\"30\" data-qtwaypoints>\t\t\t\t<span>Dans un instant :<\/span>\n\t\t\t\t<\/h3>\t\t<\/div>\n\t\t\t\t\t\t<\/div>\n\t\t\t\t<\/div>\n\t\t\t\t<div class=\"elementor-element elementor-element-73102c9 elementor-widget elementor-widget-proradio-elementor-upcoming-shows-carousel\" data-id=\"73102c9\" data-element_type=\"widget\" data-e-type=\"widget\" data-widget_type=\"proradio-elementor-upcoming-shows-carousel.default\">\n\t\t\t\t<div class=\"elementor-widget-container\">\n\t\t\t\t\t\t\t<div id=\"proradio-upcomingcarousel-59afed6b0a648b2b53631751e52f93ce\" class=\"proradio-owl-carousel-container\" data-proradio-autorefresh>\n\t\t\t<div id=\"proradio-upcomingcarousel-c-59afed6b0a648b2b53631751e52f93ce\" class=\"proradio-owl-carousel owl-carousel owl-theme proradio-owl-theme\" \n\t\t\t\tdata-items=\"1\"  data-items_tablet=\"1\" data-items_mobile=\"1\"\tdata-items_mobile_hori=\"1\" data-gap=\"0\"data-pause_on_hover=\"true\" data-loop=\"\" data-center=\"\" data-stage_padding=\"0\" data-nav=\"\" data-dots=\"\" data-autoplay_timeout=\"6000\" data-amount=\"1\">\n\t\t\t\t\t\t\t\t\t\t\t\t\t\t\t<div class=\"proradio-item\">\n\t\t\t\t\t\t\t\t\t\t\t\t<div class=\"proradio-itemcontainer\">\n\t\t\t\t\t\t\t\t\t\t\t\t\t<article class=\"proradio-post proradio-post__card proradio-post__card--shows proradio-darkbg proradio-negative post-6269 shows type-shows status-publish has-post-thumbnail hentry genre-playlists\" data-qtwaypoints>\n\t<div class=\"proradio-bgimg proradio-bgimg--full proradio-duotone\">\n\t\t<img decoding=\"async\" width=\"770\" height=\"513\" src=\"https:\/\/radio-aviva.com\/nimes\/wp-content\/uploads\/sites\/5\/2023\/02\/laptop-1283368-scaled-770x513.jpg\" class=\"proradio-post__thumb wp-post-image\" alt=\"\" srcset=\"https:\/\/radio-aviva.com\/nimes\/wp-content\/uploads\/sites\/5\/2023\/02\/laptop-1283368-scaled-770x513.jpg 770w, https:\/\/radio-aviva.com\/nimes\/wp-content\/uploads\/sites\/5\/2023\/02\/laptop-1283368-scaled-1170x780.jpg 1170w, https:\/\/radio-aviva.com\/nimes\/wp-content\/uploads\/sites\/5\/2023\/02\/laptop-1283368-scaled-768x512.jpg 768w, https:\/\/radio-aviva.com\/nimes\/wp-content\/uploads\/sites\/5\/2023\/02\/laptop-1283368-scaled-1536x1024.jpg 1536w, https:\/\/radio-aviva.com\/nimes\/wp-content\/uploads\/sites\/5\/2023\/02\/laptop-1283368-scaled-2048x1366.jpg 2048w\" sizes=\"(max-width: 770px) 100vw, 770px\" \/>\t<\/div>\n\t<div class=\"proradio-post__headercont\">\n\t\t\t\t\t<h5 class=\"proradio-tag-nowplaying proradio-element-caption proradio-caption proradio-caption--neg proradio-caption__s center proradio-center proradio-caption__c\" data-qtwaypoints-offset=\"30\" data-qtwaypoints=\"\"><span>A l&#039;\u00e9coute<\/span><\/h5>\t\t<a class=\"proradio-post__header__link\" href=\"https:\/\/radio-aviva.com\/nimes\/emission\/electromix\/\"><\/a>\n\t\t<div class=\"proradio-post__card__cap\">\n\t\t\t<p class=\"proradio-cats\">\n\t\t\t\t<a href=\"https:\/\/radio-aviva.com\/nimes\/emission-genre\/playlists\/\" class=\"proradio-catid-142\">Playlists<\/a>\t\t\t<\/p>\n\t\t\t<h3 class=\"proradio-post__title proradio-cutme-t-2 proradio-h4\"><a href=\"https:\/\/radio-aviva.com\/nimes\/emission\/electromix\/\">Electromix<\/a><\/h3>\n\t\t\t\t\t\t\t<p class=\"proradio-itemmetas\">\n\t\t\t\t\t00:00 - 05:00\t\t\t\t<\/p>\n\t\t\t\t\t\t<\/div>\n\t\t\t\t<i class='material-icons proradio-post__switchcontent' data-proradio-activates=\"gparent\">more_vert<\/i>\n\t\t\t<\/div>\n\t\t\t<div class=\"proradio-post__headercont--ex proradio-paper\">\n\t\t\t<h4><a href=\"https:\/\/radio-aviva.com\/nimes\/emission\/electromix\/\">Electromix<\/a><\/h4>\n\t\t\t\t\t\t<p>Le meilleur du son house, deep house et tech house.<\/p>\n\t\t\t<i class='material-icons proradio-post__switchcontent' data-proradio-activates=\"gparent\">close<\/i>\n\t\t<\/div>\n\t\t<\/article>\t\t\t\t\t\t\t\t\t\t\t\t<\/div>\n\t\t\t\t\t\t\t\t\t\t\t<\/div>\n\t\t\t\t\t\t\t\t\t\t\t\t\t\t\t\t\t\t\t\t\t\t<div class=\"proradio-item\">\n\t\t\t\t\t\t\t\t\t\t\t\t<div class=\"proradio-itemcontainer\">\n\t\t\t\t\t\t\t\t\t\t\t\t\t<article class=\"proradio-post proradio-post__card proradio-post__card--shows proradio-darkbg proradio-negative post-6266 shows type-shows status-publish hentry genre-emissions\" data-qtwaypoints>\n\t<div class=\"proradio-bgimg proradio-bgimg--full proradio-duotone\">\n\t\t\t<\/div>\n\t<div class=\"proradio-post__headercont\">\n\t\t\t\t<a class=\"proradio-post__header__link\" href=\"https:\/\/radio-aviva.com\/nimes\/emission\/aviva-se-leve-tot\/\"><\/a>\n\t\t<div class=\"proradio-post__card__cap\">\n\t\t\t<p class=\"proradio-cats\">\n\t\t\t\t<a href=\"https:\/\/radio-aviva.com\/nimes\/emission-genre\/emissions\/\" class=\"proradio-catid-143\">\u00c9missions<\/a>\t\t\t<\/p>\n\t\t\t<h3 class=\"proradio-post__title proradio-cutme-t-2 proradio-h4\"><a href=\"https:\/\/radio-aviva.com\/nimes\/emission\/aviva-se-leve-tot\/\">Aviva se l\u00e8ve t\u00f4t !<\/a><\/h3>\n\t\t\t\t\t\t\t<p class=\"proradio-itemmetas\">\n\t\t\t\t\t05:00 - 07:00\t\t\t\t<\/p>\n\t\t\t\t\t\t<\/div>\n\t\t\t\t<i class='material-icons proradio-post__switchcontent' data-proradio-activates=\"gparent\">more_vert<\/i>\n\t\t\t<\/div>\n\t\t\t<div class=\"proradio-post__headercont--ex proradio-paper\">\n\t\t\t<h4><a href=\"https:\/\/radio-aviva.com\/nimes\/emission\/aviva-se-leve-tot\/\">Aviva se l\u00e8ve t\u00f4t !<\/a><\/h4>\n\t\t\t\t\t\t<p>R\u00e9veillez-vous avec la m\u00e9t\u00e9o, l'\u00e9ph\u00e9m\u00e9ride, l'horoscope, l'agenda des sorties, l'actualit\u00e9 automobile, des jeux vid\u00e9os, des s\u00e9ries, du cin\u00e9ma, et de la musique, le programme TV de votre soir\u00e9e et la chronique sans CO\u00b2 pour tout savoir des derni\u00e8res innovations et de l'actualit\u00e9 autour de l'environnement et la mobilit\u00e9.<\/p>\n\t\t\t<i class='material-icons proradio-post__switchcontent' data-proradio-activates=\"gparent\">close<\/i>\n\t\t<\/div>\n\t\t<\/article>\t\t\t\t\t\t\t\t\t\t\t\t<\/div>\n\t\t\t\t\t\t\t\t\t\t\t<\/div>\n\t\t\t\t\t\t\t\t\t\t\t\t\t\t\t\t\t\t\t\t\t\t<div class=\"proradio-item\">\n\t\t\t\t\t\t\t\t\t\t\t\t<div class=\"proradio-itemcontainer\">\n\t\t\t\t\t\t\t\t\t\t\t\t\t<article class=\"proradio-post proradio-post__card proradio-post__card--shows proradio-darkbg proradio-negative post-6264 shows type-shows status-publish has-post-thumbnail hentry genre-emissions\" data-qtwaypoints>\n\t<div class=\"proradio-bgimg proradio-bgimg--full proradio-duotone\">\n\t\t<img decoding=\"async\" width=\"616\" height=\"770\" src=\"https:\/\/radio-aviva.com\/nimes\/wp-content\/uploads\/sites\/5\/2025\/03\/vue-inspirante-lumiere-du-matin_23-2148851773-616x770.avif\" class=\"proradio-post__thumb wp-post-image\" alt=\"\" srcset=\"https:\/\/radio-aviva.com\/nimes\/wp-content\/uploads\/sites\/5\/2025\/03\/vue-inspirante-lumiere-du-matin_23-2148851773-616x770.avif 616w, https:\/\/radio-aviva.com\/nimes\/wp-content\/uploads\/sites\/5\/2025\/03\/vue-inspirante-lumiere-du-matin_23-2148851773-936x1170.avif 936w, https:\/\/radio-aviva.com\/nimes\/wp-content\/uploads\/sites\/5\/2025\/03\/vue-inspirante-lumiere-du-matin_23-2148851773-768x960.avif 768w, https:\/\/radio-aviva.com\/nimes\/wp-content\/uploads\/sites\/5\/2025\/03\/vue-inspirante-lumiere-du-matin_23-2148851773.avif 996w\" sizes=\"(max-width: 616px) 100vw, 616px\" \/>\t<\/div>\n\t<div class=\"proradio-post__headercont\">\n\t\t\t\t<a class=\"proradio-post__header__link\" href=\"https:\/\/radio-aviva.com\/nimes\/emission\/matinale\/\"><\/a>\n\t\t<div class=\"proradio-post__card__cap\">\n\t\t\t<p class=\"proradio-cats\">\n\t\t\t\t<a href=\"https:\/\/radio-aviva.com\/nimes\/emission-genre\/emissions\/\" class=\"proradio-catid-143\">\u00c9missions<\/a>\t\t\t<\/p>\n\t\t\t<h3 class=\"proradio-post__title proradio-cutme-t-2 proradio-h4\"><a href=\"https:\/\/radio-aviva.com\/nimes\/emission\/matinale\/\">La matinale<\/a><\/h3>\n\t\t\t\t\t\t\t<p class=\"proradio-itemmetas\">\n\t\t\t\t\t07:00 - 10:00\t\t\t\t<\/p>\n\t\t\t\t\t\t<\/div>\n\t\t\t\t<i class='material-icons proradio-post__switchcontent' data-proradio-activates=\"gparent\">more_vert<\/i>\n\t\t\t<\/div>\n\t\t\t<div class=\"proradio-post__headercont--ex proradio-paper\">\n\t\t\t<h4><a href=\"https:\/\/radio-aviva.com\/nimes\/emission\/matinale\/\">La matinale<\/a><\/h4>\n\t\t\t\t\t\t<p>D\u00e9couvrez toute l'actualit\u00e9 locale, la m\u00e9t\u00e9o, l'\u00e9ph\u00e9m\u00e9ride, l'horoscope, l'agenda des sorties, l'actualit\u00e9 des jeux vid\u00e9os, des s\u00e9ries, du cin\u00e9ma, et de la musique, culture et soci\u00e9t\u00e9, l'invit\u00e9, le programme TV de votre soir\u00e9e, la minute essentielle, la chronique sans CO\u00b2 pour tout savoir des derni\u00e8res innovations et de l'actualit\u00e9 autour de l'environnement et la mobilit\u00e9, et des jeux !<\/p>\n\t\t\t<i class='material-icons proradio-post__switchcontent' data-proradio-activates=\"gparent\">close<\/i>\n\t\t<\/div>\n\t\t<\/article>\t\t\t\t\t\t\t\t\t\t\t\t<\/div>\n\t\t\t\t\t\t\t\t\t\t\t<\/div>\n\t\t\t\t\t\t\t\t\t\t\t\t\t\t<\/div>\n\t\t<\/div>\n\t\t\t\t\t\t<\/div>\n\t\t\t\t<\/div>\n\t\t\t\t\t<\/div>\n\t\t<\/div>\n\t\t\t\t\t<\/div>\n\t\t<\/section>\n\t\t\t\t<section class=\"elementor-section elementor-top-section elementor-element elementor-element-c49c264 elementor-section-boxed elementor-section-height-default elementor-section-height-default\" data-id=\"c49c264\" data-element_type=\"section\" data-e-type=\"section\" data-settings=\"{&quot;background_background&quot;:&quot;classic&quot;}\">\n\t\t\t\t\t\t<div class=\"elementor-container elementor-column-gap-wide\">\n\t\t\t\t\t<div class=\"elementor-column elementor-col-33 elementor-top-column elementor-element elementor-element-2963b93\" data-id=\"2963b93\" data-element_type=\"column\" data-e-type=\"column\">\n\t\t\t<div class=\"elementor-widget-wrap elementor-element-populated\">\n\t\t\t\t\t\t<div class=\"elementor-element elementor-element-9b0432b elementor-widget elementor-widget-proradio-elementor-qt-caption\" data-id=\"9b0432b\" data-element_type=\"widget\" data-e-type=\"widget\" data-widget_type=\"proradio-elementor-qt-caption.default\">\n\t\t\t\t<div class=\"elementor-widget-container\">\n\t\t\t\t\t\t\t<div>\n\t\t\t<h3  class=\"proradio-element-caption proradio-caption  proradio-caption__s center proradio-center proradio-caption__c proradio-anim  \" data-qtwaypoints-offset=\"30\" data-qtwaypoints>\t\t\t\t<span>T\u00e9l\u00e9chargez notre application :<\/span>\n\t\t\t\t<\/h3>\t\t<\/div>\n\t\t\t\t\t\t<\/div>\n\t\t\t\t<\/div>\n\t\t\t\t<div class=\"elementor-element elementor-element-174c907 elementor-widget elementor-widget-proradio-elementor-qt-appicons\" data-id=\"174c907\" data-element_type=\"widget\" data-e-type=\"widget\" data-widget_type=\"proradio-elementor-qt-appicons.default\">\n\t\t\t\t<div class=\"elementor-widget-container\">\n\t\t\t\t\t\t\t\t<p class=\"proradio-center proradio-appicons aligncenter\">\n\t\t\t<a href=\"https:\/\/play.google.com\/store\/apps\/details?id=dycast.radioaviva&#038;hl=fr\" class=\"proradio-btn proradio-btn-primary proradio-btn-l proradio-appicon\" target=\"_blank\"><span class=\"proradio-app_android\"><\/span><\/a><a href=\"https:\/\/apps.apple.com\/FR\/app\/radio-aviva\/id1553103627\" class=\"proradio-btn proradio-btn-primary proradio-btn-l proradio-appicon\" target=\"_blank\"><span class=\"proradio-app_iphone\"><\/span><\/a>\t\t\t<\/p>\n\t\t\t\t\t\t<\/div>\n\t\t\t\t<\/div>\n\t\t\t\t<div class=\"elementor-element elementor-element-b8a2ce7 elementor-widget elementor-widget-proradio-elementor-qt-caption\" data-id=\"b8a2ce7\" data-element_type=\"widget\" data-e-type=\"widget\" data-widget_type=\"proradio-elementor-qt-caption.default\">\n\t\t\t\t<div class=\"elementor-widget-container\">\n\t\t\t\t\t\t\t<div>\n\t\t\t<h3  class=\"proradio-element-caption proradio-caption  proradio-caption__m center proradio-center proradio-caption__c  \" data-qtwaypoints-offset=\"30\" data-qtwaypoints>\t\t\t\t<span>Suivez-nous sur Facebook :<\/span>\n\t\t\t\t<\/h3>\t\t<\/div>\n\t\t\t\t\t\t<\/div>\n\t\t\t\t<\/div>\n\t\t\t\t<div class=\"elementor-element elementor-element-12aa2f4 elementor-widget elementor-widget-html\" data-id=\"12aa2f4\" data-element_type=\"widget\" data-e-type=\"widget\" data-widget_type=\"html.default\">\n\t\t\t\t<div class=\"elementor-widget-container\">\n\t\t\t\t\t<iframe src=\"https:\/\/www.facebook.com\/plugins\/page.php?href=https%3A%2F%2Fwww.facebook.com%2Fprofile.php%3Fid%3D100089184943098&tabs=timeline&width=340&height=500&small_header=false&adapt_container_width=true&hide_cover=false&show_facepile=true&appId=2874482619438855\" width=\"340\" height=\"500\" style=\"border:none;overflow:hidden\" scrolling=\"no\" frameborder=\"0\" allowfullscreen=\"true\" allow=\"autoplay; clipboard-write; encrypted-media; picture-in-picture; web-share\"><\/iframe>\t\t\t\t<\/div>\n\t\t\t\t<\/div>\n\t\t\t\t<div class=\"elementor-element elementor-element-daaf5ff elementor-widget elementor-widget-html\" data-id=\"daaf5ff\" data-element_type=\"widget\" data-e-type=\"widget\" data-widget_type=\"html.default\">\n\t\t\t\t<div class=\"elementor-widget-container\">\n\t\t\t\t\t<a class=\"twitter-timeline\" data-theme=\"light\" href=\"https:\/\/twitter.com\/RadioAvivaNimes\" data-tweet-limit=\"3\"><\/a> <script async src=\"https:\/\/platform.twitter.com\/widgets.js\" charset=\"utf-8\"><\/script>\t\t\t\t<\/div>\n\t\t\t\t<\/div>\n\t\t\t\t<div class=\"elementor-element elementor-element-296b89d elementor-widget elementor-widget-proradio-elementor-qt-caption\" data-id=\"296b89d\" data-element_type=\"widget\" data-e-type=\"widget\" data-widget_type=\"proradio-elementor-qt-caption.default\">\n\t\t\t\t<div class=\"elementor-widget-container\">\n\t\t\t\t\t\t\t<div>\n\t\t\t<h3  class=\"proradio-element-caption proradio-caption  proradio-caption__m center proradio-center proradio-caption__c  \" data-qtwaypoints-offset=\"30\" data-qtwaypoints>\t\t\t\t<span>Nos vid\u00e9os :<\/span>\n\t\t\t\t<\/h3>\t\t<\/div>\n\t\t\t\t\t\t<\/div>\n\t\t\t\t<\/div>\n\t\t\t\t<div class=\"elementor-element elementor-element-5d78f9f elementor-widget elementor-widget-proradio-elementor-qtvideo\" data-id=\"5d78f9f\" data-element_type=\"widget\" data-e-type=\"widget\" data-widget_type=\"proradio-elementor-qtvideo.default\">\n\t\t\t\t<div class=\"elementor-widget-container\">\n\t\t\t\t\t<div class=\"proradio-videogalleries\">\n\t\t<div class=\"proradio-videogalleries__filters\">\n\t\t<a href=\"#\" data-videogalleries-filter=\"all\">All<\/a>\n\t\t\t<\/div>\n\t\n\t<div id=\"proradio-videogalleries-masonry\" class=\"proradio-videogalleries-masonry proradio-videogalleries-row\">\n\t\t\t\t\t<h3>D\u00e9sol\u00e9, aucun r\u00e9sultat<\/h3>\n\t\t\t<\/div>\n<\/div>\t\t\t\t<\/div>\n\t\t\t\t<\/div>\n\t\t\t\t\t<\/div>\n\t\t<\/div>\n\t\t\t\t<div class=\"elementor-column elementor-col-66 elementor-top-column elementor-element elementor-element-be2fb8a\" data-id=\"be2fb8a\" data-element_type=\"column\" data-e-type=\"column\">\n\t\t\t<div class=\"elementor-widget-wrap elementor-element-populated\">\n\t\t\t\t\t\t<div class=\"elementor-element elementor-element-874ae15 elementor-widget elementor-widget-proradio-elementor-qt-caption\" data-id=\"874ae15\" data-element_type=\"widget\" data-e-type=\"widget\" data-widget_type=\"proradio-elementor-qt-caption.default\">\n\t\t\t\t<div class=\"elementor-widget-container\">\n\t\t\t\t\t\t\t<div>\n\t\t\t<h3  class=\"proradio-element-caption proradio-caption  proradio-caption__m center proradio-center proradio-caption__c  \" data-qtwaypoints-offset=\"30\" data-qtwaypoints>\t\t\t\t<span>Nos prochains \u00e9v\u00e9nements :<\/span>\n\t\t\t\t<\/h3>\t\t<\/div>\n\t\t\t\t\t\t<\/div>\n\t\t\t\t<\/div>\n\t\t\t\t<div class=\"elementor-element elementor-element-a977389 elementor-widget elementor-widget-proradio-elementor-event-list\" data-id=\"a977389\" data-element_type=\"widget\" data-e-type=\"widget\" data-widget_type=\"proradio-elementor-event-list.default\">\n\t\t\t\t<div class=\"elementor-widget-container\">\n\t\t\t\t\tD\u00e9sol\u00e9, il n&#039;y a rien pour le moment.\t\t\t\t\t\t<\/div>\n\t\t\t\t<\/div>\n\t\t\t\t<div class=\"elementor-element elementor-element-ddbcfbe elementor-widget elementor-widget-proradio-elementor-qt-caption\" data-id=\"ddbcfbe\" data-element_type=\"widget\" data-e-type=\"widget\" data-widget_type=\"proradio-elementor-qt-caption.default\">\n\t\t\t\t<div class=\"elementor-widget-container\">\n\t\t\t\t\t\t\t<div>\n\t\t\t<h3  class=\"proradio-element-caption proradio-caption  proradio-caption__m center proradio-center proradio-caption__c  \" data-qtwaypoints-offset=\"30\" data-qtwaypoints>\t\t\t\t<span>Actualit\u00e9<\/span>\n\t\t\t\t<\/h3>\t\t<\/div>\n\t\t\t\t\t\t<\/div>\n\t\t\t\t<\/div>\n\t\t\t\t<div class=\"elementor-element elementor-element-e2c67a1 elementor-widget elementor-widget-proradio-elementor-post-list-large\" data-id=\"e2c67a1\" data-element_type=\"widget\" data-e-type=\"widget\" data-widget_type=\"proradio-elementor-post-list-large.default\">\n\t\t\t\t<div class=\"elementor-widget-container\">\n\t\t\t\t\t\t\t\t<div id=\"qttmelementor-grid-d359f9c0\" class=\"proradio-container proradio-post-list-horizontal-container\">\n\t\t\t\t\t\t\t\t<div id=\"qttmelementor-list-d359f9c0\" class=\"proradio-post-list-horizontal\">\n\n\t\t\t\t\t<article class=\"proradio-post proradio-paper proradio-post__std proradio-has-thumb post-8950 post type-post status-publish format-standard has-post-thumbnail hentry category-education category-montpellier category-nimes category-perpignan category-social\" data-qtwaypoints>\n\t\t\t<div class=\"proradio-post__header proradio-primary-light  proradio-negative\">\n\t\t\t<div class=\"proradio-bgimg proradio-duotone\">\n\t\t\t\t<img loading=\"lazy\" decoding=\"async\" width=\"500\" height=\"500\" src=\"https:\/\/radio-aviva.com\/nimes\/wp-content\/uploads\/sites\/5\/2024\/07\/Soundcloud-Podcast-Transat.png\" class=\"proradio-post__holder proradio-post__thumb--h wp-post-image\" alt=\"\" srcset=\"https:\/\/radio-aviva.com\/nimes\/wp-content\/uploads\/sites\/5\/2024\/07\/Soundcloud-Podcast-Transat.png 500w, https:\/\/radio-aviva.com\/nimes\/wp-content\/uploads\/sites\/5\/2024\/07\/Soundcloud-Podcast-Transat-150x150.png 150w, https:\/\/radio-aviva.com\/nimes\/wp-content\/uploads\/sites\/5\/2024\/07\/Soundcloud-Podcast-Transat-100x100.png 100w, https:\/\/radio-aviva.com\/nimes\/wp-content\/uploads\/sites\/5\/2024\/07\/Soundcloud-Podcast-Transat-370x370.png 370w\" sizes=\"(max-width: 500px) 100vw, 500px\" \/>\t\t\t<\/div>\n\t\t\t<a class=\"proradio-post__header__link\" href=\"https:\/\/radio-aviva.com\/nimes\/2024\/07\/09\/podcasts-en-transat-un-ete-decale-a-la-maison-de-lorientation\/\"><\/a>\n\t\t\t<div class=\"proradio-actions__cont\">\n\t<div class=\"proradio-actions\">\n\t\t\t\n\t\t\t\t<a href=\"https:\/\/radio-aviva.com\/nimes\/2024\/07\/09\/podcasts-en-transat-un-ete-decale-a-la-maison-de-lorientation\/\" class=\"proradio-actionicon\"><i class=\"material-icons\">insert_link<\/i><\/a>\n\t\t\t\n\n\t\t\t\t<span class=\"proradio-actions__a1\">\t\t<a data-ttgreaktions-shareboxfull=\"{&quot;id&quot;:&quot;8950&quot;,&quot;shared&quot;:&quot;https:\\\/\\\/radio-aviva.com\\\/nimes\\\/2024\\\/07\\\/09\\\/podcasts-en-transat-un-ete-decale-a-la-maison-de-lorientation\\\/&quot;,&quot;title&quot;:&quot;Podcasts en Transat : Un \\u00e9t\\u00e9 d\\u00e9cal\\u00e9 \\u00e0 la Maison de l&rsquo;Orientation&quot;,&quot;finalUrl&quot;:&quot;https:\\\/\\\/radio-aviva.com\\\/nimes\\\/2024\\\/07\\\/09\\\/podcasts-en-transat-un-ete-decale-a-la-maison-de-lorientation\\\/?id=8950&amp;reaktions-share-fullpage=8950&amp;noajax=1&amp;label=Partager&amp;btnclass=proradio-btn  proradio-btn__r&amp;secure=13dd701068&quot;}\" href=\"#nojax\" class=\"proradio_reaktions-link \">\n\t\t\t<span class=\"qtli\"><i class=\"reakticons-share\"><\/i><\/span><span class=\"count\"><\/span>\n\t\t<\/a>\n\t\t<\/span>\n\t\t\n\n\t\t\t<\/div>\n<\/div>\n\n\n\t\t<\/div>\n\t\t\t<div class=\"proradio-post__content\">\n\t\t<p class=\"proradio-cats\">\n\t<a href=\"https:\/\/radio-aviva.com\/nimes\/category\/education\/\" class=\"proradio-catid-481\">Education<\/a><\/p>\t\t<h3 class=\"proradio-post__title proradio-h2\"><a href=\"https:\/\/radio-aviva.com\/nimes\/2024\/07\/09\/podcasts-en-transat-un-ete-decale-a-la-maison-de-lorientation\/\">Podcasts en Transat : Un \u00e9t\u00e9 d\u00e9cal\u00e9 \u00e0 la Maison de l&rsquo;Orientation<\/a><\/h3>\n\t\t<div class=\"proradio-excerpt\">\n\t\t\t<p class=\"proradio-cutme-3\">\n\t\t\tUn \u00e9t\u00e9 d\u00e9cal\u00e9 \u00e0 la Maison de l'Orientation \u00c9coutez nos podcast en transat, \u00e0 la d\u00e9couverte des m\u00e9tiers. En partenariat avec la Maison de l'Orientation d'Occitanie. &nbsp; \ufeff\ufeff\ufeff &nbsp;\t\t\t<\/p>\n\t\t<\/div>\n\t\t<p class=\"proradio-meta proradio-small\">\n\t\t\t<span class=\"proradio-date\"><i class=\"material-icons\">today<\/i>9 juillet 2024<\/span>\t\t\t<span>\t\t<a data-ttgreaktions-shareboxfull=\"{&quot;id&quot;:&quot;8950&quot;,&quot;shared&quot;:&quot;https:\\\/\\\/radio-aviva.com\\\/nimes\\\/2024\\\/07\\\/09\\\/podcasts-en-transat-un-ete-decale-a-la-maison-de-lorientation\\\/&quot;,&quot;title&quot;:&quot;Podcasts en Transat : Un \\u00e9t\\u00e9 d\\u00e9cal\\u00e9 \\u00e0 la Maison de l&rsquo;Orientation&quot;,&quot;finalUrl&quot;:&quot;https:\\\/\\\/radio-aviva.com\\\/nimes\\\/2024\\\/07\\\/09\\\/podcasts-en-transat-un-ete-decale-a-la-maison-de-lorientation\\\/?id=8950&amp;reaktions-share-fullpage=8950&amp;noajax=1&amp;label=Partager&amp;btnclass=proradio-btn proradio-btn__r&amp;secure=13dd701068&quot;}\" href=\"#nojax\" class=\"proradio_reaktions-link \">\n\t\t\t<span class=\"qtli\"><i class=\"reakticons-share\"><\/i><\/span><span class=\"count\"><\/span>\n\t\t<\/a>\n\t\t<\/span>\t\t<\/p>\n\t<\/div>\n<\/article>\t\t\t\t\n\t\t\t\t<\/div>\n\t\t\t<\/div>\n\t\t\t\t\t\t\t<\/div>\n\t\t\t\t<\/div>\n\t\t\t\t<div class=\"elementor-element elementor-element-fdbfa52 elementor-widget elementor-widget-proradio-elementor-post-grid\" data-id=\"fdbfa52\" data-element_type=\"widget\" data-e-type=\"widget\" data-widget_type=\"proradio-elementor-post-grid.default\">\n\t\t\t\t<div class=\"elementor-widget-container\">\n\t\t\t\t\t\t\t\t<div id=\"qttmelementor-grid-09ef777e\" class=\"proradio-container proradio-post-grid\">\n\n\t\t\t\t\t\t\t\t<div id=\"qttmelementor-list-09ef777e\" class=\"proradio-row\">\n\t\t\t\t\t\t\t\t\t\t\t<div class=\"proradio-col proradio-col__post proradio-s12 proradio-m6 proradio-l6\">\n\t\t\t\t\t\t\t<article class=\"proradio-post proradio-paper proradio-post__ver proradio-has-thumb post-8858 post type-post status-publish format-standard has-post-thumbnail hentry category-actualite category-femmes category-libre-echange category-lutte-contre-les-discriminations category-lutte-contre-les-violences-faites-aux-femmes category-nimes category-sexisme category-social tag-cidff tag-midi-libre tag-nimes tag-radio-aviva\" data-qtwaypoints>\n\t\t\t<div class=\"proradio-post__header proradio-gradprimary proradio-negative\">\n\t\t\t<div class=\"proradio-bgimg proradio-duotone\">\n\t\t\t\t<img loading=\"lazy\" decoding=\"async\" width=\"770\" height=\"578\" src=\"https:\/\/radio-aviva.com\/nimes\/wp-content\/uploads\/sites\/5\/2024\/06\/19_06_2024-Beatrice-Bertrand-Olivier-Biscaye-770x578.jpg\" class=\"proradio-post__thumb proradio-post__thumb--h wp-post-image\" alt=\"Photo de B\u00e9atrice Bertrand et Olivier Biscaye apr\u00e8s le tournage du Libre \u00c9change du 20\/06\/2024.\" srcset=\"https:\/\/radio-aviva.com\/nimes\/wp-content\/uploads\/sites\/5\/2024\/06\/19_06_2024-Beatrice-Bertrand-Olivier-Biscaye-770x578.jpg 770w, https:\/\/radio-aviva.com\/nimes\/wp-content\/uploads\/sites\/5\/2024\/06\/19_06_2024-Beatrice-Bertrand-Olivier-Biscaye-1170x878.jpg 1170w, https:\/\/radio-aviva.com\/nimes\/wp-content\/uploads\/sites\/5\/2024\/06\/19_06_2024-Beatrice-Bertrand-Olivier-Biscaye-768x576.jpg 768w, https:\/\/radio-aviva.com\/nimes\/wp-content\/uploads\/sites\/5\/2024\/06\/19_06_2024-Beatrice-Bertrand-Olivier-Biscaye-1536x1152.jpg 1536w, https:\/\/radio-aviva.com\/nimes\/wp-content\/uploads\/sites\/5\/2024\/06\/19_06_2024-Beatrice-Bertrand-Olivier-Biscaye.jpg 1600w\" sizes=\"(max-width: 770px) 100vw, 770px\" \/>\t\t\t<\/div>\n\t\t\t<a class=\"proradio-post__header__link\" href=\"https:\/\/radio-aviva.com\/nimes\/2024\/06\/20\/libre-echange-beatrice-bertrand-presidente-du-cidff-du-gard\/\"><\/a>\n\t\t\t<div class=\"proradio-actions__cont\">\n\t<div class=\"proradio-actions\">\n\t\t\t\n\t\t\t\t<a href=\"https:\/\/radio-aviva.com\/nimes\/2024\/06\/20\/libre-echange-beatrice-bertrand-presidente-du-cidff-du-gard\/\" class=\"proradio-actionicon\"><i class=\"material-icons\">insert_link<\/i><\/a>\n\t\t\t\n\n\t\t\t\t<span class=\"proradio-actions__a1\">\t\t<a data-ttgreaktions-shareboxfull=\"{&quot;id&quot;:&quot;8858&quot;,&quot;shared&quot;:&quot;https:\\\/\\\/radio-aviva.com\\\/nimes\\\/2024\\\/06\\\/20\\\/libre-echange-beatrice-bertrand-presidente-du-cidff-du-gard\\\/&quot;,&quot;title&quot;:&quot;LIBRE \\u00c9CHANGE &#8211; B\\u00e9atrice Bertrand, pr\\u00e9sidente du CIDFF du Gard&quot;,&quot;finalUrl&quot;:&quot;https:\\\/\\\/radio-aviva.com\\\/nimes\\\/2024\\\/06\\\/20\\\/libre-echange-beatrice-bertrand-presidente-du-cidff-du-gard\\\/?id=8858&amp;reaktions-share-fullpage=8858&amp;noajax=1&amp;label=Partager&amp;btnclass=proradio-btn  proradio-btn__r&amp;secure=13dd701068&quot;}\" href=\"#nojax\" class=\"proradio_reaktions-link \">\n\t\t\t<span class=\"qtli\"><i class=\"reakticons-share\"><\/i><\/span><span class=\"count\"><\/span>\n\t\t<\/a>\n\t\t<\/span>\n\t\t\n\n\t\t\t<\/div>\n<\/div>\n\n\n\t\t<\/div>\n\t\t\t<div class=\"proradio-post__content\">\n\t\t<p class=\"proradio-cats\">\n\t<a href=\"https:\/\/radio-aviva.com\/nimes\/category\/actualite\/\" class=\"proradio-catid-121\">Actualit\u00e9<\/a><\/p>\t\t<h3 class=\"proradio-post__title proradio-h4 proradio-cutme-t-4\"><a href=\"https:\/\/radio-aviva.com\/nimes\/2024\/06\/20\/libre-echange-beatrice-bertrand-presidente-du-cidff-du-gard\/\">LIBRE \u00c9CHANGE &#8211; B\u00e9atrice Bertrand, pr\u00e9sidente du CIDFF du Gard<\/a><\/h3>\n\t\t\t\t<p class=\"proradio-meta proradio-small\">\n\t\t\t<span class=\"proradio-date\"><i class=\"material-icons\">today<\/i>20 juin 2024<\/span>\t\t\t<span>\t\t<a data-ttgreaktions-shareboxfull=\"{&quot;id&quot;:&quot;8858&quot;,&quot;shared&quot;:&quot;https:\\\/\\\/radio-aviva.com\\\/nimes\\\/2024\\\/06\\\/20\\\/libre-echange-beatrice-bertrand-presidente-du-cidff-du-gard\\\/&quot;,&quot;title&quot;:&quot;LIBRE \\u00c9CHANGE &#8211; B\\u00e9atrice Bertrand, pr\\u00e9sidente du CIDFF du Gard&quot;,&quot;finalUrl&quot;:&quot;https:\\\/\\\/radio-aviva.com\\\/nimes\\\/2024\\\/06\\\/20\\\/libre-echange-beatrice-bertrand-presidente-du-cidff-du-gard\\\/?id=8858&amp;reaktions-share-fullpage=8858&amp;noajax=1&amp;label=Partager&amp;btnclass=proradio-btn proradio-btn__r&amp;secure=13dd701068&quot;}\" href=\"#nojax\" class=\"proradio_reaktions-link \">\n\t\t\t<span class=\"qtli\"><i class=\"reakticons-share\"><\/i><\/span><span class=\"count\"><\/span>\n\t\t<\/a>\n\t\t<\/span>\t\t<\/p>\n\t<\/div>\n<\/article>\t\t\t\t\t\t<\/div>\n\t\t\t\t\t\t\t\t\t\t\t\t<div class=\"proradio-col proradio-col__post proradio-s12 proradio-m6 proradio-l6\">\n\t\t\t\t\t\t\t<article class=\"proradio-post proradio-paper proradio-post__ver proradio-has-thumb post-8466 post type-post status-publish format-standard has-post-thumbnail hentry category-cafe-societe category-lutte-contre-les-discriminations category-lutte-contre-les-violences-faites-aux-femmes category-nimes category-sexisme\" data-qtwaypoints>\n\t\t\t<div class=\"proradio-post__header proradio-gradprimary proradio-negative\">\n\t\t\t<div class=\"proradio-bgimg proradio-duotone\">\n\t\t\t\t<img loading=\"lazy\" decoding=\"async\" width=\"770\" height=\"347\" src=\"https:\/\/radio-aviva.com\/nimes\/wp-content\/uploads\/sites\/5\/2024\/03\/Photos-Cafe-societe-12-mars-1-770x347.jpg\" class=\"proradio-post__thumb proradio-post__thumb--h wp-post-image\" alt=\"\" srcset=\"https:\/\/radio-aviva.com\/nimes\/wp-content\/uploads\/sites\/5\/2024\/03\/Photos-Cafe-societe-12-mars-1-770x347.jpg 770w, https:\/\/radio-aviva.com\/nimes\/wp-content\/uploads\/sites\/5\/2024\/03\/Photos-Cafe-societe-12-mars-1-1170x527.jpg 1170w, https:\/\/radio-aviva.com\/nimes\/wp-content\/uploads\/sites\/5\/2024\/03\/Photos-Cafe-societe-12-mars-1-768x346.jpg 768w, https:\/\/radio-aviva.com\/nimes\/wp-content\/uploads\/sites\/5\/2024\/03\/Photos-Cafe-societe-12-mars-1-1536x691.jpg 1536w, https:\/\/radio-aviva.com\/nimes\/wp-content\/uploads\/sites\/5\/2024\/03\/Photos-Cafe-societe-12-mars-1.jpg 1600w\" sizes=\"(max-width: 770px) 100vw, 770px\" \/>\t\t\t<\/div>\n\t\t\t<a class=\"proradio-post__header__link\" href=\"https:\/\/radio-aviva.com\/nimes\/2024\/03\/21\/cafe-societe-le-sexisme-est-il-de-retour-chez-les-jeunes\/\"><\/a>\n\t\t\t<div class=\"proradio-actions__cont\">\n\t<div class=\"proradio-actions\">\n\t\t\t\n\t\t\t\t<a href=\"https:\/\/radio-aviva.com\/nimes\/2024\/03\/21\/cafe-societe-le-sexisme-est-il-de-retour-chez-les-jeunes\/\" class=\"proradio-actionicon\"><i class=\"material-icons\">insert_link<\/i><\/a>\n\t\t\t\n\n\t\t\t\t<span class=\"proradio-actions__a1\">\t\t<a data-ttgreaktions-shareboxfull=\"{&quot;id&quot;:&quot;8466&quot;,&quot;shared&quot;:&quot;https:\\\/\\\/radio-aviva.com\\\/nimes\\\/2024\\\/03\\\/21\\\/cafe-societe-le-sexisme-est-il-de-retour-chez-les-jeunes\\\/&quot;,&quot;title&quot;:&quot;CAFE SOCIETE &#8211; LE SEXISME EST-IL DE RETOUR CHEZ LES JEUNES?&quot;,&quot;finalUrl&quot;:&quot;https:\\\/\\\/radio-aviva.com\\\/nimes\\\/2024\\\/03\\\/21\\\/cafe-societe-le-sexisme-est-il-de-retour-chez-les-jeunes\\\/?id=8466&amp;reaktions-share-fullpage=8466&amp;noajax=1&amp;label=Partager&amp;btnclass=proradio-btn  proradio-btn__r&amp;secure=13dd701068&quot;}\" href=\"#nojax\" class=\"proradio_reaktions-link \">\n\t\t\t<span class=\"qtli\"><i class=\"reakticons-share\"><\/i><\/span><span class=\"count\"><\/span>\n\t\t<\/a>\n\t\t<\/span>\n\t\t\n\n\t\t\t<\/div>\n<\/div>\n\n\n\t\t<\/div>\n\t\t\t<div class=\"proradio-post__content\">\n\t\t<p class=\"proradio-cats\">\n\t<a href=\"https:\/\/radio-aviva.com\/nimes\/category\/cafe-societe\/\" class=\"proradio-catid-382\">Caf\u00e9 Soci\u00e9t\u00e9<\/a><\/p>\t\t<h3 class=\"proradio-post__title proradio-h4 proradio-cutme-t-4\"><a href=\"https:\/\/radio-aviva.com\/nimes\/2024\/03\/21\/cafe-societe-le-sexisme-est-il-de-retour-chez-les-jeunes\/\">CAFE SOCIETE &#8211; LE SEXISME EST-IL DE RETOUR CHEZ LES JEUNES?<\/a><\/h3>\n\t\t\t\t<p class=\"proradio-meta proradio-small\">\n\t\t\t<span class=\"proradio-date\"><i class=\"material-icons\">today<\/i>21 mars 2024<\/span>\t\t\t<span>\t\t<a data-ttgreaktions-shareboxfull=\"{&quot;id&quot;:&quot;8466&quot;,&quot;shared&quot;:&quot;https:\\\/\\\/radio-aviva.com\\\/nimes\\\/2024\\\/03\\\/21\\\/cafe-societe-le-sexisme-est-il-de-retour-chez-les-jeunes\\\/&quot;,&quot;title&quot;:&quot;CAFE SOCIETE &#8211; LE SEXISME EST-IL DE RETOUR CHEZ LES JEUNES?&quot;,&quot;finalUrl&quot;:&quot;https:\\\/\\\/radio-aviva.com\\\/nimes\\\/2024\\\/03\\\/21\\\/cafe-societe-le-sexisme-est-il-de-retour-chez-les-jeunes\\\/?id=8466&amp;reaktions-share-fullpage=8466&amp;noajax=1&amp;label=Partager&amp;btnclass=proradio-btn proradio-btn__r&amp;secure=13dd701068&quot;}\" href=\"#nojax\" class=\"proradio_reaktions-link \">\n\t\t\t<span class=\"qtli\"><i class=\"reakticons-share\"><\/i><\/span><span class=\"count\"><\/span>\n\t\t<\/a>\n\t\t<\/span>\t\t<\/p>\n\t<\/div>\n<\/article>\t\t\t\t\t\t<\/div>\n\t\t\t\t\t\t\t\t\t\t\t\t<div class=\"proradio-col proradio-col__post proradio-s12 proradio-m6 proradio-l6\">\n\t\t\t\t\t\t\t<article class=\"proradio-post proradio-paper proradio-post__ver proradio-has-thumb post-7910 post type-post status-publish format-standard has-post-thumbnail hentry category-cafe-societe category-economie-sociale-et-solidaire category-maison-de-ma-region\" data-qtwaypoints>\n\t\t\t<div class=\"proradio-post__header proradio-gradprimary proradio-negative\">\n\t\t\t<div class=\"proradio-bgimg proradio-duotone\">\n\t\t\t\t<img loading=\"lazy\" decoding=\"async\" width=\"500\" height=\"500\" src=\"https:\/\/radio-aviva.com\/nimes\/wp-content\/uploads\/sites\/5\/2023\/12\/Nimes.png\" class=\"proradio-post__thumb proradio-post__thumb--h wp-post-image\" alt=\"\" srcset=\"https:\/\/radio-aviva.com\/nimes\/wp-content\/uploads\/sites\/5\/2023\/12\/Nimes.png 500w, https:\/\/radio-aviva.com\/nimes\/wp-content\/uploads\/sites\/5\/2023\/12\/Nimes-150x150.png 150w, https:\/\/radio-aviva.com\/nimes\/wp-content\/uploads\/sites\/5\/2023\/12\/Nimes-100x100.png 100w, https:\/\/radio-aviva.com\/nimes\/wp-content\/uploads\/sites\/5\/2023\/12\/Nimes-370x370.png 370w\" sizes=\"(max-width: 500px) 100vw, 500px\" \/>\t\t\t<\/div>\n\t\t\t<a class=\"proradio-post__header__link\" href=\"https:\/\/radio-aviva.com\/nimes\/2023\/12\/06\/cafe-societe-economie-sociale-et-solidaire\/\"><\/a>\n\t\t\t<div class=\"proradio-actions__cont\">\n\t<div class=\"proradio-actions\">\n\t\t\t\n\t\t\t\t<a href=\"https:\/\/radio-aviva.com\/nimes\/2023\/12\/06\/cafe-societe-economie-sociale-et-solidaire\/\" class=\"proradio-actionicon\"><i class=\"material-icons\">insert_link<\/i><\/a>\n\t\t\t\n\n\t\t\t\t<span class=\"proradio-actions__a1\">\t\t<a data-ttgreaktions-shareboxfull=\"{&quot;id&quot;:&quot;7910&quot;,&quot;shared&quot;:&quot;https:\\\/\\\/radio-aviva.com\\\/nimes\\\/2023\\\/12\\\/06\\\/cafe-societe-economie-sociale-et-solidaire\\\/&quot;,&quot;title&quot;:&quot;CAFE SOCIETE ECONOMIE SOCIALE ET SOLIDAIRE&quot;,&quot;finalUrl&quot;:&quot;https:\\\/\\\/radio-aviva.com\\\/nimes\\\/2023\\\/12\\\/06\\\/cafe-societe-economie-sociale-et-solidaire\\\/?id=7910&amp;reaktions-share-fullpage=7910&amp;noajax=1&amp;label=Partager&amp;btnclass=proradio-btn  proradio-btn__r&amp;secure=13dd701068&quot;}\" href=\"#nojax\" class=\"proradio_reaktions-link \">\n\t\t\t<span class=\"qtli\"><i class=\"reakticons-share\"><\/i><\/span><span class=\"count\"><\/span>\n\t\t<\/a>\n\t\t<\/span>\n\t\t\n\n\t\t\t<\/div>\n<\/div>\n\n\n\t\t<\/div>\n\t\t\t<div class=\"proradio-post__content\">\n\t\t<p class=\"proradio-cats\">\n\t<a href=\"https:\/\/radio-aviva.com\/nimes\/category\/cafe-societe\/\" class=\"proradio-catid-382\">Caf\u00e9 Soci\u00e9t\u00e9<\/a><\/p>\t\t<h3 class=\"proradio-post__title proradio-h4 proradio-cutme-t-4\"><a href=\"https:\/\/radio-aviva.com\/nimes\/2023\/12\/06\/cafe-societe-economie-sociale-et-solidaire\/\">CAFE SOCIETE ECONOMIE SOCIALE ET SOLIDAIRE<\/a><\/h3>\n\t\t\t\t<p class=\"proradio-meta proradio-small\">\n\t\t\t<span class=\"proradio-date\"><i class=\"material-icons\">today<\/i>6 d\u00e9cembre 2023<\/span>\t\t\t<span>\t\t<a data-ttgreaktions-shareboxfull=\"{&quot;id&quot;:&quot;7910&quot;,&quot;shared&quot;:&quot;https:\\\/\\\/radio-aviva.com\\\/nimes\\\/2023\\\/12\\\/06\\\/cafe-societe-economie-sociale-et-solidaire\\\/&quot;,&quot;title&quot;:&quot;CAFE SOCIETE ECONOMIE SOCIALE ET SOLIDAIRE&quot;,&quot;finalUrl&quot;:&quot;https:\\\/\\\/radio-aviva.com\\\/nimes\\\/2023\\\/12\\\/06\\\/cafe-societe-economie-sociale-et-solidaire\\\/?id=7910&amp;reaktions-share-fullpage=7910&amp;noajax=1&amp;label=Partager&amp;btnclass=proradio-btn proradio-btn__r&amp;secure=13dd701068&quot;}\" href=\"#nojax\" class=\"proradio_reaktions-link \">\n\t\t\t<span class=\"qtli\"><i class=\"reakticons-share\"><\/i><\/span><span class=\"count\"><\/span>\n\t\t<\/a>\n\t\t<\/span>\t\t<\/p>\n\t<\/div>\n<\/article>\t\t\t\t\t\t<\/div>\n\t\t\t\t\t\t\t\t\t\t\t\t<div class=\"proradio-col proradio-col__post proradio-s12 proradio-m6 proradio-l6\">\n\t\t\t\t\t\t\t<article class=\"proradio-post proradio-paper proradio-post__ver proradio-has-thumb post-7562 post type-post status-publish format-standard has-post-thumbnail hentry category-environnement\" data-qtwaypoints>\n\t\t\t<div class=\"proradio-post__header proradio-gradprimary proradio-negative\">\n\t\t\t<div class=\"proradio-bgimg proradio-duotone\">\n\t\t\t\t<img loading=\"lazy\" decoding=\"async\" width=\"770\" height=\"572\" src=\"https:\/\/radio-aviva.com\/nimes\/wp-content\/uploads\/sites\/5\/2023\/10\/LMN_690X512_SANS-PARTENAIRE-770x572.jpg\" class=\"proradio-post__thumb proradio-post__thumb--h wp-post-image\" alt=\"\" srcset=\"https:\/\/radio-aviva.com\/nimes\/wp-content\/uploads\/sites\/5\/2023\/10\/LMN_690X512_SANS-PARTENAIRE-770x572.jpg 770w, https:\/\/radio-aviva.com\/nimes\/wp-content\/uploads\/sites\/5\/2023\/10\/LMN_690X512_SANS-PARTENAIRE-768x570.jpg 768w, https:\/\/radio-aviva.com\/nimes\/wp-content\/uploads\/sites\/5\/2023\/10\/LMN_690X512_SANS-PARTENAIRE.jpg 920w\" sizes=\"(max-width: 770px) 100vw, 770px\" \/>\t\t\t<\/div>\n\t\t\t<a class=\"proradio-post__header__link\" href=\"https:\/\/radio-aviva.com\/nimes\/2023\/10\/12\/animation-dune-masterclass-au-forum-le-monde-nouveau\/\"><\/a>\n\t\t\t<div class=\"proradio-actions__cont\">\n\t<div class=\"proradio-actions\">\n\t\t\t\n\t\t\t\t<a href=\"https:\/\/radio-aviva.com\/nimes\/2023\/10\/12\/animation-dune-masterclass-au-forum-le-monde-nouveau\/\" class=\"proradio-actionicon\"><i class=\"material-icons\">insert_link<\/i><\/a>\n\t\t\t\n\n\t\t\t\t<span class=\"proradio-actions__a1\">\t\t<a data-ttgreaktions-shareboxfull=\"{&quot;id&quot;:&quot;7562&quot;,&quot;shared&quot;:&quot;https:\\\/\\\/radio-aviva.com\\\/nimes\\\/2023\\\/10\\\/12\\\/animation-dune-masterclass-au-forum-le-monde-nouveau\\\/&quot;,&quot;title&quot;:&quot;Animation d&rsquo;une masterclass au Forum Le Monde Nouveau&quot;,&quot;finalUrl&quot;:&quot;https:\\\/\\\/radio-aviva.com\\\/nimes\\\/2023\\\/10\\\/12\\\/animation-dune-masterclass-au-forum-le-monde-nouveau\\\/?id=7562&amp;reaktions-share-fullpage=7562&amp;noajax=1&amp;label=Partager&amp;btnclass=proradio-btn  proradio-btn__r&amp;secure=13dd701068&quot;}\" href=\"#nojax\" class=\"proradio_reaktions-link \">\n\t\t\t<span class=\"qtli\"><i class=\"reakticons-share\"><\/i><\/span><span class=\"count\"><\/span>\n\t\t<\/a>\n\t\t<\/span>\n\t\t\n\n\t\t\t<\/div>\n<\/div>\n\n\n\t\t<\/div>\n\t\t\t<div class=\"proradio-post__content\">\n\t\t<p class=\"proradio-cats\">\n\t<a href=\"https:\/\/radio-aviva.com\/nimes\/category\/environnement\/\" class=\"proradio-catid-321\">Environnement<\/a><\/p>\t\t<h3 class=\"proradio-post__title proradio-h4 proradio-cutme-t-4\"><a href=\"https:\/\/radio-aviva.com\/nimes\/2023\/10\/12\/animation-dune-masterclass-au-forum-le-monde-nouveau\/\">Animation d&rsquo;une masterclass au Forum Le Monde Nouveau<\/a><\/h3>\n\t\t\t\t<p class=\"proradio-meta proradio-small\">\n\t\t\t<span class=\"proradio-date\"><i class=\"material-icons\">today<\/i>12 octobre 2023<\/span>\t\t\t<span>\t\t<a data-ttgreaktions-shareboxfull=\"{&quot;id&quot;:&quot;7562&quot;,&quot;shared&quot;:&quot;https:\\\/\\\/radio-aviva.com\\\/nimes\\\/2023\\\/10\\\/12\\\/animation-dune-masterclass-au-forum-le-monde-nouveau\\\/&quot;,&quot;title&quot;:&quot;Animation d&rsquo;une masterclass au Forum Le Monde Nouveau&quot;,&quot;finalUrl&quot;:&quot;https:\\\/\\\/radio-aviva.com\\\/nimes\\\/2023\\\/10\\\/12\\\/animation-dune-masterclass-au-forum-le-monde-nouveau\\\/?id=7562&amp;reaktions-share-fullpage=7562&amp;noajax=1&amp;label=Partager&amp;btnclass=proradio-btn proradio-btn__r&amp;secure=13dd701068&quot;}\" href=\"#nojax\" class=\"proradio_reaktions-link \">\n\t\t\t<span class=\"qtli\"><i class=\"reakticons-share\"><\/i><\/span><span class=\"count\"><\/span>\n\t\t<\/a>\n\t\t<\/span>\t\t<\/p>\n\t<\/div>\n<\/article>\t\t\t\t\t\t<\/div>\n\t\t\t\t\t\t\t\t\t\t\t\t<div class=\"proradio-col proradio-col__post proradio-s12 proradio-m6 proradio-l6\">\n\t\t\t\t\t\t\t<article class=\"proradio-post proradio-paper proradio-post__ver proradio-has-thumb post-7115 post type-post status-publish format-standard has-post-thumbnail hentry category-social category-solidaire category-sport\" data-qtwaypoints>\n\t\t\t<div class=\"proradio-post__header proradio-gradprimary proradio-negative\">\n\t\t\t<div class=\"proradio-bgimg proradio-duotone\">\n\t\t\t\t<img loading=\"lazy\" decoding=\"async\" width=\"770\" height=\"578\" src=\"https:\/\/radio-aviva.com\/nimes\/wp-content\/uploads\/sites\/5\/2023\/08\/f844bb44-7ff9-42ee-b688-31902e5f80a6-770x578.jpg\" class=\"proradio-post__thumb proradio-post__thumb--h wp-post-image\" alt=\"\" srcset=\"https:\/\/radio-aviva.com\/nimes\/wp-content\/uploads\/sites\/5\/2023\/08\/f844bb44-7ff9-42ee-b688-31902e5f80a6-770x578.jpg 770w, https:\/\/radio-aviva.com\/nimes\/wp-content\/uploads\/sites\/5\/2023\/08\/f844bb44-7ff9-42ee-b688-31902e5f80a6-1170x878.jpg 1170w, https:\/\/radio-aviva.com\/nimes\/wp-content\/uploads\/sites\/5\/2023\/08\/f844bb44-7ff9-42ee-b688-31902e5f80a6-768x576.jpg 768w, https:\/\/radio-aviva.com\/nimes\/wp-content\/uploads\/sites\/5\/2023\/08\/f844bb44-7ff9-42ee-b688-31902e5f80a6-1536x1152.jpg 1536w, https:\/\/radio-aviva.com\/nimes\/wp-content\/uploads\/sites\/5\/2023\/08\/f844bb44-7ff9-42ee-b688-31902e5f80a6.jpg 1600w\" sizes=\"(max-width: 770px) 100vw, 770px\" \/>\t\t\t<\/div>\n\t\t\t<a class=\"proradio-post__header__link\" href=\"https:\/\/radio-aviva.com\/nimes\/2023\/08\/14\/radio-aviva-recoit-les-participants-des-24h-saint-pierre\/\"><\/a>\n\t\t\t<div class=\"proradio-actions__cont\">\n\t<div class=\"proradio-actions\">\n\t\t\t\n\t\t\t\t<a href=\"https:\/\/radio-aviva.com\/nimes\/2023\/08\/14\/radio-aviva-recoit-les-participants-des-24h-saint-pierre\/\" class=\"proradio-actionicon\"><i class=\"material-icons\">insert_link<\/i><\/a>\n\t\t\t\n\n\t\t\t\t<span class=\"proradio-actions__a1\">\t\t<a data-ttgreaktions-shareboxfull=\"{&quot;id&quot;:&quot;7115&quot;,&quot;shared&quot;:&quot;https:\\\/\\\/radio-aviva.com\\\/nimes\\\/2023\\\/08\\\/14\\\/radio-aviva-recoit-les-participants-des-24h-saint-pierre\\\/&quot;,&quot;title&quot;:&quot;RADIO AVIVA re\\u00e7oit les participants des 24h Saint-Pierre !&quot;,&quot;finalUrl&quot;:&quot;https:\\\/\\\/radio-aviva.com\\\/nimes\\\/2023\\\/08\\\/14\\\/radio-aviva-recoit-les-participants-des-24h-saint-pierre\\\/?id=7115&amp;reaktions-share-fullpage=7115&amp;noajax=1&amp;label=Partager&amp;btnclass=proradio-btn  proradio-btn__r&amp;secure=13dd701068&quot;}\" href=\"#nojax\" class=\"proradio_reaktions-link \">\n\t\t\t<span class=\"qtli\"><i class=\"reakticons-share\"><\/i><\/span><span class=\"count\"><\/span>\n\t\t<\/a>\n\t\t<\/span>\n\t\t\n\n\t\t\t<\/div>\n<\/div>\n\n\n\t\t<\/div>\n\t\t\t<div class=\"proradio-post__content\">\n\t\t<p class=\"proradio-cats\">\n\t<a href=\"https:\/\/radio-aviva.com\/nimes\/category\/social\/\" class=\"proradio-catid-296\">Social<\/a><\/p>\t\t<h3 class=\"proradio-post__title proradio-h4 proradio-cutme-t-4\"><a href=\"https:\/\/radio-aviva.com\/nimes\/2023\/08\/14\/radio-aviva-recoit-les-participants-des-24h-saint-pierre\/\">RADIO AVIVA re\u00e7oit les participants des 24h Saint-Pierre !<\/a><\/h3>\n\t\t\t\t<p class=\"proradio-meta proradio-small\">\n\t\t\t<span class=\"proradio-date\"><i class=\"material-icons\">today<\/i>14 ao\u00fbt 2023<\/span>\t\t\t<span>\t\t<a data-ttgreaktions-shareboxfull=\"{&quot;id&quot;:&quot;7115&quot;,&quot;shared&quot;:&quot;https:\\\/\\\/radio-aviva.com\\\/nimes\\\/2023\\\/08\\\/14\\\/radio-aviva-recoit-les-participants-des-24h-saint-pierre\\\/&quot;,&quot;title&quot;:&quot;RADIO AVIVA re\\u00e7oit les participants des 24h Saint-Pierre !&quot;,&quot;finalUrl&quot;:&quot;https:\\\/\\\/radio-aviva.com\\\/nimes\\\/2023\\\/08\\\/14\\\/radio-aviva-recoit-les-participants-des-24h-saint-pierre\\\/?id=7115&amp;reaktions-share-fullpage=7115&amp;noajax=1&amp;label=Partager&amp;btnclass=proradio-btn proradio-btn__r&amp;secure=13dd701068&quot;}\" href=\"#nojax\" class=\"proradio_reaktions-link \">\n\t\t\t<span class=\"qtli\"><i class=\"reakticons-share\"><\/i><\/span><span class=\"count\"><\/span>\n\t\t<\/a>\n\t\t<\/span>\t\t<\/p>\n\t<\/div>\n<\/article>\t\t\t\t\t\t<\/div>\n\t\t\t\t\t\t\t\t\t\t\t\t<div class=\"proradio-col proradio-col__post proradio-s12 proradio-m6 proradio-l6\">\n\t\t\t\t\t\t\t<article class=\"proradio-post proradio-paper proradio-post__ver proradio-has-thumb post-7486 post type-post status-publish format-standard has-post-thumbnail hentry category-actualite category-femmes category-nimes\" data-qtwaypoints>\n\t\t\t<div class=\"proradio-post__header proradio-gradprimary proradio-negative\">\n\t\t\t<div class=\"proradio-bgimg proradio-duotone\">\n\t\t\t\t<img loading=\"lazy\" decoding=\"async\" width=\"770\" height=\"578\" src=\"https:\/\/radio-aviva.com\/nimes\/wp-content\/uploads\/sites\/5\/2023\/07\/WhatsApp-Image-2023-07-12-at-14.55.21-770x578.jpeg\" class=\"proradio-post__thumb proradio-post__thumb--h wp-post-image\" alt=\"\" srcset=\"https:\/\/radio-aviva.com\/nimes\/wp-content\/uploads\/sites\/5\/2023\/07\/WhatsApp-Image-2023-07-12-at-14.55.21-770x578.jpeg 770w, https:\/\/radio-aviva.com\/nimes\/wp-content\/uploads\/sites\/5\/2023\/07\/WhatsApp-Image-2023-07-12-at-14.55.21-1170x878.jpeg 1170w, https:\/\/radio-aviva.com\/nimes\/wp-content\/uploads\/sites\/5\/2023\/07\/WhatsApp-Image-2023-07-12-at-14.55.21-768x576.jpeg 768w, https:\/\/radio-aviva.com\/nimes\/wp-content\/uploads\/sites\/5\/2023\/07\/WhatsApp-Image-2023-07-12-at-14.55.21-1536x1152.jpeg 1536w, https:\/\/radio-aviva.com\/nimes\/wp-content\/uploads\/sites\/5\/2023\/07\/WhatsApp-Image-2023-07-12-at-14.55.21.jpeg 2000w\" sizes=\"(max-width: 770px) 100vw, 770px\" \/>\t\t\t<\/div>\n\t\t\t<a class=\"proradio-post__header__link\" href=\"https:\/\/radio-aviva.com\/nimes\/2023\/07\/13\/les-femmes-du-gard-et-leurs-metiers-quelquefois-surprenants-2\/\"><\/a>\n\t\t\t<div class=\"proradio-actions__cont\">\n\t<div class=\"proradio-actions\">\n\t\t\t\n\t\t\t\t<a href=\"https:\/\/radio-aviva.com\/nimes\/2023\/07\/13\/les-femmes-du-gard-et-leurs-metiers-quelquefois-surprenants-2\/\" class=\"proradio-actionicon\"><i class=\"material-icons\">insert_link<\/i><\/a>\n\t\t\t\n\n\t\t\t\t<span class=\"proradio-actions__a1\">\t\t<a data-ttgreaktions-shareboxfull=\"{&quot;id&quot;:&quot;7486&quot;,&quot;shared&quot;:&quot;https:\\\/\\\/radio-aviva.com\\\/nimes\\\/2023\\\/07\\\/13\\\/les-femmes-du-gard-et-leurs-metiers-quelquefois-surprenants-2\\\/&quot;,&quot;title&quot;:&quot;Les femmes du Gard et leurs m\\u00e9tiers quelquefois surprenants&quot;,&quot;finalUrl&quot;:&quot;https:\\\/\\\/radio-aviva.com\\\/nimes\\\/2023\\\/07\\\/13\\\/les-femmes-du-gard-et-leurs-metiers-quelquefois-surprenants-2\\\/?id=7486&amp;reaktions-share-fullpage=7486&amp;noajax=1&amp;label=Partager&amp;btnclass=proradio-btn  proradio-btn__r&amp;secure=13dd701068&quot;}\" href=\"#nojax\" class=\"proradio_reaktions-link \">\n\t\t\t<span class=\"qtli\"><i class=\"reakticons-share\"><\/i><\/span><span class=\"count\"><\/span>\n\t\t<\/a>\n\t\t<\/span>\n\t\t\n\n\t\t\t<\/div>\n<\/div>\n\n\n\t\t<\/div>\n\t\t\t<div class=\"proradio-post__content\">\n\t\t<p class=\"proradio-cats\">\n\t<a href=\"https:\/\/radio-aviva.com\/nimes\/category\/actualite\/\" class=\"proradio-catid-121\">Actualit\u00e9<\/a><\/p>\t\t<h3 class=\"proradio-post__title proradio-h4 proradio-cutme-t-4\"><a href=\"https:\/\/radio-aviva.com\/nimes\/2023\/07\/13\/les-femmes-du-gard-et-leurs-metiers-quelquefois-surprenants-2\/\">Les femmes du Gard et leurs m\u00e9tiers quelquefois surprenants<\/a><\/h3>\n\t\t\t\t<p class=\"proradio-meta proradio-small\">\n\t\t\t<span class=\"proradio-date\"><i class=\"material-icons\">today<\/i>13 juillet 2023<\/span>\t\t\t<span>\t\t<a data-ttgreaktions-shareboxfull=\"{&quot;id&quot;:&quot;7486&quot;,&quot;shared&quot;:&quot;https:\\\/\\\/radio-aviva.com\\\/nimes\\\/2023\\\/07\\\/13\\\/les-femmes-du-gard-et-leurs-metiers-quelquefois-surprenants-2\\\/&quot;,&quot;title&quot;:&quot;Les femmes du Gard et leurs m\\u00e9tiers quelquefois surprenants&quot;,&quot;finalUrl&quot;:&quot;https:\\\/\\\/radio-aviva.com\\\/nimes\\\/2023\\\/07\\\/13\\\/les-femmes-du-gard-et-leurs-metiers-quelquefois-surprenants-2\\\/?id=7486&amp;reaktions-share-fullpage=7486&amp;noajax=1&amp;label=Partager&amp;btnclass=proradio-btn proradio-btn__r&amp;secure=13dd701068&quot;}\" href=\"#nojax\" class=\"proradio_reaktions-link \">\n\t\t\t<span class=\"qtli\"><i class=\"reakticons-share\"><\/i><\/span><span class=\"count\"><\/span>\n\t\t<\/a>\n\t\t<\/span>\t\t<\/p>\n\t<\/div>\n<\/article>\t\t\t\t\t\t<\/div>\n\t\t\t\t\t\t        <div class=\"proradio-wp-pagination qt-ms-item\">\n            <p class=\"proradioelementor-loadmorecontainer proradio-col proradio-loadmore-container proradio-center proradio-clearfix\">\n                                    <a href=\"#\" class=\"proradio-btn proradio-btn-default  noajax\" \n                    data-proradioelementor-ajaxloadmore\n                    data-proradioelementor-method=\"add\" \n                    data-proradioelementor-target=\"#qttmelementor-list-09ef777e\" \n                    data-proradioelementor-querydata=\"eyJ0YXhfZmlsdGVyIjoiIiwidGF4X2ZpbHRlcl9leGMiOiIiLCJwb3N0X3R5cGUiOiIiLCJwb3N0c19wZXJfcGFnZSI6NiwicG9zdF9zdGF0dXMiOiJwdWJsaXNoIiwicGFnZWQiOjEsInN1cHByZXNzX2ZpbHRlcnMiOmZhbHNlLCJvZmZzZXQiOjEsImlnbm9yZV9zdGlja3lfcG9zdHMiOjEsIm9yZGVyYnkiOiJkYXRlIiwib3JkZXIiOiJERVNDIiwibWV0YV9rZXkiOmZhbHNlLCJwb3N0X19ub3RfaW4iOltdLCJ0ZW1wbGF0ZSI6InRlbXBsYXRlLXBhcnRzXC9wb3N0XC9wb3N0LXZlcnRpY2FsIiwiaGlkZW9sZCI6bnVsbCwidGV4dCI6IkxvYWQgbW9yZSIsInRhcmdldCI6IiNxdHRtZWxlbWVudG9yLWxpc3QtMDllZjc3N2UiLCJiZWZvcmVfaXRlbSI6IlBHUnBkaUJqYkdGemN6MGljSEp2Y21Ga2FXOHRZMjlzSUhCeWIzSmhaR2x2TFdOdmJGOWZjRzl6ZENCd2NtOXlZV1JwYnkxek1USWdjSEp2Y21Ga2FXOHRiVFlnY0hKdmNtRmthVzh0YkRZaVBnPT0iLCJhZnRlcl9pdGVtIjoiUEM5a2FYWSsiLCJuZXh0Ijp0cnVlLCJlX2xvYWRtb3JlIjoieWVzIiwiZV9sb2FkbW9yZV90ZXh0IjoiTG9hZCBtb3JlIiwibWF4IjoyLCJwcm9yYWRpb19wYWdpbmF0aW9uX3N0eWxlIjoicHJvcmFkaW8tYnRuLWRlZmF1bHQiLCJwcm9yYWRpb19wYWdpbmF0aW9uX3NpemUiOmZhbHNlLCJnb3RvIjoyfQ%3D%3D\" >\n                    <span>Load more<\/span><i class='material-icons'>sync<\/i>\n                     <\/a>\n                            <\/p>\n        <\/div>\n        \t\t\t\t<\/div>\n\t\t\t<\/div>\n\t\t\t\t\t\t\t<\/div>\n\t\t\t\t<\/div>\n\t\t\t\t\t<\/div>\n\t\t<\/div>\n\t\t\t\t\t<\/div>\n\t\t<\/section>\n\t\t\t\t<section class=\"elementor-section elementor-top-section elementor-element elementor-element-0bdfdc0 elementor-section-stretched elementor-section-boxed elementor-section-height-default elementor-section-height-default\" data-id=\"0bdfdc0\" data-element_type=\"section\" data-e-type=\"section\" data-settings=\"{&quot;background_background&quot;:&quot;classic&quot;,&quot;stretch_section&quot;:&quot;section-stretched&quot;}\">\n\t\t\t\t\t\t<div class=\"elementor-container elementor-column-gap-default\">\n\t\t\t\t\t<div class=\"elementor-column elementor-col-100 elementor-top-column elementor-element elementor-element-4f8984a\" data-id=\"4f8984a\" data-element_type=\"column\" data-e-type=\"column\">\n\t\t\t<div class=\"elementor-widget-wrap elementor-element-populated\">\n\t\t\t\t\t\t<div class=\"elementor-element elementor-element-47233fe elementor-widget elementor-widget-proradio-elementor-qt-caption\" data-id=\"47233fe\" data-element_type=\"widget\" data-e-type=\"widget\" data-widget_type=\"proradio-elementor-qt-caption.default\">\n\t\t\t\t<div class=\"elementor-widget-container\">\n\t\t\t\t\t\t\t<div>\n\t\t\t<h3  class=\"proradio-element-caption proradio-caption  proradio-caption__m center proradio-center proradio-caption__c  \" data-qtwaypoints-offset=\"30\" data-qtwaypoints>\t\t\t\t<span>Nos partenaires<\/span>\n\t\t\t\t<\/h3>\t\t<\/div>\n\t\t\t\t\t\t<\/div>\n\t\t\t\t<\/div>\n\t\t\t\t<div class=\"elementor-element elementor-element-9112ada elementor-widget elementor-widget-proradio-elementor-sponsors\" data-id=\"9112ada\" data-element_type=\"widget\" data-e-type=\"widget\" data-widget_type=\"proradio-elementor-sponsors.default\">\n\t\t\t\t<div class=\"elementor-widget-container\">\n\t\t\t\t\t\t\t\t<div id=\"gridqt-post-carousel-748669f3f55485503\" class=\"proradio-owl-sponsorcarousel \">\n\t\t\t\t\t<div id=\"qt-post-carousel-748669f3f55485503\" class=\"proradio-owl-carousel owl-carousel owl-theme proradio-owl-theme\" \n\t\t\t\t\tdata-items=\"6\"\n\t\t\t\t\tdata-items_tablet=\"6\"\n\t\t\t\t\tdata-items_mobile=\"4\"\n\t\t\t\t\tdata-items_mobile_hori=\"2\"\n\t\t\t\t\tdata-gap=\"10\"\n\t\t\t\t\tdata-pause_on_hover=\"true\"\n\t\t\t\t\tdata-loop=\"true\" \n\t\t\t\t\tdata-center=\"\" \n\t\t\t\t\tdata-stage_padding=\"0\"\n\t\t\t\t\tdata-nav=\"true\"\n\t\t\t\t\tdata-dots=\"\" \n\t\t\t\t\tdata-autoplay_timeout=\"4000\" \n\t\t\t\t\tdata-amount=\"30\">\n\t\t\t\t\t\t\t\t\t\t\t\t\t\t<div class=\"proradio-item\">\n\t\t\t\t\t\t\t\t\t<div class=\"proradio-itemcontainer\">\n\t\t\t\t\t\t\t\t\t\t<a href=\"https:\/\/www.aesio.fr\/\" target=\"_blank\" rel=\"nofollow\" class=\"qt-sponsor\" >\n\t\t\t\t\t\t\t\t\t\t\t <img loading=\"lazy\" decoding=\"async\" width=\"2009\" height=\"709\" src=\"https:\/\/radio-aviva.com\/nimes\/wp-content\/uploads\/sites\/5\/2025\/07\/Logo_AESIO_MUTUELLE.png\" class=\"attachment-proradio-medium size-proradio-medium wp-post-image\" alt=\"A\u00c9SIO MUTUELLE\" title=\"A\u00c9SIO MUTUELLE\" srcset=\"https:\/\/radio-aviva.com\/nimes\/wp-content\/uploads\/sites\/5\/2025\/07\/Logo_AESIO_MUTUELLE.png 2009w, https:\/\/radio-aviva.com\/nimes\/wp-content\/uploads\/sites\/5\/2025\/07\/Logo_AESIO_MUTUELLE-770x272.png 770w, https:\/\/radio-aviva.com\/nimes\/wp-content\/uploads\/sites\/5\/2025\/07\/Logo_AESIO_MUTUELLE-1170x413.png 1170w, https:\/\/radio-aviva.com\/nimes\/wp-content\/uploads\/sites\/5\/2025\/07\/Logo_AESIO_MUTUELLE-768x271.png 768w, https:\/\/radio-aviva.com\/nimes\/wp-content\/uploads\/sites\/5\/2025\/07\/Logo_AESIO_MUTUELLE-1536x542.png 1536w\" sizes=\"(max-width: 2009px) 100vw, 2009px\" \/>\t\t\t\t\t\t\t\t\t\t<\/a>\n\t\t\t\t\t\t\t\t\t<\/div>\n\t\t\t\t\t\t\t\t<\/div>\n\t\t\t\t\t\t\t\t\t\t\t\t\t\t\t\t<div class=\"proradio-item\">\n\t\t\t\t\t\t\t\t\t<div class=\"proradio-itemcontainer\">\n\t\t\t\t\t\t\t\t\t\t<a href=\"https:\/\/www.lamaison-cdcn.fr\/\" target=\"_blank\" rel=\"nofollow\" class=\"qt-sponsor\" >\n\t\t\t\t\t\t\t\t\t\t\t <img loading=\"lazy\" decoding=\"async\" width=\"440\" height=\"230\" src=\"https:\/\/radio-aviva.com\/nimes\/wp-content\/uploads\/sites\/5\/2025\/04\/festival_maison_danse_logo-removebg-preview.png\" class=\"attachment-proradio-medium size-proradio-medium wp-post-image\" alt=\"FESTIVAL LA MAISON DANSE UZES\" title=\"FESTIVAL LA MAISON DANSE UZES\" \/>\t\t\t\t\t\t\t\t\t\t<\/a>\n\t\t\t\t\t\t\t\t\t<\/div>\n\t\t\t\t\t\t\t\t<\/div>\n\t\t\t\t\t\t\t\t\t\t\t\t\t\t\t\t<div class=\"proradio-item\">\n\t\t\t\t\t\t\t\t\t<div class=\"proradio-itemcontainer\">\n\t\t\t\t\t\t\t\t\t\t<a href=\"https:\/\/positivfestival.fr\/?\" target=\"_blank\" rel=\"nofollow\" class=\"qt-sponsor\" >\n\t\t\t\t\t\t\t\t\t\t\t <img loading=\"lazy\" decoding=\"async\" width=\"164\" height=\"33\" src=\"https:\/\/radio-aviva.com\/nimes\/wp-content\/uploads\/sites\/5\/2025\/04\/logo_positiv_festival-removebg-preview.png\" class=\"attachment-proradio-medium size-proradio-medium wp-post-image\" alt=\"POSITIV Festival\" title=\"POSITIV Festival\" \/>\t\t\t\t\t\t\t\t\t\t<\/a>\n\t\t\t\t\t\t\t\t\t<\/div>\n\t\t\t\t\t\t\t\t<\/div>\n\t\t\t\t\t\t\t\t\t\t\t\t\t\t\t\t<div class=\"proradio-item\">\n\t\t\t\t\t\t\t\t\t<div class=\"proradio-itemcontainer\">\n\t\t\t\t\t\t\t\t\t\t<a href=\"https:\/\/www.toutesenmoto.org\/asso-locales\/occitania\/occitania\" target=\"_blank\" rel=\"nofollow\" class=\"qt-sponsor\" >\n\t\t\t\t\t\t\t\t\t\t\t <img loading=\"lazy\" decoding=\"async\" width=\"160\" height=\"90\" src=\"https:\/\/radio-aviva.com\/nimes\/wp-content\/uploads\/sites\/5\/2025\/04\/logo_toute_en_moto-removebg-preview.png\" class=\"attachment-proradio-medium size-proradio-medium wp-post-image\" alt=\"TOUTES EN MOTO OCCITANIA\" title=\"TOUTES EN MOTO OCCITANIA\" \/>\t\t\t\t\t\t\t\t\t\t<\/a>\n\t\t\t\t\t\t\t\t\t<\/div>\n\t\t\t\t\t\t\t\t<\/div>\n\t\t\t\t\t\t\t\t\t\t\t\t\t\t\t\t<div class=\"proradio-item\">\n\t\t\t\t\t\t\t\t\t<div class=\"proradio-itemcontainer\">\n\t\t\t\t\t\t\t\t\t\t<a href=\"https:\/\/ecouterlaradio.fr\/\" target=\"_blank\" rel=\"nofollow\" class=\"qt-sponsor\" >\n\t\t\t\t\t\t\t\t\t\t\t <img loading=\"lazy\" decoding=\"async\" width=\"128\" height=\"128\" src=\"https:\/\/radio-aviva.com\/nimes\/wp-content\/uploads\/sites\/5\/2024\/08\/128x128-1.jpg\" class=\"attachment-proradio-medium size-proradio-medium wp-post-image\" alt=\"ecouterlaradio.fr\" title=\"ecouterlaradio.fr\" srcset=\"https:\/\/radio-aviva.com\/nimes\/wp-content\/uploads\/sites\/5\/2024\/08\/128x128-1.jpg 128w, https:\/\/radio-aviva.com\/nimes\/wp-content\/uploads\/sites\/5\/2024\/08\/128x128-1-100x100.jpg 100w\" sizes=\"(max-width: 128px) 100vw, 128px\" \/>\t\t\t\t\t\t\t\t\t\t<\/a>\n\t\t\t\t\t\t\t\t\t<\/div>\n\t\t\t\t\t\t\t\t<\/div>\n\t\t\t\t\t\t\t\t\t\t\t\t\t\t\t\t<div class=\"proradio-item\">\n\t\t\t\t\t\t\t\t\t<div class=\"proradio-itemcontainer\">\n\t\t\t\t\t\t\t\t\t\t<a href=\"https:\/\/lefestival.eu\/\" target=\"_blank\" rel=\"nofollow\" class=\"qt-sponsor\" >\n\t\t\t\t\t\t\t\t\t\t\t <img loading=\"lazy\" decoding=\"async\" width=\"1080\" height=\"1079\" src=\"https:\/\/radio-aviva.com\/nimes\/wp-content\/uploads\/sites\/5\/2024\/06\/Logo-festival-radio-france.png\" class=\"attachment-proradio-medium size-proradio-medium wp-post-image\" alt=\"Radio France\" title=\"Radio France\" srcset=\"https:\/\/radio-aviva.com\/nimes\/wp-content\/uploads\/sites\/5\/2024\/06\/Logo-festival-radio-france.png 1080w, https:\/\/radio-aviva.com\/nimes\/wp-content\/uploads\/sites\/5\/2024\/06\/Logo-festival-radio-france-770x770.png 770w, https:\/\/radio-aviva.com\/nimes\/wp-content\/uploads\/sites\/5\/2024\/06\/Logo-festival-radio-france-150x150.png 150w, https:\/\/radio-aviva.com\/nimes\/wp-content\/uploads\/sites\/5\/2024\/06\/Logo-festival-radio-france-768x767.png 768w, https:\/\/radio-aviva.com\/nimes\/wp-content\/uploads\/sites\/5\/2024\/06\/Logo-festival-radio-france-100x100.png 100w, https:\/\/radio-aviva.com\/nimes\/wp-content\/uploads\/sites\/5\/2024\/06\/Logo-festival-radio-france-370x370.png 370w\" sizes=\"(max-width: 1080px) 100vw, 1080px\" \/>\t\t\t\t\t\t\t\t\t\t<\/a>\n\t\t\t\t\t\t\t\t\t<\/div>\n\t\t\t\t\t\t\t\t<\/div>\n\t\t\t\t\t\t\t\t\t\t\t\t\t\t\t\t<div class=\"proradio-item\">\n\t\t\t\t\t\t\t\t\t<div class=\"proradio-itemcontainer\">\n\t\t\t\t\t\t\t\t\t\t<a href=\"https:\/\/www.doc-cevennes.org\/\" target=\"_blank\" rel=\"nofollow\" class=\"qt-sponsor\" >\n\t\t\t\t\t\t\t\t\t\t\t <img loading=\"lazy\" decoding=\"async\" width=\"821\" height=\"125\" src=\"https:\/\/radio-aviva.com\/nimes\/wp-content\/uploads\/sites\/5\/2024\/05\/logo-doc-cevennes.png\" class=\"attachment-proradio-medium size-proradio-medium wp-post-image\" alt=\"FESTIVAL INTERNATIONAL DU DOCUMENTAIRE DE LASALLE \/ DOC-CEVENNES\" title=\"FESTIVAL INTERNATIONAL DU DOCUMENTAIRE DE LASALLE \/ DOC-CEVENNES\" srcset=\"https:\/\/radio-aviva.com\/nimes\/wp-content\/uploads\/sites\/5\/2024\/05\/logo-doc-cevennes.png 821w, https:\/\/radio-aviva.com\/nimes\/wp-content\/uploads\/sites\/5\/2024\/05\/logo-doc-cevennes-770x117.png 770w, https:\/\/radio-aviva.com\/nimes\/wp-content\/uploads\/sites\/5\/2024\/05\/logo-doc-cevennes-768x117.png 768w\" sizes=\"(max-width: 821px) 100vw, 821px\" \/>\t\t\t\t\t\t\t\t\t\t<\/a>\n\t\t\t\t\t\t\t\t\t<\/div>\n\t\t\t\t\t\t\t\t<\/div>\n\t\t\t\t\t\t\t\t\t\t\t\t\t\t\t\t<div class=\"proradio-item\">\n\t\t\t\t\t\t\t\t\t<div class=\"proradio-itemcontainer\">\n\t\t\t\t\t\t\t\t\t\t<a href=\"https:\/\/www.suds-arles.com\/\" target=\"_blank\" rel=\"nofollow\" class=\"qt-sponsor\" >\n\t\t\t\t\t\t\t\t\t\t\t <img loading=\"lazy\" decoding=\"async\" width=\"746\" height=\"803\" src=\"https:\/\/radio-aviva.com\/nimes\/wp-content\/uploads\/sites\/5\/2024\/04\/logo-Les-Suds-a-Arles.png\" class=\"attachment-proradio-medium size-proradio-medium wp-post-image\" alt=\"LES SUDS, A ARLES\" title=\"LES SUDS, A ARLES\" srcset=\"https:\/\/radio-aviva.com\/nimes\/wp-content\/uploads\/sites\/5\/2024\/04\/logo-Les-Suds-a-Arles.png 746w, https:\/\/radio-aviva.com\/nimes\/wp-content\/uploads\/sites\/5\/2024\/04\/logo-Les-Suds-a-Arles-715x770.png 715w\" sizes=\"(max-width: 746px) 100vw, 746px\" \/>\t\t\t\t\t\t\t\t\t\t<\/a>\n\t\t\t\t\t\t\t\t\t<\/div>\n\t\t\t\t\t\t\t\t<\/div>\n\t\t\t\t\t\t\t\t\t\t\t\t\t\t\t\t<div class=\"proradio-item\">\n\t\t\t\t\t\t\t\t\t<div class=\"proradio-itemcontainer\">\n\t\t\t\t\t\t\t\t\t\t<a href=\"https:\/\/www.ladapt.net\/\" target=\"_blank\" rel=\"nofollow\" class=\"qt-sponsor\" >\n\t\t\t\t\t\t\t\t\t\t\t <img loading=\"lazy\" decoding=\"async\" width=\"118\" height=\"114\" src=\"https:\/\/radio-aviva.com\/nimes\/wp-content\/uploads\/sites\/5\/2024\/01\/logo-adapt.jpg\" class=\"attachment-proradio-medium size-proradio-medium wp-post-image\" alt=\"LADAPT\" title=\"LADAPT\" \/>\t\t\t\t\t\t\t\t\t\t<\/a>\n\t\t\t\t\t\t\t\t\t<\/div>\n\t\t\t\t\t\t\t\t<\/div>\n\t\t\t\t\t\t\t\t\t\t\t\t\t\t\t\t<div class=\"proradio-item\">\n\t\t\t\t\t\t\t\t\t<div class=\"proradio-itemcontainer\">\n\t\t\t\t\t\t\t\t\t\t<a href=\"https:\/\/www.croix-rouge.fr\/delegation-territoriale-du-gard\" target=\"_blank\" rel=\"nofollow\" class=\"qt-sponsor\" >\n\t\t\t\t\t\t\t\t\t\t\t <img loading=\"lazy\" decoding=\"async\" width=\"2048\" height=\"844\" src=\"https:\/\/radio-aviva.com\/nimes\/wp-content\/uploads\/sites\/5\/2024\/01\/logo-cr.png\" class=\"attachment-proradio-medium size-proradio-medium wp-post-image\" alt=\"CROIX-ROUGE FRANCAISE &#8211; DELEGATION TERRITORIALE DU GARD\" title=\"CROIX-ROUGE FRANCAISE &#8211; DELEGATION TERRITORIALE DU GARD\" srcset=\"https:\/\/radio-aviva.com\/nimes\/wp-content\/uploads\/sites\/5\/2024\/01\/logo-cr.png 2048w, https:\/\/radio-aviva.com\/nimes\/wp-content\/uploads\/sites\/5\/2024\/01\/logo-cr-770x317.png 770w, https:\/\/radio-aviva.com\/nimes\/wp-content\/uploads\/sites\/5\/2024\/01\/logo-cr-1170x482.png 1170w, https:\/\/radio-aviva.com\/nimes\/wp-content\/uploads\/sites\/5\/2024\/01\/logo-cr-768x317.png 768w, https:\/\/radio-aviva.com\/nimes\/wp-content\/uploads\/sites\/5\/2024\/01\/logo-cr-1536x633.png 1536w\" sizes=\"(max-width: 2048px) 100vw, 2048px\" \/>\t\t\t\t\t\t\t\t\t\t<\/a>\n\t\t\t\t\t\t\t\t\t<\/div>\n\t\t\t\t\t\t\t\t<\/div>\n\t\t\t\t\t\t\t\t\t\t\t\t\t\t\t\t<div class=\"proradio-item\">\n\t\t\t\t\t\t\t\t\t<div class=\"proradio-itemcontainer\">\n\t\t\t\t\t\t\t\t\t\t<a href=\"https:\/\/afmd.org\/\" target=\"_blank\" rel=\"nofollow\" class=\"qt-sponsor\" >\n\t\t\t\t\t\t\t\t\t\t\t <img loading=\"lazy\" decoding=\"async\" width=\"357\" height=\"148\" src=\"https:\/\/radio-aviva.com\/nimes\/wp-content\/uploads\/sites\/5\/2024\/01\/logo-amfd-30.png\" class=\"attachment-proradio-medium size-proradio-medium wp-post-image\" alt=\"AMIS DE LA FONDATION POUR LA MEMOIRE DE LA DEPORTATION &#8211; DELEGATION DU GARD\" title=\"AMIS DE LA FONDATION POUR LA MEMOIRE DE LA DEPORTATION &#8211; DELEGATION DU GARD\" \/>\t\t\t\t\t\t\t\t\t\t<\/a>\n\t\t\t\t\t\t\t\t\t<\/div>\n\t\t\t\t\t\t\t\t<\/div>\n\t\t\t\t\t\t\t\t\t\t\t\t\t\t\t\t<div class=\"proradio-item\">\n\t\t\t\t\t\t\t\t\t<div class=\"proradio-itemcontainer\">\n\t\t\t\t\t\t\t\t\t\t<a href=\"https:\/\/www.viafeminafama.com\/\" target=\"_blank\" rel=\"nofollow\" class=\"qt-sponsor\" >\n\t\t\t\t\t\t\t\t\t\t\t <img loading=\"lazy\" decoding=\"async\" width=\"459\" height=\"461\" src=\"https:\/\/radio-aviva.com\/nimes\/wp-content\/uploads\/sites\/5\/2024\/01\/logo-via-femina-fama.png\" class=\"attachment-proradio-medium size-proradio-medium wp-post-image\" alt=\"VIA FEMINA FAMA\" title=\"VIA FEMINA FAMA\" srcset=\"https:\/\/radio-aviva.com\/nimes\/wp-content\/uploads\/sites\/5\/2024\/01\/logo-via-femina-fama.png 459w, https:\/\/radio-aviva.com\/nimes\/wp-content\/uploads\/sites\/5\/2024\/01\/logo-via-femina-fama-150x150.png 150w, https:\/\/radio-aviva.com\/nimes\/wp-content\/uploads\/sites\/5\/2024\/01\/logo-via-femina-fama-100x100.png 100w\" sizes=\"(max-width: 459px) 100vw, 459px\" \/>\t\t\t\t\t\t\t\t\t\t<\/a>\n\t\t\t\t\t\t\t\t\t<\/div>\n\t\t\t\t\t\t\t\t<\/div>\n\t\t\t\t\t\t\t\t\t\t\t\t\t\t\t\t<div class=\"proradio-item\">\n\t\t\t\t\t\t\t\t\t<div class=\"proradio-itemcontainer\">\n\t\t\t\t\t\t\t\t\t\t<a href=\"https:\/\/www.maison-europe-nimes.eu\/\" target=\"_blank\" rel=\"nofollow\" class=\"qt-sponsor\" >\n\t\t\t\t\t\t\t\t\t\t\t <img loading=\"lazy\" decoding=\"async\" width=\"125\" height=\"110\" src=\"https:\/\/radio-aviva.com\/nimes\/wp-content\/uploads\/sites\/5\/2024\/01\/logo-maison-de-leurope.webp\" class=\"attachment-proradio-medium size-proradio-medium wp-post-image\" alt=\"MAISON DE L&rsquo;EUROPE DE N\u00ceMES\" title=\"MAISON DE L&rsquo;EUROPE DE N\u00ceMES\" \/>\t\t\t\t\t\t\t\t\t\t<\/a>\n\t\t\t\t\t\t\t\t\t<\/div>\n\t\t\t\t\t\t\t\t<\/div>\n\t\t\t\t\t\t\t\t\t\t\t\t\t\t\t\t<div class=\"proradio-item\">\n\t\t\t\t\t\t\t\t\t<div class=\"proradio-itemcontainer\">\n\t\t\t\t\t\t\t\t\t\t<a href=\"https:\/\/cidff30.fr\/\" target=\"_blank\" rel=\"nofollow\" class=\"qt-sponsor\" >\n\t\t\t\t\t\t\t\t\t\t\t <img loading=\"lazy\" decoding=\"async\" width=\"515\" height=\"351\" src=\"https:\/\/radio-aviva.com\/nimes\/wp-content\/uploads\/sites\/5\/2023\/12\/LOGO-CIDFF30.jpg\" class=\"attachment-proradio-medium size-proradio-medium wp-post-image\" alt=\"CIDFF30\" title=\"CIDFF30\" \/>\t\t\t\t\t\t\t\t\t\t<\/a>\n\t\t\t\t\t\t\t\t\t<\/div>\n\t\t\t\t\t\t\t\t<\/div>\n\t\t\t\t\t\t\t\t\t\t\t\t\t\t\t\t<div class=\"proradio-item\">\n\t\t\t\t\t\t\t\t\t<div class=\"proradio-itemcontainer\">\n\t\t\t\t\t\t\t\t\t\t<a href=\"https:\/\/www.actioncontrelafaim.org\/\" target=\"_blank\" rel=\"nofollow\" class=\"qt-sponsor\" >\n\t\t\t\t\t\t\t\t\t\t\t <img loading=\"lazy\" decoding=\"async\" width=\"1200\" height=\"758\" src=\"https:\/\/radio-aviva.com\/nimes\/wp-content\/uploads\/sites\/5\/2023\/12\/Logo_Action_contre_la_faim.svg_.png\" class=\"attachment-proradio-medium size-proradio-medium wp-post-image\" alt=\"ACTION CONTRE LA FAIM\" title=\"ACTION CONTRE LA FAIM\" srcset=\"https:\/\/radio-aviva.com\/nimes\/wp-content\/uploads\/sites\/5\/2023\/12\/Logo_Action_contre_la_faim.svg_.png 1200w, https:\/\/radio-aviva.com\/nimes\/wp-content\/uploads\/sites\/5\/2023\/12\/Logo_Action_contre_la_faim.svg_-770x486.png 770w, https:\/\/radio-aviva.com\/nimes\/wp-content\/uploads\/sites\/5\/2023\/12\/Logo_Action_contre_la_faim.svg_-1170x739.png 1170w, https:\/\/radio-aviva.com\/nimes\/wp-content\/uploads\/sites\/5\/2023\/12\/Logo_Action_contre_la_faim.svg_-768x485.png 768w\" sizes=\"(max-width: 1200px) 100vw, 1200px\" \/>\t\t\t\t\t\t\t\t\t\t<\/a>\n\t\t\t\t\t\t\t\t\t<\/div>\n\t\t\t\t\t\t\t\t<\/div>\n\t\t\t\t\t\t\t\t\t\t\t\t\t\t\t\t<div class=\"proradio-item\">\n\t\t\t\t\t\t\t\t\t<div class=\"proradio-itemcontainer\">\n\t\t\t\t\t\t\t\t\t\t<a href=\"https:\/\/chretiensetcultures.fr\/musiques-sacrees\/\" target=\"_blank\" rel=\"nofollow\" class=\"qt-sponsor\" >\n\t\t\t\t\t\t\t\t\t\t\t <img loading=\"lazy\" decoding=\"async\" width=\"300\" height=\"300\" src=\"https:\/\/radio-aviva.com\/nimes\/wp-content\/uploads\/sites\/5\/2023\/11\/LOGO-300x300-1.png\" class=\"attachment-proradio-medium size-proradio-medium wp-post-image\" alt=\"FESTIVAL ANIMA\" title=\"FESTIVAL ANIMA\" srcset=\"https:\/\/radio-aviva.com\/nimes\/wp-content\/uploads\/sites\/5\/2023\/11\/LOGO-300x300-1.png 300w, https:\/\/radio-aviva.com\/nimes\/wp-content\/uploads\/sites\/5\/2023\/11\/LOGO-300x300-1-150x150.png 150w, https:\/\/radio-aviva.com\/nimes\/wp-content\/uploads\/sites\/5\/2023\/11\/LOGO-300x300-1-100x100.png 100w\" sizes=\"(max-width: 300px) 100vw, 300px\" \/>\t\t\t\t\t\t\t\t\t\t<\/a>\n\t\t\t\t\t\t\t\t\t<\/div>\n\t\t\t\t\t\t\t\t<\/div>\n\t\t\t\t\t\t\t\t\t\t\t\t\t\t\t\t<div class=\"proradio-item\">\n\t\t\t\t\t\t\t\t\t<div class=\"proradio-itemcontainer\">\n\t\t\t\t\t\t\t\t\t\t<a href=\"https:\/\/aspiefamily.fr\/\" target=\"_blank\" rel=\"nofollow\" class=\"qt-sponsor\" >\n\t\t\t\t\t\t\t\t\t\t\t <img loading=\"lazy\" decoding=\"async\" width=\"1597\" height=\"1597\" src=\"https:\/\/radio-aviva.com\/nimes\/wp-content\/uploads\/sites\/5\/2023\/11\/1699365709165.jpg\" class=\"attachment-proradio-medium size-proradio-medium wp-post-image\" alt=\"ASPIE FAMILY\" title=\"ASPIE FAMILY\" srcset=\"https:\/\/radio-aviva.com\/nimes\/wp-content\/uploads\/sites\/5\/2023\/11\/1699365709165.jpg 1597w, https:\/\/radio-aviva.com\/nimes\/wp-content\/uploads\/sites\/5\/2023\/11\/1699365709165-770x770.jpg 770w, https:\/\/radio-aviva.com\/nimes\/wp-content\/uploads\/sites\/5\/2023\/11\/1699365709165-1170x1170.jpg 1170w, https:\/\/radio-aviva.com\/nimes\/wp-content\/uploads\/sites\/5\/2023\/11\/1699365709165-150x150.jpg 150w, https:\/\/radio-aviva.com\/nimes\/wp-content\/uploads\/sites\/5\/2023\/11\/1699365709165-768x768.jpg 768w, https:\/\/radio-aviva.com\/nimes\/wp-content\/uploads\/sites\/5\/2023\/11\/1699365709165-1536x1536.jpg 1536w, https:\/\/radio-aviva.com\/nimes\/wp-content\/uploads\/sites\/5\/2023\/11\/1699365709165-100x100.jpg 100w, https:\/\/radio-aviva.com\/nimes\/wp-content\/uploads\/sites\/5\/2023\/11\/1699365709165-370x370.jpg 370w\" sizes=\"(max-width: 1597px) 100vw, 1597px\" \/>\t\t\t\t\t\t\t\t\t\t<\/a>\n\t\t\t\t\t\t\t\t\t<\/div>\n\t\t\t\t\t\t\t\t<\/div>\n\t\t\t\t\t\t\t\t\t\t\t\t\t\t\t\t<div class=\"proradio-item\">\n\t\t\t\t\t\t\t\t\t<div class=\"proradio-itemcontainer\">\n\t\t\t\t\t\t\t\t\t\t<a href=\"https:\/\/www.laregion.fr\/maison-ales\" target=\"_blank\" rel=\"nofollow\" class=\"qt-sponsor\" >\n\t\t\t\t\t\t\t\t\t\t\t <img loading=\"lazy\" decoding=\"async\" width=\"681\" height=\"272\" src=\"https:\/\/radio-aviva.com\/nimes\/wp-content\/uploads\/sites\/5\/2023\/11\/image004.png\" class=\"attachment-proradio-medium size-proradio-medium wp-post-image\" alt=\"LA MAISON DE MA REGION &#8211; ALES\" title=\"LA MAISON DE MA REGION &#8211; ALES\" \/>\t\t\t\t\t\t\t\t\t\t<\/a>\n\t\t\t\t\t\t\t\t\t<\/div>\n\t\t\t\t\t\t\t\t<\/div>\n\t\t\t\t\t\t\t\t\t\t\t\t\t\t\t\t<div class=\"proradio-item\">\n\t\t\t\t\t\t\t\t\t<div class=\"proradio-itemcontainer\">\n\t\t\t\t\t\t\t\t\t\t<a href=\"https:\/\/nimes.soroptimist.fr\/\" target=\"_blank\" rel=\"nofollow\" class=\"qt-sponsor\" >\n\t\t\t\t\t\t\t\t\t\t\t <img loading=\"lazy\" decoding=\"async\" width=\"445\" height=\"652\" src=\"https:\/\/radio-aviva.com\/nimes\/wp-content\/uploads\/sites\/5\/2023\/10\/LOGO-SOROPTIMIST-NIMES-BLEU.png\" class=\"attachment-proradio-medium size-proradio-medium wp-post-image\" alt=\"Soroptimist International N\u00eemes\" title=\"Soroptimist International N\u00eemes\" \/>\t\t\t\t\t\t\t\t\t\t<\/a>\n\t\t\t\t\t\t\t\t\t<\/div>\n\t\t\t\t\t\t\t\t<\/div>\n\t\t\t\t\t\t\t\t\t\t\t\t\t\t\t\t<div class=\"proradio-item\">\n\t\t\t\t\t\t\t\t\t<div class=\"proradio-itemcontainer\">\n\t\t\t\t\t\t\t\t\t\t<a href=\"https:\/\/www.campredonartetimage.com\/\" target=\"_blank\" rel=\"nofollow\" class=\"qt-sponsor\" >\n\t\t\t\t\t\t\t\t\t\t\t <img loading=\"lazy\" decoding=\"async\" width=\"919\" height=\"548\" src=\"https:\/\/radio-aviva.com\/nimes\/wp-content\/uploads\/sites\/5\/2023\/09\/LOGO-CAMPREDON_NOIR.png\" class=\"attachment-proradio-medium size-proradio-medium wp-post-image\" alt=\"Campredon Art &amp; Image\" title=\"Campredon Art &amp; Image\" srcset=\"https:\/\/radio-aviva.com\/nimes\/wp-content\/uploads\/sites\/5\/2023\/09\/LOGO-CAMPREDON_NOIR.png 919w, https:\/\/radio-aviva.com\/nimes\/wp-content\/uploads\/sites\/5\/2023\/09\/LOGO-CAMPREDON_NOIR-770x459.png 770w, https:\/\/radio-aviva.com\/nimes\/wp-content\/uploads\/sites\/5\/2023\/09\/LOGO-CAMPREDON_NOIR-768x458.png 768w\" sizes=\"(max-width: 919px) 100vw, 919px\" \/>\t\t\t\t\t\t\t\t\t\t<\/a>\n\t\t\t\t\t\t\t\t\t<\/div>\n\t\t\t\t\t\t\t\t<\/div>\n\t\t\t\t\t\t\t\t\t\t\t\t\t\t\t\t<div class=\"proradio-item\">\n\t\t\t\t\t\t\t\t\t<div class=\"proradio-itemcontainer\">\n\t\t\t\t\t\t\t\t\t\t<a href=\"https:\/\/www.vincentribera-organisation.com\/\" target=\"_blank\" rel=\"nofollow\" class=\"qt-sponsor\" >\n\t\t\t\t\t\t\t\t\t\t\t <img loading=\"lazy\" decoding=\"async\" width=\"225\" height=\"225\" src=\"https:\/\/radio-aviva.com\/nimes\/wp-content\/uploads\/sites\/5\/2023\/08\/telechargement-removebg-preview.png\" class=\"attachment-proradio-medium size-proradio-medium wp-post-image\" alt=\"VINCENT RIBERA ORGANISATION\" title=\"VINCENT RIBERA ORGANISATION\" srcset=\"https:\/\/radio-aviva.com\/nimes\/wp-content\/uploads\/sites\/5\/2023\/08\/telechargement-removebg-preview.png 225w, https:\/\/radio-aviva.com\/nimes\/wp-content\/uploads\/sites\/5\/2023\/08\/telechargement-removebg-preview-150x150.png 150w, https:\/\/radio-aviva.com\/nimes\/wp-content\/uploads\/sites\/5\/2023\/08\/telechargement-removebg-preview-100x100.png 100w\" sizes=\"(max-width: 225px) 100vw, 225px\" \/>\t\t\t\t\t\t\t\t\t\t<\/a>\n\t\t\t\t\t\t\t\t\t<\/div>\n\t\t\t\t\t\t\t\t<\/div>\n\t\t\t\t\t\t\t\t\t\t\t\t\t\t\t\t<div class=\"proradio-item\">\n\t\t\t\t\t\t\t\t\t<div class=\"proradio-itemcontainer\">\n\t\t\t\t\t\t\t\t\t\t<a href=\"https:\/\/www.laregion.fr\/\" target=\"_blank\" rel=\"nofollow\" class=\"qt-sponsor\" >\n\t\t\t\t\t\t\t\t\t\t\t <img loading=\"lazy\" decoding=\"async\" width=\"1024\" height=\"1024\" src=\"https:\/\/radio-aviva.com\/nimes\/wp-content\/uploads\/sites\/5\/2023\/08\/1024px-Logo_Occitanie_2017.svg_.png\" class=\"attachment-proradio-medium size-proradio-medium wp-post-image\" alt=\"LA REGION OCCITANIE\" title=\"LA REGION OCCITANIE\" srcset=\"https:\/\/radio-aviva.com\/nimes\/wp-content\/uploads\/sites\/5\/2023\/08\/1024px-Logo_Occitanie_2017.svg_.png 1024w, https:\/\/radio-aviva.com\/nimes\/wp-content\/uploads\/sites\/5\/2023\/08\/1024px-Logo_Occitanie_2017.svg_-770x770.png 770w, https:\/\/radio-aviva.com\/nimes\/wp-content\/uploads\/sites\/5\/2023\/08\/1024px-Logo_Occitanie_2017.svg_-150x150.png 150w, https:\/\/radio-aviva.com\/nimes\/wp-content\/uploads\/sites\/5\/2023\/08\/1024px-Logo_Occitanie_2017.svg_-768x768.png 768w, https:\/\/radio-aviva.com\/nimes\/wp-content\/uploads\/sites\/5\/2023\/08\/1024px-Logo_Occitanie_2017.svg_-100x100.png 100w, https:\/\/radio-aviva.com\/nimes\/wp-content\/uploads\/sites\/5\/2023\/08\/1024px-Logo_Occitanie_2017.svg_-370x370.png 370w\" sizes=\"(max-width: 1024px) 100vw, 1024px\" \/>\t\t\t\t\t\t\t\t\t\t<\/a>\n\t\t\t\t\t\t\t\t\t<\/div>\n\t\t\t\t\t\t\t\t<\/div>\n\t\t\t\t\t\t\t\t\t\t\t\t\t\t\t\t<div class=\"proradio-item\">\n\t\t\t\t\t\t\t\t\t<div class=\"proradio-itemcontainer\">\n\t\t\t\t\t\t\t\t\t\t<a href=\"https:\/\/www.veolia.fr\/\" target=\"_blank\" rel=\"nofollow\" class=\"qt-sponsor\" >\n\t\t\t\t\t\t\t\t\t\t\t <img loading=\"lazy\" decoding=\"async\" width=\"2560\" height=\"640\" src=\"https:\/\/radio-aviva.com\/nimes\/wp-content\/uploads\/sites\/5\/2023\/08\/2560px-Veolia_logo.svg_.png\" class=\"attachment-proradio-medium size-proradio-medium wp-post-image\" alt=\"VEOLIA\" title=\"VEOLIA\" srcset=\"https:\/\/radio-aviva.com\/nimes\/wp-content\/uploads\/sites\/5\/2023\/08\/2560px-Veolia_logo.svg_.png 2560w, https:\/\/radio-aviva.com\/nimes\/wp-content\/uploads\/sites\/5\/2023\/08\/2560px-Veolia_logo.svg_-770x193.png 770w, https:\/\/radio-aviva.com\/nimes\/wp-content\/uploads\/sites\/5\/2023\/08\/2560px-Veolia_logo.svg_-1170x293.png 1170w, https:\/\/radio-aviva.com\/nimes\/wp-content\/uploads\/sites\/5\/2023\/08\/2560px-Veolia_logo.svg_-768x192.png 768w, https:\/\/radio-aviva.com\/nimes\/wp-content\/uploads\/sites\/5\/2023\/08\/2560px-Veolia_logo.svg_-1536x384.png 1536w, https:\/\/radio-aviva.com\/nimes\/wp-content\/uploads\/sites\/5\/2023\/08\/2560px-Veolia_logo.svg_-2048x512.png 2048w\" sizes=\"(max-width: 2560px) 100vw, 2560px\" \/>\t\t\t\t\t\t\t\t\t\t<\/a>\n\t\t\t\t\t\t\t\t\t<\/div>\n\t\t\t\t\t\t\t\t<\/div>\n\t\t\t\t\t\t\t\t\t\t\t\t\t\t\t\t<div class=\"proradio-item\">\n\t\t\t\t\t\t\t\t\t<div class=\"proradio-itemcontainer\">\n\t\t\t\t\t\t\t\t\t\t<a href=\"https:\/\/www.nimes.fr\/\" target=\"_blank\" rel=\"nofollow\" class=\"qt-sponsor\" >\n\t\t\t\t\t\t\t\t\t\t\t <img loading=\"lazy\" decoding=\"async\" width=\"2560\" height=\"2560\" src=\"https:\/\/radio-aviva.com\/nimes\/wp-content\/uploads\/sites\/5\/2023\/08\/Logo-Ville-de-Nimes-scaled.jpg\" class=\"attachment-proradio-medium size-proradio-medium wp-post-image\" alt=\"Ville de N\u00eemes\" title=\"Ville de N\u00eemes\" srcset=\"https:\/\/radio-aviva.com\/nimes\/wp-content\/uploads\/sites\/5\/2023\/08\/Logo-Ville-de-Nimes-scaled.jpg 2560w, https:\/\/radio-aviva.com\/nimes\/wp-content\/uploads\/sites\/5\/2023\/08\/Logo-Ville-de-Nimes-770x770.jpg 770w, https:\/\/radio-aviva.com\/nimes\/wp-content\/uploads\/sites\/5\/2023\/08\/Logo-Ville-de-Nimes-1170x1170.jpg 1170w, https:\/\/radio-aviva.com\/nimes\/wp-content\/uploads\/sites\/5\/2023\/08\/Logo-Ville-de-Nimes-150x150.jpg 150w, https:\/\/radio-aviva.com\/nimes\/wp-content\/uploads\/sites\/5\/2023\/08\/Logo-Ville-de-Nimes-768x768.jpg 768w, https:\/\/radio-aviva.com\/nimes\/wp-content\/uploads\/sites\/5\/2023\/08\/Logo-Ville-de-Nimes-1536x1536.jpg 1536w, https:\/\/radio-aviva.com\/nimes\/wp-content\/uploads\/sites\/5\/2023\/08\/Logo-Ville-de-Nimes-2048x2048.jpg 2048w, https:\/\/radio-aviva.com\/nimes\/wp-content\/uploads\/sites\/5\/2023\/08\/Logo-Ville-de-Nimes-100x100.jpg 100w, https:\/\/radio-aviva.com\/nimes\/wp-content\/uploads\/sites\/5\/2023\/08\/Logo-Ville-de-Nimes-370x370.jpg 370w\" sizes=\"(max-width: 2560px) 100vw, 2560px\" \/>\t\t\t\t\t\t\t\t\t\t<\/a>\n\t\t\t\t\t\t\t\t\t<\/div>\n\t\t\t\t\t\t\t\t<\/div>\n\t\t\t\t\t\t\t\t\t\t\t\t\t\t\t\t<div class=\"proradio-item\">\n\t\t\t\t\t\t\t\t\t<div class=\"proradio-itemcontainer\">\n\t\t\t\t\t\t\t\t\t\t<a href=\"https:\/\/www.gard.fr\/\" target=\"_blank\" rel=\"nofollow\" class=\"qt-sponsor\" >\n\t\t\t\t\t\t\t\t\t\t\t <img loading=\"lazy\" decoding=\"async\" width=\"1200\" height=\"1200\" src=\"https:\/\/radio-aviva.com\/nimes\/wp-content\/uploads\/sites\/5\/2023\/08\/Logo_Departement_Gard_-_2021.svg_.png\" class=\"attachment-proradio-medium size-proradio-medium wp-post-image\" alt=\"D\u00e9partement Gard\" title=\"D\u00e9partement Gard\" srcset=\"https:\/\/radio-aviva.com\/nimes\/wp-content\/uploads\/sites\/5\/2023\/08\/Logo_Departement_Gard_-_2021.svg_.png 1200w, https:\/\/radio-aviva.com\/nimes\/wp-content\/uploads\/sites\/5\/2023\/08\/Logo_Departement_Gard_-_2021.svg_-770x770.png 770w, https:\/\/radio-aviva.com\/nimes\/wp-content\/uploads\/sites\/5\/2023\/08\/Logo_Departement_Gard_-_2021.svg_-1170x1170.png 1170w, https:\/\/radio-aviva.com\/nimes\/wp-content\/uploads\/sites\/5\/2023\/08\/Logo_Departement_Gard_-_2021.svg_-150x150.png 150w, https:\/\/radio-aviva.com\/nimes\/wp-content\/uploads\/sites\/5\/2023\/08\/Logo_Departement_Gard_-_2021.svg_-768x768.png 768w, https:\/\/radio-aviva.com\/nimes\/wp-content\/uploads\/sites\/5\/2023\/08\/Logo_Departement_Gard_-_2021.svg_-100x100.png 100w, https:\/\/radio-aviva.com\/nimes\/wp-content\/uploads\/sites\/5\/2023\/08\/Logo_Departement_Gard_-_2021.svg_-370x370.png 370w\" sizes=\"(max-width: 1200px) 100vw, 1200px\" \/>\t\t\t\t\t\t\t\t\t\t<\/a>\n\t\t\t\t\t\t\t\t\t<\/div>\n\t\t\t\t\t\t\t\t<\/div>\n\t\t\t\t\t\t\t\t\t\t\t\t\t\t\t\t<div class=\"proradio-item\">\n\t\t\t\t\t\t\t\t\t<div class=\"proradio-itemcontainer\">\n\t\t\t\t\t\t\t\t\t\t<a href=\"https:\/\/radios-arra.fr\/\" target=\"_blank\" rel=\"nofollow\" class=\"qt-sponsor\" >\n\t\t\t\t\t\t\t\t\t\t\t <img loading=\"lazy\" decoding=\"async\" width=\"2560\" height=\"1164\" src=\"https:\/\/radio-aviva.com\/nimes\/wp-content\/uploads\/sites\/5\/2023\/08\/logo-ARRA-occitanie-rouge-scaled.jpg\" class=\"attachment-proradio-medium size-proradio-medium wp-post-image\" alt=\"ARRA\" title=\"ARRA\" srcset=\"https:\/\/radio-aviva.com\/nimes\/wp-content\/uploads\/sites\/5\/2023\/08\/logo-ARRA-occitanie-rouge-scaled.jpg 2560w, https:\/\/radio-aviva.com\/nimes\/wp-content\/uploads\/sites\/5\/2023\/08\/logo-ARRA-occitanie-rouge-770x350.jpg 770w, https:\/\/radio-aviva.com\/nimes\/wp-content\/uploads\/sites\/5\/2023\/08\/logo-ARRA-occitanie-rouge-1170x532.jpg 1170w, https:\/\/radio-aviva.com\/nimes\/wp-content\/uploads\/sites\/5\/2023\/08\/logo-ARRA-occitanie-rouge-768x349.jpg 768w, https:\/\/radio-aviva.com\/nimes\/wp-content\/uploads\/sites\/5\/2023\/08\/logo-ARRA-occitanie-rouge-1536x698.jpg 1536w, https:\/\/radio-aviva.com\/nimes\/wp-content\/uploads\/sites\/5\/2023\/08\/logo-ARRA-occitanie-rouge-2048x931.jpg 2048w\" sizes=\"(max-width: 2560px) 100vw, 2560px\" \/>\t\t\t\t\t\t\t\t\t\t<\/a>\n\t\t\t\t\t\t\t\t\t<\/div>\n\t\t\t\t\t\t\t\t<\/div>\n\t\t\t\t\t\t\t\t\t\t\t\t\t\t\t\t<div class=\"proradio-item\">\n\t\t\t\t\t\t\t\t\t<div class=\"proradio-itemcontainer\">\n\t\t\t\t\t\t\t\t\t\t<a href=\"https:\/\/cnra.fr\/\" target=\"_blank\" rel=\"nofollow\" class=\"qt-sponsor\" >\n\t\t\t\t\t\t\t\t\t\t\t <img loading=\"lazy\" decoding=\"async\" width=\"300\" height=\"168\" src=\"https:\/\/radio-aviva.com\/nimes\/wp-content\/uploads\/sites\/5\/2023\/08\/cropped-logo-2015-CNRA-logo-blanc-1368x768-Jpeg-1-removebg-preview.png\" class=\"attachment-proradio-medium size-proradio-medium wp-post-image\" alt=\"CNRA\" title=\"CNRA\" \/>\t\t\t\t\t\t\t\t\t\t<\/a>\n\t\t\t\t\t\t\t\t\t<\/div>\n\t\t\t\t\t\t\t\t<\/div>\n\t\t\t\t\t\t\t\t\t\t\t\t\t\t\t\t<div class=\"proradio-item\">\n\t\t\t\t\t\t\t\t\t<div class=\"proradio-itemcontainer\">\n\t\t\t\t\t\t\t\t\t\t<a href=\"https:\/\/www.ligue-cancer.net\/30-gard\" target=\"_blank\" rel=\"nofollow\" class=\"qt-sponsor\" >\n\t\t\t\t\t\t\t\t\t\t\t <img loading=\"lazy\" decoding=\"async\" width=\"225\" height=\"225\" src=\"https:\/\/radio-aviva.com\/nimes\/wp-content\/uploads\/sites\/5\/2023\/08\/LOGO_LIGUE_CANCER-removebg-preview.png\" class=\"attachment-proradio-medium size-proradio-medium wp-post-image\" alt=\"LIGUE CONTRE LE CANCER &#8211; COMITE GARD\" title=\"LIGUE CONTRE LE CANCER &#8211; COMITE GARD\" srcset=\"https:\/\/radio-aviva.com\/nimes\/wp-content\/uploads\/sites\/5\/2023\/08\/LOGO_LIGUE_CANCER-removebg-preview.png 225w, https:\/\/radio-aviva.com\/nimes\/wp-content\/uploads\/sites\/5\/2023\/08\/LOGO_LIGUE_CANCER-removebg-preview-150x150.png 150w, https:\/\/radio-aviva.com\/nimes\/wp-content\/uploads\/sites\/5\/2023\/08\/LOGO_LIGUE_CANCER-removebg-preview-100x100.png 100w\" sizes=\"(max-width: 225px) 100vw, 225px\" \/>\t\t\t\t\t\t\t\t\t\t<\/a>\n\t\t\t\t\t\t\t\t\t<\/div>\n\t\t\t\t\t\t\t\t<\/div>\n\t\t\t\t\t\t\t\t\t\t\t\t\t\t\t\t<div class=\"proradio-item\">\n\t\t\t\t\t\t\t\t\t<div class=\"proradio-itemcontainer\">\n\t\t\t\t\t\t\t\t\t\t<a href=\"https:\/\/lestranses.org\/\" target=\"_blank\" rel=\"nofollow\" class=\"qt-sponsor\" >\n\t\t\t\t\t\t\t\t\t\t\t <img loading=\"lazy\" decoding=\"async\" width=\"1278\" height=\"536\" src=\"https:\/\/radio-aviva.com\/nimes\/wp-content\/uploads\/sites\/5\/2023\/08\/les-transes-cevenoles.png\" class=\"attachment-proradio-medium size-proradio-medium wp-post-image\" alt=\"FESTIVAL LES TRANSES CEVENOLES\" title=\"FESTIVAL LES TRANSES CEVENOLES\" srcset=\"https:\/\/radio-aviva.com\/nimes\/wp-content\/uploads\/sites\/5\/2023\/08\/les-transes-cevenoles.png 1278w, https:\/\/radio-aviva.com\/nimes\/wp-content\/uploads\/sites\/5\/2023\/08\/les-transes-cevenoles-770x323.png 770w, https:\/\/radio-aviva.com\/nimes\/wp-content\/uploads\/sites\/5\/2023\/08\/les-transes-cevenoles-1170x491.png 1170w, https:\/\/radio-aviva.com\/nimes\/wp-content\/uploads\/sites\/5\/2023\/08\/les-transes-cevenoles-768x322.png 768w\" sizes=\"(max-width: 1278px) 100vw, 1278px\" \/>\t\t\t\t\t\t\t\t\t\t<\/a>\n\t\t\t\t\t\t\t\t\t<\/div>\n\t\t\t\t\t\t\t\t<\/div>\n\t\t\t\t\t\t\t\t\t\t\t\t\t\t\t\t<div class=\"proradio-item\">\n\t\t\t\t\t\t\t\t\t<div class=\"proradio-itemcontainer\">\n\t\t\t\t\t\t\t\t\t\t<a href=\"https:\/\/www.girardproduction.fr\/rosa-musica\/\" target=\"_blank\" rel=\"nofollow\" class=\"qt-sponsor\" >\n\t\t\t\t\t\t\t\t\t\t\t <img loading=\"lazy\" decoding=\"async\" width=\"306\" height=\"162\" src=\"https:\/\/radio-aviva.com\/nimes\/wp-content\/uploads\/sites\/5\/2023\/08\/rosa-musica.png\" class=\"attachment-proradio-medium size-proradio-medium wp-post-image\" alt=\"FESTIVAL ROSA MUSICA\" title=\"FESTIVAL ROSA MUSICA\" \/>\t\t\t\t\t\t\t\t\t\t<\/a>\n\t\t\t\t\t\t\t\t\t<\/div>\n\t\t\t\t\t\t\t\t<\/div>\n\t\t\t\t\t\t\t\t            \n\t\t\t\t\t<\/div>\n\t\t\t\t<\/div>\n\t\t\t\t\t\t\t<\/div>\n\t\t\t\t<\/div>\n\t\t\t\t\t<\/div>\n\t\t<\/div>\n\t\t\t\t\t<\/div>\n\t\t<\/section>\n\t\t\t\t<\/div>\n\t\t","protected":false},"excerpt":{"rendered":"<p>\u00c9mission en cours \u00c9missionsMaintenant \u00e0 l\u2019antenne L&rsquo;afterwork access_time16:00 &#8211; 18:30 Vous \u00e9coutez le programme de : N\u00eemes Choisir une autre ville : Montpellier Perpignan Dans un instant : A l&#039;\u00e9coute \u00c9missions L&rsquo;afterwork 16:00 &#8211; 18:30 \u00c9missions Magazines \u00e9conomiques et politiques 18:30 &#8211; 19:00 more_vert Magazines \u00e9conomiques et politiques Libre \u00e9change, ...<\/p>\n","protected":false},"author":1,"featured_media":0,"parent":0,"menu_order":0,"comment_status":"closed","ping_status":"closed","template":"elementor_header_footer","meta":{"footnotes":""},"folder":[],"class_list":["post-4163","page","type-page","status-publish","hentry"],"_links":{"self":[{"href":"https:\/\/radio-aviva.com\/nimes\/wp-json\/wp\/v2\/pages\/4163","targetHints":{"allow":["GET"]}}],"collection":[{"href":"https:\/\/radio-aviva.com\/nimes\/wp-json\/wp\/v2\/pages"}],"about":[{"href":"https:\/\/radio-aviva.com\/nimes\/wp-json\/wp\/v2\/types\/page"}],"author":[{"embeddable":true,"href":"https:\/\/radio-aviva.com\/nimes\/wp-json\/wp\/v2\/users\/1"}],"replies":[{"embeddable":true,"href":"https:\/\/radio-aviva.com\/nimes\/wp-json\/wp\/v2\/comments?post=4163"}],"version-history":[{"count":101,"href":"https:\/\/radio-aviva.com\/nimes\/wp-json\/wp\/v2\/pages\/4163\/revisions"}],"predecessor-version":[{"id":9894,"href":"https:\/\/radio-aviva.com\/nimes\/wp-json\/wp\/v2\/pages\/4163\/revisions\/9894"}],"wp:attachment":[{"href":"https:\/\/radio-aviva.com\/nimes\/wp-json\/wp\/v2\/media?parent=4163"}],"wp:term":[{"taxonomy":"folder","embeddable":true,"href":"https:\/\/radio-aviva.com\/nimes\/wp-json\/wp\/v2\/folder?post=4163"}],"curies":[{"name":"wp","href":"https:\/\/api.w.org\/{rel}","templated":true}]}}