{"id":6142,"date":"2022-12-23T17:15:42","date_gmt":"2022-12-23T15:15:42","guid":{"rendered":"https:\/\/radio-aviva.com\/nimes\/notre-equipe\/"},"modified":"2023-08-25T17:48:08","modified_gmt":"2023-08-25T15:48:08","slug":"l-equipe","status":"publish","type":"page","link":"https:\/\/radio-aviva.com\/nimes\/l-equipe\/","title":{"rendered":"L&rsquo;\u00e9quipe"},"content":{"rendered":"\t\t<div data-elementor-type=\"wp-page\" data-elementor-id=\"6142\" class=\"elementor elementor-6142\">\n\t\t\t\t\t\t<section class=\"elementor-section elementor-top-section elementor-element elementor-element-4c1c667 elementor-section-boxed elementor-section-height-default elementor-section-height-default\" data-id=\"4c1c667\" data-element_type=\"section\" data-e-type=\"section\">\n\t\t\t\t\t\t<div class=\"elementor-container elementor-column-gap-default\">\n\t\t\t\t\t<div class=\"elementor-column elementor-col-100 elementor-top-column elementor-element elementor-element-c1c4a5f\" data-id=\"c1c4a5f\" data-element_type=\"column\" data-e-type=\"column\">\n\t\t\t<div class=\"elementor-widget-wrap elementor-element-populated\">\n\t\t\t\t\t\t<div class=\"elementor-element elementor-element-efda25f elementor-widget elementor-widget-proradio-elementor-qt-caption\" data-id=\"efda25f\" data-element_type=\"widget\" data-e-type=\"widget\" data-widget_type=\"proradio-elementor-qt-caption.default\">\n\t\t\t\t<div class=\"elementor-widget-container\">\n\t\t\t\t\t\t\t<div>\n\t\t\t<h3  class=\"proradio-element-caption proradio-caption  proradio-caption__m center proradio-center proradio-caption__c proradio-anim  \" data-qtwaypoints-offset=\"30\" data-qtwaypoints>\t\t\t\t<span>Le Conseil d&#039;Administration<\/span>\n\t\t\t\t<\/h3>\t\t<\/div>\n\t\t\t\t\t\t<\/div>\n\t\t\t\t<\/div>\n\t\t\t\t<div class=\"elementor-element elementor-element-61460f7 elementor-widget elementor-widget-proradio-elementor-post-grid\" data-id=\"61460f7\" data-element_type=\"widget\" data-e-type=\"widget\" data-widget_type=\"proradio-elementor-post-grid.default\">\n\t\t\t\t<div class=\"elementor-widget-container\">\n\t\t\t\t\t\t\t\t<div id=\"qttmelementor-grid-0f5d805f\" class=\"proradio-container proradio-post-grid\">\n\n\t\t\t\t\t\t\t\t<div id=\"qttmelementor-list-0f5d805f\" class=\"proradio-row\">\n\t\t\t\t\t\t\t\t\t\t\t<div class=\"proradio-col proradio-col__post proradio-s12 proradio-m3 proradio-l3\">\n\t\t\t\t\t\t\t<article class=\"proradio-post proradio-post__card proradio-post__card--members proradio-darkbg proradio-negative post-6184 members type-members status-publish has-post-thumbnail hentry membertype-le-conseil-dadministration\" data-qtwaypoints>\n\t<div class=\"proradio-bgimg proradio-bgimg--full proradio-duotone\">\n\t\t<img fetchpriority=\"high\" decoding=\"async\" width=\"370\" height=\"480\" src=\"https:\/\/radio-aviva.com\/nimes\/wp-content\/uploads\/sites\/5\/2024\/03\/Patrick-Losso-370x480.jpg\" class=\"proradio-post__thumb wp-post-image\" alt=\"\" \/>\t<\/div>\n\t<div class=\"proradio-post__headercont\">\n\t\t<a class=\"proradio-post__header__link\" href=\"https:\/\/radio-aviva.com\/nimes\/equipe\/patrick-losso-secretaire-general\/\"><\/a>\n\t\t<div class=\"proradio-actions__cont\">\n\t<div class=\"proradio-actions\">\n\t\t\t\t<a href=\"https:\/\/radio-aviva.com\/nimes\/equipe\/patrick-losso-secretaire-general\/\" class=\"proradio-actionicon\"><i class='material-icons'>person_outline<\/i><\/a>\n\t\t\n\n\t\t\t\t<span class=\"proradio-actions__a1\">\t\t<a data-ttgreaktions-shareboxfull=\"{&quot;id&quot;:&quot;6184&quot;,&quot;shared&quot;:&quot;https:\\\/\\\/radio-aviva.com\\\/nimes\\\/equipe\\\/patrick-losso-secretaire-general\\\/&quot;,&quot;title&quot;:&quot;Patrick LOSSO : Secr\\u00e9taire g\\u00e9n\\u00e9ral&quot;,&quot;finalUrl&quot;:&quot;https:\\\/\\\/radio-aviva.com\\\/nimes\\\/equipe\\\/patrick-losso-secretaire-general\\\/?id=6184&amp;reaktions-share-fullpage=6184&amp;noajax=1&amp;label=Partager&amp;btnclass=proradio-btn  proradio-btn__r&amp;secure=78d33d6f01&quot;}\" href=\"#nojax\" class=\"proradio_reaktions-link \">\n\t\t\t<span class=\"qtli\"><i class=\"reakticons-share\"><\/i><\/span><span class=\"count\"><\/span>\n\t\t<\/a>\n\t\t<\/span>\n\t\t\n\n\t\t\t<\/div>\n<\/div>\n\n\n\t\t<div class=\"proradio-post__card__cap\">\n\t\t\t<p class=\"proradio-cats\">\n\t\t\t\t<a href=\"https:\/\/radio-aviva.com\/nimes\/equipe-type\/le-conseil-dadministration\/\" class=\"proradio-catid-136\">Le Conseil d&#039;Administration<\/a>\t\t\t<\/p>\n\t\t\t<h3 class=\"proradio-post__title\"><a href=\"https:\/\/radio-aviva.com\/nimes\/equipe\/patrick-losso-secretaire-general\/\">Patrick LOSSO : Secr\u00e9taire g\u00e9n\u00e9ral<\/a><\/h3>\n\t\t\t\n\t\t\t\t\t\t\n\t\t<\/div>\n\t<\/div>\n<\/article>\t\t\t\t\t\t<\/div>\n\t\t\t\t\t\t\t\t\t\t\t\t<div class=\"proradio-col proradio-col__post proradio-s12 proradio-m3 proradio-l3\">\n\t\t\t\t\t\t\t<article class=\"proradio-post proradio-post__card proradio-post__card--members proradio-darkbg proradio-negative post-6185 members type-members status-publish has-post-thumbnail hentry membertype-le-conseil-dadministration\" data-qtwaypoints>\n\t<div class=\"proradio-bgimg proradio-bgimg--full proradio-duotone\">\n\t\t<img decoding=\"async\" width=\"370\" height=\"480\" src=\"https:\/\/radio-aviva.com\/nimes\/wp-content\/uploads\/sites\/5\/2023\/02\/Martine-Marragou-370x480.jpg\" class=\"proradio-post__thumb wp-post-image\" alt=\"\" \/>\t<\/div>\n\t<div class=\"proradio-post__headercont\">\n\t\t<a class=\"proradio-post__header__link\" href=\"https:\/\/radio-aviva.com\/nimes\/equipe\/martine-marragou-administratrice\/\"><\/a>\n\t\t<div class=\"proradio-actions__cont\">\n\t<div class=\"proradio-actions\">\n\t\t\t\t<a href=\"https:\/\/radio-aviva.com\/nimes\/equipe\/martine-marragou-administratrice\/\" class=\"proradio-actionicon\"><i class='material-icons'>person_outline<\/i><\/a>\n\t\t\n\n\t\t\t\t<span class=\"proradio-actions__a1\">\t\t<a data-ttgreaktions-shareboxfull=\"{&quot;id&quot;:&quot;6185&quot;,&quot;shared&quot;:&quot;https:\\\/\\\/radio-aviva.com\\\/nimes\\\/equipe\\\/martine-marragou-administratrice\\\/&quot;,&quot;title&quot;:&quot;Martine MARRAGOU : Administratrice&quot;,&quot;finalUrl&quot;:&quot;https:\\\/\\\/radio-aviva.com\\\/nimes\\\/equipe\\\/martine-marragou-administratrice\\\/?id=6185&amp;reaktions-share-fullpage=6185&amp;noajax=1&amp;label=Partager&amp;btnclass=proradio-btn  proradio-btn__r&amp;secure=78d33d6f01&quot;}\" href=\"#nojax\" class=\"proradio_reaktions-link \">\n\t\t\t<span class=\"qtli\"><i class=\"reakticons-share\"><\/i><\/span><span class=\"count\"><\/span>\n\t\t<\/a>\n\t\t<\/span>\n\t\t\n\n\t\t\t<\/div>\n<\/div>\n\n\n\t\t<div class=\"proradio-post__card__cap\">\n\t\t\t<p class=\"proradio-cats\">\n\t\t\t\t<a href=\"https:\/\/radio-aviva.com\/nimes\/equipe-type\/le-conseil-dadministration\/\" class=\"proradio-catid-136\">Le Conseil d&#039;Administration<\/a>\t\t\t<\/p>\n\t\t\t<h3 class=\"proradio-post__title\"><a href=\"https:\/\/radio-aviva.com\/nimes\/equipe\/martine-marragou-administratrice\/\">Martine MARRAGOU : Administratrice<\/a><\/h3>\n\t\t\t\n\t\t\t\t\t\t\n\t\t<\/div>\n\t<\/div>\n<\/article>\t\t\t\t\t\t<\/div>\n\t\t\t\t\t\t\t\t\t\t\t\t<div class=\"proradio-col proradio-col__post proradio-s12 proradio-m3 proradio-l3\">\n\t\t\t\t\t\t\t<article class=\"proradio-post proradio-post__card proradio-post__card--members proradio-darkbg proradio-negative post-6187 members type-members status-publish hentry membertype-le-conseil-dadministration\" data-qtwaypoints>\n\t<div class=\"proradio-bgimg proradio-bgimg--full proradio-duotone\">\n\t\t\t<\/div>\n\t<div class=\"proradio-post__headercont\">\n\t\t<a class=\"proradio-post__header__link\" href=\"https:\/\/radio-aviva.com\/nimes\/equipe\/camille-tabet-administratrice\/\"><\/a>\n\t\t<div class=\"proradio-actions__cont\">\n\t<div class=\"proradio-actions\">\n\t\t\t\t<a href=\"https:\/\/radio-aviva.com\/nimes\/equipe\/camille-tabet-administratrice\/\" class=\"proradio-actionicon\"><i class='material-icons'>person_outline<\/i><\/a>\n\t\t\n\n\t\t\t\t<span class=\"proradio-actions__a1\">\t\t<a data-ttgreaktions-shareboxfull=\"{&quot;id&quot;:&quot;6187&quot;,&quot;shared&quot;:&quot;https:\\\/\\\/radio-aviva.com\\\/nimes\\\/equipe\\\/camille-tabet-administratrice\\\/&quot;,&quot;title&quot;:&quot;Camille TABET : Administratrice&quot;,&quot;finalUrl&quot;:&quot;https:\\\/\\\/radio-aviva.com\\\/nimes\\\/equipe\\\/camille-tabet-administratrice\\\/?id=6187&amp;reaktions-share-fullpage=6187&amp;noajax=1&amp;label=Partager&amp;btnclass=proradio-btn  proradio-btn__r&amp;secure=78d33d6f01&quot;}\" href=\"#nojax\" class=\"proradio_reaktions-link \">\n\t\t\t<span class=\"qtli\"><i class=\"reakticons-share\"><\/i><\/span><span class=\"count\"><\/span>\n\t\t<\/a>\n\t\t<\/span>\n\t\t\n\n\t\t\t<\/div>\n<\/div>\n\n\n\t\t<div class=\"proradio-post__card__cap\">\n\t\t\t<p class=\"proradio-cats\">\n\t\t\t\t<a href=\"https:\/\/radio-aviva.com\/nimes\/equipe-type\/le-conseil-dadministration\/\" class=\"proradio-catid-136\">Le Conseil d&#039;Administration<\/a>\t\t\t<\/p>\n\t\t\t<h3 class=\"proradio-post__title\"><a href=\"https:\/\/radio-aviva.com\/nimes\/equipe\/camille-tabet-administratrice\/\">Camille TABET : Administratrice<\/a><\/h3>\n\t\t\t\n\t\t\t\t\t\t\n\t\t<\/div>\n\t<\/div>\n<\/article>\t\t\t\t\t\t<\/div>\n\t\t\t\t\t\t\t\t\t\t\t\t<div class=\"proradio-col proradio-col__post proradio-s12 proradio-m3 proradio-l3\">\n\t\t\t\t\t\t\t<article class=\"proradio-post proradio-post__card proradio-post__card--members proradio-darkbg proradio-negative post-6188 members type-members status-publish has-post-thumbnail hentry membertype-le-conseil-dadministration\" data-qtwaypoints>\n\t<div class=\"proradio-bgimg proradio-bgimg--full proradio-duotone\">\n\t\t<img decoding=\"async\" width=\"196\" height=\"296\" src=\"https:\/\/radio-aviva.com\/nimes\/wp-content\/uploads\/sites\/5\/2023\/02\/bitonsydney.jpg\" class=\"proradio-post__thumb wp-post-image\" alt=\"\" \/>\t<\/div>\n\t<div class=\"proradio-post__headercont\">\n\t\t<a class=\"proradio-post__header__link\" href=\"https:\/\/radio-aviva.com\/nimes\/equipe\/sydney-biton-administrateur\/\"><\/a>\n\t\t<div class=\"proradio-actions__cont\">\n\t<div class=\"proradio-actions\">\n\t\t\t\t<a href=\"https:\/\/radio-aviva.com\/nimes\/equipe\/sydney-biton-administrateur\/\" class=\"proradio-actionicon\"><i class='material-icons'>person_outline<\/i><\/a>\n\t\t\n\n\t\t\t\t<span class=\"proradio-actions__a1\">\t\t<a data-ttgreaktions-shareboxfull=\"{&quot;id&quot;:&quot;6188&quot;,&quot;shared&quot;:&quot;https:\\\/\\\/radio-aviva.com\\\/nimes\\\/equipe\\\/sydney-biton-administrateur\\\/&quot;,&quot;title&quot;:&quot;Sydney BITON : Administrateur&quot;,&quot;finalUrl&quot;:&quot;https:\\\/\\\/radio-aviva.com\\\/nimes\\\/equipe\\\/sydney-biton-administrateur\\\/?id=6188&amp;reaktions-share-fullpage=6188&amp;noajax=1&amp;label=Partager&amp;btnclass=proradio-btn  proradio-btn__r&amp;secure=78d33d6f01&quot;}\" href=\"#nojax\" class=\"proradio_reaktions-link \">\n\t\t\t<span class=\"qtli\"><i class=\"reakticons-share\"><\/i><\/span><span class=\"count\"><\/span>\n\t\t<\/a>\n\t\t<\/span>\n\t\t\n\n\t\t\t<\/div>\n<\/div>\n\n\n\t\t<div class=\"proradio-post__card__cap\">\n\t\t\t<p class=\"proradio-cats\">\n\t\t\t\t<a href=\"https:\/\/radio-aviva.com\/nimes\/equipe-type\/le-conseil-dadministration\/\" class=\"proradio-catid-136\">Le Conseil d&#039;Administration<\/a>\t\t\t<\/p>\n\t\t\t<h3 class=\"proradio-post__title\"><a href=\"https:\/\/radio-aviva.com\/nimes\/equipe\/sydney-biton-administrateur\/\">Sydney BITON : Administrateur<\/a><\/h3>\n\t\t\t\n\t\t\t\t\t\t\n\t\t<\/div>\n\t<\/div>\n<\/article>\t\t\t\t\t\t<\/div>\n\t\t\t\t\t\t\t\t\t\t\t\t<div class=\"proradio-col proradio-col__post proradio-s12 proradio-m3 proradio-l3\">\n\t\t\t\t\t\t\t<article class=\"proradio-post proradio-post__card proradio-post__card--members proradio-darkbg proradio-negative post-6190 members type-members status-publish hentry membertype-le-conseil-dadministration\" data-qtwaypoints>\n\t<div class=\"proradio-bgimg proradio-bgimg--full proradio-duotone\">\n\t\t\t<\/div>\n\t<div class=\"proradio-post__headercont\">\n\t\t<a class=\"proradio-post__header__link\" href=\"https:\/\/radio-aviva.com\/nimes\/equipe\/patrice-bitton-tresorier\/\"><\/a>\n\t\t<div class=\"proradio-actions__cont\">\n\t<div class=\"proradio-actions\">\n\t\t\t\t<a href=\"https:\/\/radio-aviva.com\/nimes\/equipe\/patrice-bitton-tresorier\/\" class=\"proradio-actionicon\"><i class='material-icons'>person_outline<\/i><\/a>\n\t\t\n\n\t\t\t\t<span class=\"proradio-actions__a1\">\t\t<a data-ttgreaktions-shareboxfull=\"{&quot;id&quot;:&quot;6190&quot;,&quot;shared&quot;:&quot;https:\\\/\\\/radio-aviva.com\\\/nimes\\\/equipe\\\/patrice-bitton-tresorier\\\/&quot;,&quot;title&quot;:&quot;Patrice BITTON : Tr\\u00e9sorier&quot;,&quot;finalUrl&quot;:&quot;https:\\\/\\\/radio-aviva.com\\\/nimes\\\/equipe\\\/patrice-bitton-tresorier\\\/?id=6190&amp;reaktions-share-fullpage=6190&amp;noajax=1&amp;label=Partager&amp;btnclass=proradio-btn  proradio-btn__r&amp;secure=78d33d6f01&quot;}\" href=\"#nojax\" class=\"proradio_reaktions-link \">\n\t\t\t<span class=\"qtli\"><i class=\"reakticons-share\"><\/i><\/span><span class=\"count\"><\/span>\n\t\t<\/a>\n\t\t<\/span>\n\t\t\n\n\t\t\t<\/div>\n<\/div>\n\n\n\t\t<div class=\"proradio-post__card__cap\">\n\t\t\t<p class=\"proradio-cats\">\n\t\t\t\t<a href=\"https:\/\/radio-aviva.com\/nimes\/equipe-type\/le-conseil-dadministration\/\" class=\"proradio-catid-136\">Le Conseil d&#039;Administration<\/a>\t\t\t<\/p>\n\t\t\t<h3 class=\"proradio-post__title\"><a href=\"https:\/\/radio-aviva.com\/nimes\/equipe\/patrice-bitton-tresorier\/\">Patrice BITTON : Tr\u00e9sorier<\/a><\/h3>\n\t\t\t\n\t\t\t\t\t\t\n\t\t<\/div>\n\t<\/div>\n<\/article>\t\t\t\t\t\t<\/div>\n\t\t\t\t\t\t\t\t\t\t\t\t<div class=\"proradio-col proradio-col__post proradio-s12 proradio-m3 proradio-l3\">\n\t\t\t\t\t\t\t<article class=\"proradio-post proradio-post__card proradio-post__card--members proradio-darkbg proradio-negative post-6192 members type-members status-publish has-post-thumbnail hentry membertype-le-conseil-dadministration\" data-qtwaypoints>\n\t<div class=\"proradio-bgimg proradio-bgimg--full proradio-duotone\">\n\t\t<img loading=\"lazy\" decoding=\"async\" width=\"225\" height=\"386\" src=\"https:\/\/radio-aviva.com\/nimes\/wp-content\/uploads\/sites\/5\/2023\/02\/Liliane-Dray.jpg\" class=\"proradio-post__thumb wp-post-image\" alt=\"\" \/>\t<\/div>\n\t<div class=\"proradio-post__headercont\">\n\t\t<a class=\"proradio-post__header__link\" href=\"https:\/\/radio-aviva.com\/nimes\/equipe\/liliane-dray-vice-presidente\/\"><\/a>\n\t\t<div class=\"proradio-actions__cont\">\n\t<div class=\"proradio-actions\">\n\t\t\t\t<a href=\"https:\/\/radio-aviva.com\/nimes\/equipe\/liliane-dray-vice-presidente\/\" class=\"proradio-actionicon\"><i class='material-icons'>person_outline<\/i><\/a>\n\t\t\n\n\t\t\t\t<span class=\"proradio-actions__a1\">\t\t<a data-ttgreaktions-shareboxfull=\"{&quot;id&quot;:&quot;6192&quot;,&quot;shared&quot;:&quot;https:\\\/\\\/radio-aviva.com\\\/nimes\\\/equipe\\\/liliane-dray-vice-presidente\\\/&quot;,&quot;title&quot;:&quot;Liliane DRAY : Vice Pr\\u00e9sidente&quot;,&quot;finalUrl&quot;:&quot;https:\\\/\\\/radio-aviva.com\\\/nimes\\\/equipe\\\/liliane-dray-vice-presidente\\\/?id=6192&amp;reaktions-share-fullpage=6192&amp;noajax=1&amp;label=Partager&amp;btnclass=proradio-btn  proradio-btn__r&amp;secure=78d33d6f01&quot;}\" href=\"#nojax\" class=\"proradio_reaktions-link \">\n\t\t\t<span class=\"qtli\"><i class=\"reakticons-share\"><\/i><\/span><span class=\"count\"><\/span>\n\t\t<\/a>\n\t\t<\/span>\n\t\t\n\n\t\t\t<\/div>\n<\/div>\n\n\n\t\t<div class=\"proradio-post__card__cap\">\n\t\t\t<p class=\"proradio-cats\">\n\t\t\t\t<a href=\"https:\/\/radio-aviva.com\/nimes\/equipe-type\/le-conseil-dadministration\/\" class=\"proradio-catid-136\">Le Conseil d&#039;Administration<\/a>\t\t\t<\/p>\n\t\t\t<h3 class=\"proradio-post__title\"><a href=\"https:\/\/radio-aviva.com\/nimes\/equipe\/liliane-dray-vice-presidente\/\">Liliane DRAY : Vice Pr\u00e9sidente<\/a><\/h3>\n\t\t\t\n\t\t\t\t\t\t\n\t\t<\/div>\n\t<\/div>\n<\/article>\t\t\t\t\t\t<\/div>\n\t\t\t\t\t\t\t\t\t\t\t\t<div class=\"proradio-col proradio-col__post proradio-s12 proradio-m3 proradio-l3\">\n\t\t\t\t\t\t\t<article class=\"proradio-post proradio-post__card proradio-post__card--members proradio-darkbg proradio-negative post-6194 members type-members status-publish has-post-thumbnail hentry membertype-le-conseil-dadministration\" data-qtwaypoints>\n\t<div class=\"proradio-bgimg proradio-bgimg--full proradio-duotone\">\n\t\t<img loading=\"lazy\" decoding=\"async\" width=\"370\" height=\"480\" src=\"https:\/\/radio-aviva.com\/nimes\/wp-content\/uploads\/sites\/5\/2023\/02\/Perla-DANAN-370x480.jpg\" class=\"proradio-post__thumb wp-post-image\" alt=\"\" \/>\t<\/div>\n\t<div class=\"proradio-post__headercont\">\n\t\t<a class=\"proradio-post__header__link\" href=\"https:\/\/radio-aviva.com\/nimes\/equipe\/perla-danan-presidente-directrice-dantenne\/\"><\/a>\n\t\t<div class=\"proradio-actions__cont\">\n\t<div class=\"proradio-actions\">\n\t\t\t\t<a href=\"https:\/\/radio-aviva.com\/nimes\/equipe\/perla-danan-presidente-directrice-dantenne\/\" class=\"proradio-actionicon\"><i class='material-icons'>person_outline<\/i><\/a>\n\t\t\n\n\t\t\t\t<span class=\"proradio-actions__a1\">\t\t<a data-ttgreaktions-shareboxfull=\"{&quot;id&quot;:&quot;6194&quot;,&quot;shared&quot;:&quot;https:\\\/\\\/radio-aviva.com\\\/nimes\\\/equipe\\\/perla-danan-presidente-directrice-dantenne\\\/&quot;,&quot;title&quot;:&quot;Perla DANAN : Pr\\u00e9sidente, directrice d\\u2019antenne&quot;,&quot;finalUrl&quot;:&quot;https:\\\/\\\/radio-aviva.com\\\/nimes\\\/equipe\\\/perla-danan-presidente-directrice-dantenne\\\/?id=6194&amp;reaktions-share-fullpage=6194&amp;noajax=1&amp;label=Partager&amp;btnclass=proradio-btn  proradio-btn__r&amp;secure=78d33d6f01&quot;}\" href=\"#nojax\" class=\"proradio_reaktions-link \">\n\t\t\t<span class=\"qtli\"><i class=\"reakticons-share\"><\/i><\/span><span class=\"count\">2<\/span>\n\t\t<\/a>\n\t\t<\/span>\n\t\t\n\n\t\t\t<\/div>\n<\/div>\n\n\n\t\t<div class=\"proradio-post__card__cap\">\n\t\t\t<p class=\"proradio-cats\">\n\t\t\t\t<a href=\"https:\/\/radio-aviva.com\/nimes\/equipe-type\/le-conseil-dadministration\/\" class=\"proradio-catid-136\">Le Conseil d&#039;Administration<\/a>\t\t\t<\/p>\n\t\t\t<h3 class=\"proradio-post__title\"><a href=\"https:\/\/radio-aviva.com\/nimes\/equipe\/perla-danan-presidente-directrice-dantenne\/\">Perla DANAN : Pr\u00e9sidente, directrice d\u2019antenne<\/a><\/h3>\n\t\t\t\n\t\t\t\t\t\t\n\t\t<\/div>\n\t<\/div>\n<\/article>\t\t\t\t\t\t<\/div>\n\t\t\t\t\t\t\t\t\t\t<\/div>\n\t\t\t<\/div>\n\t\t\t\t\t\t\t<\/div>\n\t\t\t\t<\/div>\n\t\t\t\t<div class=\"elementor-element elementor-element-207c50d elementor-widget elementor-widget-proradio-elementor-qt-caption\" data-id=\"207c50d\" data-element_type=\"widget\" data-e-type=\"widget\" data-widget_type=\"proradio-elementor-qt-caption.default\">\n\t\t\t\t<div class=\"elementor-widget-container\">\n\t\t\t\t\t\t\t<div>\n\t\t\t<h3  class=\"proradio-element-caption proradio-caption  proradio-caption__m center proradio-center proradio-caption__c proradio-anim  \" data-qtwaypoints-offset=\"30\" data-qtwaypoints>\t\t\t\t<span>Les animateurs<\/span>\n\t\t\t\t<\/h3>\t\t<\/div>\n\t\t\t\t\t\t<\/div>\n\t\t\t\t<\/div>\n\t\t\t\t<div class=\"elementor-element elementor-element-79d6ed2 elementor-widget elementor-widget-proradio-elementor-post-grid\" data-id=\"79d6ed2\" data-element_type=\"widget\" data-e-type=\"widget\" data-widget_type=\"proradio-elementor-post-grid.default\">\n\t\t\t\t<div class=\"elementor-widget-container\">\n\t\t\t\t\t\t\t\t<div id=\"qttmelementor-grid-97273efc\" class=\"proradio-container proradio-post-grid\">\n\n\t\t\t\t\t\t\t\t<div id=\"qttmelementor-list-97273efc\" class=\"proradio-row\">\n\t\t\t\t\t\t\t\t\t\t\t<div class=\"proradio-col proradio-col__post proradio-s12 proradio-m3 proradio-l3\">\n\t\t\t\t\t\t\t<article class=\"proradio-post proradio-post__card proradio-post__card--members proradio-darkbg proradio-negative post-6179 members type-members status-publish hentry membertype-animateurs\" data-qtwaypoints>\n\t<div class=\"proradio-bgimg proradio-bgimg--full proradio-duotone\">\n\t\t\t<\/div>\n\t<div class=\"proradio-post__headercont\">\n\t\t<a class=\"proradio-post__header__link\" href=\"https:\/\/radio-aviva.com\/nimes\/equipe\/alain-marrot\/\"><\/a>\n\t\t<div class=\"proradio-actions__cont\">\n\t<div class=\"proradio-actions\">\n\t\t\t\t<a href=\"https:\/\/radio-aviva.com\/nimes\/equipe\/alain-marrot\/\" class=\"proradio-actionicon\"><i class='material-icons'>person_outline<\/i><\/a>\n\t\t\n\n\t\t\t\t<span class=\"proradio-actions__a1\">\t\t<a data-ttgreaktions-shareboxfull=\"{&quot;id&quot;:&quot;6179&quot;,&quot;shared&quot;:&quot;https:\\\/\\\/radio-aviva.com\\\/nimes\\\/equipe\\\/alain-marrot\\\/&quot;,&quot;title&quot;:&quot;Alain Marrot&quot;,&quot;finalUrl&quot;:&quot;https:\\\/\\\/radio-aviva.com\\\/nimes\\\/equipe\\\/alain-marrot\\\/?id=6179&amp;reaktions-share-fullpage=6179&amp;noajax=1&amp;label=Partager&amp;btnclass=proradio-btn  proradio-btn__r&amp;secure=78d33d6f01&quot;}\" href=\"#nojax\" class=\"proradio_reaktions-link \">\n\t\t\t<span class=\"qtli\"><i class=\"reakticons-share\"><\/i><\/span><span class=\"count\"><\/span>\n\t\t<\/a>\n\t\t<\/span>\n\t\t\n\n\t\t\t<\/div>\n<\/div>\n\n\n\t\t<div class=\"proradio-post__card__cap\">\n\t\t\t<p class=\"proradio-cats\">\n\t\t\t\t<a href=\"https:\/\/radio-aviva.com\/nimes\/equipe-type\/animateurs\/\" class=\"proradio-catid-134\">Animateurs<\/a>\t\t\t<\/p>\n\t\t\t<h3 class=\"proradio-post__title\"><a href=\"https:\/\/radio-aviva.com\/nimes\/equipe\/alain-marrot\/\">Alain Marrot<\/a><\/h3>\n\t\t\t\n\t\t\t\t\t\t\n\t\t<\/div>\n\t<\/div>\n<\/article>\t\t\t\t\t\t<\/div>\n\t\t\t\t\t\t\t\t\t\t\t\t<div class=\"proradio-col proradio-col__post proradio-s12 proradio-m3 proradio-l3\">\n\t\t\t\t\t\t\t<article class=\"proradio-post proradio-post__card proradio-post__card--members proradio-darkbg proradio-negative post-6196 members type-members status-publish hentry membertype-animateurs\" data-qtwaypoints>\n\t<div class=\"proradio-bgimg proradio-bgimg--full proradio-duotone\">\n\t\t\t<\/div>\n\t<div class=\"proradio-post__headercont\">\n\t\t<a class=\"proradio-post__header__link\" href=\"https:\/\/radio-aviva.com\/nimes\/equipe\/arthur-fell\/\"><\/a>\n\t\t<div class=\"proradio-actions__cont\">\n\t<div class=\"proradio-actions\">\n\t\t\t\t<a href=\"https:\/\/radio-aviva.com\/nimes\/equipe\/arthur-fell\/\" class=\"proradio-actionicon\"><i class='material-icons'>person_outline<\/i><\/a>\n\t\t\n\n\t\t\t\t<span class=\"proradio-actions__a1\">\t\t<a data-ttgreaktions-shareboxfull=\"{&quot;id&quot;:&quot;6196&quot;,&quot;shared&quot;:&quot;https:\\\/\\\/radio-aviva.com\\\/nimes\\\/equipe\\\/arthur-fell\\\/&quot;,&quot;title&quot;:&quot;Arthur Fell&quot;,&quot;finalUrl&quot;:&quot;https:\\\/\\\/radio-aviva.com\\\/nimes\\\/equipe\\\/arthur-fell\\\/?id=6196&amp;reaktions-share-fullpage=6196&amp;noajax=1&amp;label=Partager&amp;btnclass=proradio-btn  proradio-btn__r&amp;secure=78d33d6f01&quot;}\" href=\"#nojax\" class=\"proradio_reaktions-link \">\n\t\t\t<span class=\"qtli\"><i class=\"reakticons-share\"><\/i><\/span><span class=\"count\">3<\/span>\n\t\t<\/a>\n\t\t<\/span>\n\t\t\n\n\t\t\t<\/div>\n<\/div>\n\n\n\t\t<div class=\"proradio-post__card__cap\">\n\t\t\t<p class=\"proradio-cats\">\n\t\t\t\t<a href=\"https:\/\/radio-aviva.com\/nimes\/equipe-type\/animateurs\/\" class=\"proradio-catid-134\">Animateurs<\/a>\t\t\t<\/p>\n\t\t\t<h3 class=\"proradio-post__title\"><a href=\"https:\/\/radio-aviva.com\/nimes\/equipe\/arthur-fell\/\">Arthur Fell<\/a><\/h3>\n\t\t\t\n\t\t\t\t\t\t\n\t\t<\/div>\n\t<\/div>\n<\/article>\t\t\t\t\t\t<\/div>\n\t\t\t\t\t\t\t\t\t\t\t\t<div class=\"proradio-col proradio-col__post proradio-s12 proradio-m3 proradio-l3\">\n\t\t\t\t\t\t\t<article class=\"proradio-post proradio-post__card proradio-post__card--members proradio-darkbg proradio-negative post-6198 members type-members status-publish has-post-thumbnail hentry membertype-animateurs\" data-qtwaypoints>\n\t<div class=\"proradio-bgimg proradio-bgimg--full proradio-duotone\">\n\t\t<img loading=\"lazy\" decoding=\"async\" width=\"370\" height=\"480\" src=\"https:\/\/radio-aviva.com\/nimes\/wp-content\/uploads\/sites\/5\/2023\/02\/Xavier-Nataf-370x480.jpeg\" class=\"proradio-post__thumb wp-post-image\" alt=\"\" \/>\t<\/div>\n\t<div class=\"proradio-post__headercont\">\n\t\t<a class=\"proradio-post__header__link\" href=\"https:\/\/radio-aviva.com\/nimes\/equipe\/xavier-nataf\/\"><\/a>\n\t\t<div class=\"proradio-actions__cont\">\n\t<div class=\"proradio-actions\">\n\t\t\t\t<a href=\"https:\/\/radio-aviva.com\/nimes\/equipe\/xavier-nataf\/\" class=\"proradio-actionicon\"><i class='material-icons'>person_outline<\/i><\/a>\n\t\t\n\n\t\t\t\t<span class=\"proradio-actions__a1\">\t\t<a data-ttgreaktions-shareboxfull=\"{&quot;id&quot;:&quot;6198&quot;,&quot;shared&quot;:&quot;https:\\\/\\\/radio-aviva.com\\\/nimes\\\/equipe\\\/xavier-nataf\\\/&quot;,&quot;title&quot;:&quot;Xavier Nataf&quot;,&quot;finalUrl&quot;:&quot;https:\\\/\\\/radio-aviva.com\\\/nimes\\\/equipe\\\/xavier-nataf\\\/?id=6198&amp;reaktions-share-fullpage=6198&amp;noajax=1&amp;label=Partager&amp;btnclass=proradio-btn  proradio-btn__r&amp;secure=78d33d6f01&quot;}\" href=\"#nojax\" class=\"proradio_reaktions-link \">\n\t\t\t<span class=\"qtli\"><i class=\"reakticons-share\"><\/i><\/span><span class=\"count\"><\/span>\n\t\t<\/a>\n\t\t<\/span>\n\t\t\n\n\t\t\t<\/div>\n<\/div>\n\n\n\t\t<div class=\"proradio-post__card__cap\">\n\t\t\t<p class=\"proradio-cats\">\n\t\t\t\t<a href=\"https:\/\/radio-aviva.com\/nimes\/equipe-type\/animateurs\/\" class=\"proradio-catid-134\">Animateurs<\/a>\t\t\t<\/p>\n\t\t\t<h3 class=\"proradio-post__title\"><a href=\"https:\/\/radio-aviva.com\/nimes\/equipe\/xavier-nataf\/\">Xavier Nataf<\/a><\/h3>\n\t\t\t\n\t\t\t\t\t\t\n\t\t<\/div>\n\t<\/div>\n<\/article>\t\t\t\t\t\t<\/div>\n\t\t\t\t\t\t\t\t\t\t<\/div>\n\t\t\t<\/div>\n\t\t\t\t\t\t\t<\/div>\n\t\t\t\t<\/div>\n\t\t\t\t<div class=\"elementor-element elementor-element-15c2371 elementor-widget elementor-widget-proradio-elementor-qt-caption\" data-id=\"15c2371\" data-element_type=\"widget\" data-e-type=\"widget\" data-widget_type=\"proradio-elementor-qt-caption.default\">\n\t\t\t\t<div class=\"elementor-widget-container\">\n\t\t\t\t\t\t\t<div>\n\t\t\t<h3  class=\"proradio-element-caption proradio-caption  proradio-caption__m center proradio-center proradio-caption__c proradio-anim  \" data-qtwaypoints-offset=\"30\" data-qtwaypoints>\t\t\t\t<span>Les DJ<\/span>\n\t\t\t\t<\/h3>\t\t<\/div>\n\t\t\t\t\t\t<\/div>\n\t\t\t\t<\/div>\n\t\t\t\t<div class=\"elementor-element elementor-element-8606222 elementor-widget elementor-widget-proradio-elementor-post-grid\" data-id=\"8606222\" data-element_type=\"widget\" data-e-type=\"widget\" data-widget_type=\"proradio-elementor-post-grid.default\">\n\t\t\t\t<div class=\"elementor-widget-container\">\n\t\t\t\t\t\t\t\t<div id=\"qttmelementor-grid-e7e118f4\" class=\"proradio-container proradio-post-grid\">\n\n\t\t\t\t\t\t\t\t<div id=\"qttmelementor-list-e7e118f4\" class=\"proradio-row\">\n\t\t\t\t\t\t\t\t\t\t\t<div class=\"proradio-col proradio-col__post proradio-s12 proradio-m3 proradio-l3\">\n\t\t\t\t\t\t\t<article class=\"proradio-post proradio-post__card proradio-post__card--members proradio-darkbg proradio-negative post-6171 members type-members status-publish has-post-thumbnail hentry membertype-djs\" data-qtwaypoints>\n\t<div class=\"proradio-bgimg proradio-bgimg--full proradio-duotone\">\n\t\t<img loading=\"lazy\" decoding=\"async\" width=\"370\" height=\"480\" src=\"https:\/\/radio-aviva.com\/nimes\/wp-content\/uploads\/sites\/5\/2023\/02\/Chris-Valden-370x480.jpg\" class=\"proradio-post__thumb wp-post-image\" alt=\"\" \/>\t<\/div>\n\t<div class=\"proradio-post__headercont\">\n\t\t<a class=\"proradio-post__header__link\" href=\"https:\/\/radio-aviva.com\/nimes\/equipe\/chris-valden\/\"><\/a>\n\t\t<div class=\"proradio-actions__cont\">\n\t<div class=\"proradio-actions\">\n\t\t\t\t<a href=\"https:\/\/radio-aviva.com\/nimes\/equipe\/chris-valden\/\" class=\"proradio-actionicon\"><i class='material-icons'>person_outline<\/i><\/a>\n\t\t\n\n\t\t\t\t<span class=\"proradio-actions__a1\">\t\t<a data-ttgreaktions-shareboxfull=\"{&quot;id&quot;:&quot;6171&quot;,&quot;shared&quot;:&quot;https:\\\/\\\/radio-aviva.com\\\/nimes\\\/equipe\\\/chris-valden\\\/&quot;,&quot;title&quot;:&quot;Chris Valden&quot;,&quot;finalUrl&quot;:&quot;https:\\\/\\\/radio-aviva.com\\\/nimes\\\/equipe\\\/chris-valden\\\/?id=6171&amp;reaktions-share-fullpage=6171&amp;noajax=1&amp;label=Partager&amp;btnclass=proradio-btn  proradio-btn__r&amp;secure=78d33d6f01&quot;}\" href=\"#nojax\" class=\"proradio_reaktions-link \">\n\t\t\t<span class=\"qtli\"><i class=\"reakticons-share\"><\/i><\/span><span class=\"count\"><\/span>\n\t\t<\/a>\n\t\t<\/span>\n\t\t\n\n\t\t\t<\/div>\n<\/div>\n\n\n\t\t<div class=\"proradio-post__card__cap\">\n\t\t\t<p class=\"proradio-cats\">\n\t\t\t\t<a href=\"https:\/\/radio-aviva.com\/nimes\/equipe-type\/djs\/\" class=\"proradio-catid-135\">DJ&#039;s<\/a>\t\t\t<\/p>\n\t\t\t<h3 class=\"proradio-post__title\"><a href=\"https:\/\/radio-aviva.com\/nimes\/equipe\/chris-valden\/\">Chris Valden<\/a><\/h3>\n\t\t\t\t\t\t\t<p class=\"proradio-post__social\">\n\t\t\t\t\t<a href=\"https:\/\/soundcloud.com\/user258782412\" target=\"_blank\" class=\"noembed\"><i class=\"qt-socicon-soundcloud\"><\/i><\/a>\t\t\t\t<\/p>\n\t\t\t\t\n\t\t\t\t\t\t\n\t\t<\/div>\n\t<\/div>\n<\/article>\t\t\t\t\t\t<\/div>\n\t\t\t\t\t\t\t\t\t\t\t\t<div class=\"proradio-col proradio-col__post proradio-s12 proradio-m3 proradio-l3\">\n\t\t\t\t\t\t\t<article class=\"proradio-post proradio-post__card proradio-post__card--members proradio-darkbg proradio-negative post-6173 members type-members status-publish has-post-thumbnail hentry membertype-djs\" data-qtwaypoints>\n\t<div class=\"proradio-bgimg proradio-bgimg--full proradio-duotone\">\n\t\t<img loading=\"lazy\" decoding=\"async\" width=\"370\" height=\"480\" src=\"https:\/\/radio-aviva.com\/nimes\/wp-content\/uploads\/sites\/5\/2023\/02\/Mellanie-370x480.jpg\" class=\"proradio-post__thumb wp-post-image\" alt=\"\" \/>\t<\/div>\n\t<div class=\"proradio-post__headercont\">\n\t\t<a class=\"proradio-post__header__link\" href=\"https:\/\/radio-aviva.com\/nimes\/equipe\/mellanie\/\"><\/a>\n\t\t<div class=\"proradio-actions__cont\">\n\t<div class=\"proradio-actions\">\n\t\t\t\t<a href=\"https:\/\/radio-aviva.com\/nimes\/equipe\/mellanie\/\" class=\"proradio-actionicon\"><i class='material-icons'>person_outline<\/i><\/a>\n\t\t\n\n\t\t\t\t<span class=\"proradio-actions__a1\">\t\t<a data-ttgreaktions-shareboxfull=\"{&quot;id&quot;:&quot;6173&quot;,&quot;shared&quot;:&quot;https:\\\/\\\/radio-aviva.com\\\/nimes\\\/equipe\\\/mellanie\\\/&quot;,&quot;title&quot;:&quot;Mellanie&quot;,&quot;finalUrl&quot;:&quot;https:\\\/\\\/radio-aviva.com\\\/nimes\\\/equipe\\\/mellanie\\\/?id=6173&amp;reaktions-share-fullpage=6173&amp;noajax=1&amp;label=Partager&amp;btnclass=proradio-btn  proradio-btn__r&amp;secure=78d33d6f01&quot;}\" href=\"#nojax\" class=\"proradio_reaktions-link \">\n\t\t\t<span class=\"qtli\"><i class=\"reakticons-share\"><\/i><\/span><span class=\"count\"><\/span>\n\t\t<\/a>\n\t\t<\/span>\n\t\t\n\n\t\t\t<\/div>\n<\/div>\n\n\n\t\t<div class=\"proradio-post__card__cap\">\n\t\t\t<p class=\"proradio-cats\">\n\t\t\t\t<a href=\"https:\/\/radio-aviva.com\/nimes\/equipe-type\/djs\/\" class=\"proradio-catid-135\">DJ&#039;s<\/a>\t\t\t<\/p>\n\t\t\t<h3 class=\"proradio-post__title\"><a href=\"https:\/\/radio-aviva.com\/nimes\/equipe\/mellanie\/\">Mellanie<\/a><\/h3>\n\t\t\t\t\t\t\t<p class=\"proradio-post__social\">\n\t\t\t\t\t<a href=\"https:\/\/www.instagram.com\/mellanie_dj\/\" target=\"_blank\" class=\"noembed\"><i class=\"qt-socicon-instagram\"><\/i><\/a><a href=\"https:\/\/www.facebook.com\/djmellanie\" target=\"_blank\" class=\"noembed\"><i class=\"qt-socicon-facebook\"><\/i><\/a><a href=\"https:\/\/www.youtube.com\/channel\/UCP9oAaCFumWHLBWlCVT2u9g\" target=\"_blank\" class=\"noembed\"><i class=\"qt-socicon-youtube\"><\/i><\/a><a href=\"https:\/\/soundcloud.com\/mellaniedjette\" target=\"_blank\" class=\"noembed\"><i class=\"qt-socicon-soundcloud\"><\/i><\/a><a href=\"https:\/\/www.mixcloud.com\/mellaniedjette\/\" target=\"_blank\" class=\"noembed\"><i class=\"qt-socicon-mixcloud\"><\/i><\/a>\t\t\t\t<\/p>\n\t\t\t\t\n\t\t\t\t\t\t\n\t\t<\/div>\n\t<\/div>\n<\/article>\t\t\t\t\t\t<\/div>\n\t\t\t\t\t\t\t\t\t\t\t\t<div class=\"proradio-col proradio-col__post proradio-s12 proradio-m3 proradio-l3\">\n\t\t\t\t\t\t\t<article class=\"proradio-post proradio-post__card proradio-post__card--members proradio-darkbg proradio-negative post-6175 members type-members status-publish has-post-thumbnail hentry membertype-djs\" data-qtwaypoints>\n\t<div class=\"proradio-bgimg proradio-bgimg--full proradio-duotone\">\n\t\t<img loading=\"lazy\" decoding=\"async\" width=\"370\" height=\"480\" src=\"https:\/\/radio-aviva.com\/nimes\/wp-content\/uploads\/sites\/5\/2023\/02\/Cyril-M-370x480.jpg\" class=\"proradio-post__thumb wp-post-image\" alt=\"\" \/>\t<\/div>\n\t<div class=\"proradio-post__headercont\">\n\t\t<a class=\"proradio-post__header__link\" href=\"https:\/\/radio-aviva.com\/nimes\/equipe\/cyril-m\/\"><\/a>\n\t\t<div class=\"proradio-actions__cont\">\n\t<div class=\"proradio-actions\">\n\t\t\t\t<a href=\"https:\/\/radio-aviva.com\/nimes\/equipe\/cyril-m\/\" class=\"proradio-actionicon\"><i class='material-icons'>person_outline<\/i><\/a>\n\t\t\n\n\t\t\t\t<span class=\"proradio-actions__a1\">\t\t<a data-ttgreaktions-shareboxfull=\"{&quot;id&quot;:&quot;6175&quot;,&quot;shared&quot;:&quot;https:\\\/\\\/radio-aviva.com\\\/nimes\\\/equipe\\\/cyril-m\\\/&quot;,&quot;title&quot;:&quot;Cyril M&quot;,&quot;finalUrl&quot;:&quot;https:\\\/\\\/radio-aviva.com\\\/nimes\\\/equipe\\\/cyril-m\\\/?id=6175&amp;reaktions-share-fullpage=6175&amp;noajax=1&amp;label=Partager&amp;btnclass=proradio-btn  proradio-btn__r&amp;secure=78d33d6f01&quot;}\" href=\"#nojax\" class=\"proradio_reaktions-link \">\n\t\t\t<span class=\"qtli\"><i class=\"reakticons-share\"><\/i><\/span><span class=\"count\"><\/span>\n\t\t<\/a>\n\t\t<\/span>\n\t\t\n\n\t\t\t<\/div>\n<\/div>\n\n\n\t\t<div class=\"proradio-post__card__cap\">\n\t\t\t<p class=\"proradio-cats\">\n\t\t\t\t<a href=\"https:\/\/radio-aviva.com\/nimes\/equipe-type\/djs\/\" class=\"proradio-catid-135\">DJ&#039;s<\/a>\t\t\t<\/p>\n\t\t\t<h3 class=\"proradio-post__title\"><a href=\"https:\/\/radio-aviva.com\/nimes\/equipe\/cyril-m\/\">Cyril M<\/a><\/h3>\n\t\t\t\t\t\t\t<p class=\"proradio-post__social\">\n\t\t\t\t\t<a href=\"https:\/\/www.instagram.com\/cyrilm.ofc\/\" target=\"_blank\" class=\"noembed\"><i class=\"qt-socicon-instagram\"><\/i><\/a><a href=\"https:\/\/www.facebook.com\/cyrilmdj\/\" target=\"_blank\" class=\"noembed\"><i class=\"qt-socicon-facebook\"><\/i><\/a><a href=\"https:\/\/www.mixcloud.com\/DJcyrilmDEMARS\/\" target=\"_blank\" class=\"noembed\"><i class=\"qt-socicon-mixcloud\"><\/i><\/a>\t\t\t\t<\/p>\n\t\t\t\t\n\t\t\t\t\t\t\n\t\t<\/div>\n\t<\/div>\n<\/article>\t\t\t\t\t\t<\/div>\n\t\t\t\t\t\t\t\t\t\t\t\t<div class=\"proradio-col proradio-col__post proradio-s12 proradio-m3 proradio-l3\">\n\t\t\t\t\t\t\t<article class=\"proradio-post proradio-post__card proradio-post__card--members proradio-darkbg proradio-negative post-6177 members type-members status-publish has-post-thumbnail hentry membertype-djs\" data-qtwaypoints>\n\t<div class=\"proradio-bgimg proradio-bgimg--full proradio-duotone\">\n\t\t<img loading=\"lazy\" decoding=\"async\" width=\"370\" height=\"480\" src=\"https:\/\/radio-aviva.com\/nimes\/wp-content\/uploads\/sites\/5\/2023\/02\/Germain-Rojo-370x480.jpg\" class=\"proradio-post__thumb wp-post-image\" alt=\"\" \/>\t<\/div>\n\t<div class=\"proradio-post__headercont\">\n\t\t<a class=\"proradio-post__header__link\" href=\"https:\/\/radio-aviva.com\/nimes\/equipe\/germain-rojo\/\"><\/a>\n\t\t<div class=\"proradio-actions__cont\">\n\t<div class=\"proradio-actions\">\n\t\t\t\t<a href=\"https:\/\/radio-aviva.com\/nimes\/equipe\/germain-rojo\/\" class=\"proradio-actionicon\"><i class='material-icons'>person_outline<\/i><\/a>\n\t\t\n\n\t\t\t\t<span class=\"proradio-actions__a1\">\t\t<a data-ttgreaktions-shareboxfull=\"{&quot;id&quot;:&quot;6177&quot;,&quot;shared&quot;:&quot;https:\\\/\\\/radio-aviva.com\\\/nimes\\\/equipe\\\/germain-rojo\\\/&quot;,&quot;title&quot;:&quot;Germain Rojo&quot;,&quot;finalUrl&quot;:&quot;https:\\\/\\\/radio-aviva.com\\\/nimes\\\/equipe\\\/germain-rojo\\\/?id=6177&amp;reaktions-share-fullpage=6177&amp;noajax=1&amp;label=Partager&amp;btnclass=proradio-btn  proradio-btn__r&amp;secure=78d33d6f01&quot;}\" href=\"#nojax\" class=\"proradio_reaktions-link \">\n\t\t\t<span class=\"qtli\"><i class=\"reakticons-share\"><\/i><\/span><span class=\"count\"><\/span>\n\t\t<\/a>\n\t\t<\/span>\n\t\t\n\n\t\t\t<\/div>\n<\/div>\n\n\n\t\t<div class=\"proradio-post__card__cap\">\n\t\t\t<p class=\"proradio-cats\">\n\t\t\t\t<a href=\"https:\/\/radio-aviva.com\/nimes\/equipe-type\/djs\/\" class=\"proradio-catid-135\">DJ&#039;s<\/a>\t\t\t<\/p>\n\t\t\t<h3 class=\"proradio-post__title\"><a href=\"https:\/\/radio-aviva.com\/nimes\/equipe\/germain-rojo\/\">Germain Rojo<\/a><\/h3>\n\t\t\t\t\t\t\t<p class=\"proradio-post__social\">\n\t\t\t\t\t<a href=\"https:\/\/www.instagram.com\/germain_rojo\/\" target=\"_blank\" class=\"noembed\"><i class=\"qt-socicon-instagram\"><\/i><\/a><a href=\"https:\/\/www.facebook.com\/germainrojo.music\/\" target=\"_blank\" class=\"noembed\"><i class=\"qt-socicon-facebook\"><\/i><\/a><a href=\"https:\/\/soundcloud.com\/germain-rojo\" target=\"_blank\" class=\"noembed\"><i class=\"qt-socicon-soundcloud\"><\/i><\/a>\t\t\t\t<\/p>\n\t\t\t\t\n\t\t\t\t\t\t\t\t<div class=\"proradio-excerpt\">\n\t\t\t\t\t\t<p class=\"proradio-cutme-3\">\n\t\t\t\t\t\tActeur phare des nuits de la r\u00e9gion Montpelli\u00e9raine depuis une dizaine d'ann\u00e9e. Germain est aux platines des meilleures adresses de nuit du Sud de la France: Heat Club l La Dune I La Voile Bleue & more.\t\t\t\t\t\t<\/p>\n\t\t\t\t\t<\/div>\n\t\t\t\t\t\t\t\t\n\t\t<\/div>\n\t<\/div>\n<\/article>\t\t\t\t\t\t<\/div>\n\t\t\t\t\t\t\t\t\t\t\t\t<div class=\"proradio-col proradio-col__post proradio-s12 proradio-m3 proradio-l3\">\n\t\t\t\t\t\t\t<article class=\"proradio-post proradio-post__card proradio-post__card--members proradio-darkbg proradio-negative post-6202 members type-members status-publish has-post-thumbnail hentry membertype-djs\" data-qtwaypoints>\n\t<div class=\"proradio-bgimg proradio-bgimg--full proradio-duotone\">\n\t\t<img loading=\"lazy\" decoding=\"async\" width=\"370\" height=\"402\" src=\"https:\/\/radio-aviva.com\/nimes\/wp-content\/uploads\/sites\/5\/2023\/02\/dj-vibe-370x402.png\" class=\"proradio-post__thumb wp-post-image\" alt=\"\" \/>\t<\/div>\n\t<div class=\"proradio-post__headercont\">\n\t\t<a class=\"proradio-post__header__link\" href=\"https:\/\/radio-aviva.com\/nimes\/equipe\/dj-vibe\/\"><\/a>\n\t\t<div class=\"proradio-actions__cont\">\n\t<div class=\"proradio-actions\">\n\t\t\t\t<a href=\"https:\/\/radio-aviva.com\/nimes\/equipe\/dj-vibe\/\" class=\"proradio-actionicon\"><i class='material-icons'>person_outline<\/i><\/a>\n\t\t\n\n\t\t\t\t<span class=\"proradio-actions__a1\">\t\t<a data-ttgreaktions-shareboxfull=\"{&quot;id&quot;:&quot;6202&quot;,&quot;shared&quot;:&quot;https:\\\/\\\/radio-aviva.com\\\/nimes\\\/equipe\\\/dj-vibe\\\/&quot;,&quot;title&quot;:&quot;DJ Vibe&quot;,&quot;finalUrl&quot;:&quot;https:\\\/\\\/radio-aviva.com\\\/nimes\\\/equipe\\\/dj-vibe\\\/?id=6202&amp;reaktions-share-fullpage=6202&amp;noajax=1&amp;label=Partager&amp;btnclass=proradio-btn  proradio-btn__r&amp;secure=78d33d6f01&quot;}\" href=\"#nojax\" class=\"proradio_reaktions-link \">\n\t\t\t<span class=\"qtli\"><i class=\"reakticons-share\"><\/i><\/span><span class=\"count\"><\/span>\n\t\t<\/a>\n\t\t<\/span>\n\t\t\n\n\t\t\t<\/div>\n<\/div>\n\n\n\t\t<div class=\"proradio-post__card__cap\">\n\t\t\t<p class=\"proradio-cats\">\n\t\t\t\t<a href=\"https:\/\/radio-aviva.com\/nimes\/equipe-type\/djs\/\" class=\"proradio-catid-135\">DJ&#039;s<\/a>\t\t\t<\/p>\n\t\t\t<h3 class=\"proradio-post__title\"><a href=\"https:\/\/radio-aviva.com\/nimes\/equipe\/dj-vibe\/\">DJ Vibe<\/a><\/h3>\n\t\t\t\t\t\t\t<p class=\"proradio-post__social\">\n\t\t\t\t\t<a href=\"https:\/\/www.facebook.com\/profile.php?id=100034431822979\" target=\"_blank\" class=\"noembed\"><i class=\"qt-socicon-facebook\"><\/i><\/a><a href=\"https:\/\/www.youtube.com\/channel\/UCZFC33P7854L6kRZ48QspkQ\" target=\"_blank\" class=\"noembed\"><i class=\"qt-socicon-youtube\"><\/i><\/a>\t\t\t\t<\/p>\n\t\t\t\t\n\t\t\t\t\t\t\t\t<div class=\"proradio-excerpt\">\n\t\t\t\t\t\t<p class=\"proradio-cutme-3\">\n\t\t\t\t\t\tDJ VIBE officie sur la sc\u00e8ne musicale depuis pr\u00eat d\u2019une trentaine d\u2019ann\u00e9es. Il se dirige tr\u00e8s jeune vers le style disco\/funk \u00e0 l\u2019\u00e2ge de 14 ans.\r\n\r\nA l\u2019\u00e9poque, il d\u00e9couvre les consonances disco et funky des artistes comme James Brown, Michael Jackson, Madonna et autres Evelyn King, George Clinton et Bootsy Collins.\r\n\r\nDe plus et d\u00e8s cette p\u00e9riode, il est fascin\u00e9 par les mix endiabl\u00e9s des DJs d\u00e9j\u00e0 tr\u00e8s pointus et calibr\u00e9s.\r\n\r\nIl commence donc \u00e0 mixer le funky style avec du mat\u00e9riel de fortune et d\u00e9bute sa collection de vinyles.\r\n\r\nTout ceci le conduit naturellement vers l\u2019animation radio et la r\u00e9alisation de soir\u00e9es Djing (discoth\u00e8que\/private party\/festival).\r\n\r\nDurant les ann\u00e9es 90, il anime sur la r\u00e9gion Grand Toulouse l\u2019\u00e9mission Vibration-funk qui deviendra ensuite le nom de sa production. Cette \u00e9mission reste encore grav\u00e9e dans les esprits des Toulousains et autres r\u00e9gions du Sud Ouest.\r\n\r\nD\u00e9but des ann\u00e9es 2000, il travaille sur 2 radios et fait \u00e9voluer son \u00e9mission en tant que \u00ab FUNK ANTHOLOGY \u00bb. Cette \u00e9mission reste actuellement la rampe de lancement de la production et des soir\u00e9es clubbing.\r\n\r\nDe plus, sur la m\u00eame p\u00e9riode, il d\u00e9veloppe d\u2019autres th\u00e9matiques et concepts tels que des \u00e9missions et shows mix \u00e9lectro nouveaut\u00e9s, house garage\/soulful ou encore RnB\/Hip Hop.\r\n\r\nDans le m\u00eame temps, DJ VIBE intensifie les soir\u00e9es dans les clubs \u00e0 la fois sur la cote d\u2019azur avec des prestations au CYTHERE, au CAVO, au SAINT HILAIRE mais aussi devient r\u00e9sident dans plusieurs clubs toulousains comme la NITRO (capacit\u00e9 1000), le LR (capacit\u00e9 500) et surtout l\u2019APOSIA plus grand club de France (multisalle capacit\u00e9 10000).\r\n\r\nCes prestations sont tr\u00e8s appr\u00e9ci\u00e9es et restent encore aujourd\u2019hui dans toutes les m\u00e9moires.\r\n\r\nPar toutes ces activit\u00e9s, il c\u00f4toie les plus grands comme KHEOPS, TRUTH HURTS, THOMAS G & SWADE, SCAN X, DOMINIQUE TORTI (Daft Punk) et bien d\u2019autres.\r\n\r\nAvec l\u2019av\u00e8nement de la d\u00e9cennie actuelle et des nouvelles technologies de communication (internet, i phone, i pod, tablette), les productions et r\u00e9alisations de DJ VIBE migrent vers le domaine num\u00e9rique.\r\n\r\nDe ce fait et \u00e0 aujourd\u2019hui, de nombreux partenaires radios FM, web radios, plateformes professionnelles de production diffusent les diff\u00e9rentes th\u00e9matiques (\u00e9lectro, house, funk, RnB\/Hip Hop, Ragga\/dance Hall nouveaut\u00e9s).\r\n\r\nLes \u00e9missions et les prestations de DJ VIBE sont aujourd\u2019hui suivies partout en France (pr\u00eat de 300 radios) et sur tous les continents du monde (Br\u00e9sil, Russie, Ukraine, Japon, Angleterre, Serbie, Norv\u00e8ge, Alg\u00e9rie, Afrique du Sud, Hollande, Italie, Argentine, R\u00e9union, Bolivie, Nouvelle Z\u00e9lande, Cor\u00e9e de Sud, Philippine, Australie, Canada, Etats-Unis, Inde, Emirat Arabes\u2026)\r\n\r\nLes sites web de Vibration-Funk ont largement d\u00e9pass\u00e9 les 100 000 visitent et continuent \u00e0 augmenter.\r\n\r\nCot\u00e9 Djing, l\u2019av\u00e8nement des ann\u00e9es 2010 et la large diffusion des productions de DJ VIBE contribuent \u00e0 la r\u00e9alisation de nombreuses dates dans les clubs et discoth\u00e8ques telles que Grenoble, Fr\u00e9jus, Narbonne, Lyon, Hossegor, St Maximin, B\u00e9zier, Montpelier, Draguignan, Carcassonne\u2026\r\n\r\nEt l\u2019aventure continue\u2026\t\t\t\t\t\t<\/p>\n\t\t\t\t\t<\/div>\n\t\t\t\t\t\t\t\t\n\t\t<\/div>\n\t<\/div>\n<\/article>\t\t\t\t\t\t<\/div>\n\t\t\t\t\t\t\t\t\t\t\t\t<div class=\"proradio-col proradio-col__post proradio-s12 proradio-m3 proradio-l3\">\n\t\t\t\t\t\t\t<article class=\"proradio-post proradio-post__card proradio-post__card--members proradio-darkbg proradio-negative post-6204 members type-members status-publish has-post-thumbnail hentry membertype-djs\" data-qtwaypoints>\n\t<div class=\"proradio-bgimg proradio-bgimg--full proradio-duotone\">\n\t\t<img loading=\"lazy\" decoding=\"async\" width=\"370\" height=\"480\" src=\"https:\/\/radio-aviva.com\/nimes\/wp-content\/uploads\/sites\/5\/2023\/02\/andorra-370x480.jpg\" class=\"proradio-post__thumb wp-post-image\" alt=\"\" \/>\t<\/div>\n\t<div class=\"proradio-post__headercont\">\n\t\t<a class=\"proradio-post__header__link\" href=\"https:\/\/radio-aviva.com\/nimes\/equipe\/andorra\/\"><\/a>\n\t\t<div class=\"proradio-actions__cont\">\n\t<div class=\"proradio-actions\">\n\t\t\t\t<a href=\"https:\/\/radio-aviva.com\/nimes\/equipe\/andorra\/\" class=\"proradio-actionicon\"><i class='material-icons'>person_outline<\/i><\/a>\n\t\t\n\n\t\t\t\t<span class=\"proradio-actions__a1\">\t\t<a data-ttgreaktions-shareboxfull=\"{&quot;id&quot;:&quot;6204&quot;,&quot;shared&quot;:&quot;https:\\\/\\\/radio-aviva.com\\\/nimes\\\/equipe\\\/andorra\\\/&quot;,&quot;title&quot;:&quot;And\\u00f8rra&quot;,&quot;finalUrl&quot;:&quot;https:\\\/\\\/radio-aviva.com\\\/nimes\\\/equipe\\\/andorra\\\/?id=6204&amp;reaktions-share-fullpage=6204&amp;noajax=1&amp;label=Partager&amp;btnclass=proradio-btn  proradio-btn__r&amp;secure=78d33d6f01&quot;}\" href=\"#nojax\" class=\"proradio_reaktions-link \">\n\t\t\t<span class=\"qtli\"><i class=\"reakticons-share\"><\/i><\/span><span class=\"count\"><\/span>\n\t\t<\/a>\n\t\t<\/span>\n\t\t\n\n\t\t\t<\/div>\n<\/div>\n\n\n\t\t<div class=\"proradio-post__card__cap\">\n\t\t\t<p class=\"proradio-cats\">\n\t\t\t\t<a href=\"https:\/\/radio-aviva.com\/nimes\/equipe-type\/djs\/\" class=\"proradio-catid-135\">DJ&#039;s<\/a>\t\t\t<\/p>\n\t\t\t<h3 class=\"proradio-post__title\"><a href=\"https:\/\/radio-aviva.com\/nimes\/equipe\/andorra\/\">And\u00f8rra<\/a><\/h3>\n\t\t\t\t\t\t\t<p class=\"proradio-post__social\">\n\t\t\t\t\t<a href=\"https:\/\/www.beatport.com\/artist\/and-rra\/835282\" target=\"_blank\" class=\"noembed\"><i class=\"qt-socicon-beatport\"><\/i><\/a><a href=\"https:\/\/www.instagram.com\/n.andorra\/\" target=\"_blank\" class=\"noembed\"><i class=\"qt-socicon-instagram\"><\/i><\/a><a href=\"https:\/\/www.facebook.com\/Naathandorra\" target=\"_blank\" class=\"noembed\"><i class=\"qt-socicon-facebook\"><\/i><\/a><a href=\"https:\/\/www.youtube.com\/c\/And%C3%B8rramusic\" target=\"_blank\" class=\"noembed\"><i class=\"qt-socicon-youtube\"><\/i><\/a><a href=\"https:\/\/soundcloud.com\/nathan-andorra\" target=\"_blank\" class=\"noembed\"><i class=\"qt-socicon-soundcloud\"><\/i><\/a><a href=\"https:\/\/open.spotify.com\/artist\/140k1wEcVKYPiCeQpjoHTG?si=RRytuTKES_-FdV4PeALCkQ&amp;nd=1&amp;\" target=\"_blank\" class=\"noembed\"><i class=\"qt-socicon-spotify\"><\/i><\/a>\t\t\t\t<\/p>\n\t\t\t\t\n\t\t\t\t\t\t\n\t\t<\/div>\n\t<\/div>\n<\/article>\t\t\t\t\t\t<\/div>\n\t\t\t\t\t\t\t\t\t\t\t\t<div class=\"proradio-col proradio-col__post proradio-s12 proradio-m3 proradio-l3\">\n\t\t\t\t\t\t\t<article class=\"proradio-post proradio-post__card proradio-post__card--members proradio-darkbg proradio-negative post-6206 members type-members status-publish has-post-thumbnail hentry membertype-djs\" data-qtwaypoints>\n\t<div class=\"proradio-bgimg proradio-bgimg--full proradio-duotone\">\n\t\t<img loading=\"lazy\" decoding=\"async\" width=\"370\" height=\"370\" src=\"https:\/\/radio-aviva.com\/nimes\/wp-content\/uploads\/sites\/5\/2023\/02\/steve-sibra-370x370.jpg\" class=\"proradio-post__thumb wp-post-image\" alt=\"\" srcset=\"https:\/\/radio-aviva.com\/nimes\/wp-content\/uploads\/sites\/5\/2023\/02\/steve-sibra-370x370.jpg 370w, https:\/\/radio-aviva.com\/nimes\/wp-content\/uploads\/sites\/5\/2023\/02\/steve-sibra-150x150.jpg 150w, https:\/\/radio-aviva.com\/nimes\/wp-content\/uploads\/sites\/5\/2023\/02\/steve-sibra-100x100.jpg 100w\" sizes=\"(max-width: 370px) 100vw, 370px\" \/>\t<\/div>\n\t<div class=\"proradio-post__headercont\">\n\t\t<a class=\"proradio-post__header__link\" href=\"https:\/\/radio-aviva.com\/nimes\/equipe\/steve-sibra\/\"><\/a>\n\t\t<div class=\"proradio-actions__cont\">\n\t<div class=\"proradio-actions\">\n\t\t\t\t<a href=\"https:\/\/radio-aviva.com\/nimes\/equipe\/steve-sibra\/\" class=\"proradio-actionicon\"><i class='material-icons'>person_outline<\/i><\/a>\n\t\t\n\n\t\t\t\t<span class=\"proradio-actions__a1\">\t\t<a data-ttgreaktions-shareboxfull=\"{&quot;id&quot;:&quot;6206&quot;,&quot;shared&quot;:&quot;https:\\\/\\\/radio-aviva.com\\\/nimes\\\/equipe\\\/steve-sibra\\\/&quot;,&quot;title&quot;:&quot;Steve Sibra&quot;,&quot;finalUrl&quot;:&quot;https:\\\/\\\/radio-aviva.com\\\/nimes\\\/equipe\\\/steve-sibra\\\/?id=6206&amp;reaktions-share-fullpage=6206&amp;noajax=1&amp;label=Partager&amp;btnclass=proradio-btn  proradio-btn__r&amp;secure=78d33d6f01&quot;}\" href=\"#nojax\" class=\"proradio_reaktions-link \">\n\t\t\t<span class=\"qtli\"><i class=\"reakticons-share\"><\/i><\/span><span class=\"count\"><\/span>\n\t\t<\/a>\n\t\t<\/span>\n\t\t\n\n\t\t\t<\/div>\n<\/div>\n\n\n\t\t<div class=\"proradio-post__card__cap\">\n\t\t\t<p class=\"proradio-cats\">\n\t\t\t\t<a href=\"https:\/\/radio-aviva.com\/nimes\/equipe-type\/djs\/\" class=\"proradio-catid-135\">DJ&#039;s<\/a>\t\t\t<\/p>\n\t\t\t<h3 class=\"proradio-post__title\"><a href=\"https:\/\/radio-aviva.com\/nimes\/equipe\/steve-sibra\/\">Steve Sibra<\/a><\/h3>\n\t\t\t\t\t\t\t<p class=\"proradio-post__social\">\n\t\t\t\t\t<a href=\"https:\/\/www.instagram.com\/steve_sibra\" target=\"_blank\" class=\"noembed\"><i class=\"qt-socicon-instagram\"><\/i><\/a><a href=\"https:\/\/www.facebook.com\/steve.sibra.7\" target=\"_blank\" class=\"noembed\"><i class=\"qt-socicon-facebook\"><\/i><\/a>\t\t\t\t<\/p>\n\t\t\t\t\n\t\t\t\t\t\t\n\t\t<\/div>\n\t<\/div>\n<\/article>\t\t\t\t\t\t<\/div>\n\t\t\t\t\t\t\t\t\t\t\t\t<div class=\"proradio-col proradio-col__post proradio-s12 proradio-m3 proradio-l3\">\n\t\t\t\t\t\t\t<article class=\"proradio-post proradio-post__card proradio-post__card--members proradio-darkbg proradio-negative post-6208 members type-members status-publish has-post-thumbnail hentry membertype-djs\" data-qtwaypoints>\n\t<div class=\"proradio-bgimg proradio-bgimg--full proradio-duotone\">\n\t\t<img loading=\"lazy\" decoding=\"async\" width=\"370\" height=\"480\" src=\"https:\/\/radio-aviva.com\/nimes\/wp-content\/uploads\/sites\/5\/2023\/02\/Ben-Tio-370x480.jpg\" class=\"proradio-post__thumb wp-post-image\" alt=\"\" \/>\t<\/div>\n\t<div class=\"proradio-post__headercont\">\n\t\t<a class=\"proradio-post__header__link\" href=\"https:\/\/radio-aviva.com\/nimes\/equipe\/ben-tio\/\"><\/a>\n\t\t<div class=\"proradio-actions__cont\">\n\t<div class=\"proradio-actions\">\n\t\t\t\t<a href=\"https:\/\/radio-aviva.com\/nimes\/equipe\/ben-tio\/\" class=\"proradio-actionicon\"><i class='material-icons'>person_outline<\/i><\/a>\n\t\t\n\n\t\t\t\t<span class=\"proradio-actions__a1\">\t\t<a data-ttgreaktions-shareboxfull=\"{&quot;id&quot;:&quot;6208&quot;,&quot;shared&quot;:&quot;https:\\\/\\\/radio-aviva.com\\\/nimes\\\/equipe\\\/ben-tio\\\/&quot;,&quot;title&quot;:&quot;Ben Tio&quot;,&quot;finalUrl&quot;:&quot;https:\\\/\\\/radio-aviva.com\\\/nimes\\\/equipe\\\/ben-tio\\\/?id=6208&amp;reaktions-share-fullpage=6208&amp;noajax=1&amp;label=Partager&amp;btnclass=proradio-btn  proradio-btn__r&amp;secure=78d33d6f01&quot;}\" href=\"#nojax\" class=\"proradio_reaktions-link \">\n\t\t\t<span class=\"qtli\"><i class=\"reakticons-share\"><\/i><\/span><span class=\"count\"><\/span>\n\t\t<\/a>\n\t\t<\/span>\n\t\t\n\n\t\t\t<\/div>\n<\/div>\n\n\n\t\t<div class=\"proradio-post__card__cap\">\n\t\t\t<p class=\"proradio-cats\">\n\t\t\t\t<a href=\"https:\/\/radio-aviva.com\/nimes\/equipe-type\/djs\/\" class=\"proradio-catid-135\">DJ&#039;s<\/a>\t\t\t<\/p>\n\t\t\t<h3 class=\"proradio-post__title\"><a href=\"https:\/\/radio-aviva.com\/nimes\/equipe\/ben-tio\/\">Ben Tio<\/a><\/h3>\n\t\t\t\t\t\t\t<p class=\"proradio-post__social\">\n\t\t\t\t\t<a href=\"https:\/\/www.instagram.com\/tiomusics\/\" target=\"_blank\" class=\"noembed\"><i class=\"qt-socicon-instagram\"><\/i><\/a><a href=\"https:\/\/www.facebook.com\/benjamin.spacebrownies\" target=\"_blank\" class=\"noembed\"><i class=\"qt-socicon-facebook\"><\/i><\/a>\t\t\t\t<\/p>\n\t\t\t\t\n\t\t\t\t\t\t\n\t\t<\/div>\n\t<\/div>\n<\/article>\t\t\t\t\t\t<\/div>\n\t\t\t\t\t\t\t\t\t\t\t\t<div class=\"proradio-col proradio-col__post proradio-s12 proradio-m3 proradio-l3\">\n\t\t\t\t\t\t\t<article class=\"proradio-post proradio-post__card proradio-post__card--members proradio-darkbg proradio-negative post-6212 members type-members status-publish has-post-thumbnail hentry membertype-djs\" data-qtwaypoints>\n\t<div class=\"proradio-bgimg proradio-bgimg--full proradio-duotone\">\n\t\t<img loading=\"lazy\" decoding=\"async\" width=\"370\" height=\"480\" src=\"https:\/\/radio-aviva.com\/nimes\/wp-content\/uploads\/sites\/5\/2023\/02\/Sylvin-Wood-370x480.jpg\" class=\"proradio-post__thumb wp-post-image\" alt=\"\" \/>\t<\/div>\n\t<div class=\"proradio-post__headercont\">\n\t\t<a class=\"proradio-post__header__link\" href=\"https:\/\/radio-aviva.com\/nimes\/equipe\/sylvin-wood\/\"><\/a>\n\t\t<div class=\"proradio-actions__cont\">\n\t<div class=\"proradio-actions\">\n\t\t\t\t<a href=\"https:\/\/radio-aviva.com\/nimes\/equipe\/sylvin-wood\/\" class=\"proradio-actionicon\"><i class='material-icons'>person_outline<\/i><\/a>\n\t\t\n\n\t\t\t\t<span class=\"proradio-actions__a1\">\t\t<a data-ttgreaktions-shareboxfull=\"{&quot;id&quot;:&quot;6212&quot;,&quot;shared&quot;:&quot;https:\\\/\\\/radio-aviva.com\\\/nimes\\\/equipe\\\/sylvin-wood\\\/&quot;,&quot;title&quot;:&quot;Sylvin Wood&quot;,&quot;finalUrl&quot;:&quot;https:\\\/\\\/radio-aviva.com\\\/nimes\\\/equipe\\\/sylvin-wood\\\/?id=6212&amp;reaktions-share-fullpage=6212&amp;noajax=1&amp;label=Partager&amp;btnclass=proradio-btn  proradio-btn__r&amp;secure=78d33d6f01&quot;}\" href=\"#nojax\" class=\"proradio_reaktions-link \">\n\t\t\t<span class=\"qtli\"><i class=\"reakticons-share\"><\/i><\/span><span class=\"count\"><\/span>\n\t\t<\/a>\n\t\t<\/span>\n\t\t\n\n\t\t\t<\/div>\n<\/div>\n\n\n\t\t<div class=\"proradio-post__card__cap\">\n\t\t\t<p class=\"proradio-cats\">\n\t\t\t\t<a href=\"https:\/\/radio-aviva.com\/nimes\/equipe-type\/djs\/\" class=\"proradio-catid-135\">DJ&#039;s<\/a>\t\t\t<\/p>\n\t\t\t<h3 class=\"proradio-post__title\"><a href=\"https:\/\/radio-aviva.com\/nimes\/equipe\/sylvin-wood\/\">Sylvin Wood<\/a><\/h3>\n\t\t\t\t\t\t\t<p class=\"proradio-post__social\">\n\t\t\t\t\t<a href=\"https:\/\/www.facebook.com\/SYLVINWOODdj\" target=\"_blank\" class=\"noembed\"><i class=\"qt-socicon-facebook\"><\/i><\/a>\t\t\t\t<\/p>\n\t\t\t\t\n\t\t\t\t\t\t\n\t\t<\/div>\n\t<\/div>\n<\/article>\t\t\t\t\t\t<\/div>\n\t\t\t\t\t\t\t\t\t\t\t\t<div class=\"proradio-col proradio-col__post proradio-s12 proradio-m3 proradio-l3\">\n\t\t\t\t\t\t\t<article class=\"proradio-post proradio-post__card proradio-post__card--members proradio-darkbg proradio-negative post-6214 members type-members status-publish has-post-thumbnail hentry membertype-djs\" data-qtwaypoints>\n\t<div class=\"proradio-bgimg proradio-bgimg--full proradio-duotone\">\n\t\t<img loading=\"lazy\" decoding=\"async\" width=\"370\" height=\"480\" src=\"https:\/\/radio-aviva.com\/nimes\/wp-content\/uploads\/sites\/5\/2023\/02\/quentin-bjorn-370x480.jpg\" class=\"proradio-post__thumb wp-post-image\" alt=\"\" \/>\t<\/div>\n\t<div class=\"proradio-post__headercont\">\n\t\t<a class=\"proradio-post__header__link\" href=\"https:\/\/radio-aviva.com\/nimes\/equipe\/quentin-bjorn\/\"><\/a>\n\t\t<div class=\"proradio-actions__cont\">\n\t<div class=\"proradio-actions\">\n\t\t\t\t<a href=\"https:\/\/radio-aviva.com\/nimes\/equipe\/quentin-bjorn\/\" class=\"proradio-actionicon\"><i class='material-icons'>person_outline<\/i><\/a>\n\t\t\n\n\t\t\t\t<span class=\"proradio-actions__a1\">\t\t<a data-ttgreaktions-shareboxfull=\"{&quot;id&quot;:&quot;6214&quot;,&quot;shared&quot;:&quot;https:\\\/\\\/radio-aviva.com\\\/nimes\\\/equipe\\\/quentin-bjorn\\\/&quot;,&quot;title&quot;:&quot;Quentin BJ\\u00d8RN&quot;,&quot;finalUrl&quot;:&quot;https:\\\/\\\/radio-aviva.com\\\/nimes\\\/equipe\\\/quentin-bjorn\\\/?id=6214&amp;reaktions-share-fullpage=6214&amp;noajax=1&amp;label=Partager&amp;btnclass=proradio-btn  proradio-btn__r&amp;secure=78d33d6f01&quot;}\" href=\"#nojax\" class=\"proradio_reaktions-link \">\n\t\t\t<span class=\"qtli\"><i class=\"reakticons-share\"><\/i><\/span><span class=\"count\"><\/span>\n\t\t<\/a>\n\t\t<\/span>\n\t\t\n\n\t\t\t<\/div>\n<\/div>\n\n\n\t\t<div class=\"proradio-post__card__cap\">\n\t\t\t<p class=\"proradio-cats\">\n\t\t\t\t<a href=\"https:\/\/radio-aviva.com\/nimes\/equipe-type\/djs\/\" class=\"proradio-catid-135\">DJ&#039;s<\/a>\t\t\t<\/p>\n\t\t\t<h3 class=\"proradio-post__title\"><a href=\"https:\/\/radio-aviva.com\/nimes\/equipe\/quentin-bjorn\/\">Quentin BJ\u00d8RN<\/a><\/h3>\n\t\t\t\t\t\t\t<p class=\"proradio-post__social\">\n\t\t\t\t\t<a href=\"https:\/\/www.facebook.com\/QuentinBJORN\" target=\"_blank\" class=\"noembed\"><i class=\"qt-socicon-facebook\"><\/i><\/a>\t\t\t\t<\/p>\n\t\t\t\t\n\t\t\t\t\t\t\n\t\t<\/div>\n\t<\/div>\n<\/article>\t\t\t\t\t\t<\/div>\n\t\t\t\t\t\t\t\t\t\t\t\t<div class=\"proradio-col proradio-col__post proradio-s12 proradio-m3 proradio-l3\">\n\t\t\t\t\t\t\t<article class=\"proradio-post proradio-post__card proradio-post__card--members proradio-darkbg proradio-negative post-6216 members type-members status-publish has-post-thumbnail hentry membertype-djs\" data-qtwaypoints>\n\t<div class=\"proradio-bgimg proradio-bgimg--full proradio-duotone\">\n\t\t<img loading=\"lazy\" decoding=\"async\" width=\"370\" height=\"480\" src=\"https:\/\/radio-aviva.com\/nimes\/wp-content\/uploads\/sites\/5\/2023\/02\/94399909_10159771521688677_9063573999035875328_n-370x480.jpg\" class=\"proradio-post__thumb wp-post-image\" alt=\"\" \/>\t<\/div>\n\t<div class=\"proradio-post__headercont\">\n\t\t<a class=\"proradio-post__header__link\" href=\"https:\/\/radio-aviva.com\/nimes\/equipe\/seb-sapet\/\"><\/a>\n\t\t<div class=\"proradio-actions__cont\">\n\t<div class=\"proradio-actions\">\n\t\t\t\t<a href=\"https:\/\/radio-aviva.com\/nimes\/equipe\/seb-sapet\/\" class=\"proradio-actionicon\"><i class='material-icons'>person_outline<\/i><\/a>\n\t\t\n\n\t\t\t\t<span class=\"proradio-actions__a1\">\t\t<a data-ttgreaktions-shareboxfull=\"{&quot;id&quot;:&quot;6216&quot;,&quot;shared&quot;:&quot;https:\\\/\\\/radio-aviva.com\\\/nimes\\\/equipe\\\/seb-sapet\\\/&quot;,&quot;title&quot;:&quot;Seb Sapet&quot;,&quot;finalUrl&quot;:&quot;https:\\\/\\\/radio-aviva.com\\\/nimes\\\/equipe\\\/seb-sapet\\\/?id=6216&amp;reaktions-share-fullpage=6216&amp;noajax=1&amp;label=Partager&amp;btnclass=proradio-btn  proradio-btn__r&amp;secure=78d33d6f01&quot;}\" href=\"#nojax\" class=\"proradio_reaktions-link \">\n\t\t\t<span class=\"qtli\"><i class=\"reakticons-share\"><\/i><\/span><span class=\"count\"><\/span>\n\t\t<\/a>\n\t\t<\/span>\n\t\t\n\n\t\t\t<\/div>\n<\/div>\n\n\n\t\t<div class=\"proradio-post__card__cap\">\n\t\t\t<p class=\"proradio-cats\">\n\t\t\t\t<a href=\"https:\/\/radio-aviva.com\/nimes\/equipe-type\/djs\/\" class=\"proradio-catid-135\">DJ&#039;s<\/a>\t\t\t<\/p>\n\t\t\t<h3 class=\"proradio-post__title\"><a href=\"https:\/\/radio-aviva.com\/nimes\/equipe\/seb-sapet\/\">Seb Sapet<\/a><\/h3>\n\t\t\t\t\t\t\t<p class=\"proradio-post__social\">\n\t\t\t\t\t<a href=\"https:\/\/podcasts.apple.com\/podcast\/seb-sapet-show-me-house\/id320895194\" target=\"_blank\" class=\"noembed\"><i class=\"qt-socicon-itunes\"><\/i><\/a><a href=\"https:\/\/www.facebook.com\/sebsapetofficial\" target=\"_blank\" class=\"noembed\"><i class=\"qt-socicon-facebook\"><\/i><\/a><a href=\"https:\/\/twitter.com\/SebSapet\" target=\"_blank\" class=\"noembed\"><i class=\"qt-socicon-twitter\"><\/i><\/a><a href=\"https:\/\/www.youtube.com\/sebsapet\" target=\"_blank\" class=\"noembed\"><i class=\"qt-socicon-youtube\"><\/i><\/a><a href=\"https:\/\/www.mixcloud.com\/sebsapet\/\" target=\"_blank\" class=\"noembed\"><i class=\"qt-socicon-mixcloud\"><\/i><\/a>\t\t\t\t<\/p>\n\t\t\t\t\n\t\t\t\t\t\t\t\t<div class=\"proradio-excerpt\">\n\t\t\t\t\t\t<p class=\"proradio-cutme-3\">\n\t\t\t\t\t\tSeb Sapet, DJ Fran\u00e7ais, aime partager sa passion pour la musique Electronique lors de ses sets et de son podcast \"Show Me House\" au travers d'un univers tr\u00e8s House, Vocal, Progressif.\r\n\r\nCot\u00e9 sortie, on peut trouver plusieurs remix dont son bootleg \u00ab Pryda vs Empire of the Sun \u2013 Mirage the people (Seb Sapet bootleg) \u00bb qui compte plus de 2 millions d\u2019\u00e9coute sur son Youtube (www.youtube.com\/sebsapet) et qui a \u00e9t\u00e9 playlist\u00e9 par bon nombre de djs tels que T\u00cfesto et dans l'aftermovie de Tomorrowland 2011....\r\n\r\nActuellement concentr\u00e9 sur la production, le cot\u00e9 de la sc\u00e8ne n'est pas \u00e0 exclure...\t\t\t\t\t\t<\/p>\n\t\t\t\t\t<\/div>\n\t\t\t\t\t\t\t\t\n\t\t<\/div>\n\t<\/div>\n<\/article>\t\t\t\t\t\t<\/div>\n\t\t\t\t\t\t\t\t\t\t\t\t<div class=\"proradio-col proradio-col__post proradio-s12 proradio-m3 proradio-l3\">\n\t\t\t\t\t\t\t<article class=\"proradio-post proradio-post__card proradio-post__card--members proradio-darkbg proradio-negative post-6218 members type-members status-publish hentry membertype-djs\" data-qtwaypoints>\n\t<div class=\"proradio-bgimg proradio-bgimg--full proradio-duotone\">\n\t\t\t<\/div>\n\t<div class=\"proradio-post__headercont\">\n\t\t<a class=\"proradio-post__header__link\" href=\"https:\/\/radio-aviva.com\/nimes\/equipe\/pierrot\/\"><\/a>\n\t\t<div class=\"proradio-actions__cont\">\n\t<div class=\"proradio-actions\">\n\t\t\t\t<a href=\"https:\/\/radio-aviva.com\/nimes\/equipe\/pierrot\/\" class=\"proradio-actionicon\"><i class='material-icons'>person_outline<\/i><\/a>\n\t\t\n\n\t\t\t\t<span class=\"proradio-actions__a1\">\t\t<a data-ttgreaktions-shareboxfull=\"{&quot;id&quot;:&quot;6218&quot;,&quot;shared&quot;:&quot;https:\\\/\\\/radio-aviva.com\\\/nimes\\\/equipe\\\/pierrot\\\/&quot;,&quot;title&quot;:&quot;Pierrot&quot;,&quot;finalUrl&quot;:&quot;https:\\\/\\\/radio-aviva.com\\\/nimes\\\/equipe\\\/pierrot\\\/?id=6218&amp;reaktions-share-fullpage=6218&amp;noajax=1&amp;label=Partager&amp;btnclass=proradio-btn  proradio-btn__r&amp;secure=78d33d6f01&quot;}\" href=\"#nojax\" class=\"proradio_reaktions-link \">\n\t\t\t<span class=\"qtli\"><i class=\"reakticons-share\"><\/i><\/span><span class=\"count\"><\/span>\n\t\t<\/a>\n\t\t<\/span>\n\t\t\n\n\t\t\t<\/div>\n<\/div>\n\n\n\t\t<div class=\"proradio-post__card__cap\">\n\t\t\t<p class=\"proradio-cats\">\n\t\t\t\t<a href=\"https:\/\/radio-aviva.com\/nimes\/equipe-type\/djs\/\" class=\"proradio-catid-135\">DJ&#039;s<\/a>\t\t\t<\/p>\n\t\t\t<h3 class=\"proradio-post__title\"><a href=\"https:\/\/radio-aviva.com\/nimes\/equipe\/pierrot\/\">Pierrot<\/a><\/h3>\n\t\t\t\t\t\t\t<p class=\"proradio-post__social\">\n\t\t\t\t\t<a href=\"https:\/\/www.facebook.com\/pierre.broc\" target=\"_blank\" class=\"noembed\"><i class=\"qt-socicon-facebook\"><\/i><\/a>\t\t\t\t<\/p>\n\t\t\t\t\n\t\t\t\t\t\t\n\t\t<\/div>\n\t<\/div>\n<\/article>\t\t\t\t\t\t<\/div>\n\t\t\t\t\t\t\t\t\t\t\t\t<div class=\"proradio-col proradio-col__post proradio-s12 proradio-m3 proradio-l3\">\n\t\t\t\t\t\t\t<article class=\"proradio-post proradio-post__card proradio-post__card--members proradio-darkbg proradio-negative post-6220 members type-members status-publish hentry membertype-djs\" data-qtwaypoints>\n\t<div class=\"proradio-bgimg proradio-bgimg--full proradio-duotone\">\n\t\t\t<\/div>\n\t<div class=\"proradio-post__headercont\">\n\t\t<a class=\"proradio-post__header__link\" href=\"https:\/\/radio-aviva.com\/nimes\/equipe\/stephane-eric-vincent\/\"><\/a>\n\t\t<div class=\"proradio-actions__cont\">\n\t<div class=\"proradio-actions\">\n\t\t\t\t<a href=\"https:\/\/radio-aviva.com\/nimes\/equipe\/stephane-eric-vincent\/\" class=\"proradio-actionicon\"><i class='material-icons'>person_outline<\/i><\/a>\n\t\t\n\n\t\t\t\t<span class=\"proradio-actions__a1\">\t\t<a data-ttgreaktions-shareboxfull=\"{&quot;id&quot;:&quot;6220&quot;,&quot;shared&quot;:&quot;https:\\\/\\\/radio-aviva.com\\\/nimes\\\/equipe\\\/stephane-eric-vincent\\\/&quot;,&quot;title&quot;:&quot;Stephane Eric Vincent (Steph Blind Sensation)&quot;,&quot;finalUrl&quot;:&quot;https:\\\/\\\/radio-aviva.com\\\/nimes\\\/equipe\\\/stephane-eric-vincent\\\/?id=6220&amp;reaktions-share-fullpage=6220&amp;noajax=1&amp;label=Partager&amp;btnclass=proradio-btn  proradio-btn__r&amp;secure=78d33d6f01&quot;}\" href=\"#nojax\" class=\"proradio_reaktions-link \">\n\t\t\t<span class=\"qtli\"><i class=\"reakticons-share\"><\/i><\/span><span class=\"count\"><\/span>\n\t\t<\/a>\n\t\t<\/span>\n\t\t\n\n\t\t\t<\/div>\n<\/div>\n\n\n\t\t<div class=\"proradio-post__card__cap\">\n\t\t\t<p class=\"proradio-cats\">\n\t\t\t\t<a href=\"https:\/\/radio-aviva.com\/nimes\/equipe-type\/djs\/\" class=\"proradio-catid-135\">DJ&#039;s<\/a>\t\t\t<\/p>\n\t\t\t<h3 class=\"proradio-post__title\"><a href=\"https:\/\/radio-aviva.com\/nimes\/equipe\/stephane-eric-vincent\/\">Stephane Eric Vincent (Steph Blind Sensation)<\/a><\/h3>\n\t\t\t\t\t\t\t<p class=\"proradio-post__social\">\n\t\t\t\t\t<a href=\"https:\/\/www.facebook.com\/steph.blindsensation\" target=\"_blank\" class=\"noembed\"><i class=\"qt-socicon-facebook\"><\/i><\/a>\t\t\t\t<\/p>\n\t\t\t\t\n\t\t\t\t\t\t\n\t\t<\/div>\n\t<\/div>\n<\/article>\t\t\t\t\t\t<\/div>\n\t\t\t\t\t\t\t\t\t\t<\/div>\n\t\t\t<\/div>\n\t\t\t\t\t\t\t<\/div>\n\t\t\t\t<\/div>\n\t\t\t\t\t<\/div>\n\t\t<\/div>\n\t\t\t\t\t<\/div>\n\t\t<\/section>\n\t\t\t\t<\/div>\n\t\t","protected":false},"excerpt":{"rendered":"<p>Le Conseil d&rsquo;Administration person_outline Le Conseil d&rsquo;Administration Perla DANAN : Pr\u00e9sidente, directrice d\u2019antenne person_outline Le Conseil d&rsquo;Administration Liliane DRAY : Vice Pr\u00e9sidente Les animateurs person_outline Animateurs Xavier Nataf person_outline Animateurs Killian Bartok &nbsp; person_outline Animateurs Niko Batik &nbsp; En 2011, Niko Batik d\u00e9couvre le plaisir de faire danser le public ...<\/p>\n","protected":false},"author":1,"featured_media":0,"parent":0,"menu_order":0,"comment_status":"closed","ping_status":"closed","template":"","meta":{"footnotes":""},"folder":[],"class_list":["post-6142","page","type-page","status-publish","hentry"],"_links":{"self":[{"href":"https:\/\/radio-aviva.com\/nimes\/wp-json\/wp\/v2\/pages\/6142","targetHints":{"allow":["GET"]}}],"collection":[{"href":"https:\/\/radio-aviva.com\/nimes\/wp-json\/wp\/v2\/pages"}],"about":[{"href":"https:\/\/radio-aviva.com\/nimes\/wp-json\/wp\/v2\/types\/page"}],"author":[{"embeddable":true,"href":"https:\/\/radio-aviva.com\/nimes\/wp-json\/wp\/v2\/users\/1"}],"replies":[{"embeddable":true,"href":"https:\/\/radio-aviva.com\/nimes\/wp-json\/wp\/v2\/comments?post=6142"}],"version-history":[{"count":0,"href":"https:\/\/radio-aviva.com\/nimes\/wp-json\/wp\/v2\/pages\/6142\/revisions"}],"wp:attachment":[{"href":"https:\/\/radio-aviva.com\/nimes\/wp-json\/wp\/v2\/media?parent=6142"}],"wp:term":[{"taxonomy":"folder","embeddable":true,"href":"https:\/\/radio-aviva.com\/nimes\/wp-json\/wp\/v2\/folder?post=6142"}],"curies":[{"name":"wp","href":"https:\/\/api.w.org\/{rel}","templated":true}]}}