{"id":6151,"date":"2022-12-24T19:06:56","date_gmt":"2022-12-24T18:06:56","guid":{"rendered":"https:\/\/radio-aviva.com\/nimes\/reglement-general-sur-la-protection-des-donnees\/"},"modified":"2023-02-04T15:05:07","modified_gmt":"2023-02-04T14:05:07","slug":"reglement-general-sur-la-protection-des-donnees","status":"publish","type":"page","link":"https:\/\/radio-aviva.com\/nimes\/reglement-general-sur-la-protection-des-donnees\/","title":{"rendered":"R\u00e8glement G\u00e9n\u00e9ral sur la Protection des Donn\u00e9es"},"content":{"rendered":"<p>Dans le cadre du nouveau <strong>R\u00e8glement G\u00e9n\u00e9ral sur la Protection des donn\u00e9es (RGPD<\/strong>) entr\u00e9 en vigueur en Europe depuis le 25 mai 2018, RADIO AVIVA fait ses meilleurs efforts pour assurer la protection, la confidentialit\u00e9 et la s\u00e9curit\u00e9 des donn\u00e9es personnelles qui lui ont \u00e9t\u00e9 transmises et ce dans le respect des dispositions l\u00e9gales applicables.<\/p>\n<p><strong>Qu&rsquo;est ce que le R\u00e8glement G\u00e9n\u00e9ral sur la Protection des Donn\u00e9es ? <\/strong><\/p>\n<p>Selon la d\u00e9finition de la CNIL (Commission nationale de l&rsquo;informatique et des libert\u00e9s), le RGPD encadre le traitement des donn\u00e9es personnelles sur le territoire de l&rsquo;Union Europ\u00e9enne.<\/p>\n<p>Le contexte juridique s&rsquo;adapte pour suivre les \u00e9volutions des technologies et des soci\u00e9t\u00e9s (usage du num\u00e9rique, d\u00e9veloppement du commerce en ligne&#8230;) Ce nouveau r\u00e8glement europ\u00e9en s&rsquo;inscrit dans la continuit\u00e9 de la Loi fran\u00e7aise Informatique et Libert\u00e9s de 1978 et renforce le contr\u00f4le par les citoyens de l&rsquo;utilisation qui peut \u00eatre faite des donn\u00e9es les concernant.<\/p>\n<p>Il harmonise les r\u00e8gles en Europe en offrant un cadre juridique unique aux professionnels. Il permet de d\u00e9velopper leurs activit\u00e9s num\u00e9riques au sein de l&rsquo;Union europ\u00e9enne en se fondant sur la confiance des utilisateurs.<\/p>\n<p><strong>Qu&rsquo;est ce qu&rsquo;une donn\u00e9e \u00e0 caract\u00e8re personnel ?<\/strong><\/p>\n<p><span style=\"font-weight: 400;\">Une donn\u00e9e \u00e0 caract\u00e8re personnel est une donn\u00e9e qui permet d&rsquo;identifier directement ou indirectement une personne: nom, pr\u00e9nom, adresse postale, adresse \u00e9lectronique&#8230;<\/span><\/p>\n<p><b>Quand RADIO AVIVA collecte-t-elle vos donn\u00e9es ?<\/b><\/p>\n<p><span style=\"font-weight: 400;\">RADIO AVIVA peut \u00eatre amen\u00e9e \u00e0 collecter vos donn\u00e9es personnelles lors de nos \u00e9changes de courrier, de r\u00e9alisations d&rsquo;interviews, de votre inscription en tant que membre du Club Aviva, de l&rsquo;abonnement ? la Newsletter ou encore \u00e0 l&rsquo;occasion de vos dons ou de la participation \u00e0 un jeu propos\u00e9 \u00e0 l&rsquo;antenne. <\/span><\/p>\n<p><span style=\"font-weight: 400;\">RADIO AVIVA vous assure que l&rsquo;usage de vos donn\u00e9es \u00e0 caract\u00e8re personnel est strictement limit\u00e9 \u00e0 la radio. Aucun usage commercial n&rsquo;en sera fait et aucun transfert \u00e0 des tiers externes \u00e0 la radio ne sera effectu\u00e9.<\/span><\/p>\n<p><b>Qui est le responsable de traitement ?<\/b><\/p>\n<p><span style=\"font-weight: 400;\">La collecte est effectu\u00e9e par les \u00e9quipes administratives, r\u00e9dactionnelles et techniques de RADIO AVIVA.<\/span><\/p>\n<p><b>Quelles sont les finalit\u00e9s du traitement ?<\/b><\/p>\n<p><span style=\"font-weight: 400;\">Un traitement de donn\u00e9es personnelles est une op\u00e9ration portant sur des donn\u00e9es personnelles, quel que soit le proc\u00e9d\u00e9 utilis\u00e9? (collecte, enregistrement, organisation, conservation, consultation, utilisation, etc).<\/span><\/p>\n<p><span style=\"font-weight: 400;\">RADIO AVIVA g\u00e8re vos donn\u00e9es personnelles pour diff\u00e9rentes raisons :<\/span><span style=\"font-weight: 400;\"><br \/>\n<\/span><span style=\"font-weight: 400;\">&#8211; Votre inscription en tant que membre adh\u00e9rent du Club Aviva <\/span><span style=\"font-weight: 400;\"><br \/>\n<\/span><span style=\"font-weight: 400;\">&#8211; La r\u00e9alisation d&rsquo;interviews <\/span><span style=\"font-weight: 400;\"><br \/>\n<\/span><span style=\"font-weight: 400;\">&#8211; L&rsquo;organisation d&rsquo;\u00e9v\u00e9nements<\/span><span style=\"font-weight: 400;\"><br \/>\n<\/span><span style=\"font-weight: 400;\">&#8211; La communication des podcasts des \u00e9missions enregistr\u00e9es<\/span><span style=\"font-weight: 400;\"><br \/>\n<\/span><span style=\"font-weight: 400;\">&#8211; L&rsquo;inscription \u00e0 la newsletter <\/span><span style=\"font-weight: 400;\"><br \/>\n<\/span><span style=\"font-weight: 400;\">&#8211; La participation \u00e0 des jeux d&rsquo;antenne<\/span><span style=\"font-weight: 400;\"><br \/>\n<\/span><span style=\"font-weight: 400;\">&#8211; Les \u00e9changes de courriers habituels <\/span><\/p>\n<p><span style=\"font-weight: 400;\">Les donn\u00e9es \u00e0 caract\u00e8re personnel sont conserv\u00e9es durant la dur\u00e9e des relations avec vous.<\/span><\/p>\n<p><b>Quels sont les destinataires des donn\u00e9es \u00e0 caract\u00e8re personnel ?<\/b><\/p>\n<p>Les donn\u00e9es \u00e0 caract\u00e8re personnel collect\u00e9es par RADIO AVIVA sont destin\u00e9es \u00e0 son usage propre.<\/p>\n<p><span style=\"font-weight: 400;\">\u00c0 aucun moment RADIO AVIVA ne c\u00e8dera ou ne partagera vos donn\u00e9es sans accord de votre part. Aucun usage commercial n&rsquo;en sera fait.<\/span><\/p>\n<p><b>Quels sont vos droits ?<\/b><\/p>\n<p style=\"text-align: left;\">Conform\u00e9ment \u00e0 la r\u00e8glementation en vigueur relative aux donn\u00e9es \u00e0 caract\u00e8re personnel, vous disposez d&rsquo;un droit d&rsquo;acc\u00e8s, de rectification, de limitation du traitement des donn\u00e9es, d&rsquo;opposition et d&rsquo;effacement des donn\u00e9es vous concernant. Si vous vous opposez \u00e0 la conservation de vos adresses dans nos fichiers, nous vous demandons de nous le signifier par mail \u00e0 l&rsquo;adresse suivante :<\/p>\n<p style=\"text-align: center;\"><strong><br \/>\n<a href=\"mailto:administration@radio-aviva.com\">administration@radio-aviva.com<\/a><\/strong><\/p>\n<p style=\"text-align: left;\"><span style=\"font-weight: 400;\"><br \/>\nUne r\u00e9ponse vous sera alors adress\u00e9e dans un d\u00e9lai d&rsquo;un mois suivant la r\u00e9ception de cette demande.<\/span><\/p>\n<p><span style=\"font-weight: 400;\">Nous vous remercions pour votre confiance.<\/span><\/p>\n","protected":false},"excerpt":{"rendered":"<p>Dans le cadre du nouveau R\u00e8glement G\u00e9n\u00e9ral sur la Protection des donn\u00e9es (RGPD) entr\u00e9 en vigueur en Europe depuis le 25 mai 2018, RADIO AVIVA fait ses meilleurs efforts pour assurer la protection, la confidentialit\u00e9 et la s\u00e9curit\u00e9 des donn\u00e9es personnelles qui lui ont \u00e9t\u00e9 transmises et ce dans le ...<\/p>\n","protected":false},"author":1,"featured_media":0,"parent":0,"menu_order":0,"comment_status":"closed","ping_status":"open","template":"","meta":{"footnotes":""},"folder":[],"class_list":["post-6151","page","type-page","status-publish","hentry"],"_links":{"self":[{"href":"https:\/\/radio-aviva.com\/nimes\/wp-json\/wp\/v2\/pages\/6151","targetHints":{"allow":["GET"]}}],"collection":[{"href":"https:\/\/radio-aviva.com\/nimes\/wp-json\/wp\/v2\/pages"}],"about":[{"href":"https:\/\/radio-aviva.com\/nimes\/wp-json\/wp\/v2\/types\/page"}],"author":[{"embeddable":true,"href":"https:\/\/radio-aviva.com\/nimes\/wp-json\/wp\/v2\/users\/1"}],"replies":[{"embeddable":true,"href":"https:\/\/radio-aviva.com\/nimes\/wp-json\/wp\/v2\/comments?post=6151"}],"version-history":[{"count":0,"href":"https:\/\/radio-aviva.com\/nimes\/wp-json\/wp\/v2\/pages\/6151\/revisions"}],"wp:attachment":[{"href":"https:\/\/radio-aviva.com\/nimes\/wp-json\/wp\/v2\/media?parent=6151"}],"wp:term":[{"taxonomy":"folder","embeddable":true,"href":"https:\/\/radio-aviva.com\/nimes\/wp-json\/wp\/v2\/folder?post=6151"}],"curies":[{"name":"wp","href":"https:\/\/api.w.org\/{rel}","templated":true}]}}