{"id":24,"date":"2023-01-19T14:07:11","date_gmt":"2023-01-19T13:07:11","guid":{"rendered":"http:\/\/radio-aviva.com\/nimes\/?post_type=podcast&#038;p=24"},"modified":"2023-01-19T14:07:11","modified_gmt":"2023-01-19T13:07:11","slug":"melissa-aabaid-oratrice-conference-sur-leloquence-a-luniversite-de-droit-de-nimes","status":"publish","type":"podcast","link":"https:\/\/radio-aviva.com\/nimes\/podcast\/melissa-aabaid-oratrice-conference-sur-leloquence-a-luniversite-de-droit-de-nimes\/","title":{"rendered":"MELISSA AABAID, ORATRICE,  CONFERENCE SUR L&rsquo;ELOQUENCE A L&rsquo;UNIVERSITE DE DROIT DE NIMES"},"content":{"rendered":"<p>M\u00e9lissa Aabaid est de celles dont l\u2019\u00e9nergie est communicative et la d\u00e9termination inspirante. El\u00e8ve avocate, oratrice prim\u00e9e elle nous parle avec brio au micro de radio Aviva de la conf\u00e9rence sur l&rsquo;\u00e9loquence qu&rsquo;elle a organis\u00e9 \u00e0 l&rsquo;universit\u00e9 de N\u00eemes en d\u00e9cembre 2022<\/p>\n","protected":false},"author":336,"featured_media":26,"template":"","tags":[],"podcastfilter":[28,27,5],"class_list":["post-24","podcast","type-podcast","status-publish","has-post-thumbnail","hentry","podcastfilter-culture","podcastfilter-le-magazine-de-la-redac","podcastfilter-nimes"],"_links":{"self":[{"href":"https:\/\/radio-aviva.com\/nimes\/wp-json\/wp\/v2\/podcast\/24","targetHints":{"allow":["GET"]}}],"collection":[{"href":"https:\/\/radio-aviva.com\/nimes\/wp-json\/wp\/v2\/podcast"}],"about":[{"href":"https:\/\/radio-aviva.com\/nimes\/wp-json\/wp\/v2\/types\/podcast"}],"author":[{"embeddable":true,"href":"https:\/\/radio-aviva.com\/nimes\/wp-json\/wp\/v2\/users\/336"}],"version-history":[{"count":0,"href":"https:\/\/radio-aviva.com\/nimes\/wp-json\/wp\/v2\/podcast\/24\/revisions"}],"wp:featuredmedia":[{"embeddable":true,"href":"https:\/\/radio-aviva.com\/nimes\/wp-json\/wp\/v2\/media\/26"}],"wp:attachment":[{"href":"https:\/\/radio-aviva.com\/nimes\/wp-json\/wp\/v2\/media?parent=24"}],"wp:term":[{"taxonomy":"post_tag","embeddable":true,"href":"https:\/\/radio-aviva.com\/nimes\/wp-json\/wp\/v2\/tags?post=24"},{"taxonomy":"podcastfilter","embeddable":true,"href":"https:\/\/radio-aviva.com\/nimes\/wp-json\/wp\/v2\/podcastfilter?post=24"}],"curies":[{"name":"wp","href":"https:\/\/api.w.org\/{rel}","templated":true}]}}