{"id":6555,"date":"2023-04-27T16:20:38","date_gmt":"2023-04-27T14:20:38","guid":{"rendered":"https:\/\/radio-aviva.com\/nimes\/?post_type=podcast&#038;p=6555"},"modified":"2025-01-17T11:45:46","modified_gmt":"2025-01-17T10:45:46","slug":"anne-lorin-pedopsychiatre-leducation","status":"publish","type":"podcast","link":"https:\/\/radio-aviva.com\/nimes\/podcast\/anne-lorin-pedopsychiatre-leducation\/","title":{"rendered":"ANNE LORIN, P\u00c9DOPSYCHIATRE &#8211; L&rsquo;\u00c9DUCATION"},"content":{"rendered":"<p><span style=\"font-weight: 400;\">L\u2019\u00e9ducation des enfants : un sujet fondamental pour les parents et la soci\u00e9t\u00e9. D\u00e9couvrez une r\u00e9flexion sur le d\u00e9veloppement de l\u2019enfant et les enjeux \u00e9ducatifs actuels \u00e0 la crois\u00e9e de la psychologie et de la spiritualit\u00e9.\u00a0<\/span><\/p>\n<p><img fetchpriority=\"high\" decoding=\"async\" class=\"alignnone wp-image-6556 size-full\" src=\"https:\/\/radio-aviva.com\/wp-content\/uploads\/2023\/04\/WhatsApp-Image-2023-04-27-at-3.19.57-PM-e1682605165142.jpeg\" alt=\"\" width=\"954\" height=\"704\" srcset=\"https:\/\/radio-aviva.com\/nimes\/wp-content\/uploads\/sites\/5\/2023\/04\/WhatsApp-Image-2023-04-27-at-3.19.57-PM-e1682605165142.jpeg 954w, https:\/\/radio-aviva.com\/nimes\/wp-content\/uploads\/sites\/5\/2023\/04\/WhatsApp-Image-2023-04-27-at-3.19.57-PM-e1682605165142-770x568.jpeg 770w, https:\/\/radio-aviva.com\/nimes\/wp-content\/uploads\/sites\/5\/2023\/04\/WhatsApp-Image-2023-04-27-at-3.19.57-PM-e1682605165142-768x567.jpeg 768w\" sizes=\"(max-width: 954px) 100vw, 954px\" \/><\/p>\n<p>Dans l&rsquo;\u00e9mission <strong>\u00c9tincelles<\/strong> de ce jeudi 27 avril, <strong>Mr le Rabbin Daniel KNAFO<\/strong> a re\u00e7u <strong>Mme Anne Lorin<\/strong>, p\u00e9dopsychiatre, pour parler de l&rsquo;<strong>\u00e9ducation<\/strong>.<\/p>\n<p><span style=\"font-weight: 400;\">Cette \u00e9mission vous est propos\u00e9e en partenariat avec la M\u00e9tropole de Montpellier. <\/span><\/p>\n","protected":false},"author":1,"featured_media":9401,"template":"","tags":[],"podcastfilter":[488,165,146],"class_list":["post-6555","podcast","type-podcast","status-publish","has-post-thumbnail","hentry","podcastfilter-cite-et-laicite","podcastfilter-education","podcastfilter-etincelles"],"_links":{"self":[{"href":"https:\/\/radio-aviva.com\/nimes\/wp-json\/wp\/v2\/podcast\/6555","targetHints":{"allow":["GET"]}}],"collection":[{"href":"https:\/\/radio-aviva.com\/nimes\/wp-json\/wp\/v2\/podcast"}],"about":[{"href":"https:\/\/radio-aviva.com\/nimes\/wp-json\/wp\/v2\/types\/podcast"}],"author":[{"embeddable":true,"href":"https:\/\/radio-aviva.com\/nimes\/wp-json\/wp\/v2\/users\/1"}],"version-history":[{"count":2,"href":"https:\/\/radio-aviva.com\/nimes\/wp-json\/wp\/v2\/podcast\/6555\/revisions"}],"predecessor-version":[{"id":9404,"href":"https:\/\/radio-aviva.com\/nimes\/wp-json\/wp\/v2\/podcast\/6555\/revisions\/9404"}],"wp:featuredmedia":[{"embeddable":true,"href":"https:\/\/radio-aviva.com\/nimes\/wp-json\/wp\/v2\/media\/9401"}],"wp:attachment":[{"href":"https:\/\/radio-aviva.com\/nimes\/wp-json\/wp\/v2\/media?parent=6555"}],"wp:term":[{"taxonomy":"post_tag","embeddable":true,"href":"https:\/\/radio-aviva.com\/nimes\/wp-json\/wp\/v2\/tags?post=6555"},{"taxonomy":"podcastfilter","embeddable":true,"href":"https:\/\/radio-aviva.com\/nimes\/wp-json\/wp\/v2\/podcastfilter?post=6555"}],"curies":[{"name":"wp","href":"https:\/\/api.w.org\/{rel}","templated":true}]}}