{"id":6982,"date":"2023-07-20T16:33:56","date_gmt":"2023-07-20T14:33:56","guid":{"rendered":"https:\/\/radio-aviva.com\/nimes\/?post_type=podcast&#038;p=6982"},"modified":"2023-07-20T16:33:56","modified_gmt":"2023-07-20T14:33:56","slug":"nadine-poncept-presidente-association-des-ailes-pour-elles","status":"publish","type":"podcast","link":"https:\/\/radio-aviva.com\/nimes\/podcast\/nadine-poncept-presidente-association-des-ailes-pour-elles\/","title":{"rendered":"NADINE PONCEPT, PRESIDENTE &#8211; ASSOCIATION DES AILES POUR ELLES"},"content":{"rendered":"<p><strong>Nadine Poncept<\/strong>, cr\u00e9atrice et pr\u00e9sidente de l&rsquo;association <strong>Des Ailes pour Elles<\/strong> pr\u00e9sente son association et notamment son \u00e9v\u00e9nement estival, une travers\u00e9e en kitesurf 100% f\u00e9minin qui vise \u00e0 collecter des fonds pour la Fondations des Femmes afin de venir en aide aux femmes et aux enfants. Ce d\u00e9fi sportif, personnel et psychologique sera \u00e0 retrouver en documentaire cet automne.<\/p>\n<p>L&rsquo;association va \u00e9galement d\u00e9ployer des moyens afin d&rsquo;apporter soutien, \u00e9coute et aide sur la communaut\u00e9 de commune Terres de Camargue, zone isol\u00e9e souvent oubli\u00e9e des associations de soutien face aux violences intrafamiliales.<\/p>\n","protected":false},"author":336,"featured_media":6891,"template":"","tags":[],"podcastfilter":[150,183,2,4,5,226,6],"class_list":["post-6982","podcast","type-podcast","status-publish","has-post-thumbnail","hentry","podcastfilter-association","podcastfilter-gard","podcastfilter-la-voix-des-assos","podcastfilter-lutte-contre-les-violences-faites-aux-femmes","podcastfilter-nimes","podcastfilter-solidaire","podcastfilter-solidarite"],"_links":{"self":[{"href":"https:\/\/radio-aviva.com\/nimes\/wp-json\/wp\/v2\/podcast\/6982","targetHints":{"allow":["GET"]}}],"collection":[{"href":"https:\/\/radio-aviva.com\/nimes\/wp-json\/wp\/v2\/podcast"}],"about":[{"href":"https:\/\/radio-aviva.com\/nimes\/wp-json\/wp\/v2\/types\/podcast"}],"author":[{"embeddable":true,"href":"https:\/\/radio-aviva.com\/nimes\/wp-json\/wp\/v2\/users\/336"}],"version-history":[{"count":0,"href":"https:\/\/radio-aviva.com\/nimes\/wp-json\/wp\/v2\/podcast\/6982\/revisions"}],"wp:featuredmedia":[{"embeddable":true,"href":"https:\/\/radio-aviva.com\/nimes\/wp-json\/wp\/v2\/media\/6891"}],"wp:attachment":[{"href":"https:\/\/radio-aviva.com\/nimes\/wp-json\/wp\/v2\/media?parent=6982"}],"wp:term":[{"taxonomy":"post_tag","embeddable":true,"href":"https:\/\/radio-aviva.com\/nimes\/wp-json\/wp\/v2\/tags?post=6982"},{"taxonomy":"podcastfilter","embeddable":true,"href":"https:\/\/radio-aviva.com\/nimes\/wp-json\/wp\/v2\/podcastfilter?post=6982"}],"curies":[{"name":"wp","href":"https:\/\/api.w.org\/{rel}","templated":true}]}}