{"id":7616,"date":"2023-10-16T15:24:23","date_gmt":"2023-10-16T13:24:23","guid":{"rendered":"https:\/\/radio-aviva.com\/nimes\/?post_type=podcast&#038;p=7616"},"modified":"2023-10-16T15:24:23","modified_gmt":"2023-10-16T13:24:23","slug":"developpement-durable-nimes-pascale-venturini-adjointe-deleguee-a-lenvironnement-la-transition-ecologique-les-energies-renouvelables-et-le-chauffage-urbain-a-la-mairie-de-nimes","status":"publish","type":"podcast","link":"https:\/\/radio-aviva.com\/nimes\/podcast\/developpement-durable-nimes-pascale-venturini-adjointe-deleguee-a-lenvironnement-la-transition-ecologique-les-energies-renouvelables-et-le-chauffage-urbain-a-la-mairie-de-nimes\/","title":{"rendered":"DEVELOPPEMENT DURABLE NIMES &#8211; PASCALE VENTURINI, ADJOINTE DELEGUEE A L&rsquo;ENVIRONNEMENT, LA TRANSITION ECOLOGIQUE, LES ENERGIES RENOUVELABLES ET LE CHAUFFAGE URBAIN A LA MAIRIE DE NIMES"},"content":{"rendered":"<p>Pascale Venturini, adjointe d\u00e9l\u00e9gu\u00e9e \u00e0 l&rsquo;environnement, \u00e0 la transition \u00e9cologique, aux \u00e9nergies renouvelables et au chauffage urbain \u00e0 la Mairie de N\u00eemes pr\u00e9sente au micro de Radio Aviva les grands axes de la politique de la capitale gardoise dans ces domaines.<\/p>\n","protected":false},"author":336,"featured_media":7617,"template":"","tags":[],"podcastfilter":[14,20,199,5],"class_list":["post-7616","podcast","type-podcast","status-publish","has-post-thumbnail","hentry","podcastfilter-ecologie","podcastfilter-environnement","podcastfilter-mag-de-la-redac","podcastfilter-nimes"],"_links":{"self":[{"href":"https:\/\/radio-aviva.com\/nimes\/wp-json\/wp\/v2\/podcast\/7616","targetHints":{"allow":["GET"]}}],"collection":[{"href":"https:\/\/radio-aviva.com\/nimes\/wp-json\/wp\/v2\/podcast"}],"about":[{"href":"https:\/\/radio-aviva.com\/nimes\/wp-json\/wp\/v2\/types\/podcast"}],"author":[{"embeddable":true,"href":"https:\/\/radio-aviva.com\/nimes\/wp-json\/wp\/v2\/users\/336"}],"version-history":[{"count":0,"href":"https:\/\/radio-aviva.com\/nimes\/wp-json\/wp\/v2\/podcast\/7616\/revisions"}],"wp:featuredmedia":[{"embeddable":true,"href":"https:\/\/radio-aviva.com\/nimes\/wp-json\/wp\/v2\/media\/7617"}],"wp:attachment":[{"href":"https:\/\/radio-aviva.com\/nimes\/wp-json\/wp\/v2\/media?parent=7616"}],"wp:term":[{"taxonomy":"post_tag","embeddable":true,"href":"https:\/\/radio-aviva.com\/nimes\/wp-json\/wp\/v2\/tags?post=7616"},{"taxonomy":"podcastfilter","embeddable":true,"href":"https:\/\/radio-aviva.com\/nimes\/wp-json\/wp\/v2\/podcastfilter?post=7616"}],"curies":[{"name":"wp","href":"https:\/\/api.w.org\/{rel}","templated":true}]}}