{"id":8009,"date":"2023-12-11T16:42:18","date_gmt":"2023-12-11T15:42:18","guid":{"rendered":"https:\/\/radio-aviva.com\/nimes\/?post_type=podcast&#038;p=8009"},"modified":"2024-05-20T12:04:03","modified_gmt":"2024-05-20T10:04:03","slug":"denis-lanoy-metteur-en-scene-presentation-et-programmation-la-maison-des-litteratures-a-voix-hautes","status":"publish","type":"podcast","link":"https:\/\/radio-aviva.com\/nimes\/podcast\/denis-lanoy-metteur-en-scene-presentation-et-programmation-la-maison-des-litteratures-a-voix-hautes\/","title":{"rendered":"DENIS LANOY, METTEUR EN SCENE &#8211; PRESENTATION ET PROGRAMMATION LA MAISON DES LITTERATURES A VOIX HAUTES"},"content":{"rendered":"<p>Denis Lanoy, metteur en sc\u00e8ne, pr\u00e9sente, au micro de Patrick Losso pour Radio Aviva, La Maison des Litt\u00e9ratures \u00e0 voix Hautes, lieu unique et singulier \u00e0 N\u00eemes entre litt\u00e9rature et convivialit\u00e9.<\/p>\n","protected":false},"author":336,"featured_media":6750,"template":"","tags":[],"podcastfilter":[8,175,28,279,333,244,26,183,144,209,5],"class_list":["post-8009","podcast","type-podcast","status-publish","has-post-thumbnail","hentry","podcastfilter-art","podcastfilter-artiste","podcastfilter-culture","podcastfilter-echanges","podcastfilter-ecriture","podcastfilter-ecrivain","podcastfilter-entract","podcastfilter-gard","podcastfilter-litterature","podcastfilter-livre","podcastfilter-nimes"],"_links":{"self":[{"href":"https:\/\/radio-aviva.com\/nimes\/wp-json\/wp\/v2\/podcast\/8009","targetHints":{"allow":["GET"]}}],"collection":[{"href":"https:\/\/radio-aviva.com\/nimes\/wp-json\/wp\/v2\/podcast"}],"about":[{"href":"https:\/\/radio-aviva.com\/nimes\/wp-json\/wp\/v2\/types\/podcast"}],"author":[{"embeddable":true,"href":"https:\/\/radio-aviva.com\/nimes\/wp-json\/wp\/v2\/users\/336"}],"version-history":[{"count":1,"href":"https:\/\/radio-aviva.com\/nimes\/wp-json\/wp\/v2\/podcast\/8009\/revisions"}],"predecessor-version":[{"id":8676,"href":"https:\/\/radio-aviva.com\/nimes\/wp-json\/wp\/v2\/podcast\/8009\/revisions\/8676"}],"wp:featuredmedia":[{"embeddable":true,"href":"https:\/\/radio-aviva.com\/nimes\/wp-json\/wp\/v2\/media\/6750"}],"wp:attachment":[{"href":"https:\/\/radio-aviva.com\/nimes\/wp-json\/wp\/v2\/media?parent=8009"}],"wp:term":[{"taxonomy":"post_tag","embeddable":true,"href":"https:\/\/radio-aviva.com\/nimes\/wp-json\/wp\/v2\/tags?post=8009"},{"taxonomy":"podcastfilter","embeddable":true,"href":"https:\/\/radio-aviva.com\/nimes\/wp-json\/wp\/v2\/podcastfilter?post=8009"}],"curies":[{"name":"wp","href":"https:\/\/api.w.org\/{rel}","templated":true}]}}