{"id":8400,"date":"2024-03-07T14:44:18","date_gmt":"2024-03-07T13:44:18","guid":{"rendered":"https:\/\/radio-aviva.com\/nimes\/podcast\/la-vie-de-valentin-eli-ghnassia-genevieve-molina-maman-de-valentin\/"},"modified":"2024-03-07T14:44:18","modified_gmt":"2024-03-07T13:44:18","slug":"la-vie-de-valentin-eli-ghnassia-genevieve-molina-maman-de-valentin","status":"publish","type":"podcast","link":"https:\/\/radio-aviva.com\/nimes\/podcast\/la-vie-de-valentin-eli-ghnassia-genevieve-molina-maman-de-valentin\/","title":{"rendered":"LA VIE DE VALENTIN ELI GHNASSIA GENEVIEVE MOLINA MAMAN DE VALENTIN"},"content":{"rendered":"<p>&nbsp;<\/p>\n<p>Dans cette nouvelle \u00e9mission, nous recevons Genevi\u00e8ve Molina, m\u00e8re de Valentin Eli Ghnassia,\u00a0tu\u00e9 lors des attaques men\u00e9es par le Hamas au micro de Perla Danan. Sa m\u00e8re reviendra sur la vie de son fils.<\/p>\n","protected":false},"author":1,"featured_media":8401,"template":"","tags":[],"podcastfilter":[274,199],"class_list":["post-8400","podcast","type-podcast","status-publish","has-post-thumbnail","hentry","podcastfilter-hommage","podcastfilter-mag-de-la-redac"],"_links":{"self":[{"href":"https:\/\/radio-aviva.com\/nimes\/wp-json\/wp\/v2\/podcast\/8400","targetHints":{"allow":["GET"]}}],"collection":[{"href":"https:\/\/radio-aviva.com\/nimes\/wp-json\/wp\/v2\/podcast"}],"about":[{"href":"https:\/\/radio-aviva.com\/nimes\/wp-json\/wp\/v2\/types\/podcast"}],"author":[{"embeddable":true,"href":"https:\/\/radio-aviva.com\/nimes\/wp-json\/wp\/v2\/users\/1"}],"version-history":[{"count":0,"href":"https:\/\/radio-aviva.com\/nimes\/wp-json\/wp\/v2\/podcast\/8400\/revisions"}],"wp:featuredmedia":[{"embeddable":true,"href":"https:\/\/radio-aviva.com\/nimes\/wp-json\/wp\/v2\/media\/8401"}],"wp:attachment":[{"href":"https:\/\/radio-aviva.com\/nimes\/wp-json\/wp\/v2\/media?parent=8400"}],"wp:term":[{"taxonomy":"post_tag","embeddable":true,"href":"https:\/\/radio-aviva.com\/nimes\/wp-json\/wp\/v2\/tags?post=8400"},{"taxonomy":"podcastfilter","embeddable":true,"href":"https:\/\/radio-aviva.com\/nimes\/wp-json\/wp\/v2\/podcastfilter?post=8400"}],"curies":[{"name":"wp","href":"https:\/\/api.w.org\/{rel}","templated":true}]}}