{"id":8421,"date":"2024-03-14T16:29:29","date_gmt":"2024-03-14T15:29:29","guid":{"rendered":"https:\/\/radio-aviva.com\/nimes\/?post_type=podcast&#038;p=8421"},"modified":"2024-03-14T16:37:43","modified_gmt":"2024-03-14T15:37:43","slug":"semaine-du-cerveau-unimes-laurie-galvan-maitre-de-conference-en-neurosciences","status":"publish","type":"podcast","link":"https:\/\/radio-aviva.com\/nimes\/podcast\/semaine-du-cerveau-unimes-laurie-galvan-maitre-de-conference-en-neurosciences\/","title":{"rendered":"SEMAINE DU CERVEAU UNIMES &#8211; LAURIE GALVAN, MAITRE DE CONFERENCE EN NEUROSCIENCES"},"content":{"rendered":"<p>Laurie Galvan, ma\u00eetre de conf\u00e9rence en neurosciences et en charge de la Semaine du cerveau \u00e0 Un\u00eemes pr\u00e9sente, au micro de Radio Aviva, le programme de cet \u00e9v\u00e9nement qui aura lieu \u00e0 travers plusieurs conf\u00e9rences du 12 au 22 mars 2024.<\/p>\n","protected":false},"author":336,"featured_media":0,"template":"","tags":[],"podcastfilter":[153,446,445],"class_list":["post-8421","podcast","type-podcast","status-publish","hentry","podcastfilter-conference","podcastfilter-semaine-du-cerveau","podcastfilter-unimes-2"],"_links":{"self":[{"href":"https:\/\/radio-aviva.com\/nimes\/wp-json\/wp\/v2\/podcast\/8421","targetHints":{"allow":["GET"]}}],"collection":[{"href":"https:\/\/radio-aviva.com\/nimes\/wp-json\/wp\/v2\/podcast"}],"about":[{"href":"https:\/\/radio-aviva.com\/nimes\/wp-json\/wp\/v2\/types\/podcast"}],"author":[{"embeddable":true,"href":"https:\/\/radio-aviva.com\/nimes\/wp-json\/wp\/v2\/users\/336"}],"version-history":[{"count":0,"href":"https:\/\/radio-aviva.com\/nimes\/wp-json\/wp\/v2\/podcast\/8421\/revisions"}],"wp:attachment":[{"href":"https:\/\/radio-aviva.com\/nimes\/wp-json\/wp\/v2\/media?parent=8421"}],"wp:term":[{"taxonomy":"post_tag","embeddable":true,"href":"https:\/\/radio-aviva.com\/nimes\/wp-json\/wp\/v2\/tags?post=8421"},{"taxonomy":"podcastfilter","embeddable":true,"href":"https:\/\/radio-aviva.com\/nimes\/wp-json\/wp\/v2\/podcastfilter?post=8421"}],"curies":[{"name":"wp","href":"https:\/\/api.w.org\/{rel}","templated":true}]}}