{"id":8486,"date":"2024-03-29T11:55:37","date_gmt":"2024-03-29T10:55:37","guid":{"rendered":"https:\/\/radio-aviva.com\/nimes\/?post_type=podcast&#038;p=8486"},"modified":"2024-03-29T11:55:37","modified_gmt":"2024-03-29T10:55:37","slug":"festival-ehpadons-nous-adelaide-panaget-directrice-artistique","status":"publish","type":"podcast","link":"https:\/\/radio-aviva.com\/nimes\/podcast\/festival-ehpadons-nous-adelaide-panaget-directrice-artistique\/","title":{"rendered":"FESTIVAL EHPAD&rsquo;ONS-NOUS &#8211; ADELA\u00cfDE PANAGET, DIRECTRICE ARTISTIQUE"},"content":{"rendered":"<p>Le festival EHPAD&rsquo;ons-nous s\u2019est donn\u00e9 pour mission de faire venir la culture dans les Ehpad partout en France. A l\u2019occasion de la venue du festival dans les maisons de retraite du Gard, Adela\u00efde Panaget, directrice artistique du festival, pr\u00e9sente, au micro de Radio Aviva N\u00eemes, leur d\u00e9marche et leurs accomplissements.<\/p>\n","protected":false},"author":336,"featured_media":0,"template":"","tags":[],"podcastfilter":[28,173,30,311],"class_list":["post-8486","podcast","type-podcast","status-publish","hentry","podcastfilter-culture","podcastfilter-festival","podcastfilter-linvite-de-la-redaction","podcastfilter-social"],"_links":{"self":[{"href":"https:\/\/radio-aviva.com\/nimes\/wp-json\/wp\/v2\/podcast\/8486","targetHints":{"allow":["GET"]}}],"collection":[{"href":"https:\/\/radio-aviva.com\/nimes\/wp-json\/wp\/v2\/podcast"}],"about":[{"href":"https:\/\/radio-aviva.com\/nimes\/wp-json\/wp\/v2\/types\/podcast"}],"author":[{"embeddable":true,"href":"https:\/\/radio-aviva.com\/nimes\/wp-json\/wp\/v2\/users\/336"}],"version-history":[{"count":0,"href":"https:\/\/radio-aviva.com\/nimes\/wp-json\/wp\/v2\/podcast\/8486\/revisions"}],"wp:attachment":[{"href":"https:\/\/radio-aviva.com\/nimes\/wp-json\/wp\/v2\/media?parent=8486"}],"wp:term":[{"taxonomy":"post_tag","embeddable":true,"href":"https:\/\/radio-aviva.com\/nimes\/wp-json\/wp\/v2\/tags?post=8486"},{"taxonomy":"podcastfilter","embeddable":true,"href":"https:\/\/radio-aviva.com\/nimes\/wp-json\/wp\/v2\/podcastfilter?post=8486"}],"curies":[{"name":"wp","href":"https:\/\/api.w.org\/{rel}","templated":true}]}}