{"id":8488,"date":"2024-04-02T11:35:11","date_gmt":"2024-04-02T09:35:11","guid":{"rendered":"https:\/\/radio-aviva.com\/nimes\/?post_type=podcast&#038;p=8488"},"modified":"2024-04-02T11:35:11","modified_gmt":"2024-04-02T09:35:11","slug":"cafe-sante-en-tete-a-tete-avec-la-migraine","status":"publish","type":"podcast","link":"https:\/\/radio-aviva.com\/nimes\/podcast\/cafe-sante-en-tete-a-tete-avec-la-migraine\/","title":{"rendered":"CAFE SANTE &#8211; EN TETE A TETE AVEC LA MIGRAINE"},"content":{"rendered":"<p>Le Caf\u00e9 Sant\u00e9 \u201cEn t\u00eate \u00e0 t\u00eate avec la migraine\u201d vise \u00e0 informer sur les causes et les m\u00e9canismes de la migraine et abordera l\u2019\u00e9pid\u00e9miologie et enjeux de sant\u00e9 en France, le traitements actuels et perspectives et nous \u00e9couterons un t\u00e9moignage d\u2019un patient sur son exp\u00e9rience et l\u2019impact de la migraine sur toutes les facettes de la vie quotidienne.<\/p>\n","protected":false},"author":333,"featured_media":0,"template":"","tags":[],"podcastfilter":[151,459,29],"class_list":["post-8488","podcast","type-podcast","status-publish","hentry","podcastfilter-cafes-gazette","podcastfilter-medecine","podcastfilter-sante"],"_links":{"self":[{"href":"https:\/\/radio-aviva.com\/nimes\/wp-json\/wp\/v2\/podcast\/8488","targetHints":{"allow":["GET"]}}],"collection":[{"href":"https:\/\/radio-aviva.com\/nimes\/wp-json\/wp\/v2\/podcast"}],"about":[{"href":"https:\/\/radio-aviva.com\/nimes\/wp-json\/wp\/v2\/types\/podcast"}],"author":[{"embeddable":true,"href":"https:\/\/radio-aviva.com\/nimes\/wp-json\/wp\/v2\/users\/333"}],"version-history":[{"count":0,"href":"https:\/\/radio-aviva.com\/nimes\/wp-json\/wp\/v2\/podcast\/8488\/revisions"}],"wp:attachment":[{"href":"https:\/\/radio-aviva.com\/nimes\/wp-json\/wp\/v2\/media?parent=8488"}],"wp:term":[{"taxonomy":"post_tag","embeddable":true,"href":"https:\/\/radio-aviva.com\/nimes\/wp-json\/wp\/v2\/tags?post=8488"},{"taxonomy":"podcastfilter","embeddable":true,"href":"https:\/\/radio-aviva.com\/nimes\/wp-json\/wp\/v2\/podcastfilter?post=8488"}],"curies":[{"name":"wp","href":"https:\/\/api.w.org\/{rel}","templated":true}]}}