{"id":8493,"date":"2024-04-02T13:40:32","date_gmt":"2024-04-02T11:40:32","guid":{"rendered":"https:\/\/radio-aviva.com\/nimes\/?post_type=podcast&#038;p=8493"},"modified":"2024-04-02T13:40:32","modified_gmt":"2024-04-02T11:40:32","slug":"soiree-culture-et-ecologie-lucile-donivard-attachee-communication-et-relations-presse-le-periscope","status":"publish","type":"podcast","link":"https:\/\/radio-aviva.com\/nimes\/podcast\/soiree-culture-et-ecologie-lucile-donivard-attachee-communication-et-relations-presse-le-periscope\/","title":{"rendered":"SOIREE CULTURE ET ECOLOGIE &#8211; LUCILE DONIVARD, ATTACHEE COMMUNICATION ET RELATIONS PRESSE LE PERISCOPE"},"content":{"rendered":"<p>En partenariat avec le Chateau d\u2019Espeyran et le Bar du Midi, le P\u00e9riscope organise une soir\u00e9e d\u00e9di\u00e9e \u00e0 l\u2019\u00e9cologie. Au programme, une conf\u00e9rence sur les enjeux \u00e9cologiques du monde de la culture, ainsi qu\u2019une pi\u00e8ce de th\u00e9\u00e2tre intitul\u00e9e \u201cTravol\u2019time\u201d. Lucile Donivard, attach\u00e9e de communication du P\u00e9riscope, au micro de Radio Aviva.<\/p>\n","protected":false},"author":336,"featured_media":6782,"template":"","tags":[],"podcastfilter":[28,24,14,460],"class_list":["post-8493","podcast","type-podcast","status-publish","has-post-thumbnail","hentry","podcastfilter-culture","podcastfilter-culture-et-compagnie","podcastfilter-ecologie","podcastfilter-le-periscope"],"_links":{"self":[{"href":"https:\/\/radio-aviva.com\/nimes\/wp-json\/wp\/v2\/podcast\/8493","targetHints":{"allow":["GET"]}}],"collection":[{"href":"https:\/\/radio-aviva.com\/nimes\/wp-json\/wp\/v2\/podcast"}],"about":[{"href":"https:\/\/radio-aviva.com\/nimes\/wp-json\/wp\/v2\/types\/podcast"}],"author":[{"embeddable":true,"href":"https:\/\/radio-aviva.com\/nimes\/wp-json\/wp\/v2\/users\/336"}],"version-history":[{"count":0,"href":"https:\/\/radio-aviva.com\/nimes\/wp-json\/wp\/v2\/podcast\/8493\/revisions"}],"wp:featuredmedia":[{"embeddable":true,"href":"https:\/\/radio-aviva.com\/nimes\/wp-json\/wp\/v2\/media\/6782"}],"wp:attachment":[{"href":"https:\/\/radio-aviva.com\/nimes\/wp-json\/wp\/v2\/media?parent=8493"}],"wp:term":[{"taxonomy":"post_tag","embeddable":true,"href":"https:\/\/radio-aviva.com\/nimes\/wp-json\/wp\/v2\/tags?post=8493"},{"taxonomy":"podcastfilter","embeddable":true,"href":"https:\/\/radio-aviva.com\/nimes\/wp-json\/wp\/v2\/podcastfilter?post=8493"}],"curies":[{"name":"wp","href":"https:\/\/api.w.org\/{rel}","templated":true}]}}