{"id":8495,"date":"2024-04-02T15:28:09","date_gmt":"2024-04-02T13:28:09","guid":{"rendered":"https:\/\/radio-aviva.com\/nimes\/?post_type=podcast&#038;p=8495"},"modified":"2024-04-02T15:28:09","modified_gmt":"2024-04-02T13:28:09","slug":"telquel-theatre-sarah-malcles-attachee-de-production-et-mika-comedienne","status":"publish","type":"podcast","link":"https:\/\/radio-aviva.com\/nimes\/podcast\/telquel-theatre-sarah-malcles-attachee-de-production-et-mika-comedienne\/","title":{"rendered":"TELQUEL THEATRE &#8211; SARAH MALCLES, ATTACHEE DE PRODUCTION ET MIKA, COMEDIENNE"},"content":{"rendered":"<p>Sarah Malcl\u00e8s, attach\u00e9e de production et Mika, com\u00e9dienne, pr\u00e9sentent, au micro de Radio Aviva, le Telquel th\u00e9\u00e2tre. Ce lieu singulier, culturel et social qui depuis 21 ans propose des actions culturelles dans le quartier prioritaire Pissevin-Valdegour propose de nombreuses actions \u00e9clectiques dans des domaines culturel tels que le th\u00e9\u00e2tre et la musique \u00e0 destination du public, des scolaires et des habitants du quartier.<\/p>\n","protected":false},"author":336,"featured_media":8496,"template":"","tags":[],"podcastfilter":[28,26,133,311,25],"class_list":["post-8495","podcast","type-podcast","status-publish","has-post-thumbnail","hentry","podcastfilter-culture","podcastfilter-entract","podcastfilter-musique","podcastfilter-social","podcastfilter-theatre"],"_links":{"self":[{"href":"https:\/\/radio-aviva.com\/nimes\/wp-json\/wp\/v2\/podcast\/8495","targetHints":{"allow":["GET"]}}],"collection":[{"href":"https:\/\/radio-aviva.com\/nimes\/wp-json\/wp\/v2\/podcast"}],"about":[{"href":"https:\/\/radio-aviva.com\/nimes\/wp-json\/wp\/v2\/types\/podcast"}],"author":[{"embeddable":true,"href":"https:\/\/radio-aviva.com\/nimes\/wp-json\/wp\/v2\/users\/336"}],"version-history":[{"count":0,"href":"https:\/\/radio-aviva.com\/nimes\/wp-json\/wp\/v2\/podcast\/8495\/revisions"}],"wp:featuredmedia":[{"embeddable":true,"href":"https:\/\/radio-aviva.com\/nimes\/wp-json\/wp\/v2\/media\/8496"}],"wp:attachment":[{"href":"https:\/\/radio-aviva.com\/nimes\/wp-json\/wp\/v2\/media?parent=8495"}],"wp:term":[{"taxonomy":"post_tag","embeddable":true,"href":"https:\/\/radio-aviva.com\/nimes\/wp-json\/wp\/v2\/tags?post=8495"},{"taxonomy":"podcastfilter","embeddable":true,"href":"https:\/\/radio-aviva.com\/nimes\/wp-json\/wp\/v2\/podcastfilter?post=8495"}],"curies":[{"name":"wp","href":"https:\/\/api.w.org\/{rel}","templated":true}]}}