{"id":8512,"date":"2024-04-10T17:05:37","date_gmt":"2024-04-10T15:05:37","guid":{"rendered":"https:\/\/radio-aviva.com\/nimes\/?post_type=podcast&#038;p=8512"},"modified":"2024-04-10T17:06:36","modified_gmt":"2024-04-10T15:06:36","slug":"mille-et-deux-nuances-eloquence-melissa-aabaid-organisatrice","status":"publish","type":"podcast","link":"https:\/\/radio-aviva.com\/nimes\/podcast\/mille-et-deux-nuances-eloquence-melissa-aabaid-organisatrice\/","title":{"rendered":"MILLE ET DEUX NUANCES ELOQUENCE &#8211; MELISSA AABAID, CO-ORGANISATRICE"},"content":{"rendered":"<p>Mille et deux nuances d\u2019\u00e9loquence est un gala d\u2019\u00e9loquence organis\u00e9 \u00e0 l\u2019Universit\u00e9 de N\u00eemes, par M\u00e9lissa Aaba\u00efd et ses nombreux partenaires. Retrouvez des orateurs fran\u00e7ais de renom lors de cet \u00e9v\u00e8nement qui aura lieu le jeudi 11 avril \u00e0 partir de 18h.<\/p>\n","protected":false},"author":336,"featured_media":8513,"template":"","tags":[],"podcastfilter":[462,445],"class_list":["post-8512","podcast","type-podcast","status-publish","has-post-thumbnail","hentry","podcastfilter-eloquence","podcastfilter-unimes-2"],"_links":{"self":[{"href":"https:\/\/radio-aviva.com\/nimes\/wp-json\/wp\/v2\/podcast\/8512","targetHints":{"allow":["GET"]}}],"collection":[{"href":"https:\/\/radio-aviva.com\/nimes\/wp-json\/wp\/v2\/podcast"}],"about":[{"href":"https:\/\/radio-aviva.com\/nimes\/wp-json\/wp\/v2\/types\/podcast"}],"author":[{"embeddable":true,"href":"https:\/\/radio-aviva.com\/nimes\/wp-json\/wp\/v2\/users\/336"}],"version-history":[{"count":0,"href":"https:\/\/radio-aviva.com\/nimes\/wp-json\/wp\/v2\/podcast\/8512\/revisions"}],"wp:featuredmedia":[{"embeddable":true,"href":"https:\/\/radio-aviva.com\/nimes\/wp-json\/wp\/v2\/media\/8513"}],"wp:attachment":[{"href":"https:\/\/radio-aviva.com\/nimes\/wp-json\/wp\/v2\/media?parent=8512"}],"wp:term":[{"taxonomy":"post_tag","embeddable":true,"href":"https:\/\/radio-aviva.com\/nimes\/wp-json\/wp\/v2\/tags?post=8512"},{"taxonomy":"podcastfilter","embeddable":true,"href":"https:\/\/radio-aviva.com\/nimes\/wp-json\/wp\/v2\/podcastfilter?post=8512"}],"curies":[{"name":"wp","href":"https:\/\/api.w.org\/{rel}","templated":true}]}}