{"id":8910,"date":"2024-06-28T10:37:01","date_gmt":"2024-06-28T08:37:01","guid":{"rendered":"https:\/\/radio-aviva.com\/nimes\/?post_type=podcast&#038;p=8910"},"modified":"2024-06-28T10:42:20","modified_gmt":"2024-06-28T08:42:20","slug":"les-transes-cevenoles-2024-sebastien-toureille-directeur-et-programmateur","status":"publish","type":"podcast","link":"https:\/\/radio-aviva.com\/nimes\/podcast\/les-transes-cevenoles-2024-sebastien-toureille-directeur-et-programmateur\/","title":{"rendered":"LES TRANSES CEVENOLES 2024 &#8211; SEBASTIEN TOUREILLE, DIRECTEUR ET PROGRAMMATEUR"},"content":{"rendered":"\n<p>Encore et toujours de belles d\u00e9couvertes artistiques en C\u00e9vennes. Pour sa 27e \u00e9dition, le Festival invite \u2013 une nouvelle fois \u2013 \u00e0 la d\u00e9couverte de propositions artistiques originales et \u00e9clectiques. De la chanson sauvage \u00e0 l\u2019\u00e9lectro-pop, du rap \u00e0 l\u2019afro funk japonais \u2026 En journ\u00e9e, tout au long du week-end, le festival proposer une s\u00e9lection de spectacles et d\u2019animations \u00e0 vivre en famille.<\/p>\n\n\n\n<p>Petit tour de la programmation, dans la bonne humeur, avec S\u00e9bastien Toureille, programmateur et directeur artistique du festival.<\/p>\n","protected":false},"author":336,"featured_media":8906,"template":"","tags":[],"podcastfilter":[480,281,183,133,479],"class_list":["post-8910","podcast","type-podcast","status-publish","has-post-thumbnail","hentry","podcastfilter-art-de-rue","podcastfilter-cevennes","podcastfilter-gard","podcastfilter-musique","podcastfilter-transes-cevenoles"],"_links":{"self":[{"href":"https:\/\/radio-aviva.com\/nimes\/wp-json\/wp\/v2\/podcast\/8910","targetHints":{"allow":["GET"]}}],"collection":[{"href":"https:\/\/radio-aviva.com\/nimes\/wp-json\/wp\/v2\/podcast"}],"about":[{"href":"https:\/\/radio-aviva.com\/nimes\/wp-json\/wp\/v2\/types\/podcast"}],"author":[{"embeddable":true,"href":"https:\/\/radio-aviva.com\/nimes\/wp-json\/wp\/v2\/users\/336"}],"version-history":[{"count":1,"href":"https:\/\/radio-aviva.com\/nimes\/wp-json\/wp\/v2\/podcast\/8910\/revisions"}],"predecessor-version":[{"id":8911,"href":"https:\/\/radio-aviva.com\/nimes\/wp-json\/wp\/v2\/podcast\/8910\/revisions\/8911"}],"wp:featuredmedia":[{"embeddable":true,"href":"https:\/\/radio-aviva.com\/nimes\/wp-json\/wp\/v2\/media\/8906"}],"wp:attachment":[{"href":"https:\/\/radio-aviva.com\/nimes\/wp-json\/wp\/v2\/media?parent=8910"}],"wp:term":[{"taxonomy":"post_tag","embeddable":true,"href":"https:\/\/radio-aviva.com\/nimes\/wp-json\/wp\/v2\/tags?post=8910"},{"taxonomy":"podcastfilter","embeddable":true,"href":"https:\/\/radio-aviva.com\/nimes\/wp-json\/wp\/v2\/podcastfilter?post=8910"}],"curies":[{"name":"wp","href":"https:\/\/api.w.org\/{rel}","templated":true}]}}