{"id":9,"date":"2023-01-18T15:25:55","date_gmt":"2023-01-18T14:25:55","guid":{"rendered":"http:\/\/radio-aviva.com\/nimes\/?post_type=podcast&#038;p=9"},"modified":"2023-01-18T15:25:55","modified_gmt":"2023-01-18T14:25:55","slug":"fablab-nimes-interview-la-voix-des-assos","status":"publish","type":"podcast","link":"https:\/\/radio-aviva.com\/nimes\/podcast\/fablab-nimes-interview-la-voix-des-assos\/","title":{"rendered":"Rajaa Nouali- coordinatrice du fablab de N\u00eemes-17\/12\/22"},"content":{"rendered":"<p>Interview du 17 d\u00e9cembre 2022 de Raja\u00e2 Nouali coordinatrice du Fablab de N\u00eemes . FabLab (contraction de Fabrication Laboratory) est un espace qui met \u00e0 disposition du public des machines et des outils pour fabriquer \u00e0 peu pr\u00e8s ce que l\u2019on veut.<\/p>\n<p>Equip\u00e9 d\u2019outils traditionnels et de machines \u00e0 commande num\u00e9rique : perceuse, d\u00e9coupe laser, fraiseuse, imprimante 3D, etc. C\u2019est un grand atelier ouvert \u00e0 tous pour travailler le bois, le m\u00e9tal, les plastiques et o\u00f9 l\u2019on peut faire de l\u2019\u00e9lectronique ou de la micro-\u00e9lectronique.<\/p>\n<p>Lieu de partage, o\u00f9 l\u2019on apprend \u00e0 faire soi m\u00eame et avec l\u2019aide des autres, le FabLab offre la possibilit\u00e9 de personnaliser, r\u00e9parer, r\u00e9aliser des objets.<\/p>\n<p>L\u2019avantage principal : passer rapidement d\u2019une id\u00e9e, d\u2019un projet \u00e0 sa r\u00e9alisation.<\/p>\n<p>Le FabLab de N\u00eemes est g\u00e9r\u00e9 et anim\u00e9 par l\u2019association Les Incroyables Possibles, en partenariat avec\u00a0<a href=\"https:\/\/www.nimes-metropole.fr\/\" target=\"_blank\" rel=\"noopener noreferrer\">N\u00eemes M\u00e9tropole<\/a>, et le soutien de la\u00a0<a href=\"https:\/\/www.laregion.fr\/\" target=\"_blank\" rel=\"noopener noreferrer\">R\u00e9gion Occitanie<\/a>.<\/p>\n","protected":false},"author":336,"featured_media":10,"template":"","tags":[],"podcastfilter":[2,5,6,18],"class_list":["post-9","podcast","type-podcast","status-publish","has-post-thumbnail","hentry","podcastfilter-la-voix-des-assos","podcastfilter-nimes","podcastfilter-solidarite","podcastfilter-technologie"],"_links":{"self":[{"href":"https:\/\/radio-aviva.com\/nimes\/wp-json\/wp\/v2\/podcast\/9","targetHints":{"allow":["GET"]}}],"collection":[{"href":"https:\/\/radio-aviva.com\/nimes\/wp-json\/wp\/v2\/podcast"}],"about":[{"href":"https:\/\/radio-aviva.com\/nimes\/wp-json\/wp\/v2\/types\/podcast"}],"author":[{"embeddable":true,"href":"https:\/\/radio-aviva.com\/nimes\/wp-json\/wp\/v2\/users\/336"}],"version-history":[{"count":0,"href":"https:\/\/radio-aviva.com\/nimes\/wp-json\/wp\/v2\/podcast\/9\/revisions"}],"wp:featuredmedia":[{"embeddable":true,"href":"https:\/\/radio-aviva.com\/nimes\/wp-json\/wp\/v2\/media\/10"}],"wp:attachment":[{"href":"https:\/\/radio-aviva.com\/nimes\/wp-json\/wp\/v2\/media?parent=9"}],"wp:term":[{"taxonomy":"post_tag","embeddable":true,"href":"https:\/\/radio-aviva.com\/nimes\/wp-json\/wp\/v2\/tags?post=9"},{"taxonomy":"podcastfilter","embeddable":true,"href":"https:\/\/radio-aviva.com\/nimes\/wp-json\/wp\/v2\/podcastfilter?post=9"}],"curies":[{"name":"wp","href":"https:\/\/api.w.org\/{rel}","templated":true}]}}