{"id":9153,"date":"2024-10-02T16:03:18","date_gmt":"2024-10-02T14:03:18","guid":{"rendered":"https:\/\/radio-aviva.com\/nimes\/?post_type=podcast&#038;p=9153"},"modified":"2024-10-02T16:03:18","modified_gmt":"2024-10-02T14:03:18","slug":"signature-de-convention-de-partenariats-avec-le-memorial-de-la-shoah-agnes-arcin-anne-brugere-jacques-fredj-sophie-bejean","status":"publish","type":"podcast","link":"https:\/\/radio-aviva.com\/nimes\/podcast\/signature-de-convention-de-partenariats-avec-le-memorial-de-la-shoah-agnes-arcin-anne-brugere-jacques-fredj-sophie-bejean\/","title":{"rendered":"Signature de convention de partenariats avec le m\u00e9morial de la Shoah &#8211; Agn\u00e8s ARCIN, Anne BRUGERE, \u00a0Jacques FREDJ &amp; Sophie BEJEAN"},"content":{"rendered":"<p>Dans cette \u00e9mission, Radio Aviva s\u2019est rendu au lyc\u00e9e Alphonse Daudet \u00e0 l\u2019occasion de la Signature de convention de partenariats avec le m\u00e9morial de la Shoah ainsi que de la repr\u00e9sentation d\u2019un travail de deux enseignantes sur la Shoah avec leurs \u00e9l\u00e8ves. Ce travail est le fruit d\u2019une lourde documentation sur les nombreux \u00e9l\u00e8ves d\u00e9c\u00e9d\u00e9s lors de la seconde guerre mondiale<\/p>\n","protected":false},"author":329,"featured_media":8550,"template":"","tags":[],"podcastfilter":[30,5],"class_list":["post-9153","podcast","type-podcast","status-publish","has-post-thumbnail","hentry","podcastfilter-linvite-de-la-redaction","podcastfilter-nimes"],"_links":{"self":[{"href":"https:\/\/radio-aviva.com\/nimes\/wp-json\/wp\/v2\/podcast\/9153","targetHints":{"allow":["GET"]}}],"collection":[{"href":"https:\/\/radio-aviva.com\/nimes\/wp-json\/wp\/v2\/podcast"}],"about":[{"href":"https:\/\/radio-aviva.com\/nimes\/wp-json\/wp\/v2\/types\/podcast"}],"author":[{"embeddable":true,"href":"https:\/\/radio-aviva.com\/nimes\/wp-json\/wp\/v2\/users\/329"}],"version-history":[{"count":1,"href":"https:\/\/radio-aviva.com\/nimes\/wp-json\/wp\/v2\/podcast\/9153\/revisions"}],"predecessor-version":[{"id":9154,"href":"https:\/\/radio-aviva.com\/nimes\/wp-json\/wp\/v2\/podcast\/9153\/revisions\/9154"}],"wp:featuredmedia":[{"embeddable":true,"href":"https:\/\/radio-aviva.com\/nimes\/wp-json\/wp\/v2\/media\/8550"}],"wp:attachment":[{"href":"https:\/\/radio-aviva.com\/nimes\/wp-json\/wp\/v2\/media?parent=9153"}],"wp:term":[{"taxonomy":"post_tag","embeddable":true,"href":"https:\/\/radio-aviva.com\/nimes\/wp-json\/wp\/v2\/tags?post=9153"},{"taxonomy":"podcastfilter","embeddable":true,"href":"https:\/\/radio-aviva.com\/nimes\/wp-json\/wp\/v2\/podcastfilter?post=9153"}],"curies":[{"name":"wp","href":"https:\/\/api.w.org\/{rel}","templated":true}]}}