{"id":9477,"date":"2025-02-25T14:08:38","date_gmt":"2025-02-25T13:08:38","guid":{"rendered":"https:\/\/radio-aviva.com\/nimes\/?post_type=podcast&#038;p=9477"},"modified":"2025-02-25T14:09:34","modified_gmt":"2025-02-25T13:09:34","slug":"presentation-du-festival-itinerances-julie-plantier","status":"publish","type":"podcast","link":"https:\/\/radio-aviva.com\/nimes\/podcast\/presentation-du-festival-itinerances-julie-plantier\/","title":{"rendered":"Pr\u00e9sentation du festival Itin\u00e9rances [Edition 2025] &#8211; Julie PLANTIER"},"content":{"rendered":"<p>Julie Plantier, coordinatrice de la communication et des relations publiques du festival Itin\u00e9rance, nous d\u00e9voile la programmation captivante de l\u2019\u00e9dition 2025. Au programme : des temps forts \u00e0 ne pas manquer, des p\u00e9pites cin\u00e9matographiques et des rencontres passionnantes. Elle revient \u00e9galement sur l\u2019histoire du festival et de l\u2019association, qui \u0153uvrent depuis des ann\u00e9es pour faire rayonner le cin\u00e9ma sous toutes ses formes.<\/p>\n","protected":false},"author":336,"featured_media":8550,"template":"","tags":[],"podcastfilter":[30],"class_list":["post-9477","podcast","type-podcast","status-publish","has-post-thumbnail","hentry","podcastfilter-linvite-de-la-redaction"],"_links":{"self":[{"href":"https:\/\/radio-aviva.com\/nimes\/wp-json\/wp\/v2\/podcast\/9477","targetHints":{"allow":["GET"]}}],"collection":[{"href":"https:\/\/radio-aviva.com\/nimes\/wp-json\/wp\/v2\/podcast"}],"about":[{"href":"https:\/\/radio-aviva.com\/nimes\/wp-json\/wp\/v2\/types\/podcast"}],"author":[{"embeddable":true,"href":"https:\/\/radio-aviva.com\/nimes\/wp-json\/wp\/v2\/users\/336"}],"version-history":[{"count":2,"href":"https:\/\/radio-aviva.com\/nimes\/wp-json\/wp\/v2\/podcast\/9477\/revisions"}],"predecessor-version":[{"id":9479,"href":"https:\/\/radio-aviva.com\/nimes\/wp-json\/wp\/v2\/podcast\/9477\/revisions\/9479"}],"wp:featuredmedia":[{"embeddable":true,"href":"https:\/\/radio-aviva.com\/nimes\/wp-json\/wp\/v2\/media\/8550"}],"wp:attachment":[{"href":"https:\/\/radio-aviva.com\/nimes\/wp-json\/wp\/v2\/media?parent=9477"}],"wp:term":[{"taxonomy":"post_tag","embeddable":true,"href":"https:\/\/radio-aviva.com\/nimes\/wp-json\/wp\/v2\/tags?post=9477"},{"taxonomy":"podcastfilter","embeddable":true,"href":"https:\/\/radio-aviva.com\/nimes\/wp-json\/wp\/v2\/podcastfilter?post=9477"}],"curies":[{"name":"wp","href":"https:\/\/api.w.org\/{rel}","templated":true}]}}