{"id":9486,"date":"2025-02-27T16:25:30","date_gmt":"2025-02-27T15:25:30","guid":{"rendered":"https:\/\/radio-aviva.com\/nimes\/?post_type=podcast&#038;p=9486"},"modified":"2025-02-27T16:33:48","modified_gmt":"2025-02-27T15:33:48","slug":"unimes-etude-sur-lacces-aux-services-publics-marc-olivaux","status":"publish","type":"podcast","link":"https:\/\/radio-aviva.com\/nimes\/podcast\/unimes-etude-sur-lacces-aux-services-publics-marc-olivaux\/","title":{"rendered":"Un\u00eemes : \u00e9tude sur l&rsquo;acc\u00e8s aux services publics &#8211; Marc OLIVAUX"},"content":{"rendered":"<p>Comment am\u00e9liorer l\u2019acc\u00e8s aux services publics pour les citoyens les plus \u00e9loign\u00e9s ? C\u2019est la question au c\u0153ur de l\u2019\u00e9tude men\u00e9e par l\u2019Universit\u00e9 de N\u00eemes et Rennes 2, en collaboration avec la Direction interminist\u00e9rielle de la transformation publique (DITP). Dans cette \u00e9mission, Marc Olivaux, vice-pr\u00e9sident partenariat et entrepreneuriat de N\u00eemes Universit\u00e9, d\u00e9taille les objectifs, la m\u00e9thodologie et les enjeux de cette recherche qui s\u2019appuie sur les \u00e9tudiants pour analyser la confiance des habitants des quartiers prioritaires et des zones rurales envers les services publics.<\/p>\n","protected":false},"author":336,"featured_media":8550,"template":"","tags":[],"podcastfilter":[30],"class_list":["post-9486","podcast","type-podcast","status-publish","has-post-thumbnail","hentry","podcastfilter-linvite-de-la-redaction"],"_links":{"self":[{"href":"https:\/\/radio-aviva.com\/nimes\/wp-json\/wp\/v2\/podcast\/9486","targetHints":{"allow":["GET"]}}],"collection":[{"href":"https:\/\/radio-aviva.com\/nimes\/wp-json\/wp\/v2\/podcast"}],"about":[{"href":"https:\/\/radio-aviva.com\/nimes\/wp-json\/wp\/v2\/types\/podcast"}],"author":[{"embeddable":true,"href":"https:\/\/radio-aviva.com\/nimes\/wp-json\/wp\/v2\/users\/336"}],"version-history":[{"count":1,"href":"https:\/\/radio-aviva.com\/nimes\/wp-json\/wp\/v2\/podcast\/9486\/revisions"}],"predecessor-version":[{"id":9487,"href":"https:\/\/radio-aviva.com\/nimes\/wp-json\/wp\/v2\/podcast\/9486\/revisions\/9487"}],"wp:featuredmedia":[{"embeddable":true,"href":"https:\/\/radio-aviva.com\/nimes\/wp-json\/wp\/v2\/media\/8550"}],"wp:attachment":[{"href":"https:\/\/radio-aviva.com\/nimes\/wp-json\/wp\/v2\/media?parent=9486"}],"wp:term":[{"taxonomy":"post_tag","embeddable":true,"href":"https:\/\/radio-aviva.com\/nimes\/wp-json\/wp\/v2\/tags?post=9486"},{"taxonomy":"podcastfilter","embeddable":true,"href":"https:\/\/radio-aviva.com\/nimes\/wp-json\/wp\/v2\/podcastfilter?post=9486"}],"curies":[{"name":"wp","href":"https:\/\/api.w.org\/{rel}","templated":true}]}}