{"id":9494,"date":"2025-02-28T12:35:28","date_gmt":"2025-02-28T11:35:28","guid":{"rendered":"https:\/\/radio-aviva.com\/nimes\/?post_type=podcast&#038;p=9494"},"modified":"2025-02-28T12:35:28","modified_gmt":"2025-02-28T11:35:28","slug":"mandela-for-ever-young-mouvements-daniel-labrot","status":"publish","type":"podcast","link":"https:\/\/radio-aviva.com\/nimes\/podcast\/mandela-for-ever-young-mouvements-daniel-labrot\/","title":{"rendered":"Mandela For Ever Young : Mouvements  &#8211; Daniel LABROT"},"content":{"rendered":"<p>\u00c0 l\u2019initiative de Daniel Labrot et de l\u2019association Mandela For Ever Young, le Ch\u0153ur National des Jeunes fait escale \u00e0 Castillon du Gard pour un concert in\u00e9dit en r\u00e9gion. Soutenu par le minist\u00e8re de la Culture, ce ch\u0153ur d\u2019exception, compos\u00e9 de jeunes talents venus de toute la France, propose un programme a cappella vibrant et \u00e9clectique intitul\u00e9 <em><span class=\"notion-enable-hover\" data-token-index=\"1\">Mouvements<\/span><\/em>. Une exp\u00e9rience musicale unique \u00e0 d\u00e9couvrir le 15 f\u00e9vrier \u00e0 18h30, \u00e0 l\u2019\u00e9glise de Castillon du Gard.<!-- notionvc: d6843ca5-ab6c-46b1-837a-dd469698fd47 --><\/p>\n","protected":false},"author":336,"featured_media":8550,"template":"","tags":[],"podcastfilter":[30],"class_list":["post-9494","podcast","type-podcast","status-publish","has-post-thumbnail","hentry","podcastfilter-linvite-de-la-redaction"],"_links":{"self":[{"href":"https:\/\/radio-aviva.com\/nimes\/wp-json\/wp\/v2\/podcast\/9494","targetHints":{"allow":["GET"]}}],"collection":[{"href":"https:\/\/radio-aviva.com\/nimes\/wp-json\/wp\/v2\/podcast"}],"about":[{"href":"https:\/\/radio-aviva.com\/nimes\/wp-json\/wp\/v2\/types\/podcast"}],"author":[{"embeddable":true,"href":"https:\/\/radio-aviva.com\/nimes\/wp-json\/wp\/v2\/users\/336"}],"version-history":[{"count":1,"href":"https:\/\/radio-aviva.com\/nimes\/wp-json\/wp\/v2\/podcast\/9494\/revisions"}],"predecessor-version":[{"id":9495,"href":"https:\/\/radio-aviva.com\/nimes\/wp-json\/wp\/v2\/podcast\/9494\/revisions\/9495"}],"wp:featuredmedia":[{"embeddable":true,"href":"https:\/\/radio-aviva.com\/nimes\/wp-json\/wp\/v2\/media\/8550"}],"wp:attachment":[{"href":"https:\/\/radio-aviva.com\/nimes\/wp-json\/wp\/v2\/media?parent=9494"}],"wp:term":[{"taxonomy":"post_tag","embeddable":true,"href":"https:\/\/radio-aviva.com\/nimes\/wp-json\/wp\/v2\/tags?post=9494"},{"taxonomy":"podcastfilter","embeddable":true,"href":"https:\/\/radio-aviva.com\/nimes\/wp-json\/wp\/v2\/podcastfilter?post=9494"}],"curies":[{"name":"wp","href":"https:\/\/api.w.org\/{rel}","templated":true}]}}