{"id":9619,"date":"2025-03-25T15:01:46","date_gmt":"2025-03-25T14:01:46","guid":{"rendered":"https:\/\/radio-aviva.com\/nimes\/?post_type=podcast&#038;p=9619"},"modified":"2025-03-25T15:01:46","modified_gmt":"2025-03-25T14:01:46","slug":"antoine-bigot-poete-nimois-et-occitan-patric-lapierre","status":"publish","type":"podcast","link":"https:\/\/radio-aviva.com\/nimes\/podcast\/antoine-bigot-poete-nimois-et-occitan-patric-lapierre\/","title":{"rendered":"Antoine Bigot, po\u00e8te n\u00eemois et occitan &#8211; Patric LAPIERRE"},"content":{"rendered":"<p>Dans cette \u00e9mission, Patric Lapierre, Pr\u00e9sident de la MARPOC, revient en d\u00e9tails sur l\u2019\u0153uvre riche et foisonnante d\u2019Antoine Bigot, po\u00e8te n\u00eemois qui revendiquait l\u2019\u00e9criture de \u201cson occitan\u201d. Patric Lapierre aborde \u00e9galement la relation de Bigot avec le F\u00e9librige, et avec l\u2019Acad\u00e9mie de N\u00eemes.<\/p>\n","protected":false},"author":336,"featured_media":6750,"template":"","tags":[],"podcastfilter":[26],"class_list":["post-9619","podcast","type-podcast","status-publish","has-post-thumbnail","hentry","podcastfilter-entract"],"_links":{"self":[{"href":"https:\/\/radio-aviva.com\/nimes\/wp-json\/wp\/v2\/podcast\/9619","targetHints":{"allow":["GET"]}}],"collection":[{"href":"https:\/\/radio-aviva.com\/nimes\/wp-json\/wp\/v2\/podcast"}],"about":[{"href":"https:\/\/radio-aviva.com\/nimes\/wp-json\/wp\/v2\/types\/podcast"}],"author":[{"embeddable":true,"href":"https:\/\/radio-aviva.com\/nimes\/wp-json\/wp\/v2\/users\/336"}],"version-history":[{"count":1,"href":"https:\/\/radio-aviva.com\/nimes\/wp-json\/wp\/v2\/podcast\/9619\/revisions"}],"predecessor-version":[{"id":9620,"href":"https:\/\/radio-aviva.com\/nimes\/wp-json\/wp\/v2\/podcast\/9619\/revisions\/9620"}],"wp:featuredmedia":[{"embeddable":true,"href":"https:\/\/radio-aviva.com\/nimes\/wp-json\/wp\/v2\/media\/6750"}],"wp:attachment":[{"href":"https:\/\/radio-aviva.com\/nimes\/wp-json\/wp\/v2\/media?parent=9619"}],"wp:term":[{"taxonomy":"post_tag","embeddable":true,"href":"https:\/\/radio-aviva.com\/nimes\/wp-json\/wp\/v2\/tags?post=9619"},{"taxonomy":"podcastfilter","embeddable":true,"href":"https:\/\/radio-aviva.com\/nimes\/wp-json\/wp\/v2\/podcastfilter?post=9619"}],"curies":[{"name":"wp","href":"https:\/\/api.w.org\/{rel}","templated":true}]}}