{"id":9659,"date":"2025-05-06T10:01:37","date_gmt":"2025-05-06T08:01:37","guid":{"rendered":"https:\/\/radio-aviva.com\/nimes\/?post_type=podcast&#038;p=9659"},"modified":"2025-05-06T10:01:37","modified_gmt":"2025-05-06T08:01:37","slug":"presentation-du-festival-la-maison-danse-duzes-qui-se-deroule-du-4-au-8-juin-anne-claire-chaptal","status":"publish","type":"podcast","link":"https:\/\/radio-aviva.com\/nimes\/podcast\/presentation-du-festival-la-maison-danse-duzes-qui-se-deroule-du-4-au-8-juin-anne-claire-chaptal\/","title":{"rendered":"Pr\u00e9sentation du festival la maison danse d\u2019Uz\u00e8s, qui se d\u00e9roule du 4 au 8 juin &#8211; Anne-Claire CHAPTAL"},"content":{"rendered":"<p>\u00c0 l\u2019occasion de la prochaine \u00e9dition du festival La Maison Danse Uz\u00e8s, Anne-Claire Chaptal nous d\u00e9voile les temps forts d\u2019un \u00e9v\u00e9nement r\u00e9solument po\u00e9tique et engag\u00e9. Du 4 au 8 juin, la ville devient un immense th\u00e9\u00e2tre \u00e0 ciel ouvert o\u00f9 se rencontrent danse contemporaine, paysage, inclusion et f\u00eate populaire. Une immersion dans un univers sensible, vivant et accessible \u00e0 toutes et tous.<\/p>\n","protected":false},"author":329,"featured_media":8550,"template":"","tags":[],"podcastfilter":[176,5],"class_list":["post-9659","podcast","type-podcast","status-publish","has-post-thumbnail","hentry","podcastfilter-invite-de-la-redaction","podcastfilter-nimes"],"_links":{"self":[{"href":"https:\/\/radio-aviva.com\/nimes\/wp-json\/wp\/v2\/podcast\/9659","targetHints":{"allow":["GET"]}}],"collection":[{"href":"https:\/\/radio-aviva.com\/nimes\/wp-json\/wp\/v2\/podcast"}],"about":[{"href":"https:\/\/radio-aviva.com\/nimes\/wp-json\/wp\/v2\/types\/podcast"}],"author":[{"embeddable":true,"href":"https:\/\/radio-aviva.com\/nimes\/wp-json\/wp\/v2\/users\/329"}],"version-history":[{"count":1,"href":"https:\/\/radio-aviva.com\/nimes\/wp-json\/wp\/v2\/podcast\/9659\/revisions"}],"predecessor-version":[{"id":9660,"href":"https:\/\/radio-aviva.com\/nimes\/wp-json\/wp\/v2\/podcast\/9659\/revisions\/9660"}],"wp:featuredmedia":[{"embeddable":true,"href":"https:\/\/radio-aviva.com\/nimes\/wp-json\/wp\/v2\/media\/8550"}],"wp:attachment":[{"href":"https:\/\/radio-aviva.com\/nimes\/wp-json\/wp\/v2\/media?parent=9659"}],"wp:term":[{"taxonomy":"post_tag","embeddable":true,"href":"https:\/\/radio-aviva.com\/nimes\/wp-json\/wp\/v2\/tags?post=9659"},{"taxonomy":"podcastfilter","embeddable":true,"href":"https:\/\/radio-aviva.com\/nimes\/wp-json\/wp\/v2\/podcastfilter?post=9659"}],"curies":[{"name":"wp","href":"https:\/\/api.w.org\/{rel}","templated":true}]}}