{"id":9664,"date":"2025-05-06T12:06:56","date_gmt":"2025-05-06T10:06:56","guid":{"rendered":"https:\/\/radio-aviva.com\/nimes\/?post_type=podcast&#038;p=9664"},"modified":"2025-05-06T12:08:19","modified_gmt":"2025-05-06T10:08:19","slug":"une-nuit-a-beyrouth-a-latp-de-nimes-gerard-cardonnet","status":"publish","type":"podcast","link":"https:\/\/radio-aviva.com\/nimes\/podcast\/une-nuit-a-beyrouth-a-latp-de-nimes-gerard-cardonnet\/","title":{"rendered":"\u00ab\u00a0Une Nuit \u00e0 Beyrouth\u00a0\u00bb \u00e0 l&rsquo;ATP de N\u00eemes &#8211; G\u00e9rard CARDONNET"},"content":{"rendered":"<p>L\u2019\u00e9mission pr\u00e9sente le dernier spectacle de la saison 2025 du th\u00e9\u00e2tre populaire de N\u00eemes, \u201cune Nuit \u00e0 Beyrouth\u201d, en pr\u00e9sence du pr\u00e9sident de l\u2019association, G\u00e9rard CARDONNET. Une pi\u00e8ce bas\u00e9e sur une histoire vraie, v\u00e9cue par un libanais.<\/p>\n","protected":false},"author":336,"featured_media":6750,"template":"","tags":[],"podcastfilter":[26],"class_list":["post-9664","podcast","type-podcast","status-publish","has-post-thumbnail","hentry","podcastfilter-entract"],"_links":{"self":[{"href":"https:\/\/radio-aviva.com\/nimes\/wp-json\/wp\/v2\/podcast\/9664","targetHints":{"allow":["GET"]}}],"collection":[{"href":"https:\/\/radio-aviva.com\/nimes\/wp-json\/wp\/v2\/podcast"}],"about":[{"href":"https:\/\/radio-aviva.com\/nimes\/wp-json\/wp\/v2\/types\/podcast"}],"author":[{"embeddable":true,"href":"https:\/\/radio-aviva.com\/nimes\/wp-json\/wp\/v2\/users\/336"}],"version-history":[{"count":2,"href":"https:\/\/radio-aviva.com\/nimes\/wp-json\/wp\/v2\/podcast\/9664\/revisions"}],"predecessor-version":[{"id":9666,"href":"https:\/\/radio-aviva.com\/nimes\/wp-json\/wp\/v2\/podcast\/9664\/revisions\/9666"}],"wp:featuredmedia":[{"embeddable":true,"href":"https:\/\/radio-aviva.com\/nimes\/wp-json\/wp\/v2\/media\/6750"}],"wp:attachment":[{"href":"https:\/\/radio-aviva.com\/nimes\/wp-json\/wp\/v2\/media?parent=9664"}],"wp:term":[{"taxonomy":"post_tag","embeddable":true,"href":"https:\/\/radio-aviva.com\/nimes\/wp-json\/wp\/v2\/tags?post=9664"},{"taxonomy":"podcastfilter","embeddable":true,"href":"https:\/\/radio-aviva.com\/nimes\/wp-json\/wp\/v2\/podcastfilter?post=9664"}],"curies":[{"name":"wp","href":"https:\/\/api.w.org\/{rel}","templated":true}]}}