{"id":9698,"date":"2025-06-05T10:30:28","date_gmt":"2025-06-05T08:30:28","guid":{"rendered":"https:\/\/radio-aviva.com\/nimes\/?post_type=podcast&#038;p=9698"},"modified":"2025-06-05T10:31:05","modified_gmt":"2025-06-05T08:31:05","slug":"la-hausse-electricite-la-hausse-de-lelectricite-de-20-ufc-que-choisir","status":"publish","type":"podcast","link":"https:\/\/radio-aviva.com\/nimes\/podcast\/la-hausse-electricite-la-hausse-de-lelectricite-de-20-ufc-que-choisir\/","title":{"rendered":"La hausse de l\u2019\u00e9lectricit\u00e9 de 20% &#8211; UFC-Que Choisir"},"content":{"rendered":"<p>Bernard Desandre, de l\u2019UFC-Que Choisir, revient sur la baisse de 15 % du tarif r\u00e9glement\u00e9 de l\u2019\u00e9lectricit\u00e9 effective depuis f\u00e9vrier 2025, mais aussi sur les hausses \u00e0 venir. L\u2019association alerte sur une probable augmentation des tarifs en 2026, cons\u00e9quence d\u2019une r\u00e9forme du march\u00e9 de l\u2019\u00e9lectricit\u00e9 qui pourrait entra\u00eener une hausse de pr\u00e8s de 20 % sur les factures des consommateurs. Face \u00e0 ces \u00e9volutions, UFC-Que Choisir encourage \u00e0 comparer les offres et \u00e0 anticiper ces changements pour \u00e9viter une explosion des co\u00fbts.<\/p>\n","protected":false},"author":329,"featured_media":9649,"template":"","tags":[],"podcastfilter":[489,5],"class_list":["post-9698","podcast","type-podcast","status-publish","has-post-thumbnail","hentry","podcastfilter-le-saviez-vous","podcastfilter-nimes"],"_links":{"self":[{"href":"https:\/\/radio-aviva.com\/nimes\/wp-json\/wp\/v2\/podcast\/9698","targetHints":{"allow":["GET"]}}],"collection":[{"href":"https:\/\/radio-aviva.com\/nimes\/wp-json\/wp\/v2\/podcast"}],"about":[{"href":"https:\/\/radio-aviva.com\/nimes\/wp-json\/wp\/v2\/types\/podcast"}],"author":[{"embeddable":true,"href":"https:\/\/radio-aviva.com\/nimes\/wp-json\/wp\/v2\/users\/329"}],"version-history":[{"count":2,"href":"https:\/\/radio-aviva.com\/nimes\/wp-json\/wp\/v2\/podcast\/9698\/revisions"}],"predecessor-version":[{"id":9700,"href":"https:\/\/radio-aviva.com\/nimes\/wp-json\/wp\/v2\/podcast\/9698\/revisions\/9700"}],"wp:featuredmedia":[{"embeddable":true,"href":"https:\/\/radio-aviva.com\/nimes\/wp-json\/wp\/v2\/media\/9649"}],"wp:attachment":[{"href":"https:\/\/radio-aviva.com\/nimes\/wp-json\/wp\/v2\/media?parent=9698"}],"wp:term":[{"taxonomy":"post_tag","embeddable":true,"href":"https:\/\/radio-aviva.com\/nimes\/wp-json\/wp\/v2\/tags?post=9698"},{"taxonomy":"podcastfilter","embeddable":true,"href":"https:\/\/radio-aviva.com\/nimes\/wp-json\/wp\/v2\/podcastfilter?post=9698"}],"curies":[{"name":"wp","href":"https:\/\/api.w.org\/{rel}","templated":true}]}}