{"id":9715,"date":"2025-06-25T14:09:11","date_gmt":"2025-06-25T12:09:11","guid":{"rendered":"https:\/\/radio-aviva.com\/nimes\/?post_type=podcast&#038;p=9715"},"modified":"2025-06-25T14:09:11","modified_gmt":"2025-06-25T12:09:11","slug":"la-chica-en-concert-aux-transes-cevenoles-2025","status":"publish","type":"podcast","link":"https:\/\/radio-aviva.com\/nimes\/podcast\/la-chica-en-concert-aux-transes-cevenoles-2025\/","title":{"rendered":"La Chica en concert aux Transes C\u00e9venoles 2025"},"content":{"rendered":"<p>Entre piano, spiritualit\u00e9 et sons \u00e9lectro, La Chica construit un univers puissant et sensible, \u00e0 la crois\u00e9e de ses racines v\u00e9n\u00e9zu\u00e9liennes et de sa vie parisienne. Invit\u00e9e des Transes C\u00e9venoles \u00e0 Sum\u00e8ne le dimanche 20 juillet, elle \u00e9voque son lien aux rituels, \u00e0 la m\u00e9moire et \u00e0 la transformation artistique. Une voix habit\u00e9e qui invite \u00e0 traverser les ombres pour faire \u00e9merger la lumi\u00e8re.<\/p>\n","protected":false},"author":336,"featured_media":8550,"template":"","tags":[],"podcastfilter":[30],"class_list":["post-9715","podcast","type-podcast","status-publish","has-post-thumbnail","hentry","podcastfilter-linvite-de-la-redaction"],"_links":{"self":[{"href":"https:\/\/radio-aviva.com\/nimes\/wp-json\/wp\/v2\/podcast\/9715","targetHints":{"allow":["GET"]}}],"collection":[{"href":"https:\/\/radio-aviva.com\/nimes\/wp-json\/wp\/v2\/podcast"}],"about":[{"href":"https:\/\/radio-aviva.com\/nimes\/wp-json\/wp\/v2\/types\/podcast"}],"author":[{"embeddable":true,"href":"https:\/\/radio-aviva.com\/nimes\/wp-json\/wp\/v2\/users\/336"}],"version-history":[{"count":1,"href":"https:\/\/radio-aviva.com\/nimes\/wp-json\/wp\/v2\/podcast\/9715\/revisions"}],"predecessor-version":[{"id":9716,"href":"https:\/\/radio-aviva.com\/nimes\/wp-json\/wp\/v2\/podcast\/9715\/revisions\/9716"}],"wp:featuredmedia":[{"embeddable":true,"href":"https:\/\/radio-aviva.com\/nimes\/wp-json\/wp\/v2\/media\/8550"}],"wp:attachment":[{"href":"https:\/\/radio-aviva.com\/nimes\/wp-json\/wp\/v2\/media?parent=9715"}],"wp:term":[{"taxonomy":"post_tag","embeddable":true,"href":"https:\/\/radio-aviva.com\/nimes\/wp-json\/wp\/v2\/tags?post=9715"},{"taxonomy":"podcastfilter","embeddable":true,"href":"https:\/\/radio-aviva.com\/nimes\/wp-json\/wp\/v2\/podcastfilter?post=9715"}],"curies":[{"name":"wp","href":"https:\/\/api.w.org\/{rel}","templated":true}]}}