{"id":9763,"date":"2025-07-31T10:48:11","date_gmt":"2025-07-31T08:48:11","guid":{"rendered":"https:\/\/radio-aviva.com\/nimes\/?post_type=podcast&#038;p=9763"},"modified":"2025-07-31T10:48:11","modified_gmt":"2025-07-31T08:48:11","slug":"barjac-men-chante-fete-ses-30-ans-entre-memoire-et-renouveau-jean-michel-bauvy-julie-berton","status":"publish","type":"podcast","link":"https:\/\/radio-aviva.com\/nimes\/podcast\/barjac-men-chante-fete-ses-30-ans-entre-memoire-et-renouveau-jean-michel-bauvy-julie-berton\/","title":{"rendered":"Barjac m\u2019en Chante f\u00eate ses 30 ans : entre m\u00e9moire et renouveau &#8211; Jean-michel BAUVY &amp; Julie BERTON"},"content":{"rendered":"<p>\u00c0 l\u2019occasion des 30 ans du festival Barjac m\u2019en Chante, Jean-Michel Bovy, pr\u00e9sident de l\u2019association Chant Libre, et Julie Berton, directrice artistique, reviennent sur l\u2019histoire, les engagements et la programmation d\u2019un \u00e9v\u00e9nement unique d\u00e9di\u00e9 \u00e0 la chanson po\u00e9tique. Un \u00e9change entre passion, transmission et modernit\u00e9, \u00e0 retrouver dans <em>L\u2019invit\u00e9 de la r\u00e9daction<\/em> sur Radio Aviva.<\/p>\n","protected":false},"author":329,"featured_media":8550,"template":"","tags":[],"podcastfilter":[30,5],"class_list":["post-9763","podcast","type-podcast","status-publish","has-post-thumbnail","hentry","podcastfilter-linvite-de-la-redaction","podcastfilter-nimes"],"_links":{"self":[{"href":"https:\/\/radio-aviva.com\/nimes\/wp-json\/wp\/v2\/podcast\/9763","targetHints":{"allow":["GET"]}}],"collection":[{"href":"https:\/\/radio-aviva.com\/nimes\/wp-json\/wp\/v2\/podcast"}],"about":[{"href":"https:\/\/radio-aviva.com\/nimes\/wp-json\/wp\/v2\/types\/podcast"}],"author":[{"embeddable":true,"href":"https:\/\/radio-aviva.com\/nimes\/wp-json\/wp\/v2\/users\/329"}],"version-history":[{"count":1,"href":"https:\/\/radio-aviva.com\/nimes\/wp-json\/wp\/v2\/podcast\/9763\/revisions"}],"predecessor-version":[{"id":9764,"href":"https:\/\/radio-aviva.com\/nimes\/wp-json\/wp\/v2\/podcast\/9763\/revisions\/9764"}],"wp:featuredmedia":[{"embeddable":true,"href":"https:\/\/radio-aviva.com\/nimes\/wp-json\/wp\/v2\/media\/8550"}],"wp:attachment":[{"href":"https:\/\/radio-aviva.com\/nimes\/wp-json\/wp\/v2\/media?parent=9763"}],"wp:term":[{"taxonomy":"post_tag","embeddable":true,"href":"https:\/\/radio-aviva.com\/nimes\/wp-json\/wp\/v2\/tags?post=9763"},{"taxonomy":"podcastfilter","embeddable":true,"href":"https:\/\/radio-aviva.com\/nimes\/wp-json\/wp\/v2\/podcastfilter?post=9763"}],"curies":[{"name":"wp","href":"https:\/\/api.w.org\/{rel}","templated":true}]}}