{"id":9770,"date":"2025-07-31T11:25:52","date_gmt":"2025-07-31T09:25:52","guid":{"rendered":"https:\/\/radio-aviva.com\/nimes\/?post_type=podcast&#038;p=9770"},"modified":"2025-07-31T12:24:58","modified_gmt":"2025-07-31T10:24:58","slug":"presentation-du-20eme-festival-les-troubadours-chantent-lart-roman-en-occitanie-concert-retrobar-lo-trobar-a-salinelles-le-16-mai-gerard-zuchetto","status":"publish","type":"podcast","link":"https:\/\/radio-aviva.com\/nimes\/podcast\/presentation-du-20eme-festival-les-troubadours-chantent-lart-roman-en-occitanie-concert-retrobar-lo-trobar-a-salinelles-le-16-mai-gerard-zuchetto\/","title":{"rendered":"Pr\u00e9sentation du 20\u00e8me Festival \u00ab Les Troubadours chantent l\u2019art roman en Occitanie \u201c + Concert Retrobar Lo Trobar \u00e0 Salinelles le 16 mai &#8211; G\u00e9rard ZUCHETTO"},"content":{"rendered":"<p>\u00c0 l&rsquo;occasion de la 20e \u00e9dition du festival, G\u00e9rard Zuchetto, chanteur, musicologue et fondateur de l\u2019\u00e9v\u00e9nement, revient sur la richesse de l\u2019h\u00e9ritage des troubadours occitans, m\u00ealant po\u00e9sie, musique et patrimoine roman. Il pr\u00e9sente la soir\u00e9e sp\u00e9ciale <span class=\"notion-enable-hover\" data-token-index=\"1\">Retrobar lo troubar<\/span> pr\u00e9vue le 16 mai \u00e0 Salinelles, un concert vivant et accessible \u00e0 tous, qui mettra en lumi\u00e8re la modernit\u00e9 \u00e9tonnante de cette po\u00e9sie m\u00e9di\u00e9vale, parfois compar\u00e9e au rap contemporain. G\u00e9rard Zuchetto annonce \u00e9galement la cr\u00e9ation d\u2019un itin\u00e9raire culturel europ\u00e9en des troubadours, en partenariat avec la Catalogne. Le festival, gratuit, se poursuit jusqu\u2019en octobre \u00e0 travers toute l\u2019Occitanie.<\/p>\n","protected":false},"author":329,"featured_media":8550,"template":"","tags":[],"podcastfilter":[30,5],"class_list":["post-9770","podcast","type-podcast","status-publish","has-post-thumbnail","hentry","podcastfilter-linvite-de-la-redaction","podcastfilter-nimes"],"_links":{"self":[{"href":"https:\/\/radio-aviva.com\/nimes\/wp-json\/wp\/v2\/podcast\/9770","targetHints":{"allow":["GET"]}}],"collection":[{"href":"https:\/\/radio-aviva.com\/nimes\/wp-json\/wp\/v2\/podcast"}],"about":[{"href":"https:\/\/radio-aviva.com\/nimes\/wp-json\/wp\/v2\/types\/podcast"}],"author":[{"embeddable":true,"href":"https:\/\/radio-aviva.com\/nimes\/wp-json\/wp\/v2\/users\/329"}],"version-history":[{"count":1,"href":"https:\/\/radio-aviva.com\/nimes\/wp-json\/wp\/v2\/podcast\/9770\/revisions"}],"predecessor-version":[{"id":9771,"href":"https:\/\/radio-aviva.com\/nimes\/wp-json\/wp\/v2\/podcast\/9770\/revisions\/9771"}],"wp:featuredmedia":[{"embeddable":true,"href":"https:\/\/radio-aviva.com\/nimes\/wp-json\/wp\/v2\/media\/8550"}],"wp:attachment":[{"href":"https:\/\/radio-aviva.com\/nimes\/wp-json\/wp\/v2\/media?parent=9770"}],"wp:term":[{"taxonomy":"post_tag","embeddable":true,"href":"https:\/\/radio-aviva.com\/nimes\/wp-json\/wp\/v2\/tags?post=9770"},{"taxonomy":"podcastfilter","embeddable":true,"href":"https:\/\/radio-aviva.com\/nimes\/wp-json\/wp\/v2\/podcastfilter?post=9770"}],"curies":[{"name":"wp","href":"https:\/\/api.w.org\/{rel}","templated":true}]}}