{"id":9792,"date":"2025-09-01T10:59:39","date_gmt":"2025-09-01T08:59:39","guid":{"rendered":"https:\/\/radio-aviva.com\/nimes\/?post_type=podcast&#038;p=9792"},"modified":"2025-09-01T11:00:11","modified_gmt":"2025-09-01T09:00:11","slug":"journees-nationales-daction-contre-lillettrisme-focus-sur-ceregard-dans-le-gard","status":"publish","type":"podcast","link":"https:\/\/radio-aviva.com\/nimes\/podcast\/journees-nationales-daction-contre-lillettrisme-focus-sur-ceregard-dans-le-gard\/","title":{"rendered":"Journ\u00e9es nationales d\u2019action contre l\u2019illettrisme : focus sur CEREGARD dans le Gard"},"content":{"rendered":"<p>\u00c0 l\u2019occasion des Journ\u00e9es nationales d\u2019action contre l\u2019illettrisme, Radio Aviva donne la parole \u00e0 <strong data-start=\"337\" data-end=\"362\">Loubov Ferrier-Filhol<\/strong>, conseill\u00e8re technique et p\u00e9dagogique de <strong data-start=\"404\" data-end=\"416\">CEREGARD<\/strong>. L\u2019\u00e9mission revient sur la r\u00e9alit\u00e9 de l\u2019illettrisme dans le d\u00e9partement, les missions du centre et les actions men\u00e9es pour accompagner les personnes en difficult\u00e9 avec les savoirs de base et la langue fran\u00e7aise.<\/p>\n","protected":false},"author":336,"featured_media":8823,"template":"","tags":[],"podcastfilter":[27],"class_list":["post-9792","podcast","type-podcast","status-publish","has-post-thumbnail","hentry","podcastfilter-le-magazine-de-la-redac"],"_links":{"self":[{"href":"https:\/\/radio-aviva.com\/nimes\/wp-json\/wp\/v2\/podcast\/9792","targetHints":{"allow":["GET"]}}],"collection":[{"href":"https:\/\/radio-aviva.com\/nimes\/wp-json\/wp\/v2\/podcast"}],"about":[{"href":"https:\/\/radio-aviva.com\/nimes\/wp-json\/wp\/v2\/types\/podcast"}],"author":[{"embeddable":true,"href":"https:\/\/radio-aviva.com\/nimes\/wp-json\/wp\/v2\/users\/336"}],"version-history":[{"count":1,"href":"https:\/\/radio-aviva.com\/nimes\/wp-json\/wp\/v2\/podcast\/9792\/revisions"}],"predecessor-version":[{"id":9793,"href":"https:\/\/radio-aviva.com\/nimes\/wp-json\/wp\/v2\/podcast\/9792\/revisions\/9793"}],"wp:featuredmedia":[{"embeddable":true,"href":"https:\/\/radio-aviva.com\/nimes\/wp-json\/wp\/v2\/media\/8823"}],"wp:attachment":[{"href":"https:\/\/radio-aviva.com\/nimes\/wp-json\/wp\/v2\/media?parent=9792"}],"wp:term":[{"taxonomy":"post_tag","embeddable":true,"href":"https:\/\/radio-aviva.com\/nimes\/wp-json\/wp\/v2\/tags?post=9792"},{"taxonomy":"podcastfilter","embeddable":true,"href":"https:\/\/radio-aviva.com\/nimes\/wp-json\/wp\/v2\/podcastfilter?post=9792"}],"curies":[{"name":"wp","href":"https:\/\/api.w.org\/{rel}","templated":true}]}}