{"id":9925,"date":"2025-12-31T10:07:43","date_gmt":"2025-12-31T09:07:43","guid":{"rendered":"https:\/\/radio-aviva.com\/nimes\/?post_type=podcast&#038;p=9925"},"modified":"2025-12-31T10:11:12","modified_gmt":"2025-12-31T09:11:12","slug":"operation-1000-chercheurs-dans-les-ecoles-telethon","status":"publish","type":"podcast","link":"https:\/\/radio-aviva.com\/nimes\/podcast\/operation-1000-chercheurs-dans-les-ecoles-telethon\/","title":{"rendered":"Op\u00e9ration 1000 chercheurs dans les \u00e9coles &#8211; T\u00e9l\u00e9thon"},"content":{"rendered":"<p data-path-to-node=\"2,0\">Radio Aviva collabore \u00e0 l\u2019op\u00e9ration \u00ab 1000 chercheurs dans les \u00e9coles \u00bb, qui s\u2019est d\u00e9roul\u00e9e \u00e0 l\u2019Institut Emmanuel d\u2019Alzon aux c\u00f4t\u00e9s de la professeure de SVT Estelle DURAND, de ses \u00e9l\u00e8ves et de la chercheuse montpelli\u00e9raine \u00e0 l&rsquo;Institut de G\u00e9nomique Fonctionnelle, Cl\u00e9mence ROUE.<\/p>\n<p data-path-to-node=\"2,1\">Les objectifs de \u00ab l\u2019Op\u00e9ration T\u00e9l\u00e9thon \u00bb sont la sensibilisation, la solidarit\u00e9 et la citoyennet\u00e9.<\/p>\n","protected":false},"author":336,"featured_media":8823,"template":"","tags":[],"podcastfilter":[29,301],"class_list":["post-9925","podcast","type-podcast","status-publish","has-post-thumbnail","hentry","podcastfilter-sante","podcastfilter-sciences"],"_links":{"self":[{"href":"https:\/\/radio-aviva.com\/nimes\/wp-json\/wp\/v2\/podcast\/9925","targetHints":{"allow":["GET"]}}],"collection":[{"href":"https:\/\/radio-aviva.com\/nimes\/wp-json\/wp\/v2\/podcast"}],"about":[{"href":"https:\/\/radio-aviva.com\/nimes\/wp-json\/wp\/v2\/types\/podcast"}],"author":[{"embeddable":true,"href":"https:\/\/radio-aviva.com\/nimes\/wp-json\/wp\/v2\/users\/336"}],"version-history":[{"count":2,"href":"https:\/\/radio-aviva.com\/nimes\/wp-json\/wp\/v2\/podcast\/9925\/revisions"}],"predecessor-version":[{"id":9927,"href":"https:\/\/radio-aviva.com\/nimes\/wp-json\/wp\/v2\/podcast\/9925\/revisions\/9927"}],"wp:featuredmedia":[{"embeddable":true,"href":"https:\/\/radio-aviva.com\/nimes\/wp-json\/wp\/v2\/media\/8823"}],"wp:attachment":[{"href":"https:\/\/radio-aviva.com\/nimes\/wp-json\/wp\/v2\/media?parent=9925"}],"wp:term":[{"taxonomy":"post_tag","embeddable":true,"href":"https:\/\/radio-aviva.com\/nimes\/wp-json\/wp\/v2\/tags?post=9925"},{"taxonomy":"podcastfilter","embeddable":true,"href":"https:\/\/radio-aviva.com\/nimes\/wp-json\/wp\/v2\/podcastfilter?post=9925"}],"curies":[{"name":"wp","href":"https:\/\/api.w.org\/{rel}","templated":true}]}}