{"id":9933,"date":"2025-12-31T10:44:34","date_gmt":"2025-12-31T09:44:34","guid":{"rendered":"https:\/\/radio-aviva.com\/nimes\/?post_type=podcast&#038;p=9933"},"modified":"2025-12-31T10:44:34","modified_gmt":"2025-12-31T09:44:34","slug":"4e-edition-du-prix-la-lutte-contre-les-violences-faites-aux-femmes-nous-concerne-toutes-et-tous","status":"publish","type":"podcast","link":"https:\/\/radio-aviva.com\/nimes\/podcast\/4e-edition-du-prix-la-lutte-contre-les-violences-faites-aux-femmes-nous-concerne-toutes-et-tous\/","title":{"rendered":"4e \u00e9dition du prix\u00a0\u00ab La lutte contre les violences faites aux femmes nous concerne toutes et tous\u00bb"},"content":{"rendered":"<p>Le Conseil d\u00e9partemental du Gard ouvre la 4\u1d49 \u00e9dition de son concours \u00ab La lutte contre les violences faites aux femmes nous concerne toutes et tous \u00bb. Destin\u00e9 aux associations du territoire, cet appel \u00e0 projets, vise \u00e0 soutenir financi\u00e8rement des actions innovantes en faveur de l\u2019\u00e9galit\u00e9 femmes-hommes et de la protection des victimes.<\/p>\n","protected":false},"author":336,"featured_media":8823,"template":"","tags":[],"podcastfilter":[438,308,172,4],"class_list":["post-9933","podcast","type-podcast","status-publish","has-post-thumbnail","hentry","podcastfilter-droits-des-femmes","podcastfilter-egalite-femmes-hommes","podcastfilter-femme","podcastfilter-lutte-contre-les-violences-faites-aux-femmes"],"_links":{"self":[{"href":"https:\/\/radio-aviva.com\/nimes\/wp-json\/wp\/v2\/podcast\/9933","targetHints":{"allow":["GET"]}}],"collection":[{"href":"https:\/\/radio-aviva.com\/nimes\/wp-json\/wp\/v2\/podcast"}],"about":[{"href":"https:\/\/radio-aviva.com\/nimes\/wp-json\/wp\/v2\/types\/podcast"}],"author":[{"embeddable":true,"href":"https:\/\/radio-aviva.com\/nimes\/wp-json\/wp\/v2\/users\/336"}],"version-history":[{"count":1,"href":"https:\/\/radio-aviva.com\/nimes\/wp-json\/wp\/v2\/podcast\/9933\/revisions"}],"predecessor-version":[{"id":9934,"href":"https:\/\/radio-aviva.com\/nimes\/wp-json\/wp\/v2\/podcast\/9933\/revisions\/9934"}],"wp:featuredmedia":[{"embeddable":true,"href":"https:\/\/radio-aviva.com\/nimes\/wp-json\/wp\/v2\/media\/8823"}],"wp:attachment":[{"href":"https:\/\/radio-aviva.com\/nimes\/wp-json\/wp\/v2\/media?parent=9933"}],"wp:term":[{"taxonomy":"post_tag","embeddable":true,"href":"https:\/\/radio-aviva.com\/nimes\/wp-json\/wp\/v2\/tags?post=9933"},{"taxonomy":"podcastfilter","embeddable":true,"href":"https:\/\/radio-aviva.com\/nimes\/wp-json\/wp\/v2\/podcastfilter?post=9933"}],"curies":[{"name":"wp","href":"https:\/\/api.w.org\/{rel}","templated":true}]}}