{"id":4163,"date":"2023-02-04T09:11:21","date_gmt":"2023-02-04T08:11:21","guid":{"rendered":"https:\/\/demo.pro.radio\/wp1\/home-03\/"},"modified":"2025-10-15T16:48:47","modified_gmt":"2025-10-15T14:48:47","slug":"home-03","status":"publish","type":"page","link":"https:\/\/radio-aviva.com\/perpignan\/","title":{"rendered":"Accueil"},"content":{"rendered":"\t\t<div data-elementor-type=\"wp-page\" data-elementor-id=\"4163\" class=\"elementor elementor-4163\">\n\t\t\t\t\t\t<section class=\"elementor-section elementor-top-section elementor-element elementor-element-5b3eae4 elementor-section-stretched elementor-section-height-min-height elementor-section-boxed elementor-section-height-default elementor-section-items-middle\" data-id=\"5b3eae4\" data-element_type=\"section\" data-e-type=\"section\" data-settings=\"{&quot;background_background&quot;:&quot;gradient&quot;,&quot;shape_divider_bottom_negative&quot;:&quot;yes&quot;,&quot;stretch_section&quot;:&quot;section-stretched&quot;,&quot;shape_divider_bottom&quot;:&quot;pyramids&quot;}\">\n\t\t\t\t\t<div class=\"elementor-shape elementor-shape-bottom\" aria-hidden=\"true\" data-negative=\"true\">\n\t\t\t<svg xmlns=\"http:\/\/www.w3.org\/2000\/svg\" viewBox=\"0 0 1000 100\" preserveAspectRatio=\"none\">\n\t<path class=\"elementor-shape-fill\" d=\"M761.9,40.6L643.1,24L333.9,93.8L0.1,1H0v99h1000V1\"\/>\n<\/svg>\t\t<\/div>\n\t\t\t\t\t<div class=\"elementor-container elementor-column-gap-wide\">\n\t\t\t\t\t<div class=\"elementor-column elementor-col-66 elementor-top-column elementor-element elementor-element-3e3809f\" data-id=\"3e3809f\" data-element_type=\"column\" data-e-type=\"column\">\n\t\t\t<div class=\"elementor-widget-wrap elementor-element-populated\">\n\t\t\t\t\t\t<div class=\"elementor-element elementor-element-8e0acdb elementor-widget elementor-widget-proradio-elementor-button\" data-id=\"8e0acdb\" data-element_type=\"widget\" data-e-type=\"widget\" data-widget_type=\"proradio-elementor-button.default\">\n\t\t\t\t<div class=\"elementor-widget-container\">\n\t\t\t\t\t <p class=\"aligncenter\"><a href=\"\"   \t\t\t\t\t\t\t\tclass=\"proradio-btn proradio-btn-primary aligncenter  \">\t\t\t\t\t<i class=\" \"><\/i>\n\t\t\t\t\t<span>\u00c9mission en cours <\/span><\/a><\/p>\t\t\t\t<\/div>\n\t\t\t\t<\/div>\n\t\t\t\t<div class=\"elementor-element elementor-element-9df8e6f elementor-widget elementor-widget-proradio-elementor-onair\" data-id=\"9df8e6f\" data-element_type=\"widget\" data-e-type=\"widget\" data-widget_type=\"proradio-elementor-onair.default\">\n\t\t\t\t<div class=\"elementor-widget-container\">\n\t\t\t\t\t\t\t\t\t\t<div id=\"proradio-onair-4163-a4c9569ffec6c7d3fe3dda9c8a1329fa\" class=\"active\" data-proradio-autorefresh>\n\t\t\t\t\t\t<div class=\"proradio-item\">\n\t\t\t\t\t\t\t<div class=\"proradio-itemcontainer\">\n\t\t\t\t\t\t\t\t<article id=\"proradio-slider-post-7167\" class=\"proradio-post proradio-slider__item proradio-negative\">\n\t<div class=\"proradio-slider__img proradio-bgimg proradio-bgimg--full proradio-duotone\">\n\t\t\t<\/div>\n\t\n\t<div class=\"proradio-slider__c\">\n\t\t<a class=\"proradio-post__header__link\" href=\"https:\/\/radio-aviva.com\/perpignan\/emission\/le-forum\/\"><\/a>\n\t\t<div class=\"proradio-container\">\t\t\t\n\t\t\t<p class=\"proradio-cats\">\n\t\t\t\t\n\t\t\t\t<a href=\"https:\/\/radio-aviva.com\/perpignan\/emission-genre\/emissions\/\" class=\"proradio-catid-106\">\u00c9missions<\/a><span class=\"proradio-onair-tag\">Maintenant \u00e0 l\u2019antenne<\/span>\t\t\t<\/p>\n\n\t\t\t<h3 class=\"proradio-post__title proradio-cutme-t-3 proradio-bigtitle\" ><a href=\"https:\/\/radio-aviva.com\/perpignan\/emission\/le-forum\/\">Le Forum<\/a><\/h3>\n\t\t\t\t\t\t\t\t\t\t<h6 class=\"proradio-itemmetas\">\n\t\t\t\t\t<i class='material-icons'>access_time<\/i>15:02 - 16:00\t\t\t\t<\/h6>\n\t\t\t\t\t<\/div>\n\t\t\t<\/div>\n\t\t\n<\/article>\n\t\t\t\t\t\t\t<\/div>\n\t\t\t\t\t\t<\/div>\n\t\t\t\t\t<\/div>\n\t\t\t\t\t\t\t\t\t<\/div>\n\t\t\t\t<\/div>\n\t\t\t\t\t<\/div>\n\t\t<\/div>\n\t\t\t\t<div class=\"elementor-column elementor-col-33 elementor-top-column elementor-element elementor-element-11b546e\" data-id=\"11b546e\" data-element_type=\"column\" data-e-type=\"column\">\n\t\t\t<div class=\"elementor-widget-wrap elementor-element-populated\">\n\t\t\t\t\t\t<div class=\"elementor-element elementor-element-31a6406 elementor-widget elementor-widget-proradio-elementor-qt-caption\" data-id=\"31a6406\" data-element_type=\"widget\" data-e-type=\"widget\" data-widget_type=\"proradio-elementor-qt-caption.default\">\n\t\t\t\t<div class=\"elementor-widget-container\">\n\t\t\t\t\t\t\t<div>\n\t\t\t<h3  class=\"proradio-element-caption proradio-caption  proradio-caption__s proradio-caption--neg center proradio-center proradio-caption__c  \" data-qtwaypoints-offset=\"30\" data-qtwaypoints>\t\t\t\t<span>Vous \u00e9coutez les programmes de <\/span>\n\t\t\t\t<\/h3>\t\t<\/div>\n\t\t\t\t\t\t<\/div>\n\t\t\t\t<\/div>\n\t\t\t\t<div class=\"elementor-element elementor-element-ad605e6 elementor-widget elementor-widget-proradio-elementor-qt-caption\" data-id=\"ad605e6\" data-element_type=\"widget\" data-e-type=\"widget\" data-widget_type=\"proradio-elementor-qt-caption.default\">\n\t\t\t\t<div class=\"elementor-widget-container\">\n\t\t\t\t\t\t\t<div>\n\t\t\t<h3  class=\"proradio-element-caption proradio-caption  proradio-caption__s proradio-caption--neg center proradio-center proradio-caption__c  \" data-qtwaypoints-offset=\"30\" data-qtwaypoints>\t\t\t\t<span>perpignan<\/span>\n\t\t\t\t<\/h3>\t\t<\/div>\n\t\t\t\t\t\t<\/div>\n\t\t\t\t<\/div>\n\t\t\t\t<div class=\"elementor-element elementor-element-b6783a1 elementor-widget elementor-widget-proradio-elementor-qt-caption\" data-id=\"b6783a1\" data-element_type=\"widget\" data-e-type=\"widget\" data-widget_type=\"proradio-elementor-qt-caption.default\">\n\t\t\t\t<div class=\"elementor-widget-container\">\n\t\t\t\t\t\t\t<div>\n\t\t\t<h3  class=\"proradio-element-caption proradio-caption  proradio-caption__s proradio-caption--neg center proradio-center proradio-caption__c proradio-anim  \" data-qtwaypoints-offset=\"30\" data-qtwaypoints>\t\t\t\t<span>Choisir une autre ville <\/span>\n\t\t\t\t<\/h3>\t\t<\/div>\n\t\t\t\t\t\t<\/div>\n\t\t\t\t<\/div>\n\t\t\t\t<div class=\"elementor-element elementor-element-803492f elementor-widget elementor-widget-proradio-elementor-button\" data-id=\"803492f\" data-element_type=\"widget\" data-e-type=\"widget\" data-widget_type=\"proradio-elementor-button.default\">\n\t\t\t\t<div class=\"elementor-widget-container\">\n\t\t\t\t\t <p class=\"aligncenter\"><a href=\"https:\/\/www.radio-aviva.com\"   \t\t\t\t\t\t\t\tclass=\"proradio-btn proradio-btn-primary aligncenter  \">\t\t\t\t\t<i class=\" \"><\/i>\n\t\t\t\t\t<span>Montpellier<\/span><\/a><\/p>\t\t\t\t<\/div>\n\t\t\t\t<\/div>\n\t\t\t\t<div class=\"elementor-element elementor-element-2a10f87 elementor-widget elementor-widget-proradio-elementor-button\" data-id=\"2a10f87\" data-element_type=\"widget\" data-e-type=\"widget\" data-widget_type=\"proradio-elementor-button.default\">\n\t\t\t\t<div class=\"elementor-widget-container\">\n\t\t\t\t\t <p class=\"aligncenter\"><a href=\"https:\/\/www.radio-aviva.com\/nimes\"   \t\t\t\t\t\t\t\tclass=\"proradio-btn proradio-btn-primary aligncenter  \">\t\t\t\t\t<i class=\" \"><\/i>\n\t\t\t\t\t<span>N\u00eemes<\/span><\/a><\/p>\t\t\t\t<\/div>\n\t\t\t\t<\/div>\n\t\t\t\t<div class=\"elementor-element elementor-element-5559b49 elementor-widget elementor-widget-proradio-elementor-qt-caption\" data-id=\"5559b49\" data-element_type=\"widget\" data-e-type=\"widget\" data-widget_type=\"proradio-elementor-qt-caption.default\">\n\t\t\t\t<div class=\"elementor-widget-container\">\n\t\t\t\t\t\t\t<div>\n\t\t\t<h3  class=\"proradio-element-caption proradio-caption  proradio-caption__m proradio-caption--neg center proradio-center proradio-caption__c proradio-anim  \" data-qtwaypoints-offset=\"30\" data-qtwaypoints>\t\t\t\t<span>Dans un instant :<\/span>\n\t\t\t\t<\/h3>\t\t<\/div>\n\t\t\t\t\t\t<\/div>\n\t\t\t\t<\/div>\n\t\t\t\t<div class=\"elementor-element elementor-element-e7748a9 elementor-widget elementor-widget-proradio-elementor-upcoming-shows-carousel\" data-id=\"e7748a9\" data-element_type=\"widget\" data-e-type=\"widget\" data-widget_type=\"proradio-elementor-upcoming-shows-carousel.default\">\n\t\t\t\t<div class=\"elementor-widget-container\">\n\t\t\t\t\t\t\t<div id=\"proradio-upcomingcarousel-0242eb190ad81fe292666aa9e27bc68c\" class=\"proradio-owl-carousel-container\" data-proradio-autorefresh>\n\t\t\t<div id=\"proradio-upcomingcarousel-c-0242eb190ad81fe292666aa9e27bc68c\" class=\"proradio-owl-carousel owl-carousel owl-theme proradio-owl-theme\" \n\t\t\t\tdata-items=\"1\"  data-items_tablet=\"1\" data-items_mobile=\"1\"\tdata-items_mobile_hori=\"1\" data-gap=\"0\"data-pause_on_hover=\"true\" data-loop=\"\" data-center=\"\" data-stage_padding=\"0\" data-nav=\"\" data-dots=\"\" data-autoplay_timeout=\"6000\" data-amount=\"1\">\n\t\t\t\t\t\t\t\t\t\t\t\t\t\t\t<div class=\"proradio-item\">\n\t\t\t\t\t\t\t\t\t\t\t\t<div class=\"proradio-itemcontainer\">\n\t\t\t\t\t\t\t\t\t\t\t\t\t<article class=\"proradio-post proradio-post__card proradio-post__card--shows proradio-darkbg proradio-negative post-7167 shows type-shows status-publish hentry genre-emissions\" data-qtwaypoints>\n\t<div class=\"proradio-bgimg proradio-bgimg--full proradio-duotone\">\n\t\t\t<\/div>\n\t<div class=\"proradio-post__headercont\">\n\t\t\t\t\t<h5 class=\"proradio-tag-nowplaying proradio-element-caption proradio-caption proradio-caption--neg proradio-caption__s center proradio-center proradio-caption__c\" data-qtwaypoints-offset=\"30\" data-qtwaypoints=\"\"><span>A l&#039;\u00e9coute<\/span><\/h5>\t\t<a class=\"proradio-post__header__link\" href=\"https:\/\/radio-aviva.com\/perpignan\/emission\/le-forum\/\"><\/a>\n\t\t<div class=\"proradio-post__card__cap\">\n\t\t\t<p class=\"proradio-cats\">\n\t\t\t\t<a href=\"https:\/\/radio-aviva.com\/perpignan\/emission-genre\/emissions\/\" class=\"proradio-catid-106\">\u00c9missions<\/a>\t\t\t<\/p>\n\t\t\t<h3 class=\"proradio-post__title proradio-cutme-t-2 proradio-h4\"><a href=\"https:\/\/radio-aviva.com\/perpignan\/emission\/le-forum\/\">Le Forum<\/a><\/h3>\n\t\t\t\t\t\t\t<p class=\"proradio-itemmetas\">\n\t\t\t\t\t15:02 - 16:00\t\t\t\t<\/p>\n\t\t\t\t\t\t<\/div>\n\t\t\t\t<i class='material-icons proradio-post__switchcontent' data-proradio-activates=\"gparent\">more_vert<\/i>\n\t\t\t<\/div>\n\t\t\t<div class=\"proradio-post__headercont--ex proradio-paper\">\n\t\t\t<h4><a href=\"https:\/\/radio-aviva.com\/perpignan\/emission\/le-forum\/\">Le Forum<\/a><\/h4>\n\t\t\t\t\t\t<p>Caf\u00e9 Psy, Caf\u00e9 Sant\u00e9, Psych\u00e9<\/p>\n\t\t\t<i class='material-icons proradio-post__switchcontent' data-proradio-activates=\"gparent\">close<\/i>\n\t\t<\/div>\n\t\t<\/article>\t\t\t\t\t\t\t\t\t\t\t\t<\/div>\n\t\t\t\t\t\t\t\t\t\t\t<\/div>\n\t\t\t\t\t\t\t\t\t\t\t\t\t\t\t\t\t\t\t\t\t\t<div class=\"proradio-item\">\n\t\t\t\t\t\t\t\t\t\t\t\t<div class=\"proradio-itemcontainer\">\n\t\t\t\t\t\t\t\t\t\t\t\t\t<article class=\"proradio-post proradio-post__card proradio-post__card--shows proradio-darkbg proradio-negative post-6267 shows type-shows status-publish has-post-thumbnail hentry genre-emissions\" data-qtwaypoints>\n\t<div class=\"proradio-bgimg proradio-bgimg--full proradio-duotone\">\n\t\t<img fetchpriority=\"high\" decoding=\"async\" width=\"770\" height=\"511\" src=\"https:\/\/radio-aviva.com\/perpignan\/wp-content\/uploads\/sites\/7\/2023\/02\/office-620817-scaled-770x511.jpg\" class=\"proradio-post__thumb wp-post-image\" alt=\"\" srcset=\"https:\/\/radio-aviva.com\/perpignan\/wp-content\/uploads\/sites\/7\/2023\/02\/office-620817-scaled-770x511.jpg 770w, https:\/\/radio-aviva.com\/perpignan\/wp-content\/uploads\/sites\/7\/2023\/02\/office-620817-scaled-1170x777.jpg 1170w, https:\/\/radio-aviva.com\/perpignan\/wp-content\/uploads\/sites\/7\/2023\/02\/office-620817-scaled-768x510.jpg 768w, https:\/\/radio-aviva.com\/perpignan\/wp-content\/uploads\/sites\/7\/2023\/02\/office-620817-scaled-1536x1020.jpg 1536w, https:\/\/radio-aviva.com\/perpignan\/wp-content\/uploads\/sites\/7\/2023\/02\/office-620817-scaled-2048x1360.jpg 2048w\" sizes=\"(max-width: 770px) 100vw, 770px\" \/>\t<\/div>\n\t<div class=\"proradio-post__headercont\">\n\t\t\t\t<a class=\"proradio-post__header__link\" href=\"https:\/\/radio-aviva.com\/perpignan\/emission\/lafterwork\/\"><\/a>\n\t\t<div class=\"proradio-post__card__cap\">\n\t\t\t<p class=\"proradio-cats\">\n\t\t\t\t<a href=\"https:\/\/radio-aviva.com\/perpignan\/emission-genre\/emissions\/\" class=\"proradio-catid-106\">\u00c9missions<\/a>\t\t\t<\/p>\n\t\t\t<h3 class=\"proradio-post__title proradio-cutme-t-2 proradio-h4\"><a href=\"https:\/\/radio-aviva.com\/perpignan\/emission\/lafterwork\/\">L&rsquo;afterwork<\/a><\/h3>\n\t\t\t\t\t\t\t<p class=\"proradio-itemmetas\">\n\t\t\t\t\t16:00 - 18:30\t\t\t\t<\/p>\n\t\t\t\t\t\t<\/div>\n\t\t\t<\/div>\n\t<\/article>\t\t\t\t\t\t\t\t\t\t\t\t<\/div>\n\t\t\t\t\t\t\t\t\t\t\t<\/div>\n\t\t\t\t\t\t\t\t\t\t\t\t\t\t\t\t\t\t\t\t\t\t<div class=\"proradio-item\">\n\t\t\t\t\t\t\t\t\t\t\t\t<div class=\"proradio-itemcontainer\">\n\t\t\t\t\t\t\t\t\t\t\t\t\t<article class=\"proradio-post proradio-post__card proradio-post__card--shows proradio-darkbg proradio-negative post-7170 shows type-shows status-publish has-post-thumbnail hentry genre-emissions\" data-qtwaypoints>\n\t<div class=\"proradio-bgimg proradio-bgimg--full proradio-duotone\">\n\t\t<img decoding=\"async\" width=\"770\" height=\"508\" src=\"https:\/\/radio-aviva.com\/perpignan\/wp-content\/uploads\/sites\/7\/2023\/08\/handshake-4698429-770x508.jpg\" class=\"proradio-post__thumb wp-post-image\" alt=\"\" srcset=\"https:\/\/radio-aviva.com\/perpignan\/wp-content\/uploads\/sites\/7\/2023\/08\/handshake-4698429-770x508.jpg 770w, https:\/\/radio-aviva.com\/perpignan\/wp-content\/uploads\/sites\/7\/2023\/08\/handshake-4698429-1170x772.jpg 1170w, https:\/\/radio-aviva.com\/perpignan\/wp-content\/uploads\/sites\/7\/2023\/08\/handshake-4698429-768x507.jpg 768w, https:\/\/radio-aviva.com\/perpignan\/wp-content\/uploads\/sites\/7\/2023\/08\/handshake-4698429-1536x1013.jpg 1536w, https:\/\/radio-aviva.com\/perpignan\/wp-content\/uploads\/sites\/7\/2023\/08\/handshake-4698429-2048x1351.jpg 2048w\" sizes=\"(max-width: 770px) 100vw, 770px\" \/>\t<\/div>\n\t<div class=\"proradio-post__headercont\">\n\t\t\t\t<a class=\"proradio-post__header__link\" href=\"https:\/\/radio-aviva.com\/perpignan\/emission\/magazines-economiques-et-politiques\/\"><\/a>\n\t\t<div class=\"proradio-post__card__cap\">\n\t\t\t<p class=\"proradio-cats\">\n\t\t\t\t<a href=\"https:\/\/radio-aviva.com\/perpignan\/emission-genre\/emissions\/\" class=\"proradio-catid-106\">\u00c9missions<\/a>\t\t\t<\/p>\n\t\t\t<h3 class=\"proradio-post__title proradio-cutme-t-2 proradio-h4\"><a href=\"https:\/\/radio-aviva.com\/perpignan\/emission\/magazines-economiques-et-politiques\/\">Magazines \u00e9conomiques et politiques<\/a><\/h3>\n\t\t\t\t\t\t\t<p class=\"proradio-itemmetas\">\n\t\t\t\t\t18:30 - 19:00\t\t\t\t<\/p>\n\t\t\t\t\t\t<\/div>\n\t\t\t\t<i class='material-icons proradio-post__switchcontent' data-proradio-activates=\"gparent\">more_vert<\/i>\n\t\t\t<\/div>\n\t\t\t<div class=\"proradio-post__headercont--ex proradio-paper\">\n\t\t\t<h4><a href=\"https:\/\/radio-aviva.com\/perpignan\/emission\/magazines-economiques-et-politiques\/\">Magazines \u00e9conomiques et politiques<\/a><\/h4>\n\t\t\t\t\t\t<p>Libre \u00e9change, l'\u00e9co en deux mots, le fil rouge.<\/p>\n\t\t\t<i class='material-icons proradio-post__switchcontent' data-proradio-activates=\"gparent\">close<\/i>\n\t\t<\/div>\n\t\t<\/article>\t\t\t\t\t\t\t\t\t\t\t\t<\/div>\n\t\t\t\t\t\t\t\t\t\t\t<\/div>\n\t\t\t\t\t\t\t\t\t\t\t\t\t\t<\/div>\n\t\t<\/div>\n\t\t\t\t\t\t<\/div>\n\t\t\t\t<\/div>\n\t\t\t\t\t<\/div>\n\t\t<\/div>\n\t\t\t\t\t<\/div>\n\t\t<\/section>\n\t\t\t\t<section class=\"elementor-section elementor-top-section elementor-element elementor-element-c49c264 elementor-section-boxed elementor-section-height-default elementor-section-height-default\" data-id=\"c49c264\" data-element_type=\"section\" data-e-type=\"section\" data-settings=\"{&quot;background_background&quot;:&quot;classic&quot;}\">\n\t\t\t\t\t\t<div class=\"elementor-container elementor-column-gap-default\">\n\t\t\t\t\t<div class=\"elementor-column elementor-col-33 elementor-top-column elementor-element elementor-element-2963b93\" data-id=\"2963b93\" data-element_type=\"column\" data-e-type=\"column\">\n\t\t\t<div class=\"elementor-widget-wrap elementor-element-populated\">\n\t\t\t\t\t\t<div class=\"elementor-element elementor-element-e5ddafe elementor-widget elementor-widget-proradio-elementor-qt-caption\" data-id=\"e5ddafe\" data-element_type=\"widget\" data-e-type=\"widget\" data-widget_type=\"proradio-elementor-qt-caption.default\">\n\t\t\t\t<div class=\"elementor-widget-container\">\n\t\t\t\t\t\t\t<div>\n\t\t\t<h3  class=\"proradio-element-caption proradio-caption  proradio-caption__s center proradio-center proradio-caption__c proradio-anim  \" data-qtwaypoints-offset=\"30\" data-qtwaypoints>\t\t\t\t<span>T\u00e9l\u00e9chargez notre application :<\/span>\n\t\t\t\t<\/h3>\t\t<\/div>\n\t\t\t\t\t\t<\/div>\n\t\t\t\t<\/div>\n\t\t\t\t<div class=\"elementor-element elementor-element-fd760e7 elementor-widget elementor-widget-proradio-elementor-qt-appicons\" data-id=\"fd760e7\" data-element_type=\"widget\" data-e-type=\"widget\" data-widget_type=\"proradio-elementor-qt-appicons.default\">\n\t\t\t\t<div class=\"elementor-widget-container\">\n\t\t\t\t\t\t\t\t<p class=\"proradio-center proradio-appicons aligncenter\">\n\t\t\t<a href=\"https:\/\/play.google.com\/store\/apps\/details?id=dycast.radioaviva&#038;hl=fr\" class=\"proradio-btn proradio-btn-primary proradio-btn-l proradio-appicon\" target=\"_blank\"><span class=\"proradio-app_android\"><\/span><\/a><a href=\"https:\/\/apps.apple.com\/FR\/app\/radio-aviva\/id1553103627\" class=\"proradio-btn proradio-btn-primary proradio-btn-l proradio-appicon\" target=\"_blank\"><span class=\"proradio-app_iphone\"><\/span><\/a>\t\t\t<\/p>\n\t\t\t\t\t\t<\/div>\n\t\t\t\t<\/div>\n\t\t\t\t<div class=\"elementor-element elementor-element-e54e382 elementor-widget elementor-widget-proradio-elementor-qt-caption\" data-id=\"e54e382\" data-element_type=\"widget\" data-e-type=\"widget\" data-widget_type=\"proradio-elementor-qt-caption.default\">\n\t\t\t\t<div class=\"elementor-widget-container\">\n\t\t\t\t\t\t\t<div>\n\t\t\t<h3  class=\"proradio-element-caption proradio-caption  proradio-caption__m center proradio-center proradio-caption__c  \" data-qtwaypoints-offset=\"30\" data-qtwaypoints>\t\t\t\t<span>Nos vid\u00e9os :<\/span>\n\t\t\t\t<\/h3>\t\t<\/div>\n\t\t\t\t\t\t<\/div>\n\t\t\t\t<\/div>\n\t\t\t\t<div class=\"elementor-element elementor-element-9c6a1c6 elementor-widget elementor-widget-proradio-elementor-qtvideo\" data-id=\"9c6a1c6\" data-element_type=\"widget\" data-e-type=\"widget\" data-widget_type=\"proradio-elementor-qtvideo.default\">\n\t\t\t\t<div class=\"elementor-widget-container\">\n\t\t\t\t\t<div class=\"proradio-videogalleries\">\n\t\t<div class=\"proradio-videogalleries__filters\">\n\t\t<a href=\"#\" data-videogalleries-filter=\"all\">All<\/a>\n\t\t\t<\/div>\n\t\n\t<div id=\"proradio-videogalleries-masonry\" class=\"proradio-videogalleries-masonry proradio-videogalleries-row\">\n\t\t\t\t\t<h3>D\u00e9sol\u00e9, aucun r\u00e9sultat<\/h3>\n\t\t\t<\/div>\n<\/div>\t\t\t\t<\/div>\n\t\t\t\t<\/div>\n\t\t\t\t\t<\/div>\n\t\t<\/div>\n\t\t\t\t<div class=\"elementor-column elementor-col-66 elementor-top-column elementor-element elementor-element-be2fb8a\" data-id=\"be2fb8a\" data-element_type=\"column\" data-e-type=\"column\">\n\t\t\t<div class=\"elementor-widget-wrap elementor-element-populated\">\n\t\t\t\t\t\t<div class=\"elementor-element elementor-element-f1f0000 elementor-widget elementor-widget-proradio-elementor-qt-caption\" data-id=\"f1f0000\" data-element_type=\"widget\" data-e-type=\"widget\" data-widget_type=\"proradio-elementor-qt-caption.default\">\n\t\t\t\t<div class=\"elementor-widget-container\">\n\t\t\t\t\t\t\t<div>\n\t\t\t<h3  class=\"proradio-element-caption proradio-caption  proradio-caption__m center proradio-center proradio-caption__c  \" data-qtwaypoints-offset=\"30\" data-qtwaypoints>\t\t\t\t<span>Nos prochains \u00e9v\u00e9nements :<\/span>\n\t\t\t\t<\/h3>\t\t<\/div>\n\t\t\t\t\t\t<\/div>\n\t\t\t\t<\/div>\n\t\t\t\t<div class=\"elementor-element elementor-element-d8262a3 elementor-widget elementor-widget-proradio-elementor-event-list\" data-id=\"d8262a3\" data-element_type=\"widget\" data-e-type=\"widget\" data-widget_type=\"proradio-elementor-event-list.default\">\n\t\t\t\t<div class=\"elementor-widget-container\">\n\t\t\t\t\tD\u00e9sol\u00e9, il n&#039;y a rien pour le moment.\t\t\t\t\t\t<\/div>\n\t\t\t\t<\/div>\n\t\t\t\t<div class=\"elementor-element elementor-element-af7f798 elementor-widget elementor-widget-proradio-elementor-qt-caption\" data-id=\"af7f798\" data-element_type=\"widget\" data-e-type=\"widget\" data-widget_type=\"proradio-elementor-qt-caption.default\">\n\t\t\t\t<div class=\"elementor-widget-container\">\n\t\t\t\t\t\t\t<div>\n\t\t\t<h3  class=\"proradio-element-caption proradio-caption  proradio-caption__l center proradio-center proradio-caption__c  \" data-qtwaypoints-offset=\"30\" data-qtwaypoints>\t\t\t\t<span>Actualit\u00e9<\/span>\n\t\t\t\t<\/h3>\t\t<\/div>\n\t\t\t\t\t\t<\/div>\n\t\t\t\t<\/div>\n\t\t\t\t<div class=\"elementor-element elementor-element-e2c67a1 elementor-widget elementor-widget-proradio-elementor-post-list-large\" data-id=\"e2c67a1\" data-element_type=\"widget\" data-e-type=\"widget\" data-widget_type=\"proradio-elementor-post-list-large.default\">\n\t\t\t\t<div class=\"elementor-widget-container\">\n\t\t\t\t\t\t\t\t<div id=\"qttmelementor-grid-39e65a94\" class=\"proradio-container proradio-post-list-horizontal-container\">\n\t\t\t\t\t\t\t\t<div id=\"qttmelementor-list-39e65a94\" class=\"proradio-post-list-horizontal\">\n\n\t\t\t\t\t<article class=\"proradio-post proradio-paper proradio-post__std proradio-has-thumb post-9858 post type-post status-publish format-standard has-post-thumbnail hentry category-matrimoine category-perpignan category-pyrenees-orientales\" data-qtwaypoints>\n\t\t\t<div class=\"proradio-post__header proradio-primary-light  proradio-negative\">\n\t\t\t<div class=\"proradio-bgimg proradio-duotone\">\n\t\t\t\t<img decoding=\"async\" width=\"1000\" height=\"1000\" src=\"https:\/\/radio-aviva.com\/perpignan\/wp-content\/uploads\/sites\/7\/2024\/09\/Matrimoine-66.png\" class=\"proradio-post__holder proradio-post__thumb--h wp-post-image\" alt=\"\" srcset=\"https:\/\/radio-aviva.com\/perpignan\/wp-content\/uploads\/sites\/7\/2024\/09\/Matrimoine-66.png 1000w, https:\/\/radio-aviva.com\/perpignan\/wp-content\/uploads\/sites\/7\/2024\/09\/Matrimoine-66-770x770.png 770w, https:\/\/radio-aviva.com\/perpignan\/wp-content\/uploads\/sites\/7\/2024\/09\/Matrimoine-66-150x150.png 150w, https:\/\/radio-aviva.com\/perpignan\/wp-content\/uploads\/sites\/7\/2024\/09\/Matrimoine-66-768x768.png 768w, https:\/\/radio-aviva.com\/perpignan\/wp-content\/uploads\/sites\/7\/2024\/09\/Matrimoine-66-100x100.png 100w, https:\/\/radio-aviva.com\/perpignan\/wp-content\/uploads\/sites\/7\/2024\/09\/Matrimoine-66-370x370.png 370w\" sizes=\"(max-width: 1000px) 100vw, 1000px\" \/>\t\t\t<\/div>\n\t\t\t<a class=\"proradio-post__header__link\" href=\"https:\/\/radio-aviva.com\/perpignan\/2024\/09\/21\/matrimoine-66-un-jour-une-vie\/\"><\/a>\n\t\t\t<div class=\"proradio-actions__cont\">\n\t<div class=\"proradio-actions\">\n\t\t\t\n\t\t\t\t<a href=\"https:\/\/radio-aviva.com\/perpignan\/2024\/09\/21\/matrimoine-66-un-jour-une-vie\/\" class=\"proradio-actionicon\"><i class=\"material-icons\">insert_link<\/i><\/a>\n\t\t\t\n\n\t\t\t\t<span class=\"proradio-actions__a1\">\t\t<a data-ttgreaktions-shareboxfull=\"{&quot;id&quot;:&quot;9858&quot;,&quot;shared&quot;:&quot;https:\\\/\\\/radio-aviva.com\\\/perpignan\\\/2024\\\/09\\\/21\\\/matrimoine-66-un-jour-une-vie\\\/&quot;,&quot;title&quot;:&quot;Matrimoine 66 : Un jour, une vie&quot;,&quot;finalUrl&quot;:&quot;https:\\\/\\\/radio-aviva.com\\\/perpignan\\\/2024\\\/09\\\/21\\\/matrimoine-66-un-jour-une-vie\\\/?id=9858&amp;reaktions-share-fullpage=9858&amp;noajax=1&amp;label=Partager&amp;btnclass=proradio-btn  proradio-btn__r&amp;secure=a66cfdcb13&quot;}\" href=\"#nojax\" class=\"proradio_reaktions-link \">\n\t\t\t<span class=\"qtli\"><i class=\"reakticons-share\"><\/i><\/span><span class=\"count\">2<\/span>\n\t\t<\/a>\n\t\t<\/span>\n\t\t\n\n\t\t\t<\/div>\n<\/div>\n\n\n\t\t<\/div>\n\t\t\t<div class=\"proradio-post__content\">\n\t\t<p class=\"proradio-cats\">\n\t<a href=\"https:\/\/radio-aviva.com\/perpignan\/category\/matrimoine\/\" class=\"proradio-catid-312\">Matrimoine<\/a><\/p>\t\t<h3 class=\"proradio-post__title proradio-h2\"><a href=\"https:\/\/radio-aviva.com\/perpignan\/2024\/09\/21\/matrimoine-66-un-jour-une-vie\/\">Matrimoine 66 : Un jour, une vie<\/a><\/h3>\n\t\t<div class=\"proradio-excerpt\">\n\t\t\t<p class=\"proradio-cutme-3\">\n\t\t\t66 femmes des Pyr\u00e9n\u00e9es Orientales : d\u00e9couvrez les 66 destins qui ont marqu\u00e9 notre territoire. C\u00e9l\u00e8bres ou inconnues, les femmes catalanes ont profond\u00e9ment marqu\u00e9 l'histoire et la g\u00e9ographie de la Catalogne Nord et ont transmis un riche h\u00e9ritage, de la pr\u00e9histoire \u00e0 nos jours. Le livre \"Matrimoine catalan, 66 femmes\", initi\u00e9 par l'association IDEM question de genre, les a mises en lumi\u00e8re. En partenariat avec Radio Aviva, et pendant 66 [&hellip;]\t\t\t<\/p>\n\t\t<\/div>\n\t\t<p class=\"proradio-meta proradio-small\">\n\t\t\t<span class=\"proradio-date\"><i class=\"material-icons\">today<\/i>21 septembre 2024<\/span>\t\t\t<span>\t\t<a data-ttgreaktions-shareboxfull=\"{&quot;id&quot;:&quot;9858&quot;,&quot;shared&quot;:&quot;https:\\\/\\\/radio-aviva.com\\\/perpignan\\\/2024\\\/09\\\/21\\\/matrimoine-66-un-jour-une-vie\\\/&quot;,&quot;title&quot;:&quot;Matrimoine 66 : Un jour, une vie&quot;,&quot;finalUrl&quot;:&quot;https:\\\/\\\/radio-aviva.com\\\/perpignan\\\/2024\\\/09\\\/21\\\/matrimoine-66-un-jour-une-vie\\\/?id=9858&amp;reaktions-share-fullpage=9858&amp;noajax=1&amp;label=Partager&amp;btnclass=proradio-btn proradio-btn__r&amp;secure=a66cfdcb13&quot;}\" href=\"#nojax\" class=\"proradio_reaktions-link \">\n\t\t\t<span class=\"qtli\"><i class=\"reakticons-share\"><\/i><\/span><span class=\"count\">2<\/span>\n\t\t<\/a>\n\t\t<\/span>\t\t<\/p>\n\t<\/div>\n<\/article>\t\t\t\t\n\t\t\t\t<\/div>\n\t\t\t<\/div>\n\t\t\t\t\t\t\t<\/div>\n\t\t\t\t<\/div>\n\t\t\t\t<div class=\"elementor-element elementor-element-fdbfa52 elementor-widget elementor-widget-proradio-elementor-post-grid\" data-id=\"fdbfa52\" data-element_type=\"widget\" data-e-type=\"widget\" data-widget_type=\"proradio-elementor-post-grid.default\">\n\t\t\t\t<div class=\"elementor-widget-container\">\n\t\t\t\t\t\t\t\t<div id=\"qttmelementor-grid-6fa2135f\" class=\"proradio-container proradio-post-grid\">\n\n\t\t\t\t\t\t\t\t<div id=\"qttmelementor-list-6fa2135f\" class=\"proradio-row\">\n\t\t\t\t\t\t\t\t\t\t\t<div class=\"proradio-col proradio-col__post proradio-s12 proradio-m6 proradio-l6\">\n\t\t\t\t\t\t\t<article class=\"proradio-post proradio-paper proradio-post__ver proradio-has-thumb post-9622 post type-post status-publish format-standard has-post-thumbnail hentry category-education category-montpellier category-nimes category-perpignan category-social\" data-qtwaypoints>\n\t\t\t<div class=\"proradio-post__header proradio-gradprimary proradio-negative\">\n\t\t\t<div class=\"proradio-bgimg proradio-duotone\">\n\t\t\t\t<img loading=\"lazy\" decoding=\"async\" width=\"500\" height=\"500\" src=\"https:\/\/radio-aviva.com\/perpignan\/wp-content\/uploads\/sites\/7\/2024\/07\/Soundcloud-Podcast-Transat.png\" class=\"proradio-post__thumb proradio-post__thumb--h wp-post-image\" alt=\"\" srcset=\"https:\/\/radio-aviva.com\/perpignan\/wp-content\/uploads\/sites\/7\/2024\/07\/Soundcloud-Podcast-Transat.png 500w, https:\/\/radio-aviva.com\/perpignan\/wp-content\/uploads\/sites\/7\/2024\/07\/Soundcloud-Podcast-Transat-150x150.png 150w, https:\/\/radio-aviva.com\/perpignan\/wp-content\/uploads\/sites\/7\/2024\/07\/Soundcloud-Podcast-Transat-100x100.png 100w, https:\/\/radio-aviva.com\/perpignan\/wp-content\/uploads\/sites\/7\/2024\/07\/Soundcloud-Podcast-Transat-370x370.png 370w\" sizes=\"(max-width: 500px) 100vw, 500px\" \/>\t\t\t<\/div>\n\t\t\t<a class=\"proradio-post__header__link\" href=\"https:\/\/radio-aviva.com\/perpignan\/2024\/07\/09\/podcasts-en-transat-un-ete-decale-a-la-maison-de-lorientation\/\"><\/a>\n\t\t\t<div class=\"proradio-actions__cont\">\n\t<div class=\"proradio-actions\">\n\t\t\t\n\t\t\t\t<a href=\"https:\/\/radio-aviva.com\/perpignan\/2024\/07\/09\/podcasts-en-transat-un-ete-decale-a-la-maison-de-lorientation\/\" class=\"proradio-actionicon\"><i class=\"material-icons\">insert_link<\/i><\/a>\n\t\t\t\n\n\t\t\t\t<span class=\"proradio-actions__a1\">\t\t<a data-ttgreaktions-shareboxfull=\"{&quot;id&quot;:&quot;9622&quot;,&quot;shared&quot;:&quot;https:\\\/\\\/radio-aviva.com\\\/perpignan\\\/2024\\\/07\\\/09\\\/podcasts-en-transat-un-ete-decale-a-la-maison-de-lorientation\\\/&quot;,&quot;title&quot;:&quot;Podcasts en Transat : Un \\u00e9t\\u00e9 d\\u00e9cal\\u00e9 \\u00e0 la Maison de l&rsquo;Orientation&quot;,&quot;finalUrl&quot;:&quot;https:\\\/\\\/radio-aviva.com\\\/perpignan\\\/2024\\\/07\\\/09\\\/podcasts-en-transat-un-ete-decale-a-la-maison-de-lorientation\\\/?id=9622&amp;reaktions-share-fullpage=9622&amp;noajax=1&amp;label=Partager&amp;btnclass=proradio-btn  proradio-btn__r&amp;secure=a66cfdcb13&quot;}\" href=\"#nojax\" class=\"proradio_reaktions-link \">\n\t\t\t<span class=\"qtli\"><i class=\"reakticons-share\"><\/i><\/span><span class=\"count\"><\/span>\n\t\t<\/a>\n\t\t<\/span>\n\t\t\n\n\t\t\t<\/div>\n<\/div>\n\n\n\t\t<\/div>\n\t\t\t<div class=\"proradio-post__content\">\n\t\t<p class=\"proradio-cats\">\n\t<a href=\"https:\/\/radio-aviva.com\/perpignan\/category\/education\/\" class=\"proradio-catid-309\">Education<\/a><\/p>\t\t<h3 class=\"proradio-post__title proradio-h4 proradio-cutme-t-4\"><a href=\"https:\/\/radio-aviva.com\/perpignan\/2024\/07\/09\/podcasts-en-transat-un-ete-decale-a-la-maison-de-lorientation\/\">Podcasts en Transat : Un \u00e9t\u00e9 d\u00e9cal\u00e9 \u00e0 la Maison de l&rsquo;Orientation<\/a><\/h3>\n\t\t\t\t<p class=\"proradio-meta proradio-small\">\n\t\t\t<span class=\"proradio-date\"><i class=\"material-icons\">today<\/i>9 juillet 2024<\/span>\t\t\t<span>\t\t<a data-ttgreaktions-shareboxfull=\"{&quot;id&quot;:&quot;9622&quot;,&quot;shared&quot;:&quot;https:\\\/\\\/radio-aviva.com\\\/perpignan\\\/2024\\\/07\\\/09\\\/podcasts-en-transat-un-ete-decale-a-la-maison-de-lorientation\\\/&quot;,&quot;title&quot;:&quot;Podcasts en Transat : Un \\u00e9t\\u00e9 d\\u00e9cal\\u00e9 \\u00e0 la Maison de l&rsquo;Orientation&quot;,&quot;finalUrl&quot;:&quot;https:\\\/\\\/radio-aviva.com\\\/perpignan\\\/2024\\\/07\\\/09\\\/podcasts-en-transat-un-ete-decale-a-la-maison-de-lorientation\\\/?id=9622&amp;reaktions-share-fullpage=9622&amp;noajax=1&amp;label=Partager&amp;btnclass=proradio-btn proradio-btn__r&amp;secure=a66cfdcb13&quot;}\" href=\"#nojax\" class=\"proradio_reaktions-link \">\n\t\t\t<span class=\"qtli\"><i class=\"reakticons-share\"><\/i><\/span><span class=\"count\"><\/span>\n\t\t<\/a>\n\t\t<\/span>\t\t<\/p>\n\t<\/div>\n<\/article>\t\t\t\t\t\t<\/div>\n\t\t\t\t\t\t\t\t\t\t\t\t<div class=\"proradio-col proradio-col__post proradio-s12 proradio-m6 proradio-l6\">\n\t\t\t\t\t\t\t<article class=\"proradio-post proradio-paper proradio-post__ver proradio-has-thumb post-8855 post type-post status-publish format-standard has-post-thumbnail hentry category-actualite category-exposition category-perpignan\" data-qtwaypoints>\n\t\t\t<div class=\"proradio-post__header proradio-gradprimary proradio-negative\">\n\t\t\t<div class=\"proradio-bgimg proradio-duotone\">\n\t\t\t\t<img loading=\"lazy\" decoding=\"async\" width=\"770\" height=\"385\" src=\"https:\/\/radio-aviva.com\/perpignan\/wp-content\/uploads\/sites\/7\/2024\/04\/Design-sans-titre-2-770x385.png\" class=\"proradio-post__thumb proradio-post__thumb--h wp-post-image\" alt=\"\" srcset=\"https:\/\/radio-aviva.com\/perpignan\/wp-content\/uploads\/sites\/7\/2024\/04\/Design-sans-titre-2-770x385.png 770w, https:\/\/radio-aviva.com\/perpignan\/wp-content\/uploads\/sites\/7\/2024\/04\/Design-sans-titre-2-1170x585.png 1170w, https:\/\/radio-aviva.com\/perpignan\/wp-content\/uploads\/sites\/7\/2024\/04\/Design-sans-titre-2-768x384.png 768w, https:\/\/radio-aviva.com\/perpignan\/wp-content\/uploads\/sites\/7\/2024\/04\/Design-sans-titre-2-1536x768.png 1536w, https:\/\/radio-aviva.com\/perpignan\/wp-content\/uploads\/sites\/7\/2024\/04\/Design-sans-titre-2-2048x1024.png 2048w\" sizes=\"(max-width: 770px) 100vw, 770px\" \/>\t\t\t<\/div>\n\t\t\t<a class=\"proradio-post__header__link\" href=\"https:\/\/radio-aviva.com\/perpignan\/2024\/04\/16\/elementor-25873\/\"><\/a>\n\t\t\t<div class=\"proradio-actions__cont\">\n\t<div class=\"proradio-actions\">\n\t\t\t\n\t\t\t\t<a href=\"https:\/\/radio-aviva.com\/perpignan\/2024\/04\/16\/elementor-25873\/\" class=\"proradio-actionicon\"><i class=\"material-icons\">insert_link<\/i><\/a>\n\t\t\t\n\n\t\t\t\t<span class=\"proradio-actions__a1\">\t\t<a data-ttgreaktions-shareboxfull=\"{&quot;id&quot;:&quot;8855&quot;,&quot;shared&quot;:&quot;https:\\\/\\\/radio-aviva.com\\\/perpignan\\\/2024\\\/04\\\/16\\\/elementor-25873\\\/&quot;,&quot;title&quot;:&quot;FoirExpo de Printemps \\u00e0 Perpignan&quot;,&quot;finalUrl&quot;:&quot;https:\\\/\\\/radio-aviva.com\\\/perpignan\\\/2024\\\/04\\\/16\\\/elementor-25873\\\/?id=8855&amp;reaktions-share-fullpage=8855&amp;noajax=1&amp;label=Partager&amp;btnclass=proradio-btn  proradio-btn__r&amp;secure=a66cfdcb13&quot;}\" href=\"#nojax\" class=\"proradio_reaktions-link \">\n\t\t\t<span class=\"qtli\"><i class=\"reakticons-share\"><\/i><\/span><span class=\"count\">2<\/span>\n\t\t<\/a>\n\t\t<\/span>\n\t\t\n\n\t\t\t<\/div>\n<\/div>\n\n\n\t\t<\/div>\n\t\t\t<div class=\"proradio-post__content\">\n\t\t<p class=\"proradio-cats\">\n\t<a href=\"https:\/\/radio-aviva.com\/perpignan\/category\/actualite\/\" class=\"proradio-catid-296\">Actualit\u00e9<\/a><\/p>\t\t<h3 class=\"proradio-post__title proradio-h4 proradio-cutme-t-4\"><a href=\"https:\/\/radio-aviva.com\/perpignan\/2024\/04\/16\/elementor-25873\/\">FoirExpo de Printemps \u00e0 Perpignan<\/a><\/h3>\n\t\t\t\t<p class=\"proradio-meta proradio-small\">\n\t\t\t<span class=\"proradio-date\"><i class=\"material-icons\">today<\/i>16 avril 2024<\/span>\t\t\t<span>\t\t<a data-ttgreaktions-shareboxfull=\"{&quot;id&quot;:&quot;8855&quot;,&quot;shared&quot;:&quot;https:\\\/\\\/radio-aviva.com\\\/perpignan\\\/2024\\\/04\\\/16\\\/elementor-25873\\\/&quot;,&quot;title&quot;:&quot;FoirExpo de Printemps \\u00e0 Perpignan&quot;,&quot;finalUrl&quot;:&quot;https:\\\/\\\/radio-aviva.com\\\/perpignan\\\/2024\\\/04\\\/16\\\/elementor-25873\\\/?id=8855&amp;reaktions-share-fullpage=8855&amp;noajax=1&amp;label=Partager&amp;btnclass=proradio-btn proradio-btn__r&amp;secure=a66cfdcb13&quot;}\" href=\"#nojax\" class=\"proradio_reaktions-link \">\n\t\t\t<span class=\"qtli\"><i class=\"reakticons-share\"><\/i><\/span><span class=\"count\">2<\/span>\n\t\t<\/a>\n\t\t<\/span>\t\t<\/p>\n\t<\/div>\n<\/article>\t\t\t\t\t\t<\/div>\n\t\t\t\t\t\t        <div class=\"proradio-wp-pagination qt-ms-item\">\n            <p class=\"proradioelementor-loadmorecontainer proradio-col proradio-loadmore-container proradio-center proradio-clearfix\">\n                                    <a href=\"#\" class=\"proradio-btn proradio-btn-default  noajax\" \n                    data-proradioelementor-ajaxloadmore\n                    data-proradioelementor-method=\"add\" \n                    data-proradioelementor-target=\"#qttmelementor-list-6fa2135f\" \n                    data-proradioelementor-querydata=\"eyJ0YXhfZmlsdGVyIjoiIiwidGF4X2ZpbHRlcl9leGMiOiIiLCJwb3N0X3R5cGUiOiIiLCJwb3N0c19wZXJfcGFnZSI6MiwicG9zdF9zdGF0dXMiOiJwdWJsaXNoIiwicGFnZWQiOjEsInN1cHByZXNzX2ZpbHRlcnMiOmZhbHNlLCJvZmZzZXQiOjEsImlnbm9yZV9zdGlja3lfcG9zdHMiOjEsIm9yZGVyYnkiOiJkYXRlIiwib3JkZXIiOiJERVNDIiwibWV0YV9rZXkiOmZhbHNlLCJwb3N0X19ub3RfaW4iOltdLCJ0ZW1wbGF0ZSI6InRlbXBsYXRlLXBhcnRzXC9wb3N0XC9wb3N0LXZlcnRpY2FsIiwiaGlkZW9sZCI6bnVsbCwidGV4dCI6IkxvYWQgbW9yZSIsInRhcmdldCI6IiNxdHRtZWxlbWVudG9yLWxpc3QtNmZhMjEzNWYiLCJiZWZvcmVfaXRlbSI6IlBHUnBkaUJqYkdGemN6MGljSEp2Y21Ga2FXOHRZMjlzSUhCeWIzSmhaR2x2TFdOdmJGOWZjRzl6ZENCd2NtOXlZV1JwYnkxek1USWdjSEp2Y21Ga2FXOHRiVFlnY0hKdmNtRmthVzh0YkRZaVBnPT0iLCJhZnRlcl9pdGVtIjoiUEM5a2FYWSsiLCJuZXh0Ijp0cnVlLCJlX2xvYWRtb3JlIjoieWVzIiwiZV9sb2FkbW9yZV90ZXh0IjoiTG9hZCBtb3JlIiwibWF4Ijo3LCJwcm9yYWRpb19wYWdpbmF0aW9uX3N0eWxlIjoicHJvcmFkaW8tYnRuLWRlZmF1bHQiLCJwcm9yYWRpb19wYWdpbmF0aW9uX3NpemUiOmZhbHNlLCJnb3RvIjoyfQ%3D%3D\" >\n                    <span>Load more<\/span><i class='material-icons'>sync<\/i>\n                     <\/a>\n                            <\/p>\n        <\/div>\n        \t\t\t\t<\/div>\n\t\t\t<\/div>\n\t\t\t\t\t\t\t<\/div>\n\t\t\t\t<\/div>\n\t\t\t\t\t<\/div>\n\t\t<\/div>\n\t\t\t\t\t<\/div>\n\t\t<\/section>\n\t\t\t\t<section class=\"elementor-section elementor-top-section elementor-element elementor-element-0bdfdc0 elementor-section-boxed elementor-section-height-default elementor-section-height-default\" data-id=\"0bdfdc0\" data-element_type=\"section\" data-e-type=\"section\" data-settings=\"{&quot;background_background&quot;:&quot;classic&quot;}\">\n\t\t\t\t\t\t<div class=\"elementor-container elementor-column-gap-default\">\n\t\t\t\t\t<div class=\"elementor-column elementor-col-100 elementor-top-column elementor-element elementor-element-4f8984a\" data-id=\"4f8984a\" data-element_type=\"column\" data-e-type=\"column\">\n\t\t\t<div class=\"elementor-widget-wrap elementor-element-populated\">\n\t\t\t\t\t\t<div class=\"elementor-element elementor-element-707dbd4 elementor-widget elementor-widget-proradio-elementor-qt-caption\" data-id=\"707dbd4\" data-element_type=\"widget\" data-e-type=\"widget\" data-widget_type=\"proradio-elementor-qt-caption.default\">\n\t\t\t\t<div class=\"elementor-widget-container\">\n\t\t\t\t\t\t\t<div>\n\t\t\t<h3  class=\"proradio-element-caption proradio-caption  proradio-caption__m center proradio-center proradio-caption__c  \" data-qtwaypoints-offset=\"30\" data-qtwaypoints>\t\t\t\t<span>Nos partenaires<\/span>\n\t\t\t\t<\/h3>\t\t<\/div>\n\t\t\t\t\t\t<\/div>\n\t\t\t\t<\/div>\n\t\t\t\t<div class=\"elementor-element elementor-element-9112ada elementor-widget elementor-widget-proradio-elementor-sponsors\" data-id=\"9112ada\" data-element_type=\"widget\" data-e-type=\"widget\" data-widget_type=\"proradio-elementor-sponsors.default\">\n\t\t\t\t<div class=\"elementor-widget-container\">\n\t\t\t\t\t\t\t\t<div id=\"gridqt-post-carousel-885569f204357736f\" class=\"proradio-owl-sponsorcarousel \">\n\t\t\t\t\t<div id=\"qt-post-carousel-885569f204357736f\" class=\"proradio-owl-carousel owl-carousel owl-theme proradio-owl-theme\" \n\t\t\t\t\tdata-items=\"6\"\n\t\t\t\t\tdata-items_tablet=\"6\"\n\t\t\t\t\tdata-items_mobile=\"4\"\n\t\t\t\t\tdata-items_mobile_hori=\"2\"\n\t\t\t\t\tdata-gap=\"15\"\n\t\t\t\t\tdata-pause_on_hover=\"true\"\n\t\t\t\t\tdata-loop=\"true\" \n\t\t\t\t\tdata-center=\"\" \n\t\t\t\t\tdata-stage_padding=\"0\"\n\t\t\t\t\tdata-nav=\"true\"\n\t\t\t\t\tdata-dots=\"\" \n\t\t\t\t\tdata-autoplay_timeout=\"2000\" \n\t\t\t\t\tdata-amount=\"55\">\n\t\t\t\t\t\t\t\t\t\t\t\t\t\t<div class=\"proradio-item\">\n\t\t\t\t\t\t\t\t\t<div class=\"proradio-itemcontainer\">\n\t\t\t\t\t\t\t\t\t\t<a href=\"https:\/\/www.easywintraining-games.fr\/\" target=\"_blank\" rel=\"nofollow\" class=\"qt-sponsor\" >\n\t\t\t\t\t\t\t\t\t\t\t <img loading=\"lazy\" decoding=\"async\" width=\"32\" height=\"32\" src=\"https:\/\/radio-aviva.com\/perpignan\/wp-content\/uploads\/sites\/7\/2025\/04\/ewt-logo-removebg-preview.png\" class=\"attachment-proradio-medium size-proradio-medium wp-post-image\" alt=\"EASYWIN TRAINING GAMES\" title=\"EASYWIN TRAINING GAMES\" \/>\t\t\t\t\t\t\t\t\t\t<\/a>\n\t\t\t\t\t\t\t\t\t<\/div>\n\t\t\t\t\t\t\t\t<\/div>\n\t\t\t\t\t\t\t\t\t\t\t\t\t\t\t\t<div class=\"proradio-item\">\n\t\t\t\t\t\t\t\t\t<div class=\"proradio-itemcontainer\">\n\t\t\t\t\t\t\t\t\t\t<a href=\"https:\/\/www.facebook.com\/fdsea.pyreneesorientales\/?locale=fr_FR\" target=\"_blank\" rel=\"nofollow\" class=\"qt-sponsor\" >\n\t\t\t\t\t\t\t\t\t\t\t <img loading=\"lazy\" decoding=\"async\" width=\"500\" height=\"500\" src=\"https:\/\/radio-aviva.com\/perpignan\/wp-content\/uploads\/sites\/7\/2025\/04\/logo_fdsea_66-removebg-preview.png\" class=\"attachment-proradio-medium size-proradio-medium wp-post-image\" alt=\"FDSEA66\" title=\"FDSEA66\" srcset=\"https:\/\/radio-aviva.com\/perpignan\/wp-content\/uploads\/sites\/7\/2025\/04\/logo_fdsea_66-removebg-preview.png 500w, https:\/\/radio-aviva.com\/perpignan\/wp-content\/uploads\/sites\/7\/2025\/04\/logo_fdsea_66-removebg-preview-150x150.png 150w, https:\/\/radio-aviva.com\/perpignan\/wp-content\/uploads\/sites\/7\/2025\/04\/logo_fdsea_66-removebg-preview-100x100.png 100w, https:\/\/radio-aviva.com\/perpignan\/wp-content\/uploads\/sites\/7\/2025\/04\/logo_fdsea_66-removebg-preview-370x370.png 370w\" sizes=\"(max-width: 500px) 100vw, 500px\" \/>\t\t\t\t\t\t\t\t\t\t<\/a>\n\t\t\t\t\t\t\t\t\t<\/div>\n\t\t\t\t\t\t\t\t<\/div>\n\t\t\t\t\t\t\t\t\t\t\t\t\t\t\t\t<div class=\"proradio-item\">\n\t\t\t\t\t\t\t\t\t<div class=\"proradio-itemcontainer\">\n\t\t\t\t\t\t\t\t\t\t<a href=\"https:\/\/linktr.ee\/europedirectpyrenees\" target=\"_blank\" rel=\"nofollow\" class=\"qt-sponsor\" >\n\t\t\t\t\t\t\t\t\t\t\t <img loading=\"lazy\" decoding=\"async\" width=\"394\" height=\"100\" src=\"https:\/\/radio-aviva.com\/perpignan\/wp-content\/uploads\/sites\/7\/2025\/04\/europe_direct-removebg-preview.png\" class=\"attachment-proradio-medium size-proradio-medium wp-post-image\" alt=\"Maison de l\u2019Europe : Centre Europe Direct Perpignan\" title=\"Maison de l\u2019Europe : Centre Europe Direct Perpignan\" \/>\t\t\t\t\t\t\t\t\t\t<\/a>\n\t\t\t\t\t\t\t\t\t<\/div>\n\t\t\t\t\t\t\t\t<\/div>\n\t\t\t\t\t\t\t\t\t\t\t\t\t\t\t\t<div class=\"proradio-item\">\n\t\t\t\t\t\t\t\t\t<div class=\"proradio-itemcontainer\">\n\t\t\t\t\t\t\t\t\t\t<a href=\"https:\/\/trufficulteurscatalans.com\/\" target=\"_blank\" rel=\"nofollow\" class=\"qt-sponsor\" >\n\t\t\t\t\t\t\t\t\t\t\t <img loading=\"lazy\" decoding=\"async\" width=\"134\" height=\"124\" src=\"https:\/\/radio-aviva.com\/perpignan\/wp-content\/uploads\/sites\/7\/2025\/04\/logo-trufficulteurs-catalans-association-pyrennes-orientales-66-removebg-preview.png\" class=\"attachment-proradio-medium size-proradio-medium wp-post-image\" alt=\"SYNDICAT DES TRUFFICULTEURS CATALAN\" title=\"SYNDICAT DES TRUFFICULTEURS CATALAN\" \/>\t\t\t\t\t\t\t\t\t\t<\/a>\n\t\t\t\t\t\t\t\t\t<\/div>\n\t\t\t\t\t\t\t\t<\/div>\n\t\t\t\t\t\t\t\t\t\t\t\t\t\t\t\t<div class=\"proradio-item\">\n\t\t\t\t\t\t\t\t\t<div class=\"proradio-itemcontainer\">\n\t\t\t\t\t\t\t\t\t\t<a href=\"https:\/\/www.facebook.com\/p\/La-Recyclerie-dElne-100064843924786\/?locale=fr_FR\" target=\"_blank\" rel=\"nofollow\" class=\"qt-sponsor\" >\n\t\t\t\t\t\t\t\t\t\t\t <img loading=\"lazy\" decoding=\"async\" width=\"592\" height=\"421\" src=\"https:\/\/radio-aviva.com\/perpignan\/wp-content\/uploads\/sites\/7\/2025\/04\/Capture_d_cran_2025-02-03_170616-removebg-preview.webp\" class=\"attachment-proradio-medium size-proradio-medium wp-post-image\" alt=\"La Recyclerie d\u2019Elne\" title=\"La Recyclerie d\u2019Elne\" \/>\t\t\t\t\t\t\t\t\t\t<\/a>\n\t\t\t\t\t\t\t\t\t<\/div>\n\t\t\t\t\t\t\t\t<\/div>\n\t\t\t\t\t\t\t\t\t\t\t\t\t\t\t\t<div class=\"proradio-item\">\n\t\t\t\t\t\t\t\t\t<div class=\"proradio-itemcontainer\">\n\t\t\t\t\t\t\t\t\t\t<a href=\"https:\/\/www.facebook.com\/lionsclubsaintcypriendoyen\/?locale=fr_FR\" target=\"_blank\" rel=\"nofollow\" class=\"qt-sponsor\" >\n\t\t\t\t\t\t\t\t\t\t\t <img loading=\"lazy\" decoding=\"async\" width=\"500\" height=\"500\" src=\"https:\/\/radio-aviva.com\/perpignan\/wp-content\/uploads\/sites\/7\/2025\/04\/logo_lions_saint_cyp-removebg-preview.png\" class=\"attachment-proradio-medium size-proradio-medium wp-post-image\" alt=\"Lions Club Saint-Cyprien Doyen\" title=\"Lions Club Saint-Cyprien Doyen\" srcset=\"https:\/\/radio-aviva.com\/perpignan\/wp-content\/uploads\/sites\/7\/2025\/04\/logo_lions_saint_cyp-removebg-preview.png 500w, https:\/\/radio-aviva.com\/perpignan\/wp-content\/uploads\/sites\/7\/2025\/04\/logo_lions_saint_cyp-removebg-preview-150x150.png 150w, https:\/\/radio-aviva.com\/perpignan\/wp-content\/uploads\/sites\/7\/2025\/04\/logo_lions_saint_cyp-removebg-preview-100x100.png 100w, https:\/\/radio-aviva.com\/perpignan\/wp-content\/uploads\/sites\/7\/2025\/04\/logo_lions_saint_cyp-removebg-preview-370x370.png 370w\" sizes=\"(max-width: 500px) 100vw, 500px\" \/>\t\t\t\t\t\t\t\t\t\t<\/a>\n\t\t\t\t\t\t\t\t\t<\/div>\n\t\t\t\t\t\t\t\t<\/div>\n\t\t\t\t\t\t\t\t\t\t\t\t\t\t\t\t<div class=\"proradio-item\">\n\t\t\t\t\t\t\t\t\t<div class=\"proradio-itemcontainer\">\n\t\t\t\t\t\t\t\t\t\t<a href=\"https:\/\/www.cma66.fr\/\" target=\"_blank\" rel=\"nofollow\" class=\"qt-sponsor\" >\n\t\t\t\t\t\t\t\t\t\t\t <img loading=\"lazy\" decoding=\"async\" width=\"786\" height=\"318\" src=\"https:\/\/radio-aviva.com\/perpignan\/wp-content\/uploads\/sites\/7\/2025\/04\/logo-cmar-pyrenees-orientales-2022-removebg-preview.png\" class=\"attachment-proradio-medium size-proradio-medium wp-post-image\" alt=\"CMA 66\" title=\"CMA 66\" srcset=\"https:\/\/radio-aviva.com\/perpignan\/wp-content\/uploads\/sites\/7\/2025\/04\/logo-cmar-pyrenees-orientales-2022-removebg-preview.png 786w, https:\/\/radio-aviva.com\/perpignan\/wp-content\/uploads\/sites\/7\/2025\/04\/logo-cmar-pyrenees-orientales-2022-removebg-preview-770x312.png 770w, https:\/\/radio-aviva.com\/perpignan\/wp-content\/uploads\/sites\/7\/2025\/04\/logo-cmar-pyrenees-orientales-2022-removebg-preview-768x311.png 768w\" sizes=\"(max-width: 786px) 100vw, 786px\" \/>\t\t\t\t\t\t\t\t\t\t<\/a>\n\t\t\t\t\t\t\t\t\t<\/div>\n\t\t\t\t\t\t\t\t<\/div>\n\t\t\t\t\t\t\t\t\t\t\t\t\t\t\t\t<div class=\"proradio-item\">\n\t\t\t\t\t\t\t\t\t<div class=\"proradio-itemcontainer\">\n\t\t\t\t\t\t\t\t\t\t<a href=\"https:\/\/www.onisep.fr\/\" target=\"_blank\" rel=\"nofollow\" class=\"qt-sponsor\" >\n\t\t\t\t\t\t\t\t\t\t\t <img loading=\"lazy\" decoding=\"async\" width=\"275\" height=\"183\" src=\"https:\/\/radio-aviva.com\/perpignan\/wp-content\/uploads\/sites\/7\/2025\/02\/telechargement-removebg-preview-1.png\" class=\"attachment-proradio-medium size-proradio-medium wp-post-image\" alt=\"Onisep\" title=\"Onisep\" \/>\t\t\t\t\t\t\t\t\t\t<\/a>\n\t\t\t\t\t\t\t\t\t<\/div>\n\t\t\t\t\t\t\t\t<\/div>\n\t\t\t\t\t\t\t\t\t\t\t\t\t\t\t\t<div class=\"proradio-item\">\n\t\t\t\t\t\t\t\t\t<div class=\"proradio-itemcontainer\">\n\t\t\t\t\t\t\t\t\t\t<a href=\"https:\/\/www.eedop66.fr\/\" target=\"_blank\" rel=\"nofollow\" class=\"qt-sponsor\" >\n\t\t\t\t\t\t\t\t\t\t\t <img loading=\"lazy\" decoding=\"async\" width=\"107\" height=\"90\" src=\"https:\/\/radio-aviva.com\/perpignan\/wp-content\/uploads\/sites\/7\/2025\/02\/logo_eedop66-removebg-preview.png\" class=\"attachment-proradio-medium size-proradio-medium wp-post-image\" alt=\"Enfance en danger : Oser en parler\" title=\"Enfance en danger : Oser en parler\" \/>\t\t\t\t\t\t\t\t\t\t<\/a>\n\t\t\t\t\t\t\t\t\t<\/div>\n\t\t\t\t\t\t\t\t<\/div>\n\t\t\t\t\t\t\t\t\t\t\t\t\t\t\t\t<div class=\"proradio-item\">\n\t\t\t\t\t\t\t\t\t<div class=\"proradio-itemcontainer\">\n\t\t\t\t\t\t\t\t\t\t<a href=\"https:\/\/www.facebook.com\/p\/La-Recyclerie-dElne-100064843924786\/?locale=fr_FR\" target=\"_blank\" rel=\"nofollow\" class=\"qt-sponsor\" >\n\t\t\t\t\t\t\t\t\t\t\t <img loading=\"lazy\" decoding=\"async\" width=\"592\" height=\"421\" src=\"https:\/\/radio-aviva.com\/perpignan\/wp-content\/uploads\/sites\/7\/2025\/02\/Capture_d_ecran_2025-02-03_170616-removebg-preview.png\" class=\"attachment-proradio-medium size-proradio-medium wp-post-image\" alt=\"La Recyclerie d&rsquo;Elne\" title=\"La Recyclerie d&rsquo;Elne\" \/>\t\t\t\t\t\t\t\t\t\t<\/a>\n\t\t\t\t\t\t\t\t\t<\/div>\n\t\t\t\t\t\t\t\t<\/div>\n\t\t\t\t\t\t\t\t\t\t\t\t\t\t\t\t<div class=\"proradio-item\">\n\t\t\t\t\t\t\t\t\t<div class=\"proradio-itemcontainer\">\n\t\t\t\t\t\t\t\t\t\t<a href=\"https:\/\/www.circus-mtp.com\/\" target=\"_blank\" rel=\"nofollow\" class=\"qt-sponsor\" >\n\t\t\t\t\t\t\t\t\t\t\t <img loading=\"lazy\" decoding=\"async\" width=\"1566\" height=\"1047\" src=\"https:\/\/radio-aviva.com\/perpignan\/wp-content\/uploads\/sites\/7\/2025\/01\/circus-1.png\" class=\"attachment-proradio-medium size-proradio-medium wp-post-image\" alt=\"Le Circus\" title=\"Le Circus\" srcset=\"https:\/\/radio-aviva.com\/perpignan\/wp-content\/uploads\/sites\/7\/2025\/01\/circus-1.png 1566w, https:\/\/radio-aviva.com\/perpignan\/wp-content\/uploads\/sites\/7\/2025\/01\/circus-1-770x515.png 770w, https:\/\/radio-aviva.com\/perpignan\/wp-content\/uploads\/sites\/7\/2025\/01\/circus-1-1170x782.png 1170w, https:\/\/radio-aviva.com\/perpignan\/wp-content\/uploads\/sites\/7\/2025\/01\/circus-1-768x513.png 768w, https:\/\/radio-aviva.com\/perpignan\/wp-content\/uploads\/sites\/7\/2025\/01\/circus-1-1536x1027.png 1536w\" sizes=\"(max-width: 1566px) 100vw, 1566px\" \/>\t\t\t\t\t\t\t\t\t\t<\/a>\n\t\t\t\t\t\t\t\t\t<\/div>\n\t\t\t\t\t\t\t\t<\/div>\n\t\t\t\t\t\t\t\t\t\t\t\t\t\t\t\t<div class=\"proradio-item\">\n\t\t\t\t\t\t\t\t\t<div class=\"proradio-itemcontainer\">\n\t\t\t\t\t\t\t\t\t\t<a href=\"https:\/\/www.cine-rencontres.org\/\" target=\"_blank\" rel=\"nofollow\" class=\"qt-sponsor\" >\n\t\t\t\t\t\t\t\t\t\t\t <img loading=\"lazy\" decoding=\"async\" width=\"670\" height=\"372\" src=\"https:\/\/radio-aviva.com\/perpignan\/wp-content\/uploads\/sites\/7\/2025\/01\/8582_poster-removebg-preview.png\" class=\"attachment-proradio-medium size-proradio-medium wp-post-image\" alt=\"Les Cin\u00e9-Rencontres de Prades\" title=\"Les Cin\u00e9-Rencontres de Prades\" \/>\t\t\t\t\t\t\t\t\t\t<\/a>\n\t\t\t\t\t\t\t\t\t<\/div>\n\t\t\t\t\t\t\t\t<\/div>\n\t\t\t\t\t\t\t\t\t\t\t\t\t\t\t\t<div class=\"proradio-item\">\n\t\t\t\t\t\t\t\t\t<div class=\"proradio-itemcontainer\">\n\t\t\t\t\t\t\t\t\t\t<a href=\"https:\/\/www.amislaboratoirearago.fr\/\" target=\"_blank\" rel=\"nofollow\" class=\"qt-sponsor\" >\n\t\t\t\t\t\t\t\t\t\t\t <img loading=\"lazy\" decoding=\"async\" width=\"799\" height=\"312\" src=\"https:\/\/radio-aviva.com\/perpignan\/wp-content\/uploads\/sites\/7\/2025\/01\/image_1371230_20241215_ob_4d8045_logo-aala-gd-redimensionne-blog-et-t-removebg-preview.png\" class=\"attachment-proradio-medium size-proradio-medium wp-post-image\" alt=\"Les Amis du Laboratoire Arago\" title=\"Les Amis du Laboratoire Arago\" srcset=\"https:\/\/radio-aviva.com\/perpignan\/wp-content\/uploads\/sites\/7\/2025\/01\/image_1371230_20241215_ob_4d8045_logo-aala-gd-redimensionne-blog-et-t-removebg-preview.png 799w, https:\/\/radio-aviva.com\/perpignan\/wp-content\/uploads\/sites\/7\/2025\/01\/image_1371230_20241215_ob_4d8045_logo-aala-gd-redimensionne-blog-et-t-removebg-preview-770x301.png 770w, https:\/\/radio-aviva.com\/perpignan\/wp-content\/uploads\/sites\/7\/2025\/01\/image_1371230_20241215_ob_4d8045_logo-aala-gd-redimensionne-blog-et-t-removebg-preview-768x300.png 768w\" sizes=\"(max-width: 799px) 100vw, 799px\" \/>\t\t\t\t\t\t\t\t\t\t<\/a>\n\t\t\t\t\t\t\t\t\t<\/div>\n\t\t\t\t\t\t\t\t<\/div>\n\t\t\t\t\t\t\t\t\t\t\t\t\t\t\t\t<div class=\"proradio-item\">\n\t\t\t\t\t\t\t\t\t<div class=\"proradio-itemcontainer\">\n\t\t\t\t\t\t\t\t\t\t<a href=\"https:\/\/www.unapei66.org\/\" target=\"_blank\" rel=\"nofollow\" class=\"qt-sponsor\" >\n\t\t\t\t\t\t\t\t\t\t\t <img loading=\"lazy\" decoding=\"async\" width=\"225\" height=\"225\" src=\"https:\/\/radio-aviva.com\/perpignan\/wp-content\/uploads\/sites\/7\/2025\/01\/telechargement-removebg-preview.png\" class=\"attachment-proradio-medium size-proradio-medium wp-post-image\" alt=\"Unapei 66\" title=\"Unapei 66\" srcset=\"https:\/\/radio-aviva.com\/perpignan\/wp-content\/uploads\/sites\/7\/2025\/01\/telechargement-removebg-preview.png 225w, https:\/\/radio-aviva.com\/perpignan\/wp-content\/uploads\/sites\/7\/2025\/01\/telechargement-removebg-preview-150x150.png 150w, https:\/\/radio-aviva.com\/perpignan\/wp-content\/uploads\/sites\/7\/2025\/01\/telechargement-removebg-preview-100x100.png 100w\" sizes=\"(max-width: 225px) 100vw, 225px\" \/>\t\t\t\t\t\t\t\t\t\t<\/a>\n\t\t\t\t\t\t\t\t\t<\/div>\n\t\t\t\t\t\t\t\t<\/div>\n\t\t\t\t\t\t\t\t\t\t\t\t\t\t\t\t<div class=\"proradio-item\">\n\t\t\t\t\t\t\t\t\t<div class=\"proradio-itemcontainer\">\n\t\t\t\t\t\t\t\t\t\t<a href=\"https:\/\/le-souvenir-francais.fr\/\" target=\"_blank\" rel=\"nofollow\" class=\"qt-sponsor\" >\n\t\t\t\t\t\t\t\t\t\t\t <img loading=\"lazy\" decoding=\"async\" width=\"225\" height=\"225\" src=\"https:\/\/radio-aviva.com\/perpignan\/wp-content\/uploads\/sites\/7\/2025\/01\/Logo_SF_3-removebg-preview.png\" class=\"attachment-proradio-medium size-proradio-medium wp-post-image\" alt=\"Le Souvenir Fran\u00e7ais\" title=\"Le Souvenir Fran\u00e7ais\" srcset=\"https:\/\/radio-aviva.com\/perpignan\/wp-content\/uploads\/sites\/7\/2025\/01\/Logo_SF_3-removebg-preview.png 225w, https:\/\/radio-aviva.com\/perpignan\/wp-content\/uploads\/sites\/7\/2025\/01\/Logo_SF_3-removebg-preview-150x150.png 150w, https:\/\/radio-aviva.com\/perpignan\/wp-content\/uploads\/sites\/7\/2025\/01\/Logo_SF_3-removebg-preview-100x100.png 100w\" sizes=\"(max-width: 225px) 100vw, 225px\" \/>\t\t\t\t\t\t\t\t\t\t<\/a>\n\t\t\t\t\t\t\t\t\t<\/div>\n\t\t\t\t\t\t\t\t<\/div>\n\t\t\t\t\t\t\t\t\t\t\t\t\t\t\t\t<div class=\"proradio-item\">\n\t\t\t\t\t\t\t\t\t<div class=\"proradio-itemcontainer\">\n\t\t\t\t\t\t\t\t\t\t<a href=\"https:\/\/www.facebook.com\/nonieettoit\/\" target=\"_blank\" rel=\"nofollow\" class=\"qt-sponsor\" >\n\t\t\t\t\t\t\t\t\t\t\t <img loading=\"lazy\" decoding=\"async\" width=\"240\" height=\"260\" src=\"https:\/\/radio-aviva.com\/perpignan\/wp-content\/uploads\/sites\/7\/2025\/01\/NONIEETTOITFINAL-01.png\" class=\"attachment-proradio-medium size-proradio-medium wp-post-image\" alt=\"Nonie et Toit\" title=\"Nonie et Toit\" \/>\t\t\t\t\t\t\t\t\t\t<\/a>\n\t\t\t\t\t\t\t\t\t<\/div>\n\t\t\t\t\t\t\t\t<\/div>\n\t\t\t\t\t\t\t\t\t\t\t\t\t\t\t\t<div class=\"proradio-item\">\n\t\t\t\t\t\t\t\t\t<div class=\"proradio-itemcontainer\">\n\t\t\t\t\t\t\t\t\t\t<a href=\"https:\/\/www.facebook.com\/idem.genre\/?locale=fr_FR\" target=\"_blank\" rel=\"nofollow\" class=\"qt-sponsor\" >\n\t\t\t\t\t\t\t\t\t\t\t <img loading=\"lazy\" decoding=\"async\" width=\"332\" height=\"232\" src=\"https:\/\/radio-aviva.com\/perpignan\/wp-content\/uploads\/sites\/7\/2024\/09\/Logo-Idem-Fd-TranspContBlc-removebg-preview.png\" class=\"attachment-proradio-medium size-proradio-medium wp-post-image\" alt=\"IDEM Question de genre\" title=\"IDEM Question de genre\" \/>\t\t\t\t\t\t\t\t\t\t<\/a>\n\t\t\t\t\t\t\t\t\t<\/div>\n\t\t\t\t\t\t\t\t<\/div>\n\t\t\t\t\t\t\t\t\t\t\t\t\t\t\t\t<div class=\"proradio-item\">\n\t\t\t\t\t\t\t\t\t<div class=\"proradio-itemcontainer\">\n\t\t\t\t\t\t\t\t\t\t<a href=\"https:\/\/ecouterlaradio.fr\/\" target=\"_blank\" rel=\"nofollow\" class=\"qt-sponsor\" >\n\t\t\t\t\t\t\t\t\t\t\t <img loading=\"lazy\" decoding=\"async\" width=\"128\" height=\"128\" src=\"https:\/\/radio-aviva.com\/perpignan\/wp-content\/uploads\/sites\/7\/2024\/08\/128x128-1.jpg\" class=\"attachment-proradio-medium size-proradio-medium wp-post-image\" alt=\"ecouterlaradio.fr\" title=\"ecouterlaradio.fr\" srcset=\"https:\/\/radio-aviva.com\/perpignan\/wp-content\/uploads\/sites\/7\/2024\/08\/128x128-1.jpg 128w, https:\/\/radio-aviva.com\/perpignan\/wp-content\/uploads\/sites\/7\/2024\/08\/128x128-1-100x100.jpg 100w\" sizes=\"(max-width: 128px) 100vw, 128px\" \/>\t\t\t\t\t\t\t\t\t\t<\/a>\n\t\t\t\t\t\t\t\t\t<\/div>\n\t\t\t\t\t\t\t\t<\/div>\n\t\t\t\t\t\t\t\t\t\t\t\t\t\t\t\t<div class=\"proradio-item\">\n\t\t\t\t\t\t\t\t\t<div class=\"proradio-itemcontainer\">\n\t\t\t\t\t\t\t\t\t\t<a href=\"https:\/\/lefestival.eu\/\" target=\"_blank\" rel=\"nofollow\" class=\"qt-sponsor\" >\n\t\t\t\t\t\t\t\t\t\t\t <img loading=\"lazy\" decoding=\"async\" width=\"1080\" height=\"1079\" src=\"https:\/\/radio-aviva.com\/perpignan\/wp-content\/uploads\/sites\/7\/2024\/06\/Logo-festival-radio-france.png\" class=\"attachment-proradio-medium size-proradio-medium wp-post-image\" alt=\"Radio France\" title=\"Radio France\" srcset=\"https:\/\/radio-aviva.com\/perpignan\/wp-content\/uploads\/sites\/7\/2024\/06\/Logo-festival-radio-france.png 1080w, https:\/\/radio-aviva.com\/perpignan\/wp-content\/uploads\/sites\/7\/2024\/06\/Logo-festival-radio-france-770x770.png 770w, https:\/\/radio-aviva.com\/perpignan\/wp-content\/uploads\/sites\/7\/2024\/06\/Logo-festival-radio-france-150x150.png 150w, https:\/\/radio-aviva.com\/perpignan\/wp-content\/uploads\/sites\/7\/2024\/06\/Logo-festival-radio-france-768x767.png 768w, https:\/\/radio-aviva.com\/perpignan\/wp-content\/uploads\/sites\/7\/2024\/06\/Logo-festival-radio-france-100x100.png 100w, https:\/\/radio-aviva.com\/perpignan\/wp-content\/uploads\/sites\/7\/2024\/06\/Logo-festival-radio-france-370x370.png 370w\" sizes=\"(max-width: 1080px) 100vw, 1080px\" \/>\t\t\t\t\t\t\t\t\t\t<\/a>\n\t\t\t\t\t\t\t\t\t<\/div>\n\t\t\t\t\t\t\t\t<\/div>\n\t\t\t\t\t\t\t\t\t\t\t\t\t\t\t\t<div class=\"proradio-item\">\n\t\t\t\t\t\t\t\t\t<div class=\"proradio-itemcontainer\">\n\t\t\t\t\t\t\t\t\t\t<a href=\"https:\/\/afd66.federationdesdiabetiques.org\/\" target=\"_blank\" rel=\"nofollow\" class=\"qt-sponsor\" >\n\t\t\t\t\t\t\t\t\t\t\t <img loading=\"lazy\" decoding=\"async\" width=\"960\" height=\"960\" src=\"https:\/\/radio-aviva.com\/perpignan\/wp-content\/uploads\/sites\/7\/2024\/01\/Logo-AFD66-Carre-mini-2022.png\" class=\"attachment-proradio-medium size-proradio-medium wp-post-image\" alt=\"AFD66\" title=\"AFD66\" srcset=\"https:\/\/radio-aviva.com\/perpignan\/wp-content\/uploads\/sites\/7\/2024\/01\/Logo-AFD66-Carre-mini-2022.png 960w, https:\/\/radio-aviva.com\/perpignan\/wp-content\/uploads\/sites\/7\/2024\/01\/Logo-AFD66-Carre-mini-2022-770x770.png 770w, https:\/\/radio-aviva.com\/perpignan\/wp-content\/uploads\/sites\/7\/2024\/01\/Logo-AFD66-Carre-mini-2022-150x150.png 150w, https:\/\/radio-aviva.com\/perpignan\/wp-content\/uploads\/sites\/7\/2024\/01\/Logo-AFD66-Carre-mini-2022-768x768.png 768w, https:\/\/radio-aviva.com\/perpignan\/wp-content\/uploads\/sites\/7\/2024\/01\/Logo-AFD66-Carre-mini-2022-100x100.png 100w, https:\/\/radio-aviva.com\/perpignan\/wp-content\/uploads\/sites\/7\/2024\/01\/Logo-AFD66-Carre-mini-2022-370x370.png 370w\" sizes=\"(max-width: 960px) 100vw, 960px\" \/>\t\t\t\t\t\t\t\t\t\t<\/a>\n\t\t\t\t\t\t\t\t\t<\/div>\n\t\t\t\t\t\t\t\t<\/div>\n\t\t\t\t\t\t\t\t\t\t\t\t\t\t\t\t<div class=\"proradio-item\">\n\t\t\t\t\t\t\t\t\t<div class=\"proradio-itemcontainer\">\n\t\t\t\t\t\t\t\t\t\t<a href=\"https:\/\/www.festivaldelaventurelesangles.com\/\" target=\"_blank\" rel=\"nofollow\" class=\"qt-sponsor\" >\n\t\t\t\t\t\t\t\t\t\t\t <img loading=\"lazy\" decoding=\"async\" width=\"2418\" height=\"2418\" src=\"https:\/\/radio-aviva.com\/perpignan\/wp-content\/uploads\/sites\/7\/2023\/12\/LOGO-yeux.png\" class=\"attachment-proradio-medium size-proradio-medium wp-post-image\" alt=\"Le Festival de l&rsquo;Aventure\" title=\"Le Festival de l&rsquo;Aventure\" srcset=\"https:\/\/radio-aviva.com\/perpignan\/wp-content\/uploads\/sites\/7\/2023\/12\/LOGO-yeux.png 2418w, https:\/\/radio-aviva.com\/perpignan\/wp-content\/uploads\/sites\/7\/2023\/12\/LOGO-yeux-770x770.png 770w, https:\/\/radio-aviva.com\/perpignan\/wp-content\/uploads\/sites\/7\/2023\/12\/LOGO-yeux-1170x1170.png 1170w, https:\/\/radio-aviva.com\/perpignan\/wp-content\/uploads\/sites\/7\/2023\/12\/LOGO-yeux-150x150.png 150w, https:\/\/radio-aviva.com\/perpignan\/wp-content\/uploads\/sites\/7\/2023\/12\/LOGO-yeux-768x768.png 768w, https:\/\/radio-aviva.com\/perpignan\/wp-content\/uploads\/sites\/7\/2023\/12\/LOGO-yeux-1536x1536.png 1536w, https:\/\/radio-aviva.com\/perpignan\/wp-content\/uploads\/sites\/7\/2023\/12\/LOGO-yeux-2048x2048.png 2048w, https:\/\/radio-aviva.com\/perpignan\/wp-content\/uploads\/sites\/7\/2023\/12\/LOGO-yeux-100x100.png 100w, https:\/\/radio-aviva.com\/perpignan\/wp-content\/uploads\/sites\/7\/2023\/12\/LOGO-yeux-370x370.png 370w\" sizes=\"(max-width: 2418px) 100vw, 2418px\" \/>\t\t\t\t\t\t\t\t\t\t<\/a>\n\t\t\t\t\t\t\t\t\t<\/div>\n\t\t\t\t\t\t\t\t<\/div>\n\t\t\t\t\t\t\t\t\t\t\t\t\t\t\t\t<div class=\"proradio-item\">\n\t\t\t\t\t\t\t\t\t<div class=\"proradio-itemcontainer\">\n\t\t\t\t\t\t\t\t\t\t<a href=\"https:\/\/arts66.org\/a-propos\/\" target=\"_blank\" rel=\"nofollow\" class=\"qt-sponsor\" >\n\t\t\t\t\t\t\t\t\t\t\t <img loading=\"lazy\" decoding=\"async\" width=\"488\" height=\"512\" src=\"https:\/\/radio-aviva.com\/perpignan\/wp-content\/uploads\/sites\/7\/2023\/12\/logo_arts_66__2_-removebg-preview.png\" class=\"attachment-proradio-medium size-proradio-medium wp-post-image\" alt=\"ARTS 66\" title=\"ARTS 66\" \/>\t\t\t\t\t\t\t\t\t\t<\/a>\n\t\t\t\t\t\t\t\t\t<\/div>\n\t\t\t\t\t\t\t\t<\/div>\n\t\t\t\t\t\t\t\t\t\t\t\t\t\t\t\t<div class=\"proradio-item\">\n\t\t\t\t\t\t\t\t\t<div class=\"proradio-itemcontainer\">\n\t\t\t\t\t\t\t\t\t\t<a href=\"http:\/\/pyreneesorientales.cidff.info\/\" target=\"_blank\" rel=\"nofollow\" class=\"qt-sponsor\" >\n\t\t\t\t\t\t\t\t\t\t\t <img loading=\"lazy\" decoding=\"async\" width=\"197\" height=\"119\" src=\"https:\/\/radio-aviva.com\/perpignan\/wp-content\/uploads\/sites\/7\/2023\/12\/logo-HD-cidff66.png\" class=\"attachment-proradio-medium size-proradio-medium wp-post-image\" alt=\"Centre d&rsquo;information sur les droits des femmes et des familles\" title=\"Centre d&rsquo;information sur les droits des femmes et des familles\" \/>\t\t\t\t\t\t\t\t\t\t<\/a>\n\t\t\t\t\t\t\t\t\t<\/div>\n\t\t\t\t\t\t\t\t<\/div>\n\t\t\t\t\t\t\t\t\t\t\t\t\t\t\t\t<div class=\"proradio-item\">\n\t\t\t\t\t\t\t\t\t<div class=\"proradio-itemcontainer\">\n\t\t\t\t\t\t\t\t\t\t<a href=\"https:\/\/sourisalavie66.wixsite.com\/sourisalavie66\" target=\"_blank\" rel=\"nofollow\" class=\"qt-sponsor\" >\n\t\t\t\t\t\t\t\t\t\t\t <img loading=\"lazy\" decoding=\"async\" width=\"577\" height=\"433\" src=\"https:\/\/radio-aviva.com\/perpignan\/wp-content\/uploads\/sites\/7\/2023\/12\/FB_IMG_1688916665771-removebg-preview-1.png\" class=\"attachment-proradio-medium size-proradio-medium wp-post-image\" alt=\"Souris \u00e0 la vie\" title=\"Souris \u00e0 la vie\" \/>\t\t\t\t\t\t\t\t\t\t<\/a>\n\t\t\t\t\t\t\t\t\t<\/div>\n\t\t\t\t\t\t\t\t<\/div>\n\t\t\t\t\t\t\t\t\t\t\t\t\t\t\t\t<div class=\"proradio-item\">\n\t\t\t\t\t\t\t\t\t<div class=\"proradio-itemcontainer\">\n\t\t\t\t\t\t\t\t\t\t<a href=\"https:\/\/m.facebook.com\/people\/SAssocier-Le-Six-%C3%80-Salses\/100076177271488\/?locale=ms_MY\" target=\"_blank\" rel=\"nofollow\" class=\"qt-sponsor\" >\n\t\t\t\t\t\t\t\t\t\t\t <img loading=\"lazy\" decoding=\"async\" width=\"561\" height=\"375\" src=\"https:\/\/radio-aviva.com\/perpignan\/wp-content\/uploads\/sites\/7\/2023\/12\/IMG_9182.jpg\" class=\"attachment-proradio-medium size-proradio-medium wp-post-image\" alt=\"S&rsquo;ASSOCIER LE SIX \u00c0 SALSES\" title=\"S&rsquo;ASSOCIER LE SIX \u00c0 SALSES\" \/>\t\t\t\t\t\t\t\t\t\t<\/a>\n\t\t\t\t\t\t\t\t\t<\/div>\n\t\t\t\t\t\t\t\t<\/div>\n\t\t\t\t\t\t\t\t\t\t\t\t\t\t\t\t<div class=\"proradio-item\">\n\t\t\t\t\t\t\t\t\t<div class=\"proradio-itemcontainer\">\n\t\t\t\t\t\t\t\t\t\t<a href=\"https:\/\/www.facebook.com\/people\/Caf%C3%A9-Vienne\/100063773733704\/\" target=\"_blank\" rel=\"nofollow\" class=\"qt-sponsor\" >\n\t\t\t\t\t\t\t\t\t\t\t <img loading=\"lazy\" decoding=\"async\" width=\"1872\" height=\"1649\" src=\"https:\/\/radio-aviva.com\/perpignan\/wp-content\/uploads\/sites\/7\/2023\/12\/cafe-vienne.jpeg\" class=\"attachment-proradio-medium size-proradio-medium wp-post-image\" alt=\"LE CAF\u00c9 VIENNE\" title=\"LE CAF\u00c9 VIENNE\" srcset=\"https:\/\/radio-aviva.com\/perpignan\/wp-content\/uploads\/sites\/7\/2023\/12\/cafe-vienne.jpeg 1872w, https:\/\/radio-aviva.com\/perpignan\/wp-content\/uploads\/sites\/7\/2023\/12\/cafe-vienne-770x678.jpeg 770w, https:\/\/radio-aviva.com\/perpignan\/wp-content\/uploads\/sites\/7\/2023\/12\/cafe-vienne-1170x1031.jpeg 1170w, https:\/\/radio-aviva.com\/perpignan\/wp-content\/uploads\/sites\/7\/2023\/12\/cafe-vienne-768x677.jpeg 768w, https:\/\/radio-aviva.com\/perpignan\/wp-content\/uploads\/sites\/7\/2023\/12\/cafe-vienne-1536x1353.jpeg 1536w\" sizes=\"(max-width: 1872px) 100vw, 1872px\" \/>\t\t\t\t\t\t\t\t\t\t<\/a>\n\t\t\t\t\t\t\t\t\t<\/div>\n\t\t\t\t\t\t\t\t<\/div>\n\t\t\t\t\t\t\t\t\t\t\t\t\t\t\t\t<div class=\"proradio-item\">\n\t\t\t\t\t\t\t\t\t<div class=\"proradio-itemcontainer\">\n\t\t\t\t\t\t\t\t\t\t<a href=\"https:\/\/www.facebook.com\/AssociationAiguaMefet\/\" target=\"_blank\" rel=\"nofollow\" class=\"qt-sponsor\" >\n\t\t\t\t\t\t\t\t\t\t\t <img loading=\"lazy\" decoding=\"async\" width=\"640\" height=\"640\" src=\"https:\/\/radio-aviva.com\/perpignan\/wp-content\/uploads\/sites\/7\/2023\/12\/IMG_1982.jpg\" class=\"attachment-proradio-medium size-proradio-medium wp-post-image\" alt=\"Aigua Mefet\" title=\"Aigua Mefet\" srcset=\"https:\/\/radio-aviva.com\/perpignan\/wp-content\/uploads\/sites\/7\/2023\/12\/IMG_1982.jpg 640w, https:\/\/radio-aviva.com\/perpignan\/wp-content\/uploads\/sites\/7\/2023\/12\/IMG_1982-150x150.jpg 150w, https:\/\/radio-aviva.com\/perpignan\/wp-content\/uploads\/sites\/7\/2023\/12\/IMG_1982-100x100.jpg 100w, https:\/\/radio-aviva.com\/perpignan\/wp-content\/uploads\/sites\/7\/2023\/12\/IMG_1982-370x370.jpg 370w\" sizes=\"(max-width: 640px) 100vw, 640px\" \/>\t\t\t\t\t\t\t\t\t\t<\/a>\n\t\t\t\t\t\t\t\t\t<\/div>\n\t\t\t\t\t\t\t\t<\/div>\n\t\t\t\t\t\t\t\t\t\t\t\t\t\t\t\t<div class=\"proradio-item\">\n\t\t\t\t\t\t\t\t\t<div class=\"proradio-itemcontainer\">\n\t\t\t\t\t\t\t\t\t\t<a href=\"\" target=\"_blank\" rel=\"nofollow\" class=\"qt-sponsor\" >\n\t\t\t\t\t\t\t\t\t\t\t <img loading=\"lazy\" decoding=\"async\" width=\"2111\" height=\"615\" src=\"https:\/\/radio-aviva.com\/perpignan\/wp-content\/uploads\/sites\/7\/2023\/11\/logotype-apesac-google-forms.png\" class=\"attachment-proradio-medium size-proradio-medium wp-post-image\" alt=\"APESAC\" title=\"APESAC\" srcset=\"https:\/\/radio-aviva.com\/perpignan\/wp-content\/uploads\/sites\/7\/2023\/11\/logotype-apesac-google-forms.png 2111w, https:\/\/radio-aviva.com\/perpignan\/wp-content\/uploads\/sites\/7\/2023\/11\/logotype-apesac-google-forms-770x224.png 770w, https:\/\/radio-aviva.com\/perpignan\/wp-content\/uploads\/sites\/7\/2023\/11\/logotype-apesac-google-forms-1170x341.png 1170w, https:\/\/radio-aviva.com\/perpignan\/wp-content\/uploads\/sites\/7\/2023\/11\/logotype-apesac-google-forms-768x224.png 768w, https:\/\/radio-aviva.com\/perpignan\/wp-content\/uploads\/sites\/7\/2023\/11\/logotype-apesac-google-forms-1536x447.png 1536w, https:\/\/radio-aviva.com\/perpignan\/wp-content\/uploads\/sites\/7\/2023\/11\/logotype-apesac-google-forms-2048x597.png 2048w\" sizes=\"(max-width: 2111px) 100vw, 2111px\" \/>\t\t\t\t\t\t\t\t\t\t<\/a>\n\t\t\t\t\t\t\t\t\t<\/div>\n\t\t\t\t\t\t\t\t<\/div>\n\t\t\t\t\t\t\t\t\t\t\t\t\t\t\t\t<div class=\"proradio-item\">\n\t\t\t\t\t\t\t\t\t<div class=\"proradio-itemcontainer\">\n\t\t\t\t\t\t\t\t\t\t<a href=\"https:\/\/www.courtscircuit66.com\" target=\"_blank\" rel=\"nofollow\" class=\"qt-sponsor\" >\n\t\t\t\t\t\t\t\t\t\t\t <img loading=\"lazy\" decoding=\"async\" width=\"1890\" height=\"1181\" src=\"https:\/\/radio-aviva.com\/perpignan\/wp-content\/uploads\/sites\/7\/2023\/11\/Logo-Circuit-noir-sans-fond.png\" class=\"attachment-proradio-medium size-proradio-medium wp-post-image\" alt=\"Courts Circuit 66\" title=\"Courts Circuit 66\" srcset=\"https:\/\/radio-aviva.com\/perpignan\/wp-content\/uploads\/sites\/7\/2023\/11\/Logo-Circuit-noir-sans-fond.png 1890w, https:\/\/radio-aviva.com\/perpignan\/wp-content\/uploads\/sites\/7\/2023\/11\/Logo-Circuit-noir-sans-fond-770x481.png 770w, https:\/\/radio-aviva.com\/perpignan\/wp-content\/uploads\/sites\/7\/2023\/11\/Logo-Circuit-noir-sans-fond-1170x731.png 1170w, https:\/\/radio-aviva.com\/perpignan\/wp-content\/uploads\/sites\/7\/2023\/11\/Logo-Circuit-noir-sans-fond-768x480.png 768w, https:\/\/radio-aviva.com\/perpignan\/wp-content\/uploads\/sites\/7\/2023\/11\/Logo-Circuit-noir-sans-fond-1536x960.png 1536w\" sizes=\"(max-width: 1890px) 100vw, 1890px\" \/>\t\t\t\t\t\t\t\t\t\t<\/a>\n\t\t\t\t\t\t\t\t\t<\/div>\n\t\t\t\t\t\t\t\t<\/div>\n\t\t\t\t\t\t\t\t\t\t\t\t\t\t\t\t<div class=\"proradio-item\">\n\t\t\t\t\t\t\t\t\t<div class=\"proradio-itemcontainer\">\n\t\t\t\t\t\t\t\t\t\t<a href=\"https:\/\/www.profiloccitanie.fr\/cria\/cria66\/\" target=\"_blank\" rel=\"nofollow\" class=\"qt-sponsor\" >\n\t\t\t\t\t\t\t\t\t\t\t <img loading=\"lazy\" decoding=\"async\" width=\"491\" height=\"237\" src=\"https:\/\/radio-aviva.com\/perpignan\/wp-content\/uploads\/sites\/7\/2023\/11\/Logo-CRIA-2021-1.png\" class=\"attachment-proradio-medium size-proradio-medium wp-post-image\" alt=\"CRIA66\" title=\"CRIA66\" \/>\t\t\t\t\t\t\t\t\t\t<\/a>\n\t\t\t\t\t\t\t\t\t<\/div>\n\t\t\t\t\t\t\t\t<\/div>\n\t\t\t\t\t\t\t\t\t\t\t\t\t\t\t\t<div class=\"proradio-item\">\n\t\t\t\t\t\t\t\t\t<div class=\"proradio-itemcontainer\">\n\t\t\t\t\t\t\t\t\t\t<a href=\"https:\/\/www.le-bahu.com\/lebah2\" target=\"_blank\" rel=\"nofollow\" class=\"qt-sponsor\" >\n\t\t\t\t\t\t\t\t\t\t\t <img loading=\"lazy\" decoding=\"async\" width=\"1239\" height=\"1695\" src=\"https:\/\/radio-aviva.com\/perpignan\/wp-content\/uploads\/sites\/7\/2023\/11\/logo-le-bahu-officiel.png\" class=\"attachment-proradio-medium size-proradio-medium wp-post-image\" alt=\"Le Bah\u00fc\" title=\"Le Bah\u00fc\" srcset=\"https:\/\/radio-aviva.com\/perpignan\/wp-content\/uploads\/sites\/7\/2023\/11\/logo-le-bahu-officiel.png 1239w, https:\/\/radio-aviva.com\/perpignan\/wp-content\/uploads\/sites\/7\/2023\/11\/logo-le-bahu-officiel-563x770.png 563w, https:\/\/radio-aviva.com\/perpignan\/wp-content\/uploads\/sites\/7\/2023\/11\/logo-le-bahu-officiel-855x1170.png 855w, https:\/\/radio-aviva.com\/perpignan\/wp-content\/uploads\/sites\/7\/2023\/11\/logo-le-bahu-officiel-768x1051.png 768w, https:\/\/radio-aviva.com\/perpignan\/wp-content\/uploads\/sites\/7\/2023\/11\/logo-le-bahu-officiel-1123x1536.png 1123w\" sizes=\"(max-width: 1239px) 100vw, 1239px\" \/>\t\t\t\t\t\t\t\t\t\t<\/a>\n\t\t\t\t\t\t\t\t\t<\/div>\n\t\t\t\t\t\t\t\t<\/div>\n\t\t\t\t\t\t\t\t\t\t\t\t\t\t\t\t<div class=\"proradio-item\">\n\t\t\t\t\t\t\t\t\t<div class=\"proradio-itemcontainer\">\n\t\t\t\t\t\t\t\t\t\t<a href=\"https:\/\/www.helloasso.com\/associations\/globulle\" target=\"_blank\" rel=\"nofollow\" class=\"qt-sponsor\" >\n\t\t\t\t\t\t\t\t\t\t\t <img loading=\"lazy\" decoding=\"async\" width=\"3000\" height=\"2343\" src=\"https:\/\/radio-aviva.com\/perpignan\/wp-content\/uploads\/sites\/7\/2023\/11\/logo-Globulle.png\" class=\"attachment-proradio-medium size-proradio-medium wp-post-image\" alt=\"Association Globulle\" title=\"Association Globulle\" srcset=\"https:\/\/radio-aviva.com\/perpignan\/wp-content\/uploads\/sites\/7\/2023\/11\/logo-Globulle.png 3000w, https:\/\/radio-aviva.com\/perpignan\/wp-content\/uploads\/sites\/7\/2023\/11\/logo-Globulle-770x601.png 770w, https:\/\/radio-aviva.com\/perpignan\/wp-content\/uploads\/sites\/7\/2023\/11\/logo-Globulle-1170x914.png 1170w, https:\/\/radio-aviva.com\/perpignan\/wp-content\/uploads\/sites\/7\/2023\/11\/logo-Globulle-768x600.png 768w, https:\/\/radio-aviva.com\/perpignan\/wp-content\/uploads\/sites\/7\/2023\/11\/logo-Globulle-1536x1200.png 1536w, https:\/\/radio-aviva.com\/perpignan\/wp-content\/uploads\/sites\/7\/2023\/11\/logo-Globulle-2048x1599.png 2048w\" sizes=\"(max-width: 3000px) 100vw, 3000px\" \/>\t\t\t\t\t\t\t\t\t\t<\/a>\n\t\t\t\t\t\t\t\t\t<\/div>\n\t\t\t\t\t\t\t\t<\/div>\n\t\t\t\t\t\t\t\t\t\t\t\t\t\t\t\t<div class=\"proradio-item\">\n\t\t\t\t\t\t\t\t\t<div class=\"proradio-itemcontainer\">\n\t\t\t\t\t\t\t\t\t\t<a href=\"https:\/\/mairie-vernet-les-bains.jimdofree.com\/\" target=\"_blank\" rel=\"nofollow\" class=\"qt-sponsor\" >\n\t\t\t\t\t\t\t\t\t\t\t <img loading=\"lazy\" decoding=\"async\" width=\"171\" height=\"119\" src=\"https:\/\/radio-aviva.com\/perpignan\/wp-content\/uploads\/sites\/7\/2023\/11\/LOGOvernetMAGNUS.jpg\" class=\"attachment-proradio-medium size-proradio-medium wp-post-image\" alt=\"Mairie de Vernet les bains\" title=\"Mairie de Vernet les bains\" \/>\t\t\t\t\t\t\t\t\t\t<\/a>\n\t\t\t\t\t\t\t\t\t<\/div>\n\t\t\t\t\t\t\t\t<\/div>\n\t\t\t\t\t\t\t\t\t\t\t\t\t\t\t\t<div class=\"proradio-item\">\n\t\t\t\t\t\t\t\t\t<div class=\"proradio-itemcontainer\">\n\t\t\t\t\t\t\t\t\t\t<a href=\"https:\/\/www.equilibre66.com\/bienvenue.html\" target=\"_blank\" rel=\"nofollow\" class=\"qt-sponsor\" >\n\t\t\t\t\t\t\t\t\t\t\t <img loading=\"lazy\" decoding=\"async\" width=\"768\" height=\"896\" src=\"https:\/\/radio-aviva.com\/perpignan\/wp-content\/uploads\/sites\/7\/2023\/10\/LOGO-LMEP.jpg\" class=\"attachment-proradio-medium size-proradio-medium wp-post-image\" alt=\"LA MAISON ENTRE PARENTHESES\" title=\"LA MAISON ENTRE PARENTHESES\" srcset=\"https:\/\/radio-aviva.com\/perpignan\/wp-content\/uploads\/sites\/7\/2023\/10\/LOGO-LMEP.jpg 768w, https:\/\/radio-aviva.com\/perpignan\/wp-content\/uploads\/sites\/7\/2023\/10\/LOGO-LMEP-660x770.jpg 660w\" sizes=\"(max-width: 768px) 100vw, 768px\" \/>\t\t\t\t\t\t\t\t\t\t<\/a>\n\t\t\t\t\t\t\t\t\t<\/div>\n\t\t\t\t\t\t\t\t<\/div>\n\t\t\t\t\t\t\t\t\t\t\t\t\t\t\t\t<div class=\"proradio-item\">\n\t\t\t\t\t\t\t\t\t<div class=\"proradio-itemcontainer\">\n\t\t\t\t\t\t\t\t\t\t<a href=\"https:\/\/www.equilibre66.com\/\" target=\"_blank\" rel=\"nofollow\" class=\"qt-sponsor\" >\n\t\t\t\t\t\t\t\t\t\t\t <img loading=\"lazy\" decoding=\"async\" width=\"1157\" height=\"591\" src=\"https:\/\/radio-aviva.com\/perpignan\/wp-content\/uploads\/sites\/7\/2023\/10\/Logo-texte.jpg\" class=\"attachment-proradio-medium size-proradio-medium wp-post-image\" alt=\"\u00c9QUILIBRE 66\" title=\"\u00c9QUILIBRE 66\" srcset=\"https:\/\/radio-aviva.com\/perpignan\/wp-content\/uploads\/sites\/7\/2023\/10\/Logo-texte.jpg 1157w, https:\/\/radio-aviva.com\/perpignan\/wp-content\/uploads\/sites\/7\/2023\/10\/Logo-texte-770x393.jpg 770w, https:\/\/radio-aviva.com\/perpignan\/wp-content\/uploads\/sites\/7\/2023\/10\/Logo-texte-768x392.jpg 768w\" sizes=\"(max-width: 1157px) 100vw, 1157px\" \/>\t\t\t\t\t\t\t\t\t\t<\/a>\n\t\t\t\t\t\t\t\t\t<\/div>\n\t\t\t\t\t\t\t\t<\/div>\n\t\t\t\t\t\t\t\t\t\t\t\t\t\t\t\t<div class=\"proradio-item\">\n\t\t\t\t\t\t\t\t\t<div class=\"proradio-itemcontainer\">\n\t\t\t\t\t\t\t\t\t\t<a href=\"https:\/\/perpignan.ensemble2generations.fr\/page\/1789021-notre-agence\" target=\"_blank\" rel=\"nofollow\" class=\"qt-sponsor\" >\n\t\t\t\t\t\t\t\t\t\t\t <img loading=\"lazy\" decoding=\"async\" width=\"500\" height=\"500\" src=\"https:\/\/radio-aviva.com\/perpignan\/wp-content\/uploads\/sites\/7\/2023\/10\/LOGO-Perpignan.png\" class=\"attachment-proradio-medium size-proradio-medium wp-post-image\" alt=\"Ensemble 2 G\u00e9n\u00e9rations\" title=\"Ensemble 2 G\u00e9n\u00e9rations\" srcset=\"https:\/\/radio-aviva.com\/perpignan\/wp-content\/uploads\/sites\/7\/2023\/10\/LOGO-Perpignan.png 500w, https:\/\/radio-aviva.com\/perpignan\/wp-content\/uploads\/sites\/7\/2023\/10\/LOGO-Perpignan-150x150.png 150w, https:\/\/radio-aviva.com\/perpignan\/wp-content\/uploads\/sites\/7\/2023\/10\/LOGO-Perpignan-100x100.png 100w, https:\/\/radio-aviva.com\/perpignan\/wp-content\/uploads\/sites\/7\/2023\/10\/LOGO-Perpignan-370x370.png 370w\" sizes=\"(max-width: 500px) 100vw, 500px\" \/>\t\t\t\t\t\t\t\t\t\t<\/a>\n\t\t\t\t\t\t\t\t\t<\/div>\n\t\t\t\t\t\t\t\t<\/div>\n\t\t\t\t\t\t\t\t\t\t\t\t\t\t\t\t<div class=\"proradio-item\">\n\t\t\t\t\t\t\t\t\t<div class=\"proradio-itemcontainer\">\n\t\t\t\t\t\t\t\t\t\t<a href=\"https:\/\/fete-science.univ-perp.fr\/\" target=\"_blank\" rel=\"nofollow\" class=\"qt-sponsor\" >\n\t\t\t\t\t\t\t\t\t\t\t <img loading=\"lazy\" decoding=\"async\" width=\"1197\" height=\"637\" src=\"https:\/\/radio-aviva.com\/perpignan\/wp-content\/uploads\/sites\/7\/2023\/10\/Capture-decran-2023-10-04-120304.png\" class=\"attachment-proradio-medium size-proradio-medium wp-post-image\" alt=\"F\u00eate de la science\" title=\"F\u00eate de la science\" srcset=\"https:\/\/radio-aviva.com\/perpignan\/wp-content\/uploads\/sites\/7\/2023\/10\/Capture-decran-2023-10-04-120304.png 1197w, https:\/\/radio-aviva.com\/perpignan\/wp-content\/uploads\/sites\/7\/2023\/10\/Capture-decran-2023-10-04-120304-770x410.png 770w, https:\/\/radio-aviva.com\/perpignan\/wp-content\/uploads\/sites\/7\/2023\/10\/Capture-decran-2023-10-04-120304-1170x623.png 1170w, https:\/\/radio-aviva.com\/perpignan\/wp-content\/uploads\/sites\/7\/2023\/10\/Capture-decran-2023-10-04-120304-768x409.png 768w\" sizes=\"(max-width: 1197px) 100vw, 1197px\" \/>\t\t\t\t\t\t\t\t\t\t<\/a>\n\t\t\t\t\t\t\t\t\t<\/div>\n\t\t\t\t\t\t\t\t<\/div>\n\t\t\t\t\t\t\t\t\t\t\t\t\t\t\t\t<div class=\"proradio-item\">\n\t\t\t\t\t\t\t\t\t<div class=\"proradio-itemcontainer\">\n\t\t\t\t\t\t\t\t\t\t<a href=\"https:\/\/fondation.upvd.fr\/\" target=\"_blank\" rel=\"nofollow\" class=\"qt-sponsor\" >\n\t\t\t\t\t\t\t\t\t\t\t <img loading=\"lazy\" decoding=\"async\" width=\"1266\" height=\"861\" src=\"https:\/\/radio-aviva.com\/perpignan\/wp-content\/uploads\/sites\/7\/2023\/09\/FondationUPVD_Logo_generique_CMJN-1.png\" class=\"attachment-proradio-medium size-proradio-medium wp-post-image\" alt=\"Fondation UPVD\" title=\"Fondation UPVD\" srcset=\"https:\/\/radio-aviva.com\/perpignan\/wp-content\/uploads\/sites\/7\/2023\/09\/FondationUPVD_Logo_generique_CMJN-1.png 1266w, https:\/\/radio-aviva.com\/perpignan\/wp-content\/uploads\/sites\/7\/2023\/09\/FondationUPVD_Logo_generique_CMJN-1-770x524.png 770w, https:\/\/radio-aviva.com\/perpignan\/wp-content\/uploads\/sites\/7\/2023\/09\/FondationUPVD_Logo_generique_CMJN-1-1170x796.png 1170w, https:\/\/radio-aviva.com\/perpignan\/wp-content\/uploads\/sites\/7\/2023\/09\/FondationUPVD_Logo_generique_CMJN-1-768x522.png 768w\" sizes=\"(max-width: 1266px) 100vw, 1266px\" \/>\t\t\t\t\t\t\t\t\t\t<\/a>\n\t\t\t\t\t\t\t\t\t<\/div>\n\t\t\t\t\t\t\t\t<\/div>\n\t\t\t\t\t\t\t\t\t\t\t\t\t\t\t\t<div class=\"proradio-item\">\n\t\t\t\t\t\t\t\t\t<div class=\"proradio-itemcontainer\">\n\t\t\t\t\t\t\t\t\t\t<a href=\"https:\/\/www.univ-perp.fr\/\" target=\"_blank\" rel=\"nofollow\" class=\"qt-sponsor\" >\n\t\t\t\t\t\t\t\t\t\t\t <img loading=\"lazy\" decoding=\"async\" width=\"2210\" height=\"1135\" src=\"https:\/\/radio-aviva.com\/perpignan\/wp-content\/uploads\/sites\/7\/2023\/09\/UPVD_Logo_Hori_CMJN-1.png\" class=\"attachment-proradio-medium size-proradio-medium wp-post-image\" alt=\"Universit\u00e9 de Perpignan Via Domitia\" title=\"Universit\u00e9 de Perpignan Via Domitia\" srcset=\"https:\/\/radio-aviva.com\/perpignan\/wp-content\/uploads\/sites\/7\/2023\/09\/UPVD_Logo_Hori_CMJN-1.png 2210w, https:\/\/radio-aviva.com\/perpignan\/wp-content\/uploads\/sites\/7\/2023\/09\/UPVD_Logo_Hori_CMJN-1-770x395.png 770w, https:\/\/radio-aviva.com\/perpignan\/wp-content\/uploads\/sites\/7\/2023\/09\/UPVD_Logo_Hori_CMJN-1-1170x601.png 1170w, https:\/\/radio-aviva.com\/perpignan\/wp-content\/uploads\/sites\/7\/2023\/09\/UPVD_Logo_Hori_CMJN-1-768x394.png 768w, https:\/\/radio-aviva.com\/perpignan\/wp-content\/uploads\/sites\/7\/2023\/09\/UPVD_Logo_Hori_CMJN-1-1536x789.png 1536w, https:\/\/radio-aviva.com\/perpignan\/wp-content\/uploads\/sites\/7\/2023\/09\/UPVD_Logo_Hori_CMJN-1-2048x1052.png 2048w\" sizes=\"(max-width: 2210px) 100vw, 2210px\" \/>\t\t\t\t\t\t\t\t\t\t<\/a>\n\t\t\t\t\t\t\t\t\t<\/div>\n\t\t\t\t\t\t\t\t<\/div>\n\t\t\t\t\t\t\t\t\t\t\t\t\t\t\t\t<div class=\"proradio-item\">\n\t\t\t\t\t\t\t\t\t<div class=\"proradio-itemcontainer\">\n\t\t\t\t\t\t\t\t\t\t<a href=\"https:\/\/www.lgbt66.fr\/\" target=\"_blank\" rel=\"nofollow\" class=\"qt-sponsor\" >\n\t\t\t\t\t\t\t\t\t\t\t <img loading=\"lazy\" decoding=\"async\" width=\"584\" height=\"674\" src=\"https:\/\/radio-aviva.com\/perpignan\/wp-content\/uploads\/sites\/7\/2023\/09\/LOGO-OKdevise.png\" class=\"attachment-proradio-medium size-proradio-medium wp-post-image\" alt=\"Centre LGBT+66\" title=\"Centre LGBT+66\" \/>\t\t\t\t\t\t\t\t\t\t<\/a>\n\t\t\t\t\t\t\t\t\t<\/div>\n\t\t\t\t\t\t\t\t<\/div>\n\t\t\t\t\t\t\t\t\t\t\t\t\t\t\t\t<div class=\"proradio-item\">\n\t\t\t\t\t\t\t\t\t<div class=\"proradio-itemcontainer\">\n\t\t\t\t\t\t\t\t\t\t<a href=\"www.lemondedesdinosaures.sitew.fr\" target=\"_blank\" rel=\"nofollow\" class=\"qt-sponsor\" >\n\t\t\t\t\t\t\t\t\t\t\t <img loading=\"lazy\" decoding=\"async\" width=\"3508\" height=\"2025\" src=\"https:\/\/radio-aviva.com\/perpignan\/wp-content\/uploads\/sites\/7\/2023\/09\/Logo-Monde-des-dinosaures.png\" class=\"attachment-proradio-medium size-proradio-medium wp-post-image\" alt=\"Le monde des dinosaures\" title=\"Le monde des dinosaures\" srcset=\"https:\/\/radio-aviva.com\/perpignan\/wp-content\/uploads\/sites\/7\/2023\/09\/Logo-Monde-des-dinosaures.png 3508w, https:\/\/radio-aviva.com\/perpignan\/wp-content\/uploads\/sites\/7\/2023\/09\/Logo-Monde-des-dinosaures-770x444.png 770w, https:\/\/radio-aviva.com\/perpignan\/wp-content\/uploads\/sites\/7\/2023\/09\/Logo-Monde-des-dinosaures-1170x675.png 1170w, https:\/\/radio-aviva.com\/perpignan\/wp-content\/uploads\/sites\/7\/2023\/09\/Logo-Monde-des-dinosaures-768x443.png 768w, https:\/\/radio-aviva.com\/perpignan\/wp-content\/uploads\/sites\/7\/2023\/09\/Logo-Monde-des-dinosaures-1536x887.png 1536w, https:\/\/radio-aviva.com\/perpignan\/wp-content\/uploads\/sites\/7\/2023\/09\/Logo-Monde-des-dinosaures-2048x1182.png 2048w\" sizes=\"(max-width: 3508px) 100vw, 3508px\" \/>\t\t\t\t\t\t\t\t\t\t<\/a>\n\t\t\t\t\t\t\t\t\t<\/div>\n\t\t\t\t\t\t\t\t<\/div>\n\t\t\t\t\t\t\t\t\t\t\t\t\t\t\t\t<div class=\"proradio-item\">\n\t\t\t\t\t\t\t\t\t<div class=\"proradio-itemcontainer\">\n\t\t\t\t\t\t\t\t\t\t<a href=\"https:\/\/www.vallespirbarroc.fr\/\" target=\"_blank\" rel=\"nofollow\" class=\"qt-sponsor\" >\n\t\t\t\t\t\t\t\t\t\t\t <img loading=\"lazy\" decoding=\"async\" width=\"1500\" height=\"1500\" src=\"https:\/\/radio-aviva.com\/perpignan\/wp-content\/uploads\/sites\/7\/2023\/09\/Vallespir-Barroc-transparent.png\" class=\"attachment-proradio-medium size-proradio-medium wp-post-image\" alt=\"Vallespir Barroc\" title=\"Vallespir Barroc\" srcset=\"https:\/\/radio-aviva.com\/perpignan\/wp-content\/uploads\/sites\/7\/2023\/09\/Vallespir-Barroc-transparent.png 1500w, https:\/\/radio-aviva.com\/perpignan\/wp-content\/uploads\/sites\/7\/2023\/09\/Vallespir-Barroc-transparent-770x770.png 770w, https:\/\/radio-aviva.com\/perpignan\/wp-content\/uploads\/sites\/7\/2023\/09\/Vallespir-Barroc-transparent-1170x1170.png 1170w, https:\/\/radio-aviva.com\/perpignan\/wp-content\/uploads\/sites\/7\/2023\/09\/Vallespir-Barroc-transparent-150x150.png 150w, https:\/\/radio-aviva.com\/perpignan\/wp-content\/uploads\/sites\/7\/2023\/09\/Vallespir-Barroc-transparent-768x768.png 768w, https:\/\/radio-aviva.com\/perpignan\/wp-content\/uploads\/sites\/7\/2023\/09\/Vallespir-Barroc-transparent-100x100.png 100w, https:\/\/radio-aviva.com\/perpignan\/wp-content\/uploads\/sites\/7\/2023\/09\/Vallespir-Barroc-transparent-370x370.png 370w\" sizes=\"(max-width: 1500px) 100vw, 1500px\" \/>\t\t\t\t\t\t\t\t\t\t<\/a>\n\t\t\t\t\t\t\t\t\t<\/div>\n\t\t\t\t\t\t\t\t<\/div>\n\t\t\t\t\t\t\t\t\t\t\t\t\t\t\t\t<div class=\"proradio-item\">\n\t\t\t\t\t\t\t\t\t<div class=\"proradio-itemcontainer\">\n\t\t\t\t\t\t\t\t\t\t<a href=\"https:\/\/www.institutdugrenat.com\/\" target=\"_blank\" rel=\"nofollow\" class=\"qt-sponsor\" >\n\t\t\t\t\t\t\t\t\t\t\t <img loading=\"lazy\" decoding=\"async\" width=\"614\" height=\"407\" src=\"https:\/\/radio-aviva.com\/perpignan\/wp-content\/uploads\/sites\/7\/2023\/09\/LOGO_INSTITUT_DU_GRENAT-removebg-preview.png\" class=\"attachment-proradio-medium size-proradio-medium wp-post-image\" alt=\"L&rsquo;Institut du Grenat\" title=\"L&rsquo;Institut du Grenat\" \/>\t\t\t\t\t\t\t\t\t\t<\/a>\n\t\t\t\t\t\t\t\t\t<\/div>\n\t\t\t\t\t\t\t\t<\/div>\n\t\t\t\t\t\t\t\t\t\t\t\t\t\t\t\t<div class=\"proradio-item\">\n\t\t\t\t\t\t\t\t\t<div class=\"proradio-itemcontainer\">\n\t\t\t\t\t\t\t\t\t\t<a href=\"https:\/\/www.facebook.com\/profile.php?id=100075701477440\" target=\"_blank\" rel=\"nofollow\" class=\"qt-sponsor\" >\n\t\t\t\t\t\t\t\t\t\t\t <img loading=\"lazy\" decoding=\"async\" width=\"3234\" height=\"2509\" src=\"https:\/\/radio-aviva.com\/perpignan\/wp-content\/uploads\/sites\/7\/2023\/09\/new-logo-CAC66.png\" class=\"attachment-proradio-medium size-proradio-medium wp-post-image\" alt=\"Cercle des Auteurs Catalans\" title=\"Cercle des Auteurs Catalans\" srcset=\"https:\/\/radio-aviva.com\/perpignan\/wp-content\/uploads\/sites\/7\/2023\/09\/new-logo-CAC66.png 3234w, https:\/\/radio-aviva.com\/perpignan\/wp-content\/uploads\/sites\/7\/2023\/09\/new-logo-CAC66-770x597.png 770w, https:\/\/radio-aviva.com\/perpignan\/wp-content\/uploads\/sites\/7\/2023\/09\/new-logo-CAC66-1170x908.png 1170w, https:\/\/radio-aviva.com\/perpignan\/wp-content\/uploads\/sites\/7\/2023\/09\/new-logo-CAC66-768x596.png 768w, https:\/\/radio-aviva.com\/perpignan\/wp-content\/uploads\/sites\/7\/2023\/09\/new-logo-CAC66-1536x1192.png 1536w, https:\/\/radio-aviva.com\/perpignan\/wp-content\/uploads\/sites\/7\/2023\/09\/new-logo-CAC66-2048x1589.png 2048w\" sizes=\"(max-width: 3234px) 100vw, 3234px\" \/>\t\t\t\t\t\t\t\t\t\t<\/a>\n\t\t\t\t\t\t\t\t\t<\/div>\n\t\t\t\t\t\t\t\t<\/div>\n\t\t\t\t\t\t\t\t\t\t\t\t\t\t\t\t<div class=\"proradio-item\">\n\t\t\t\t\t\t\t\t\t<div class=\"proradio-itemcontainer\">\n\t\t\t\t\t\t\t\t\t\t<a href=\"https:\/\/www.desertival.com\" target=\"_blank\" rel=\"nofollow\" class=\"qt-sponsor\" >\n\t\t\t\t\t\t\t\t\t\t\t <img loading=\"lazy\" decoding=\"async\" width=\"1163\" height=\"308\" src=\"https:\/\/radio-aviva.com\/perpignan\/wp-content\/uploads\/sites\/7\/2023\/08\/DESERTIVAL-1.png\" class=\"attachment-proradio-medium size-proradio-medium wp-post-image\" alt=\"DESERTIVAL\" title=\"DESERTIVAL\" srcset=\"https:\/\/radio-aviva.com\/perpignan\/wp-content\/uploads\/sites\/7\/2023\/08\/DESERTIVAL-1.png 1163w, https:\/\/radio-aviva.com\/perpignan\/wp-content\/uploads\/sites\/7\/2023\/08\/DESERTIVAL-1-770x204.png 770w, https:\/\/radio-aviva.com\/perpignan\/wp-content\/uploads\/sites\/7\/2023\/08\/DESERTIVAL-1-768x203.png 768w\" sizes=\"(max-width: 1163px) 100vw, 1163px\" \/>\t\t\t\t\t\t\t\t\t\t<\/a>\n\t\t\t\t\t\t\t\t\t<\/div>\n\t\t\t\t\t\t\t\t<\/div>\n\t\t\t\t\t\t\t\t\t\t\t\t\t\t\t\t<div class=\"proradio-item\">\n\t\t\t\t\t\t\t\t\t<div class=\"proradio-itemcontainer\">\n\t\t\t\t\t\t\t\t\t\t<a href=\"https:\/\/www.catalansdudesert.org\/\" target=\"_blank\" rel=\"nofollow\" class=\"qt-sponsor\" >\n\t\t\t\t\t\t\t\t\t\t\t <img loading=\"lazy\" decoding=\"async\" width=\"2325\" height=\"2500\" src=\"https:\/\/radio-aviva.com\/perpignan\/wp-content\/uploads\/sites\/7\/2023\/08\/LOGO-LES-CATALANS-DU-DESERT.png\" class=\"attachment-proradio-medium size-proradio-medium wp-post-image\" alt=\"Les catalans du d\u00e9sert\" title=\"Les catalans du d\u00e9sert\" srcset=\"https:\/\/radio-aviva.com\/perpignan\/wp-content\/uploads\/sites\/7\/2023\/08\/LOGO-LES-CATALANS-DU-DESERT.png 2325w, https:\/\/radio-aviva.com\/perpignan\/wp-content\/uploads\/sites\/7\/2023\/08\/LOGO-LES-CATALANS-DU-DESERT-716x770.png 716w, https:\/\/radio-aviva.com\/perpignan\/wp-content\/uploads\/sites\/7\/2023\/08\/LOGO-LES-CATALANS-DU-DESERT-1088x1170.png 1088w, https:\/\/radio-aviva.com\/perpignan\/wp-content\/uploads\/sites\/7\/2023\/08\/LOGO-LES-CATALANS-DU-DESERT-768x826.png 768w, https:\/\/radio-aviva.com\/perpignan\/wp-content\/uploads\/sites\/7\/2023\/08\/LOGO-LES-CATALANS-DU-DESERT-1428x1536.png 1428w, https:\/\/radio-aviva.com\/perpignan\/wp-content\/uploads\/sites\/7\/2023\/08\/LOGO-LES-CATALANS-DU-DESERT-1905x2048.png 1905w\" sizes=\"(max-width: 2325px) 100vw, 2325px\" \/>\t\t\t\t\t\t\t\t\t\t<\/a>\n\t\t\t\t\t\t\t\t\t<\/div>\n\t\t\t\t\t\t\t\t<\/div>\n\t\t\t\t\t\t\t\t\t\t\t\t\t\t\t\t<div class=\"proradio-item\">\n\t\t\t\t\t\t\t\t\t<div class=\"proradio-itemcontainer\">\n\t\t\t\t\t\t\t\t\t\t<a href=\"https:\/\/www.veolia.fr\/\" target=\"_blank\" rel=\"nofollow\" class=\"qt-sponsor\" >\n\t\t\t\t\t\t\t\t\t\t\t <img loading=\"lazy\" decoding=\"async\" width=\"2560\" height=\"640\" src=\"https:\/\/radio-aviva.com\/perpignan\/wp-content\/uploads\/sites\/7\/2023\/08\/2560px-Veolia_logo.svg_.png\" class=\"attachment-proradio-medium size-proradio-medium wp-post-image\" alt=\"VEOLIA\" title=\"VEOLIA\" srcset=\"https:\/\/radio-aviva.com\/perpignan\/wp-content\/uploads\/sites\/7\/2023\/08\/2560px-Veolia_logo.svg_.png 2560w, https:\/\/radio-aviva.com\/perpignan\/wp-content\/uploads\/sites\/7\/2023\/08\/2560px-Veolia_logo.svg_-770x193.png 770w, https:\/\/radio-aviva.com\/perpignan\/wp-content\/uploads\/sites\/7\/2023\/08\/2560px-Veolia_logo.svg_-1170x293.png 1170w, https:\/\/radio-aviva.com\/perpignan\/wp-content\/uploads\/sites\/7\/2023\/08\/2560px-Veolia_logo.svg_-768x192.png 768w, https:\/\/radio-aviva.com\/perpignan\/wp-content\/uploads\/sites\/7\/2023\/08\/2560px-Veolia_logo.svg_-1536x384.png 1536w, https:\/\/radio-aviva.com\/perpignan\/wp-content\/uploads\/sites\/7\/2023\/08\/2560px-Veolia_logo.svg_-2048x512.png 2048w\" sizes=\"(max-width: 2560px) 100vw, 2560px\" \/>\t\t\t\t\t\t\t\t\t\t<\/a>\n\t\t\t\t\t\t\t\t\t<\/div>\n\t\t\t\t\t\t\t\t<\/div>\n\t\t\t\t\t\t\t\t\t\t\t\t\t\t\t\t<div class=\"proradio-item\">\n\t\t\t\t\t\t\t\t\t<div class=\"proradio-itemcontainer\">\n\t\t\t\t\t\t\t\t\t\t<a href=\"https:\/\/www.laregion.fr\/\" target=\"_blank\" rel=\"nofollow\" class=\"qt-sponsor\" >\n\t\t\t\t\t\t\t\t\t\t\t <img loading=\"lazy\" decoding=\"async\" width=\"1024\" height=\"1024\" src=\"https:\/\/radio-aviva.com\/perpignan\/wp-content\/uploads\/sites\/7\/2023\/08\/1024px-Logo_Occitanie_2017.svg_.png\" class=\"attachment-proradio-medium size-proradio-medium wp-post-image\" alt=\"LA REGION OCCITANIE\" title=\"LA REGION OCCITANIE\" srcset=\"https:\/\/radio-aviva.com\/perpignan\/wp-content\/uploads\/sites\/7\/2023\/08\/1024px-Logo_Occitanie_2017.svg_.png 1024w, https:\/\/radio-aviva.com\/perpignan\/wp-content\/uploads\/sites\/7\/2023\/08\/1024px-Logo_Occitanie_2017.svg_-770x770.png 770w, https:\/\/radio-aviva.com\/perpignan\/wp-content\/uploads\/sites\/7\/2023\/08\/1024px-Logo_Occitanie_2017.svg_-150x150.png 150w, https:\/\/radio-aviva.com\/perpignan\/wp-content\/uploads\/sites\/7\/2023\/08\/1024px-Logo_Occitanie_2017.svg_-768x768.png 768w, https:\/\/radio-aviva.com\/perpignan\/wp-content\/uploads\/sites\/7\/2023\/08\/1024px-Logo_Occitanie_2017.svg_-100x100.png 100w, https:\/\/radio-aviva.com\/perpignan\/wp-content\/uploads\/sites\/7\/2023\/08\/1024px-Logo_Occitanie_2017.svg_-370x370.png 370w\" sizes=\"(max-width: 1024px) 100vw, 1024px\" \/>\t\t\t\t\t\t\t\t\t\t<\/a>\n\t\t\t\t\t\t\t\t\t<\/div>\n\t\t\t\t\t\t\t\t<\/div>\n\t\t\t\t\t\t\t\t\t\t\t\t\t\t\t\t<div class=\"proradio-item\">\n\t\t\t\t\t\t\t\t\t<div class=\"proradio-itemcontainer\">\n\t\t\t\t\t\t\t\t\t\t<a href=\"https:\/\/radios-arra.fr\/\" target=\"_blank\" rel=\"nofollow\" class=\"qt-sponsor\" >\n\t\t\t\t\t\t\t\t\t\t\t <img loading=\"lazy\" decoding=\"async\" width=\"2560\" height=\"1164\" src=\"https:\/\/radio-aviva.com\/perpignan\/wp-content\/uploads\/sites\/7\/2023\/08\/logo-ARRA-occitanie-rouge-scaled.jpg\" class=\"attachment-proradio-medium size-proradio-medium wp-post-image\" alt=\"ARRA\" title=\"ARRA\" srcset=\"https:\/\/radio-aviva.com\/perpignan\/wp-content\/uploads\/sites\/7\/2023\/08\/logo-ARRA-occitanie-rouge-scaled.jpg 2560w, https:\/\/radio-aviva.com\/perpignan\/wp-content\/uploads\/sites\/7\/2023\/08\/logo-ARRA-occitanie-rouge-770x350.jpg 770w, https:\/\/radio-aviva.com\/perpignan\/wp-content\/uploads\/sites\/7\/2023\/08\/logo-ARRA-occitanie-rouge-1170x532.jpg 1170w, https:\/\/radio-aviva.com\/perpignan\/wp-content\/uploads\/sites\/7\/2023\/08\/logo-ARRA-occitanie-rouge-768x349.jpg 768w, https:\/\/radio-aviva.com\/perpignan\/wp-content\/uploads\/sites\/7\/2023\/08\/logo-ARRA-occitanie-rouge-1536x698.jpg 1536w, https:\/\/radio-aviva.com\/perpignan\/wp-content\/uploads\/sites\/7\/2023\/08\/logo-ARRA-occitanie-rouge-2048x931.jpg 2048w\" sizes=\"(max-width: 2560px) 100vw, 2560px\" \/>\t\t\t\t\t\t\t\t\t\t<\/a>\n\t\t\t\t\t\t\t\t\t<\/div>\n\t\t\t\t\t\t\t\t<\/div>\n\t\t\t\t\t\t\t\t\t\t\t\t\t\t\t\t<div class=\"proradio-item\">\n\t\t\t\t\t\t\t\t\t<div class=\"proradio-itemcontainer\">\n\t\t\t\t\t\t\t\t\t\t<a href=\"https:\/\/cnra.fr\/\" target=\"_blank\" rel=\"nofollow\" class=\"qt-sponsor\" >\n\t\t\t\t\t\t\t\t\t\t\t <img loading=\"lazy\" decoding=\"async\" width=\"300\" height=\"168\" src=\"https:\/\/radio-aviva.com\/perpignan\/wp-content\/uploads\/sites\/7\/2023\/08\/cropped-logo-2015-CNRA-logo-blanc-1368x768-Jpeg-1-removebg-preview.png\" class=\"attachment-proradio-medium size-proradio-medium wp-post-image\" alt=\"CNRA\" title=\"CNRA\" \/>\t\t\t\t\t\t\t\t\t\t<\/a>\n\t\t\t\t\t\t\t\t\t<\/div>\n\t\t\t\t\t\t\t\t<\/div>\n\t\t\t\t\t\t\t\t\t\t\t\t\t\t\t\t<div class=\"proradio-item\">\n\t\t\t\t\t\t\t\t\t<div class=\"proradio-itemcontainer\">\n\t\t\t\t\t\t\t\t\t\t<a href=\"https:\/\/mda66.fr\/\" target=\"_blank\" rel=\"nofollow\" class=\"qt-sponsor\" >\n\t\t\t\t\t\t\t\t\t\t\t <img loading=\"lazy\" decoding=\"async\" width=\"377\" height=\"377\" src=\"https:\/\/radio-aviva.com\/perpignan\/wp-content\/uploads\/sites\/7\/2023\/08\/acc-mda66-reseau-ado-66.jpg\" class=\"attachment-proradio-medium size-proradio-medium wp-post-image\" alt=\"Maison des adolescents et des jeunes adultes des Pyr\u00e9n\u00e9es Orientales\" title=\"Maison des adolescents et des jeunes adultes des Pyr\u00e9n\u00e9es Orientales\" srcset=\"https:\/\/radio-aviva.com\/perpignan\/wp-content\/uploads\/sites\/7\/2023\/08\/acc-mda66-reseau-ado-66.jpg 377w, https:\/\/radio-aviva.com\/perpignan\/wp-content\/uploads\/sites\/7\/2023\/08\/acc-mda66-reseau-ado-66-150x150.jpg 150w, https:\/\/radio-aviva.com\/perpignan\/wp-content\/uploads\/sites\/7\/2023\/08\/acc-mda66-reseau-ado-66-100x100.jpg 100w, https:\/\/radio-aviva.com\/perpignan\/wp-content\/uploads\/sites\/7\/2023\/08\/acc-mda66-reseau-ado-66-370x370.jpg 370w\" sizes=\"(max-width: 377px) 100vw, 377px\" \/>\t\t\t\t\t\t\t\t\t\t<\/a>\n\t\t\t\t\t\t\t\t\t<\/div>\n\t\t\t\t\t\t\t\t<\/div>\n\t\t\t\t\t\t\t\t\t\t\t\t\t\t\t\t<div class=\"proradio-item\">\n\t\t\t\t\t\t\t\t\t<div class=\"proradio-itemcontainer\">\n\t\t\t\t\t\t\t\t\t\t<a href=\"https:\/\/www.jazzebre.com\/\" target=\"_blank\" rel=\"nofollow\" class=\"qt-sponsor\" >\n\t\t\t\t\t\t\t\t\t\t\t <img loading=\"lazy\" decoding=\"async\" width=\"600\" height=\"200\" src=\"https:\/\/radio-aviva.com\/perpignan\/wp-content\/uploads\/sites\/7\/2023\/08\/logo-jazzebre.png\" class=\"attachment-proradio-medium size-proradio-medium wp-post-image\" alt=\"JAZZEBRE\" title=\"JAZZEBRE\" \/>\t\t\t\t\t\t\t\t\t\t<\/a>\n\t\t\t\t\t\t\t\t\t<\/div>\n\t\t\t\t\t\t\t\t<\/div>\n\t\t\t\t\t\t\t\t\t\t\t\t\t\t\t\t<div class=\"proradio-item\">\n\t\t\t\t\t\t\t\t\t<div class=\"proradio-itemcontainer\">\n\t\t\t\t\t\t\t\t\t\t<a href=\"https:\/\/450000ans.com\/\" target=\"_blank\" rel=\"nofollow\" class=\"qt-sponsor\" >\n\t\t\t\t\t\t\t\t\t\t\t <img loading=\"lazy\" decoding=\"async\" width=\"773\" height=\"323\" src=\"https:\/\/radio-aviva.com\/perpignan\/wp-content\/uploads\/sites\/7\/2023\/08\/tautavel_musee-removebg-preview.png\" class=\"attachment-proradio-medium size-proradio-medium wp-post-image\" alt=\"Mus\u00e9e Tautavel Perpignan\" title=\"Mus\u00e9e Tautavel Perpignan\" srcset=\"https:\/\/radio-aviva.com\/perpignan\/wp-content\/uploads\/sites\/7\/2023\/08\/tautavel_musee-removebg-preview.png 773w, https:\/\/radio-aviva.com\/perpignan\/wp-content\/uploads\/sites\/7\/2023\/08\/tautavel_musee-removebg-preview-770x322.png 770w, https:\/\/radio-aviva.com\/perpignan\/wp-content\/uploads\/sites\/7\/2023\/08\/tautavel_musee-removebg-preview-768x321.png 768w\" sizes=\"(max-width: 773px) 100vw, 773px\" \/>\t\t\t\t\t\t\t\t\t\t<\/a>\n\t\t\t\t\t\t\t\t\t<\/div>\n\t\t\t\t\t\t\t\t<\/div>\n\t\t\t\t\t\t\t\t\t\t\t\t\t\t\t\t<div class=\"proradio-item\">\n\t\t\t\t\t\t\t\t\t<div class=\"proradio-itemcontainer\">\n\t\t\t\t\t\t\t\t\t\t<a href=\"https:\/\/www.inst-jeanvigo.eu\/\" target=\"_blank\" rel=\"nofollow\" class=\"qt-sponsor\" >\n\t\t\t\t\t\t\t\t\t\t\t <img loading=\"lazy\" decoding=\"async\" width=\"540\" height=\"531\" src=\"https:\/\/radio-aviva.com\/perpignan\/wp-content\/uploads\/sites\/7\/2023\/08\/jean_vigo.png\" class=\"attachment-proradio-medium size-proradio-medium wp-post-image\" alt=\"INSTITUT JEAN VIGO\" title=\"INSTITUT JEAN VIGO\" \/>\t\t\t\t\t\t\t\t\t\t<\/a>\n\t\t\t\t\t\t\t\t\t<\/div>\n\t\t\t\t\t\t\t\t<\/div>\n\t\t\t\t\t\t\t\t\t\t\t\t\t\t\t\t<div class=\"proradio-item\">\n\t\t\t\t\t\t\t\t\t<div class=\"proradio-itemcontainer\">\n\t\t\t\t\t\t\t\t\t\t<a href=\"https:\/\/www.agithe.fr\/\" target=\"_blank\" rel=\"nofollow\" class=\"qt-sponsor\" >\n\t\t\t\t\t\t\t\t\t\t\t <img loading=\"lazy\" decoding=\"async\" width=\"170\" height=\"170\" src=\"https:\/\/radio-aviva.com\/perpignan\/wp-content\/uploads\/sites\/7\/2023\/08\/aagit-he-perpi.png\" class=\"attachment-proradio-medium size-proradio-medium wp-post-image\" alt=\"AGIT&rsquo;HE PERPIGNAN\" title=\"AGIT&rsquo;HE PERPIGNAN\" srcset=\"https:\/\/radio-aviva.com\/perpignan\/wp-content\/uploads\/sites\/7\/2023\/08\/aagit-he-perpi.png 170w, https:\/\/radio-aviva.com\/perpignan\/wp-content\/uploads\/sites\/7\/2023\/08\/aagit-he-perpi-150x150.png 150w, https:\/\/radio-aviva.com\/perpignan\/wp-content\/uploads\/sites\/7\/2023\/08\/aagit-he-perpi-100x100.png 100w\" sizes=\"(max-width: 170px) 100vw, 170px\" \/>\t\t\t\t\t\t\t\t\t\t<\/a>\n\t\t\t\t\t\t\t\t\t<\/div>\n\t\t\t\t\t\t\t\t<\/div>\n\t\t\t\t\t\t\t\t            \n\t\t\t\t\t<\/div>\n\t\t\t\t<\/div>\n\t\t\t\t\t\t\t<\/div>\n\t\t\t\t<\/div>\n\t\t\t\t\t<\/div>\n\t\t<\/div>\n\t\t\t\t\t<\/div>\n\t\t<\/section>\n\t\t\t\t<\/div>\n\t\t","protected":false},"excerpt":{"rendered":"<p>\u00c9mission en cours \u00c9missionsMaintenant \u00e0 l\u2019antenne L&rsquo;afterwork access_time16:00 &#8211; 18:30 Vous \u00e9coutez les programmes de perpignan Choisir une autre ville Montpellier N\u00eemes Dans un instant : A l&#039;\u00e9coute \u00c9missions L&rsquo;afterwork 16:00 &#8211; 18:30 \u00c9missions Magazines \u00e9conomiques et politiques 18:30 &#8211; 19:00 more_vert Magazines \u00e9conomiques et politiques Libre \u00e9change, l&rsquo;\u00e9co en ...<\/p>\n","protected":false},"author":1,"featured_media":0,"parent":0,"menu_order":0,"comment_status":"closed","ping_status":"closed","template":"elementor_header_footer","meta":{"footnotes":""},"folder":[],"class_list":["post-4163","page","type-page","status-publish","hentry"],"_links":{"self":[{"href":"https:\/\/radio-aviva.com\/perpignan\/wp-json\/wp\/v2\/pages\/4163","targetHints":{"allow":["GET"]}}],"collection":[{"href":"https:\/\/radio-aviva.com\/perpignan\/wp-json\/wp\/v2\/pages"}],"about":[{"href":"https:\/\/radio-aviva.com\/perpignan\/wp-json\/wp\/v2\/types\/page"}],"author":[{"embeddable":true,"href":"https:\/\/radio-aviva.com\/perpignan\/wp-json\/wp\/v2\/users\/1"}],"replies":[{"embeddable":true,"href":"https:\/\/radio-aviva.com\/perpignan\/wp-json\/wp\/v2\/comments?post=4163"}],"version-history":[{"count":88,"href":"https:\/\/radio-aviva.com\/perpignan\/wp-json\/wp\/v2\/pages\/4163\/revisions"}],"predecessor-version":[{"id":11579,"href":"https:\/\/radio-aviva.com\/perpignan\/wp-json\/wp\/v2\/pages\/4163\/revisions\/11579"}],"wp:attachment":[{"href":"https:\/\/radio-aviva.com\/perpignan\/wp-json\/wp\/v2\/media?parent=4163"}],"wp:term":[{"taxonomy":"folder","embeddable":true,"href":"https:\/\/radio-aviva.com\/perpignan\/wp-json\/wp\/v2\/folder?post=4163"}],"curies":[{"name":"wp","href":"https:\/\/api.w.org\/{rel}","templated":true}]}}