{"id":6048,"date":"2022-12-21T15:45:31","date_gmt":"2022-12-21T14:45:31","guid":{"rendered":"https:\/\/radio-aviva.com\/perpignan\/actions-pedagogiques\/"},"modified":"2022-12-21T15:45:31","modified_gmt":"2022-12-21T14:45:31","slug":"actions-pedagogiques","status":"publish","type":"page","link":"https:\/\/radio-aviva.com\/perpignan\/actions-pedagogiques\/","title":{"rendered":"Actions p\u00e9dagogiques"},"content":{"rendered":"<h1 style=\"text-align: center;\"><strong><span style=\"color: #ff6600;\">Les ateliers p\u00e9dagogiques de Radio Aviva<\/span><\/strong><\/h1>\n<p style=\"text-align: center;\"><span style=\"color: #005ba9;\"><strong><span style=\"font-size: 18pt;\">Dans les \u00e9tablissements scolaires, sur tous les th\u00e8mes de soci\u00e9t\u00e9<\/span><\/strong><\/span><\/p>\n<h2><span style=\"font-size: 24pt;\">Comment organiser un atelier p\u00e9dagogique dans votre \u00e9tablissement ?<\/span><\/h2>\n<h3><span style=\"font-size: 18pt;\"><img decoding=\"async\" class=\" wp-image-6051 alignleft\" src=\"http:\/\/radio-aviva.com\/perpignan\/wp-content\/uploads\/sites\/7\/2023\/02\/casque.png\" alt=\"casque icone\" width=\"93\" height=\"89\" \/><\/span><\/h3>\n<h3><\/h3>\n<h3><span style=\"font-size: 18pt;\">L&rsquo;\u00e9tablissement choisi un th\u00e8me<\/span><\/h3>\n<p>M\u00e9moire, handicap, conduites \u00e0 risque, discriminations, la cit\u00e9, \u00e9galit\u00e9 des sexes, etc.<\/p>\n<h3 style=\"text-align: right;\"><img decoding=\"async\" class=\" wp-image-6050 alignright\" src=\"http:\/\/radio-aviva.com\/perpignan\/wp-content\/uploads\/sites\/7\/2023\/02\/micro.png\" alt=\"micro icone ateliers pedagogiques\" width=\"92\" height=\"99\" \/><\/h3>\n<h3><\/h3>\n<h3 style=\"text-align: right;\"><span style=\"font-size: 18pt;\">Radio Aviva con\u00e7oit, organise et anime un plateau radiophonique<\/span><\/h3>\n<p style=\"text-align: right;\">Pr\u00e9paration de questions pour les invit\u00e9s en petit groupe encadr\u00e9s par nos journalistes<\/p>\n<p style=\"text-align: right;\">T\u00e9moignages d&rsquo;invit\u00e9s illustrant divers aspects du th\u00e8me (en s\u00e9ances pl\u00e9ni\u00e8re)<\/p>\n<p style=\"text-align: right;\">Questions des \u00e9l\u00e8ves et d\u00e9bats avec les invit\u00e9s (en s\u00e9ances pl\u00e9ni\u00e8res)<\/p>\n<h3 style=\"text-align: left;\"><span style=\"font-size: 18pt;\"><img decoding=\"async\" class=\" wp-image-6049 alignleft\" src=\"http:\/\/radio-aviva.com\/perpignan\/wp-content\/uploads\/sites\/7\/2023\/02\/png-radio-radio-icons-512-300x300.png\" alt=\"icone radio ateliers p?dagogiques\" width=\"107\" height=\"107\" \/><\/span><\/h3>\n<h3><\/h3>\n<h3><\/h3>\n<h3 style=\"text-align: left;\"><span style=\"font-size: 18pt;\">Radio Aviva produit une \u00e9mission<\/span><\/h3>\n<p>Enregistrement de la s\u00e9quence et post-production<\/p>\n<p>Diffusion de l&rsquo;\u00e9mission sur notre antenne<\/p>\n<p>Mise \u00e0 disposition de l&rsquo;\u00e9mission en podcast pour le lyc\u00e9e et les parents<\/p>\n<p><em>Pour tout compl\u00e9ment d&rsquo;informations : administration@radio-aviva.com<\/em><\/p>\n<p style=\"text-align: center;\"><strong>Un partenariat fort avec le Rectorat de Montpellier<\/strong><\/p>\n<p><span style=\"font-weight: 400;\">Aujourd\u2019hui, nous sommes fiers de pouvoir vous annoncer un partenariat avec le rectorat de l\u2019acad\u00e9mie de Montpellier.<\/span><\/p>\n<p><span style=\"font-weight: 400;\">Depuis plusieurs ann\u00e9es, nous d\u00e9veloppons avec eux dans les \u00e9coles, des actions \u00e9ducatives visant \u00e0 sensibiliser aux notions de tol\u00e9rance.<\/span><\/p>\n<p><span style=\"font-weight: 400;\">Suite \u00e0 cette convention, nous pourrons organiser dans les \u00e9tablissements scolaires, des ateliers radiophoniques consacr\u00e9s \u00e0 la culture, la citoyennet\u00e9 ou encore \u00e0 la tol\u00e9rance.<\/span><\/p>\n<p><span style=\"font-weight: 400;\">Aussi, sur notre \u00e9mission sp\u00e9ciale Campus vous pourrez retrouver, les s\u00e9minaires, les journ\u00e9es th\u00e9matiques et les actions organis\u00e9es par l\u2019acad\u00e9mie.<\/span><\/p>\n<p><span style=\"font-weight: 400;\">Nous nous faisons un plaisir d&rsquo;accueillir en stage, les \u00e9l\u00e8ves souhaitant d\u00e9couvrir les m\u00e9tiers de la radio et du journalisme.<\/span><\/p>\n","protected":false},"excerpt":{"rendered":"<p>Les ateliers p\u00e9dagogiques de Radio Aviva Dans les \u00e9tablissements scolaires, sur tous les th\u00e8mes de soci\u00e9t\u00e9 Comment organiser un atelier p\u00e9dagogique dans votre \u00e9tablissement ? L&rsquo;\u00e9tablissement choisi un th\u00e8me M\u00e9moire, handicap, conduites \u00e0 risque, discriminations, la cit\u00e9, \u00e9galit\u00e9 des sexes, etc. Radio Aviva con\u00e7oit, organise et anime un plateau radiophonique ...<\/p>\n","protected":false},"author":1,"featured_media":0,"parent":0,"menu_order":0,"comment_status":"closed","ping_status":"closed","template":"","meta":{"footnotes":""},"folder":[],"class_list":["post-6048","page","type-page","status-publish","hentry"],"_links":{"self":[{"href":"https:\/\/radio-aviva.com\/perpignan\/wp-json\/wp\/v2\/pages\/6048","targetHints":{"allow":["GET"]}}],"collection":[{"href":"https:\/\/radio-aviva.com\/perpignan\/wp-json\/wp\/v2\/pages"}],"about":[{"href":"https:\/\/radio-aviva.com\/perpignan\/wp-json\/wp\/v2\/types\/page"}],"author":[{"embeddable":true,"href":"https:\/\/radio-aviva.com\/perpignan\/wp-json\/wp\/v2\/users\/1"}],"replies":[{"embeddable":true,"href":"https:\/\/radio-aviva.com\/perpignan\/wp-json\/wp\/v2\/comments?post=6048"}],"version-history":[{"count":0,"href":"https:\/\/radio-aviva.com\/perpignan\/wp-json\/wp\/v2\/pages\/6048\/revisions"}],"wp:attachment":[{"href":"https:\/\/radio-aviva.com\/perpignan\/wp-json\/wp\/v2\/media?parent=6048"}],"wp:term":[{"taxonomy":"folder","embeddable":true,"href":"https:\/\/radio-aviva.com\/perpignan\/wp-json\/wp\/v2\/folder?post=6048"}],"curies":[{"name":"wp","href":"https:\/\/api.w.org\/{rel}","templated":true}]}}