{"id":10160,"date":"2024-10-17T11:22:34","date_gmt":"2024-10-17T09:22:34","guid":{"rendered":"https:\/\/radio-aviva.com\/perpignan\/?post_type=podcast&#038;p=10160"},"modified":"2024-10-18T10:41:00","modified_gmt":"2024-10-18T08:41:00","slug":"le-mediator-julien-bieules-responsable-communication-et-presse","status":"publish","type":"podcast","link":"https:\/\/radio-aviva.com\/perpignan\/podcast\/le-mediator-julien-bieules-responsable-communication-et-presse\/","title":{"rendered":"El Mediator- Julien Bieules, Responsable Musiques Actuelles \/ Programmation &#8211; L\u2019Archipel \/ El Mediator"},"content":{"rendered":"<p>Julien BIEULES , le programmateur de la salle de concert El M\u00e9diator \u00e0 Perpignan, vient nous annoncer la r\u00e9ouverture de ce lieux mythique apr\u00e8s quelques travaux et il nous d\u00e9voilera les premiers concerts qui nous attendent.<\/p>\n","protected":false},"author":1,"featured_media":10168,"template":"","tags":[],"podcastfilter":[209,255,314,109,186],"class_list":["post-10160","podcast","type-podcast","status-publish","has-post-thumbnail","hentry","podcastfilter-concert","podcastfilter-evenement","podcastfilter-la-voix-des-assos","podcastfilter-perpignan","podcastfilter-pyrenees-orientales-2"],"_links":{"self":[{"href":"https:\/\/radio-aviva.com\/perpignan\/wp-json\/wp\/v2\/podcast\/10160","targetHints":{"allow":["GET"]}}],"collection":[{"href":"https:\/\/radio-aviva.com\/perpignan\/wp-json\/wp\/v2\/podcast"}],"about":[{"href":"https:\/\/radio-aviva.com\/perpignan\/wp-json\/wp\/v2\/types\/podcast"}],"author":[{"embeddable":true,"href":"https:\/\/radio-aviva.com\/perpignan\/wp-json\/wp\/v2\/users\/1"}],"version-history":[{"count":4,"href":"https:\/\/radio-aviva.com\/perpignan\/wp-json\/wp\/v2\/podcast\/10160\/revisions"}],"predecessor-version":[{"id":10235,"href":"https:\/\/radio-aviva.com\/perpignan\/wp-json\/wp\/v2\/podcast\/10160\/revisions\/10235"}],"wp:featuredmedia":[{"embeddable":true,"href":"https:\/\/radio-aviva.com\/perpignan\/wp-json\/wp\/v2\/media\/10168"}],"wp:attachment":[{"href":"https:\/\/radio-aviva.com\/perpignan\/wp-json\/wp\/v2\/media?parent=10160"}],"wp:term":[{"taxonomy":"post_tag","embeddable":true,"href":"https:\/\/radio-aviva.com\/perpignan\/wp-json\/wp\/v2\/tags?post=10160"},{"taxonomy":"podcastfilter","embeddable":true,"href":"https:\/\/radio-aviva.com\/perpignan\/wp-json\/wp\/v2\/podcastfilter?post=10160"}],"curies":[{"name":"wp","href":"https:\/\/api.w.org\/{rel}","templated":true}]}}