{"id":10289,"date":"2024-10-29T13:55:18","date_gmt":"2024-10-29T12:55:18","guid":{"rendered":"https:\/\/radio-aviva.com\/perpignan\/?post_type=podcast&#038;p=10289"},"modified":"2024-10-23T11:22:09","modified_gmt":"2024-10-23T09:22:09","slug":"le-cas-leon-k-memorial-camp-de-rivesaltes-nicolas-serpette-responsable-de-communication","status":"publish","type":"podcast","link":"https:\/\/radio-aviva.com\/perpignan\/podcast\/le-cas-leon-k-memorial-camp-de-rivesaltes-nicolas-serpette-responsable-de-communication\/","title":{"rendered":"Le Cas L\u00e9on K M\u00e9morial Camp de Rivesaltes &#8211; Nicolas Serpette, Responsable de Communication"},"content":{"rendered":"<p><em>D\u00e9couvrez en avant-premi\u00e8re jeudi 7 novembre 2024 \u00e0 18h30\u00a0le film documentaire,\u00a0Le cas L\u00e9on k,\u00a0r\u00e9alis\u00e9 par J\u00e9r\u00f4me Prieur.<\/em><\/p>\n<p>Arr\u00eat\u00e9 lors de la rafle de la zone libre par la police et la gendarmerie fran\u00e7aise, il n\u2019a commis d\u2019autre crime que d\u2019\u00eatre un repr\u00e9sentant de la race damn\u00e9e et condamn\u00e9e. Transf\u00e9r\u00e9 au camp de Rivesaltes, L\u00e9on r\u00e9ussit \u00e0 s\u2019enfuir. Il n\u2019a jamais rien racont\u00e9. Hormis quelques traces officielles, rien ne reste de lui. Le film est parti \u00e0 la poursuite de son ombre.<\/p>\n","protected":false},"author":1,"featured_media":10290,"template":"","tags":[],"podcastfilter":[128,272,144,160,135,109,186],"class_list":["post-10289","podcast","type-podcast","status-publish","has-post-thumbnail","hentry","podcastfilter-cinema","podcastfilter-culture","podcastfilter-histoire","podcastfilter-histoire-juive","podcastfilter-linvite-de-la-redaction","podcastfilter-perpignan","podcastfilter-pyrenees-orientales-2"],"_links":{"self":[{"href":"https:\/\/radio-aviva.com\/perpignan\/wp-json\/wp\/v2\/podcast\/10289","targetHints":{"allow":["GET"]}}],"collection":[{"href":"https:\/\/radio-aviva.com\/perpignan\/wp-json\/wp\/v2\/podcast"}],"about":[{"href":"https:\/\/radio-aviva.com\/perpignan\/wp-json\/wp\/v2\/types\/podcast"}],"author":[{"embeddable":true,"href":"https:\/\/radio-aviva.com\/perpignan\/wp-json\/wp\/v2\/users\/1"}],"version-history":[{"count":1,"href":"https:\/\/radio-aviva.com\/perpignan\/wp-json\/wp\/v2\/podcast\/10289\/revisions"}],"predecessor-version":[{"id":10291,"href":"https:\/\/radio-aviva.com\/perpignan\/wp-json\/wp\/v2\/podcast\/10289\/revisions\/10291"}],"wp:featuredmedia":[{"embeddable":true,"href":"https:\/\/radio-aviva.com\/perpignan\/wp-json\/wp\/v2\/media\/10290"}],"wp:attachment":[{"href":"https:\/\/radio-aviva.com\/perpignan\/wp-json\/wp\/v2\/media?parent=10289"}],"wp:term":[{"taxonomy":"post_tag","embeddable":true,"href":"https:\/\/radio-aviva.com\/perpignan\/wp-json\/wp\/v2\/tags?post=10289"},{"taxonomy":"podcastfilter","embeddable":true,"href":"https:\/\/radio-aviva.com\/perpignan\/wp-json\/wp\/v2\/podcastfilter?post=10289"}],"curies":[{"name":"wp","href":"https:\/\/api.w.org\/{rel}","templated":true}]}}