{"id":10299,"date":"2024-10-24T15:20:44","date_gmt":"2024-10-24T13:20:44","guid":{"rendered":"https:\/\/radio-aviva.com\/perpignan\/?post_type=podcast&#038;p=10299"},"modified":"2024-10-23T14:56:00","modified_gmt":"2024-10-23T12:56:00","slug":"sesa-solar-energy-system-analytics-jb-beyssac-dirigeant","status":"publish","type":"podcast","link":"https:\/\/radio-aviva.com\/perpignan\/podcast\/sesa-solar-energy-system-analytics-jb-beyssac-dirigeant\/","title":{"rendered":"SESA Solar Energy System Analytics &#8211; JB Beyssac, Dirigeant"},"content":{"rendered":"<p>Jean-Baptiste BEYSSAC, dirigeant de la startup \u00ab SESA \u00bbSolar Energy Systems Analytics, vient nous parler de leur invention, prix coup de c\u0153ur du concours r\u00e9gional Les Inn\u2019Ovations. C\u2019est l\u2019Ecotrack, une ombri\u00e8re photovolta\u00efque. Son but est d\u2019offrir la meilleure synergie entre agriculture et production \u00e9nerg\u00e9tique en s\u2019appuyant sur des innovations m\u00e9caniques et logicielles brevet\u00e9es qui allient sobri\u00e9t\u00e9 et performance.<\/p>\n","protected":false},"author":1,"featured_media":9808,"template":"","tags":[],"podcastfilter":[183,172,145,109,186],"class_list":["post-10299","podcast","type-podcast","status-publish","has-post-thumbnail","hentry","podcastfilter-agriculture","podcastfilter-energies-renouvelables","podcastfilter-mag-de-la-redac","podcastfilter-perpignan","podcastfilter-pyrenees-orientales-2"],"_links":{"self":[{"href":"https:\/\/radio-aviva.com\/perpignan\/wp-json\/wp\/v2\/podcast\/10299","targetHints":{"allow":["GET"]}}],"collection":[{"href":"https:\/\/radio-aviva.com\/perpignan\/wp-json\/wp\/v2\/podcast"}],"about":[{"href":"https:\/\/radio-aviva.com\/perpignan\/wp-json\/wp\/v2\/types\/podcast"}],"author":[{"embeddable":true,"href":"https:\/\/radio-aviva.com\/perpignan\/wp-json\/wp\/v2\/users\/1"}],"version-history":[{"count":1,"href":"https:\/\/radio-aviva.com\/perpignan\/wp-json\/wp\/v2\/podcast\/10299\/revisions"}],"predecessor-version":[{"id":10300,"href":"https:\/\/radio-aviva.com\/perpignan\/wp-json\/wp\/v2\/podcast\/10299\/revisions\/10300"}],"wp:featuredmedia":[{"embeddable":true,"href":"https:\/\/radio-aviva.com\/perpignan\/wp-json\/wp\/v2\/media\/9808"}],"wp:attachment":[{"href":"https:\/\/radio-aviva.com\/perpignan\/wp-json\/wp\/v2\/media?parent=10299"}],"wp:term":[{"taxonomy":"post_tag","embeddable":true,"href":"https:\/\/radio-aviva.com\/perpignan\/wp-json\/wp\/v2\/tags?post=10299"},{"taxonomy":"podcastfilter","embeddable":true,"href":"https:\/\/radio-aviva.com\/perpignan\/wp-json\/wp\/v2\/podcastfilter?post=10299"}],"curies":[{"name":"wp","href":"https:\/\/api.w.org\/{rel}","templated":true}]}}