{"id":10328,"date":"2024-10-25T15:10:43","date_gmt":"2024-10-25T13:10:43","guid":{"rendered":"https:\/\/radio-aviva.com\/perpignan\/?post_type=podcast&#038;p=10328"},"modified":"2024-10-24T09:34:20","modified_gmt":"2024-10-24T07:34:20","slug":"presentation-appli-upvd-emmanuel-bonnet-responsable-communication-sylvain-chatry-vice-president","status":"publish","type":"podcast","link":"https:\/\/radio-aviva.com\/perpignan\/podcast\/presentation-appli-upvd-emmanuel-bonnet-responsable-communication-sylvain-chatry-vice-president\/","title":{"rendered":"Pr\u00e9sentation Appli, UPVD &#8211; Emmanuel Bonnet, Responsable communication, Sylvain Chatry, Vice Pr\u00e9sident"},"content":{"rendered":"<p>Emmanuel BONNET, responsable communication et charg\u00e9 de projet et Sylvain CHATRY, vice pr\u00e9sident en charge du num\u00e9rique, nous pr\u00e9sentent la nouvelle application pour les \u00e9tudiant de l\u2019UPVD. Parmi les nouveaut\u00e9s, la carte interactive des campus, l&#8217;emploi du temps et l&rsquo;agenda des \u00e9v\u00e9nements UPVD, le Pass&rsquo;culture, l&rsquo;inscription aux s\u00e9ances de sport et bien plus encore.<\/p>\n","protected":false},"author":1,"featured_media":10329,"template":"","tags":[],"podcastfilter":[170,143,135,174],"class_list":["post-10328","podcast","type-podcast","status-publish","has-post-thumbnail","hentry","podcastfilter-actions-culturelles","podcastfilter-environnement","podcastfilter-linvite-de-la-redaction","podcastfilter-universite"],"_links":{"self":[{"href":"https:\/\/radio-aviva.com\/perpignan\/wp-json\/wp\/v2\/podcast\/10328","targetHints":{"allow":["GET"]}}],"collection":[{"href":"https:\/\/radio-aviva.com\/perpignan\/wp-json\/wp\/v2\/podcast"}],"about":[{"href":"https:\/\/radio-aviva.com\/perpignan\/wp-json\/wp\/v2\/types\/podcast"}],"author":[{"embeddable":true,"href":"https:\/\/radio-aviva.com\/perpignan\/wp-json\/wp\/v2\/users\/1"}],"version-history":[{"count":1,"href":"https:\/\/radio-aviva.com\/perpignan\/wp-json\/wp\/v2\/podcast\/10328\/revisions"}],"predecessor-version":[{"id":10330,"href":"https:\/\/radio-aviva.com\/perpignan\/wp-json\/wp\/v2\/podcast\/10328\/revisions\/10330"}],"wp:featuredmedia":[{"embeddable":true,"href":"https:\/\/radio-aviva.com\/perpignan\/wp-json\/wp\/v2\/media\/10329"}],"wp:attachment":[{"href":"https:\/\/radio-aviva.com\/perpignan\/wp-json\/wp\/v2\/media?parent=10328"}],"wp:term":[{"taxonomy":"post_tag","embeddable":true,"href":"https:\/\/radio-aviva.com\/perpignan\/wp-json\/wp\/v2\/tags?post=10328"},{"taxonomy":"podcastfilter","embeddable":true,"href":"https:\/\/radio-aviva.com\/perpignan\/wp-json\/wp\/v2\/podcastfilter?post=10328"}],"curies":[{"name":"wp","href":"https:\/\/api.w.org\/{rel}","templated":true}]}}