{"id":10331,"date":"2024-10-29T15:20:15","date_gmt":"2024-10-29T14:20:15","guid":{"rendered":"https:\/\/radio-aviva.com\/perpignan\/?post_type=podcast&#038;p=10331"},"modified":"2024-10-25T13:19:29","modified_gmt":"2024-10-25T11:19:29","slug":"la-maison-de-leau-et-de-la-mediterranee-chloe-morin-mediatrice-scientifique","status":"publish","type":"podcast","link":"https:\/\/radio-aviva.com\/perpignan\/podcast\/la-maison-de-leau-et-de-la-mediterranee-chloe-morin-mediatrice-scientifique\/","title":{"rendered":"La Maison de l&rsquo;Eau et de la M\u00e9diterran\u00e9e &#8211; Chlo\u00e9 Morin, M\u00e9diatrice Scientifique"},"content":{"rendered":"<p>La Maison de l\u2019Eau et de la M\u00e9diterran\u00e9e au Boulou vous fait d\u00e9couvrir l\u2019eau dans tous ses \u00e9tats, prendre conscience de mani\u00e8re ludique des enjeux plan\u00e9taires de la pr\u00e9servation et de la sauvegarde de l\u2019eau. Comment par des gestes simples au quotidien, nous pouvons r\u00e9duire notre impact \u00e9cologique. \u00ab eau \u00bb : \u00ab Patrimoine immat\u00e9riel de l\u2019humanit\u00e9 \u00bb.<\/p>\n","protected":false},"author":1,"featured_media":10332,"template":"","tags":[],"podcastfilter":[170,143,151,109,186,227],"class_list":["post-10331","podcast","type-podcast","status-publish","has-post-thumbnail","hentry","podcastfilter-actions-culturelles","podcastfilter-environnement","podcastfilter-patrimoine","podcastfilter-perpignan","podcastfilter-pyrenees-orientales-2","podcastfilter-sciences"],"_links":{"self":[{"href":"https:\/\/radio-aviva.com\/perpignan\/wp-json\/wp\/v2\/podcast\/10331","targetHints":{"allow":["GET"]}}],"collection":[{"href":"https:\/\/radio-aviva.com\/perpignan\/wp-json\/wp\/v2\/podcast"}],"about":[{"href":"https:\/\/radio-aviva.com\/perpignan\/wp-json\/wp\/v2\/types\/podcast"}],"author":[{"embeddable":true,"href":"https:\/\/radio-aviva.com\/perpignan\/wp-json\/wp\/v2\/users\/1"}],"version-history":[{"count":1,"href":"https:\/\/radio-aviva.com\/perpignan\/wp-json\/wp\/v2\/podcast\/10331\/revisions"}],"predecessor-version":[{"id":10333,"href":"https:\/\/radio-aviva.com\/perpignan\/wp-json\/wp\/v2\/podcast\/10331\/revisions\/10333"}],"wp:featuredmedia":[{"embeddable":true,"href":"https:\/\/radio-aviva.com\/perpignan\/wp-json\/wp\/v2\/media\/10332"}],"wp:attachment":[{"href":"https:\/\/radio-aviva.com\/perpignan\/wp-json\/wp\/v2\/media?parent=10331"}],"wp:term":[{"taxonomy":"post_tag","embeddable":true,"href":"https:\/\/radio-aviva.com\/perpignan\/wp-json\/wp\/v2\/tags?post=10331"},{"taxonomy":"podcastfilter","embeddable":true,"href":"https:\/\/radio-aviva.com\/perpignan\/wp-json\/wp\/v2\/podcastfilter?post=10331"}],"curies":[{"name":"wp","href":"https:\/\/api.w.org\/{rel}","templated":true}]}}