{"id":10599,"date":"2024-12-18T15:42:20","date_gmt":"2024-12-18T14:42:20","guid":{"rendered":"https:\/\/radio-aviva.com\/perpignan\/?post_type=podcast&#038;p=10599"},"modified":"2024-12-18T15:42:20","modified_gmt":"2024-12-18T14:42:20","slug":"changement-nom-departement-a-vives-elue-departement-po","status":"publish","type":"podcast","link":"https:\/\/radio-aviva.com\/perpignan\/podcast\/changement-nom-departement-a-vives-elue-departement-po\/","title":{"rendered":"CHANGEMENT NOM DEPARTEMENT &#8211; A VIVES, ELUE, DEPARTEMENT PO"},"content":{"rendered":"<p>2024 est pour le d\u00e9partement des Pyr\u00e9n\u00e9es-Orientales une ann\u00e9e de changement. Apr\u00e8s la transformation de la RN116 en \u201cRoute 66\u201d, les \u00e9lus proposent \u00e0 pr\u00e9sent une consultation populaire pour un nouveau nom du d\u00e9partement. Les votes auront lieu au mois de septembre. D\u2019ici l\u00e0, l\u2019enjeu est de comprendre ce qui pousse ce changement et quel d\u00e9nomination serait le plus adapt\u00e9e.<\/p>\n","protected":false},"author":1,"featured_media":9068,"template":"","tags":[],"podcastfilter":[],"class_list":["post-10599","podcast","type-podcast","status-publish","has-post-thumbnail","hentry"],"_links":{"self":[{"href":"https:\/\/radio-aviva.com\/perpignan\/wp-json\/wp\/v2\/podcast\/10599","targetHints":{"allow":["GET"]}}],"collection":[{"href":"https:\/\/radio-aviva.com\/perpignan\/wp-json\/wp\/v2\/podcast"}],"about":[{"href":"https:\/\/radio-aviva.com\/perpignan\/wp-json\/wp\/v2\/types\/podcast"}],"author":[{"embeddable":true,"href":"https:\/\/radio-aviva.com\/perpignan\/wp-json\/wp\/v2\/users\/1"}],"version-history":[{"count":1,"href":"https:\/\/radio-aviva.com\/perpignan\/wp-json\/wp\/v2\/podcast\/10599\/revisions"}],"predecessor-version":[{"id":10600,"href":"https:\/\/radio-aviva.com\/perpignan\/wp-json\/wp\/v2\/podcast\/10599\/revisions\/10600"}],"wp:featuredmedia":[{"embeddable":true,"href":"https:\/\/radio-aviva.com\/perpignan\/wp-json\/wp\/v2\/media\/9068"}],"wp:attachment":[{"href":"https:\/\/radio-aviva.com\/perpignan\/wp-json\/wp\/v2\/media?parent=10599"}],"wp:term":[{"taxonomy":"post_tag","embeddable":true,"href":"https:\/\/radio-aviva.com\/perpignan\/wp-json\/wp\/v2\/tags?post=10599"},{"taxonomy":"podcastfilter","embeddable":true,"href":"https:\/\/radio-aviva.com\/perpignan\/wp-json\/wp\/v2\/podcastfilter?post=10599"}],"curies":[{"name":"wp","href":"https:\/\/api.w.org\/{rel}","templated":true}]}}