{"id":10626,"date":"2024-12-23T13:47:51","date_gmt":"2024-12-23T12:47:51","guid":{"rendered":"https:\/\/radio-aviva.com\/perpignan\/?post_type=podcast&#038;p=10626"},"modified":"2024-12-23T13:47:51","modified_gmt":"2024-12-23T12:47:51","slug":"reseau-femme-du-medef-nathalie-burillo-pdt-femme-du-medef","status":"publish","type":"podcast","link":"https:\/\/radio-aviva.com\/perpignan\/podcast\/reseau-femme-du-medef-nathalie-burillo-pdt-femme-du-medef\/","title":{"rendered":"RESEAU FEMME DU MEDEF &#8211; Nathalie  BURILLO, PDT, FEMME DU MEDEF"},"content":{"rendered":"<p>F\u00e9miniser les instances du Medef et susciter de nouvelles adh\u00e9sions en montrant la diversit\u00e9 de l&rsquo;organisation patronale. Voil\u00e0 les deux objectifs principaux du nouveau r\u00e9seau Femmes du Medef, d\u00e9j\u00e0 lanc\u00e9 depuis mars 2019 au niveau national, et depuis ce mercredi 10 janvier 2024 dans les Pyr\u00e9n\u00e9es-Orientales.<\/p>\n","protected":false},"author":1,"featured_media":9068,"template":"","tags":[],"podcastfilter":[175],"class_list":["post-10626","podcast","type-podcast","status-publish","has-post-thumbnail","hentry","podcastfilter-invite-de-la-redaction"],"_links":{"self":[{"href":"https:\/\/radio-aviva.com\/perpignan\/wp-json\/wp\/v2\/podcast\/10626","targetHints":{"allow":["GET"]}}],"collection":[{"href":"https:\/\/radio-aviva.com\/perpignan\/wp-json\/wp\/v2\/podcast"}],"about":[{"href":"https:\/\/radio-aviva.com\/perpignan\/wp-json\/wp\/v2\/types\/podcast"}],"author":[{"embeddable":true,"href":"https:\/\/radio-aviva.com\/perpignan\/wp-json\/wp\/v2\/users\/1"}],"version-history":[{"count":1,"href":"https:\/\/radio-aviva.com\/perpignan\/wp-json\/wp\/v2\/podcast\/10626\/revisions"}],"predecessor-version":[{"id":10627,"href":"https:\/\/radio-aviva.com\/perpignan\/wp-json\/wp\/v2\/podcast\/10626\/revisions\/10627"}],"wp:featuredmedia":[{"embeddable":true,"href":"https:\/\/radio-aviva.com\/perpignan\/wp-json\/wp\/v2\/media\/9068"}],"wp:attachment":[{"href":"https:\/\/radio-aviva.com\/perpignan\/wp-json\/wp\/v2\/media?parent=10626"}],"wp:term":[{"taxonomy":"post_tag","embeddable":true,"href":"https:\/\/radio-aviva.com\/perpignan\/wp-json\/wp\/v2\/tags?post=10626"},{"taxonomy":"podcastfilter","embeddable":true,"href":"https:\/\/radio-aviva.com\/perpignan\/wp-json\/wp\/v2\/podcastfilter?post=10626"}],"curies":[{"name":"wp","href":"https:\/\/api.w.org\/{rel}","templated":true}]}}