{"id":10727,"date":"2025-01-20T19:00:24","date_gmt":"2025-01-20T18:00:24","guid":{"rendered":"https:\/\/radio-aviva.com\/perpignan\/?post_type=podcast&#038;p=10727"},"modified":"2025-01-15T16:35:57","modified_gmt":"2025-01-15T15:35:57","slug":"journee-de-la-memoire-de-la-shoah-nicolas-serpette-responsable-communication-au-memorial-du-camp-de-rivesaltes","status":"publish","type":"podcast","link":"https:\/\/radio-aviva.com\/perpignan\/podcast\/journee-de-la-memoire-de-la-shoah-nicolas-serpette-responsable-communication-au-memorial-du-camp-de-rivesaltes\/","title":{"rendered":"Journ\u00e9e de la M\u00e9moire de la Shoah &#8211; Nicolas SERPETTE, Responsable communication au M\u00e9morial du camp de Rivesaltes"},"content":{"rendered":"<p><span class=\"notion-enable-hover\" data-token-index=\"0\">Le m\u00e9morial du camp de Rivesaltes, se souvient et vous convie \u00e0 la journ\u00e9e de m\u00e9moire de la shoah et de pr\u00e9vention des crimes contre l\u2019humanit\u00e9. Avec en avant premi\u00e8re le film documentaire de Cyril Tricot Esther Senot la rescap\u00e9e d\u2019Auschwitz, itin\u00e9raire d\u2019une r\u00e9siliente<\/span><\/p>\n","protected":false},"author":1,"featured_media":10728,"template":"","tags":[],"podcastfilter":[128,224,261,160],"class_list":["post-10727","podcast","type-podcast","status-publish","has-post-thumbnail","hentry","podcastfilter-cinema","podcastfilter-commemoration","podcastfilter-femmes","podcastfilter-histoire-juive"],"_links":{"self":[{"href":"https:\/\/radio-aviva.com\/perpignan\/wp-json\/wp\/v2\/podcast\/10727","targetHints":{"allow":["GET"]}}],"collection":[{"href":"https:\/\/radio-aviva.com\/perpignan\/wp-json\/wp\/v2\/podcast"}],"about":[{"href":"https:\/\/radio-aviva.com\/perpignan\/wp-json\/wp\/v2\/types\/podcast"}],"author":[{"embeddable":true,"href":"https:\/\/radio-aviva.com\/perpignan\/wp-json\/wp\/v2\/users\/1"}],"version-history":[{"count":2,"href":"https:\/\/radio-aviva.com\/perpignan\/wp-json\/wp\/v2\/podcast\/10727\/revisions"}],"predecessor-version":[{"id":10739,"href":"https:\/\/radio-aviva.com\/perpignan\/wp-json\/wp\/v2\/podcast\/10727\/revisions\/10739"}],"wp:featuredmedia":[{"embeddable":true,"href":"https:\/\/radio-aviva.com\/perpignan\/wp-json\/wp\/v2\/media\/10728"}],"wp:attachment":[{"href":"https:\/\/radio-aviva.com\/perpignan\/wp-json\/wp\/v2\/media?parent=10727"}],"wp:term":[{"taxonomy":"post_tag","embeddable":true,"href":"https:\/\/radio-aviva.com\/perpignan\/wp-json\/wp\/v2\/tags?post=10727"},{"taxonomy":"podcastfilter","embeddable":true,"href":"https:\/\/radio-aviva.com\/perpignan\/wp-json\/wp\/v2\/podcastfilter?post=10727"}],"curies":[{"name":"wp","href":"https:\/\/api.w.org\/{rel}","templated":true}]}}