{"id":11122,"date":"2025-05-02T13:45:46","date_gmt":"2025-05-02T11:45:46","guid":{"rendered":"https:\/\/radio-aviva.com\/perpignan\/?post_type=podcast&#038;p=11122"},"modified":"2025-04-30T14:51:57","modified_gmt":"2025-04-30T12:51:57","slug":"festival-confrontation-1ere-journee-manon-billaut-directrice","status":"publish","type":"podcast","link":"https:\/\/radio-aviva.com\/perpignan\/podcast\/festival-confrontation-1ere-journee-manon-billaut-directrice\/","title":{"rendered":"Festival confrontation 1\u00e8re journ\u00e9e &#8211; Manon BILLAUT, Directrice"},"content":{"rendered":"<p>Cin\u00e9 concert, cin\u00e9 balades, ateliers pour les petits, rencontres avec les cin\u00e9astes, acteurs et actrices !! D\u00e9couvrez le coup de c\u0153ur du vendredi 02 Mai du festival Confrontation avec pour th\u00e8me : le Cin\u00e9ma Animal.<\/p>\n","protected":false},"author":329,"featured_media":10906,"template":"","tags":[],"podcastfilter":[170,161,128,325,152],"class_list":["post-11122","podcast","type-podcast","status-publish","has-post-thumbnail","hentry","podcastfilter-actions-culturelles","podcastfilter-animaux","podcastfilter-cinema","podcastfilter-films","podcastfilter-lien-social"],"_links":{"self":[{"href":"https:\/\/radio-aviva.com\/perpignan\/wp-json\/wp\/v2\/podcast\/11122","targetHints":{"allow":["GET"]}}],"collection":[{"href":"https:\/\/radio-aviva.com\/perpignan\/wp-json\/wp\/v2\/podcast"}],"about":[{"href":"https:\/\/radio-aviva.com\/perpignan\/wp-json\/wp\/v2\/types\/podcast"}],"author":[{"embeddable":true,"href":"https:\/\/radio-aviva.com\/perpignan\/wp-json\/wp\/v2\/users\/329"}],"version-history":[{"count":1,"href":"https:\/\/radio-aviva.com\/perpignan\/wp-json\/wp\/v2\/podcast\/11122\/revisions"}],"predecessor-version":[{"id":11123,"href":"https:\/\/radio-aviva.com\/perpignan\/wp-json\/wp\/v2\/podcast\/11122\/revisions\/11123"}],"wp:featuredmedia":[{"embeddable":true,"href":"https:\/\/radio-aviva.com\/perpignan\/wp-json\/wp\/v2\/media\/10906"}],"wp:attachment":[{"href":"https:\/\/radio-aviva.com\/perpignan\/wp-json\/wp\/v2\/media?parent=11122"}],"wp:term":[{"taxonomy":"post_tag","embeddable":true,"href":"https:\/\/radio-aviva.com\/perpignan\/wp-json\/wp\/v2\/tags?post=11122"},{"taxonomy":"podcastfilter","embeddable":true,"href":"https:\/\/radio-aviva.com\/perpignan\/wp-json\/wp\/v2\/podcastfilter?post=11122"}],"curies":[{"name":"wp","href":"https:\/\/api.w.org\/{rel}","templated":true}]}}