{"id":11223,"date":"2025-06-04T15:11:24","date_gmt":"2025-06-04T13:11:24","guid":{"rendered":"https:\/\/radio-aviva.com\/perpignan\/?post_type=podcast&#038;p=11223"},"modified":"2025-06-04T15:11:24","modified_gmt":"2025-06-04T13:11:24","slug":"marche-de-noel-du-soler-marie-domingo-delegue-a-lanimation","status":"publish","type":"podcast","link":"https:\/\/radio-aviva.com\/perpignan\/podcast\/marche-de-noel-du-soler-marie-domingo-delegue-a-lanimation\/","title":{"rendered":"March\u00e9 de No\u00ebl du Soler &#8211; Marie DOMINGO, D\u00e9l\u00e9gu\u00e9 \u00e0 l&rsquo;animation"},"content":{"rendered":"<p>La Ville du Soler organise son traditionnel \u00ab March\u00e9 de No\u00ebl \u00bb \u00e0 l\u2019occasion des festivit\u00e9s de fin d\u2019ann\u00e9e et lance un appel \u00e0 candidature sur radio Aviva un appel \u00e0 candidature !<\/p>\n","protected":false},"author":329,"featured_media":11224,"template":"","tags":[],"podcastfilter":[175,135,186,200,305],"class_list":["post-11223","podcast","type-podcast","status-publish","has-post-thumbnail","hentry","podcastfilter-invite-de-la-redaction","podcastfilter-linvite-de-la-redaction","podcastfilter-pyrenees-orientales-2","podcastfilter-spectacle","podcastfilter-tradition"],"_links":{"self":[{"href":"https:\/\/radio-aviva.com\/perpignan\/wp-json\/wp\/v2\/podcast\/11223","targetHints":{"allow":["GET"]}}],"collection":[{"href":"https:\/\/radio-aviva.com\/perpignan\/wp-json\/wp\/v2\/podcast"}],"about":[{"href":"https:\/\/radio-aviva.com\/perpignan\/wp-json\/wp\/v2\/types\/podcast"}],"author":[{"embeddable":true,"href":"https:\/\/radio-aviva.com\/perpignan\/wp-json\/wp\/v2\/users\/329"}],"version-history":[{"count":1,"href":"https:\/\/radio-aviva.com\/perpignan\/wp-json\/wp\/v2\/podcast\/11223\/revisions"}],"predecessor-version":[{"id":11225,"href":"https:\/\/radio-aviva.com\/perpignan\/wp-json\/wp\/v2\/podcast\/11223\/revisions\/11225"}],"wp:featuredmedia":[{"embeddable":true,"href":"https:\/\/radio-aviva.com\/perpignan\/wp-json\/wp\/v2\/media\/11224"}],"wp:attachment":[{"href":"https:\/\/radio-aviva.com\/perpignan\/wp-json\/wp\/v2\/media?parent=11223"}],"wp:term":[{"taxonomy":"post_tag","embeddable":true,"href":"https:\/\/radio-aviva.com\/perpignan\/wp-json\/wp\/v2\/tags?post=11223"},{"taxonomy":"podcastfilter","embeddable":true,"href":"https:\/\/radio-aviva.com\/perpignan\/wp-json\/wp\/v2\/podcastfilter?post=11223"}],"curies":[{"name":"wp","href":"https:\/\/api.w.org\/{rel}","templated":true}]}}