{"id":11242,"date":"2025-06-12T10:00:46","date_gmt":"2025-06-12T08:00:46","guid":{"rendered":"https:\/\/radio-aviva.com\/perpignan\/?post_type=podcast&#038;p=11242"},"modified":"2025-06-11T16:36:02","modified_gmt":"2025-06-11T14:36:02","slug":"legypte-ancienne-guy-bessiere-president-de-lassociation-les-amis-de-legypte-ancienne","status":"publish","type":"podcast","link":"https:\/\/radio-aviva.com\/perpignan\/podcast\/legypte-ancienne-guy-bessiere-president-de-lassociation-les-amis-de-legypte-ancienne\/","title":{"rendered":"L&rsquo;Egypte Ancienne &#8211; Guy BESSIERE, Pr\u00e9sident de l&rsquo;association les Amis de l&rsquo;Egypte Ancienne"},"content":{"rendered":"<p>Thomas R\u00f6mer, bibliste et professeur au Coll\u00e8ge de France affirme qu\u2019il n\u2019y aurait pas de Bible sans l\u2019Egypte. Guy Bessi\u00e8res pr\u00e9sident des Amis de l\u2019Egypte Ancienne convit Florence QUENTIN, \u00e9gyptologue\u00a0( Montpellier III-Paris IV Sorbonne) et auteure de 10 essais sur l\u2019Egypte ancienne pour nous \u00e9clairer sur la question.<\/p>\n","protected":false},"author":329,"featured_media":11243,"template":"","tags":[],"podcastfilter":[190,144,234,314,148],"class_list":["post-11242","podcast","type-podcast","status-publish","has-post-thumbnail","hentry","podcastfilter-association","podcastfilter-histoire","podcastfilter-interculturel","podcastfilter-la-voix-des-assos","podcastfilter-voix-des-assos"],"_links":{"self":[{"href":"https:\/\/radio-aviva.com\/perpignan\/wp-json\/wp\/v2\/podcast\/11242","targetHints":{"allow":["GET"]}}],"collection":[{"href":"https:\/\/radio-aviva.com\/perpignan\/wp-json\/wp\/v2\/podcast"}],"about":[{"href":"https:\/\/radio-aviva.com\/perpignan\/wp-json\/wp\/v2\/types\/podcast"}],"author":[{"embeddable":true,"href":"https:\/\/radio-aviva.com\/perpignan\/wp-json\/wp\/v2\/users\/329"}],"version-history":[{"count":1,"href":"https:\/\/radio-aviva.com\/perpignan\/wp-json\/wp\/v2\/podcast\/11242\/revisions"}],"predecessor-version":[{"id":11244,"href":"https:\/\/radio-aviva.com\/perpignan\/wp-json\/wp\/v2\/podcast\/11242\/revisions\/11244"}],"wp:featuredmedia":[{"embeddable":true,"href":"https:\/\/radio-aviva.com\/perpignan\/wp-json\/wp\/v2\/media\/11243"}],"wp:attachment":[{"href":"https:\/\/radio-aviva.com\/perpignan\/wp-json\/wp\/v2\/media?parent=11242"}],"wp:term":[{"taxonomy":"post_tag","embeddable":true,"href":"https:\/\/radio-aviva.com\/perpignan\/wp-json\/wp\/v2\/tags?post=11242"},{"taxonomy":"podcastfilter","embeddable":true,"href":"https:\/\/radio-aviva.com\/perpignan\/wp-json\/wp\/v2\/podcastfilter?post=11242"}],"curies":[{"name":"wp","href":"https:\/\/api.w.org\/{rel}","templated":true}]}}