{"id":11276,"date":"2025-06-23T15:33:42","date_gmt":"2025-06-23T13:33:42","guid":{"rendered":"https:\/\/radio-aviva.com\/perpignan\/?post_type=podcast&#038;p=11276"},"modified":"2025-06-23T15:33:42","modified_gmt":"2025-06-23T13:33:42","slug":"plan-littoral-christophe-manas-conseiller-regional","status":"publish","type":"podcast","link":"https:\/\/radio-aviva.com\/perpignan\/podcast\/plan-littoral-christophe-manas-conseiller-regional\/","title":{"rendered":"Plan littoral Christophe MANAS, Conseiller R\u00e9gional"},"content":{"rendered":"<p>Plan Littoral\u00a021\u00a0:\u00a0\u00e9dition 2025 \u00ab\u00a0Avenir littoral\u00a0\u00bb<\/p>\n<p>Dans le cadre du Plan littoral 21, l\u2019\u00c9tat et la R\u00e9gion Occitanie lancent la 7\u00e8me\u00a0\u00e9dition \u00abAvenir Littoral \u00bb, dont l\u2019objectif est d\u2019acc\u00e9l\u00e9rer l\u2019innovation et d\u00e9velopper le potentiel de l\u2019\u00e9conomie bleue sur le littoral Occitanie. On fait le point sur Radio AVIVA<\/p>\n","protected":false},"author":329,"featured_media":11277,"template":"","tags":[],"podcastfilter":[],"class_list":["post-11276","podcast","type-podcast","status-publish","has-post-thumbnail","hentry"],"_links":{"self":[{"href":"https:\/\/radio-aviva.com\/perpignan\/wp-json\/wp\/v2\/podcast\/11276","targetHints":{"allow":["GET"]}}],"collection":[{"href":"https:\/\/radio-aviva.com\/perpignan\/wp-json\/wp\/v2\/podcast"}],"about":[{"href":"https:\/\/radio-aviva.com\/perpignan\/wp-json\/wp\/v2\/types\/podcast"}],"author":[{"embeddable":true,"href":"https:\/\/radio-aviva.com\/perpignan\/wp-json\/wp\/v2\/users\/329"}],"version-history":[{"count":1,"href":"https:\/\/radio-aviva.com\/perpignan\/wp-json\/wp\/v2\/podcast\/11276\/revisions"}],"predecessor-version":[{"id":11278,"href":"https:\/\/radio-aviva.com\/perpignan\/wp-json\/wp\/v2\/podcast\/11276\/revisions\/11278"}],"wp:featuredmedia":[{"embeddable":true,"href":"https:\/\/radio-aviva.com\/perpignan\/wp-json\/wp\/v2\/media\/11277"}],"wp:attachment":[{"href":"https:\/\/radio-aviva.com\/perpignan\/wp-json\/wp\/v2\/media?parent=11276"}],"wp:term":[{"taxonomy":"post_tag","embeddable":true,"href":"https:\/\/radio-aviva.com\/perpignan\/wp-json\/wp\/v2\/tags?post=11276"},{"taxonomy":"podcastfilter","embeddable":true,"href":"https:\/\/radio-aviva.com\/perpignan\/wp-json\/wp\/v2\/podcastfilter?post=11276"}],"curies":[{"name":"wp","href":"https:\/\/api.w.org\/{rel}","templated":true}]}}