{"id":11296,"date":"2025-07-02T13:41:21","date_gmt":"2025-07-02T11:41:21","guid":{"rendered":"https:\/\/radio-aviva.com\/perpignan\/?post_type=podcast&#038;p=11296"},"modified":"2025-07-02T13:41:21","modified_gmt":"2025-07-02T11:41:21","slug":"scenes-etoilees-elisabeth-dooms-direction-de-la-culture-de-la-ville-de-perpignan","status":"publish","type":"podcast","link":"https:\/\/radio-aviva.com\/perpignan\/podcast\/scenes-etoilees-elisabeth-dooms-direction-de-la-culture-de-la-ville-de-perpignan\/","title":{"rendered":"Sc\u00e8nes \u00e9toil\u00e9es &#8211; Elisabeth DOOMS, Direction de la culture de la Ville de Perpignan"},"content":{"rendered":"<p>Du 6 au 11 juillet, les Sc\u00e8nes \u00e9toil\u00e9es f\u00eateront leur 4e saison. Cet \u00e9v\u00e8nement majeur de l\u2019agenda de l\u2019\u00e9t\u00e9 de la Ville de Perpignan r\u00e9unit une programmation originale de cinq concerts de musique classique, pas si classique et la mise en valeur d\u2019un lieu patrimonial atypique exceptionnel. On en parle sur Radio AVIVA !<\/p>\n","protected":false},"author":329,"featured_media":11297,"template":"","tags":[],"podcastfilter":[170,209,150,88,151],"class_list":["post-11296","podcast","type-podcast","status-publish","has-post-thumbnail","hentry","podcastfilter-actions-culturelles","podcastfilter-concert","podcastfilter-entracte","podcastfilter-musique","podcastfilter-patrimoine"],"_links":{"self":[{"href":"https:\/\/radio-aviva.com\/perpignan\/wp-json\/wp\/v2\/podcast\/11296","targetHints":{"allow":["GET"]}}],"collection":[{"href":"https:\/\/radio-aviva.com\/perpignan\/wp-json\/wp\/v2\/podcast"}],"about":[{"href":"https:\/\/radio-aviva.com\/perpignan\/wp-json\/wp\/v2\/types\/podcast"}],"author":[{"embeddable":true,"href":"https:\/\/radio-aviva.com\/perpignan\/wp-json\/wp\/v2\/users\/329"}],"version-history":[{"count":1,"href":"https:\/\/radio-aviva.com\/perpignan\/wp-json\/wp\/v2\/podcast\/11296\/revisions"}],"predecessor-version":[{"id":11298,"href":"https:\/\/radio-aviva.com\/perpignan\/wp-json\/wp\/v2\/podcast\/11296\/revisions\/11298"}],"wp:featuredmedia":[{"embeddable":true,"href":"https:\/\/radio-aviva.com\/perpignan\/wp-json\/wp\/v2\/media\/11297"}],"wp:attachment":[{"href":"https:\/\/radio-aviva.com\/perpignan\/wp-json\/wp\/v2\/media?parent=11296"}],"wp:term":[{"taxonomy":"post_tag","embeddable":true,"href":"https:\/\/radio-aviva.com\/perpignan\/wp-json\/wp\/v2\/tags?post=11296"},{"taxonomy":"podcastfilter","embeddable":true,"href":"https:\/\/radio-aviva.com\/perpignan\/wp-json\/wp\/v2\/podcastfilter?post=11296"}],"curies":[{"name":"wp","href":"https:\/\/api.w.org\/{rel}","templated":true}]}}