{"id":11327,"date":"2025-07-15T10:00:52","date_gmt":"2025-07-15T08:00:52","guid":{"rendered":"https:\/\/radio-aviva.com\/perpignan\/?post_type=podcast&#038;p=11327"},"modified":"2025-07-08T10:34:36","modified_gmt":"2025-07-08T08:34:36","slug":"les-jnai-veronique-joulie-chargee-de-mission-lancli","status":"publish","type":"podcast","link":"https:\/\/radio-aviva.com\/perpignan\/podcast\/les-jnai-veronique-joulie-chargee-de-mission-lancli\/","title":{"rendered":"LES JNAI &#8211; V\u00e9ronique JOULIE, Charg\u00e9e de mission L&rsquo;ANCLI"},"content":{"rendered":"<p>Les Journ\u00e9es Nationales d\u2019Action contre l\u2019Illettrisme (JNAI) auront lieu du 8 au 15 septembre prochain<\/p>\n<p>C\u2019est un rendez\u2011vous majeur pour mettre en lumi\u00e8re toutes les initiatives qui favorisent l\u2019acc\u00e8s aux comp\u00e9tences de base, la ma\u00eetrise de la langue, du calcul, du num\u00e9rique. Les Journ\u00e9es Nationales d\u2019Action contre l\u2019Illettrisme (JNAI) Ca ce passe comment ?<\/p>\n","protected":false},"author":329,"featured_media":11328,"template":"","tags":[],"podcastfilter":[337,338],"class_list":["post-11327","podcast","type-podcast","status-publish","has-post-thumbnail","hentry","podcastfilter-ancli","podcastfilter-illettrisme"],"_links":{"self":[{"href":"https:\/\/radio-aviva.com\/perpignan\/wp-json\/wp\/v2\/podcast\/11327","targetHints":{"allow":["GET"]}}],"collection":[{"href":"https:\/\/radio-aviva.com\/perpignan\/wp-json\/wp\/v2\/podcast"}],"about":[{"href":"https:\/\/radio-aviva.com\/perpignan\/wp-json\/wp\/v2\/types\/podcast"}],"author":[{"embeddable":true,"href":"https:\/\/radio-aviva.com\/perpignan\/wp-json\/wp\/v2\/users\/329"}],"version-history":[{"count":1,"href":"https:\/\/radio-aviva.com\/perpignan\/wp-json\/wp\/v2\/podcast\/11327\/revisions"}],"predecessor-version":[{"id":11329,"href":"https:\/\/radio-aviva.com\/perpignan\/wp-json\/wp\/v2\/podcast\/11327\/revisions\/11329"}],"wp:featuredmedia":[{"embeddable":true,"href":"https:\/\/radio-aviva.com\/perpignan\/wp-json\/wp\/v2\/media\/11328"}],"wp:attachment":[{"href":"https:\/\/radio-aviva.com\/perpignan\/wp-json\/wp\/v2\/media?parent=11327"}],"wp:term":[{"taxonomy":"post_tag","embeddable":true,"href":"https:\/\/radio-aviva.com\/perpignan\/wp-json\/wp\/v2\/tags?post=11327"},{"taxonomy":"podcastfilter","embeddable":true,"href":"https:\/\/radio-aviva.com\/perpignan\/wp-json\/wp\/v2\/podcastfilter?post=11327"}],"curies":[{"name":"wp","href":"https:\/\/api.w.org\/{rel}","templated":true}]}}