{"id":11339,"date":"2025-07-25T10:00:59","date_gmt":"2025-07-25T08:00:59","guid":{"rendered":"https:\/\/radio-aviva.com\/perpignan\/?post_type=podcast&#038;p=11339"},"modified":"2025-07-16T09:17:45","modified_gmt":"2025-07-16T07:17:45","slug":"festival-pablo-casals-sandra-mascre-administratrice","status":"publish","type":"podcast","link":"https:\/\/radio-aviva.com\/perpignan\/podcast\/festival-pablo-casals-sandra-mascre-administratrice\/","title":{"rendered":"FESTIVAL PABLO CASALS &#8211; Sandra MASCRE, Administratrice"},"content":{"rendered":"<p>Festival Pablo Casals 75 \u00e9me anniversaire<\/p>\n<p>En r\u00e9sistance contre Franco, Pablo Casals d\u00e9cide de s\u2019opposer au r\u00e9gime fasciste espagnol. Il va cesser d\u00e9finitivement de jouer, et refuser tous les honneurs qui lui seront octroy\u00e9s par les Alli\u00e9s apr\u00e8s la d\u00e9faite de l\u2019Allemagne nazie, tant que son peuple, lui, continue \u00e0 souffrir sous le joug d\u2019un dictateur toujours en place. C\u2019est ainsi que pour ob\u00e9ir \u00e0 sa conscience, il entame une nouvelle p\u00e9riode d\u2019exil \u00e0 Prades, ce coin de terre retir\u00e9, b\u00e9ni et catalan.<\/p>\n","protected":false},"author":329,"featured_media":11340,"template":"","tags":[],"podcastfilter":[209,202,341,340],"class_list":["post-11339","podcast","type-podcast","status-publish","has-post-thumbnail","hentry","podcastfilter-concert","podcastfilter-festival-de-cannes","podcastfilter-festival-pablo-casals","podcastfilter-prades"],"_links":{"self":[{"href":"https:\/\/radio-aviva.com\/perpignan\/wp-json\/wp\/v2\/podcast\/11339","targetHints":{"allow":["GET"]}}],"collection":[{"href":"https:\/\/radio-aviva.com\/perpignan\/wp-json\/wp\/v2\/podcast"}],"about":[{"href":"https:\/\/radio-aviva.com\/perpignan\/wp-json\/wp\/v2\/types\/podcast"}],"author":[{"embeddable":true,"href":"https:\/\/radio-aviva.com\/perpignan\/wp-json\/wp\/v2\/users\/329"}],"version-history":[{"count":1,"href":"https:\/\/radio-aviva.com\/perpignan\/wp-json\/wp\/v2\/podcast\/11339\/revisions"}],"predecessor-version":[{"id":11341,"href":"https:\/\/radio-aviva.com\/perpignan\/wp-json\/wp\/v2\/podcast\/11339\/revisions\/11341"}],"wp:featuredmedia":[{"embeddable":true,"href":"https:\/\/radio-aviva.com\/perpignan\/wp-json\/wp\/v2\/media\/11340"}],"wp:attachment":[{"href":"https:\/\/radio-aviva.com\/perpignan\/wp-json\/wp\/v2\/media?parent=11339"}],"wp:term":[{"taxonomy":"post_tag","embeddable":true,"href":"https:\/\/radio-aviva.com\/perpignan\/wp-json\/wp\/v2\/tags?post=11339"},{"taxonomy":"podcastfilter","embeddable":true,"href":"https:\/\/radio-aviva.com\/perpignan\/wp-json\/wp\/v2\/podcastfilter?post=11339"}],"curies":[{"name":"wp","href":"https:\/\/api.w.org\/{rel}","templated":true}]}}