{"id":11354,"date":"2025-08-09T09:45:48","date_gmt":"2025-08-09T07:45:48","guid":{"rendered":"https:\/\/radio-aviva.com\/perpignan\/?post_type=podcast&#038;p=11354"},"modified":"2025-07-16T10:52:43","modified_gmt":"2025-07-16T08:52:43","slug":"gremlins-le-film-avec-dorothee-barthomieu-responsable-communication-jacques-verdier-programmateur","status":"publish","type":"podcast","link":"https:\/\/radio-aviva.com\/perpignan\/podcast\/gremlins-le-film-avec-dorothee-barthomieu-responsable-communication-jacques-verdier-programmateur\/","title":{"rendered":"Gremlins-le-film-avec-dorothee-barthomieu-responsable-communication-jacques-verdier-programmateur"},"content":{"rendered":"<p>Un \u00e9t\u00e9 de cin\u00e9ma en plein air c\u2019est avec l\u2019institut Jean Vigo avec Gremlins de Joe Dente<\/p>\n<p>Soir\u00e9es d\u2019\u00e9t\u00e9 sous le ciel \u00e9toil\u00e9 de Perpignan, au c\u0153ur de l\u2019\u00e9glise des Grands Carmes pour se retrouver autour de films cultes. Les cin\u00e9 plein air \u00e0 l\u2019Arsenal, c\u2019est aussi une guinguette, de la musique, des jeux vid\u00e9o vintage, des films surprises dans notre salle, un petit march\u00e9 pour les cin\u00e9philes !<\/p>\n","protected":false},"author":329,"featured_media":11355,"template":"","tags":[],"podcastfilter":[348],"class_list":["post-11354","podcast","type-podcast","status-publish","has-post-thumbnail","hentry","podcastfilter-gremlins"],"_links":{"self":[{"href":"https:\/\/radio-aviva.com\/perpignan\/wp-json\/wp\/v2\/podcast\/11354","targetHints":{"allow":["GET"]}}],"collection":[{"href":"https:\/\/radio-aviva.com\/perpignan\/wp-json\/wp\/v2\/podcast"}],"about":[{"href":"https:\/\/radio-aviva.com\/perpignan\/wp-json\/wp\/v2\/types\/podcast"}],"author":[{"embeddable":true,"href":"https:\/\/radio-aviva.com\/perpignan\/wp-json\/wp\/v2\/users\/329"}],"version-history":[{"count":1,"href":"https:\/\/radio-aviva.com\/perpignan\/wp-json\/wp\/v2\/podcast\/11354\/revisions"}],"predecessor-version":[{"id":11356,"href":"https:\/\/radio-aviva.com\/perpignan\/wp-json\/wp\/v2\/podcast\/11354\/revisions\/11356"}],"wp:featuredmedia":[{"embeddable":true,"href":"https:\/\/radio-aviva.com\/perpignan\/wp-json\/wp\/v2\/media\/11355"}],"wp:attachment":[{"href":"https:\/\/radio-aviva.com\/perpignan\/wp-json\/wp\/v2\/media?parent=11354"}],"wp:term":[{"taxonomy":"post_tag","embeddable":true,"href":"https:\/\/radio-aviva.com\/perpignan\/wp-json\/wp\/v2\/tags?post=11354"},{"taxonomy":"podcastfilter","embeddable":true,"href":"https:\/\/radio-aviva.com\/perpignan\/wp-json\/wp\/v2\/podcastfilter?post=11354"}],"curies":[{"name":"wp","href":"https:\/\/api.w.org\/{rel}","templated":true}]}}